{"id":9,"date":"2019-09-17T18:18:55","date_gmt":"2019-09-17T18:18:55","guid":{"rendered":"http:\/\/themenectar.com\/demo\/salient-business-3\/?page_id=9"},"modified":"2026-02-10T10:37:31","modified_gmt":"2026-02-10T10:37:31","slug":"clinica-estetica-valencia","status":"publish","type":"page","link":"https:\/\/clinicacemeq.es\/estetica\/","title":{"rendered":"Cl\u00ednica est\u00e9tica en Valencia"},"content":{"rendered":"\t<section class=\"section\" id=\"section_691597279\">\n\t\t<div class=\"bg section-bg fill bg-fill  bg-loaded\" >\n\n\t\t\t\n\t\t\t\n\t\t\t\n\n\t\t<\/div>\n\n\t\t\n\n\t\t<div class=\"section-content relative\">\n\t\t\t\n\n  <div class=\"banner has-hover\" id=\"banner-837252857\">\n          <div class=\"banner-inner fill\">\n        <div class=\"banner-bg fill\" >\n            <div class=\"bg fill bg-fill \"><\/div>\n                                    \n                    <\/div>\n\t\t\n        <div class=\"banner-layers container\">\n            <div class=\"fill banner-link\"><\/div>            \n   <div id=\"text-box-136118250\" class=\"text-box banner-layer x5 md-x5 lg-x0 y15 md-y30 lg-y25 res-text\">\n                                <div class=\"text-box-content text dark\">\n              \n              <div class=\"text-inner text-center\">\n                  \n\t<div id=\"text-3090263864\" class=\"text\">\n\t\t\n<h1 class=\"alt-font\">Cirug\u00eda Capilar<\/h1>\n\t\t\n<style>\n#text-3090263864 {\n  font-size: 1rem;\n  text-align: left;\n  color: rgb(0,0,0);\n}\n#text-3090263864 > * {\n  color: rgb(0,0,0);\n}\n@media (min-width:550px) {\n  #text-3090263864 {\n    font-size: 1.3rem;\n  }\n}\n@media (min-width:850px) {\n  #text-3090263864 {\n    font-size: 1.55rem;\n  }\n}\n<\/style>\n\t<\/div>\n\t\n\t<div id=\"text-1701723636\" class=\"text\">\n\t\t\n<h3>Especialistas en injerto capilar en Valencia<\/h3>\n\t\t\n<style>\n#text-1701723636 {\n  font-size: 0.75rem;\n  text-align: left;\n  color: rgb(0,0,0);\n}\n#text-1701723636 > * {\n  color: rgb(0,0,0);\n}\n@media (min-width:550px) {\n  #text-1701723636 {\n    font-size: 1rem;\n  }\n}\n@media (min-width:850px) {\n  #text-1701723636 {\n    font-size: 1.1rem;\n  }\n}\n<\/style>\n\t<\/div>\n\t\n              <\/div>\n           <\/div>\n                            \n<style>\n#text-box-136118250 {\n  width: 63%;\n}\n#text-box-136118250 .text-box-content {\n  font-size: 100%;\n}\n@media (min-width:550px) {\n  #text-box-136118250 {\n    width: 52%;\n  }\n}\n@media (min-width:850px) {\n  #text-box-136118250 {\n    width: 48%;\n  }\n}\n<\/style>\n    <\/div>\n \n        <\/div>\n      <\/div>\n\n            \n<style>\n#banner-837252857 {\n  padding-top: 420px;\n}\n#banner-837252857 .bg.bg-loaded {\n  background-image: url(https:\/\/clinicacemeq.es\/estetica\/wp-content\/uploads\/2026\/01\/cemeq-capilar-home.jpg);\n}\n#banner-837252857 .bg {\n  background-position: 44% 37%;\n}\n#banner-837252857 .ux-shape-divider--top svg {\n  height: 150px;\n  --divider-top-width: 100%;\n}\n#banner-837252857 .ux-shape-divider--bottom svg {\n  height: 150px;\n  --divider-width: 100%;\n}\n@media (min-width:550px) {\n  #banner-837252857 {\n    padding-top: 560px;\n  }\n}\n<\/style>\n  <\/div>\n\n\n\t\t<\/div>\n\n\t\t\n<style>\n#section_691597279 {\n  padding-top: 0px;\n  padding-bottom: 0px;\n}\n#section_691597279 .ux-shape-divider--top svg {\n  height: 150px;\n  --divider-top-width: 100%;\n}\n#section_691597279 .ux-shape-divider--bottom svg {\n  height: 150px;\n  --divider-width: 100%;\n}\n<\/style>\n\t<\/section>\n\t\n\n\t\t<div class=\"tabbed-content\">\n\t\t\t\n\t\t\t<ul class=\"nav nav-tabs nav-uppercase nav-size-xlarge nav-center\"><li class=\"tab active has-icon\"><a href=\"#tab_unidad-capilar\"><span>Unidad Capilar<\/span><\/a><\/li>\n<li class=\"tab has-icon\"><a href=\"#tab_medicina-est\u00e9tica\"><span>Medicina Est\u00e9tica<\/span><\/a><\/li>\n<li class=\"tab has-icon\"><a href=\"#tab_cirug\u00eda-pl\u00e1stica\"><span>Cirug\u00eda Pl\u00e1stica<\/span><\/a><\/li><\/ul><div class=\"tab-panels\"><div class=\"panel active entry-content\" id=\"tab_unidad-capilar\">\n<div class=\"row row-small row-full-width align-equal align-center row-box-shadow-3-hover\"  id=\"row-1274084373\">\n\n\t<div id=\"col-956147931\" class=\"col medium-6 small-12 large-6\"  >\n\t\t\t\t<div class=\"col-inner box-shadow-2\" style=\"background-color:rgb(252, 252, 252);\" >\n\t\t\t\n\t\t\t\n\t<div class=\"box has-hover   has-hover box-text-bottom\" >\n\n\t\t<div class=\"box-image\" style=\"border-radius:10%;\">\n\t\t\t<a href=\"https:\/\/clinicacemeq.es\/estetica\/micro-injerto-capilar\/\"  >\t\t\t<div class=\"image-cover\" style=\"padding-top:70%;\">\n\t\t\t\t<img loading=\"lazy\" decoding=\"async\" width=\"1200\" height=\"1200\" src=\"https:\/\/clinicacemeq.es\/estetica\/wp-content\/uploads\/2021\/07\/unidad-capilar-5.jpg\" class=\"attachment-original size-original\" alt=\"Unidad capilar\" srcset=\"https:\/\/clinicacemeq.es\/estetica\/wp-content\/uploads\/2021\/07\/unidad-capilar-5.jpg 1200w, https:\/\/clinicacemeq.es\/estetica\/wp-content\/uploads\/2021\/07\/unidad-capilar-5-300x300.jpg 300w, https:\/\/clinicacemeq.es\/estetica\/wp-content\/uploads\/2021\/07\/unidad-capilar-5-1024x1024.jpg 1024w, https:\/\/clinicacemeq.es\/estetica\/wp-content\/uploads\/2021\/07\/unidad-capilar-5-150x150.jpg 150w, https:\/\/clinicacemeq.es\/estetica\/wp-content\/uploads\/2021\/07\/unidad-capilar-5-768x768.jpg 768w, https:\/\/clinicacemeq.es\/estetica\/wp-content\/uploads\/2021\/07\/unidad-capilar-5-100x100.jpg 100w, https:\/\/clinicacemeq.es\/estetica\/wp-content\/uploads\/2021\/07\/unidad-capilar-5-140x140.jpg 140w, https:\/\/clinicacemeq.es\/estetica\/wp-content\/uploads\/2021\/07\/unidad-capilar-5-500x500.jpg 500w, https:\/\/clinicacemeq.es\/estetica\/wp-content\/uploads\/2021\/07\/unidad-capilar-5-350x350.jpg 350w, https:\/\/clinicacemeq.es\/estetica\/wp-content\/uploads\/2021\/07\/unidad-capilar-5-1000x1000.jpg 1000w, https:\/\/clinicacemeq.es\/estetica\/wp-content\/uploads\/2021\/07\/unidad-capilar-5-800x800.jpg 800w\" sizes=\"(max-width: 1200px) 100vw, 1200px\" \/>\t\t\t\t\t\t\t\t\t\t\t<\/div>\n\t\t\t<\/a>\t\t<\/div>\n\n\t\t<div class=\"box-text text-center\" >\n\t\t\t<div class=\"box-text-inner\">\n\t\t\t\t\n\t<div id=\"text-2023632861\" class=\"text\">\n\t\t\n<h2><span style=\"color: #deb17f;\">Microinjerto capilar<\/span><\/h2>\n<p><strong data-start=\"277\" data-end=\"331\">Tratamiento quir\u00fargico definitivo para la alopecia<\/strong>, que permite recuperar el cabello perdido mediante la implantaci\u00f3n de unidades foliculares del propio paciente. Resultados permanentes, naturales y personalizados, siempre bajo valoraci\u00f3n m\u00e9dica especializada.<\/p>\n\t\t\n<style>\n#text-2023632861 {\n  font-size: 1rem;\n}\n<\/style>\n\t<\/div>\n\t\n\t\t\t<\/div>\n\t\t<\/div>\n\t<\/div>\n\t\n\t\t<\/div>\n\t\t\t\t\t<\/div>\n\n\t\n\n\t<div id=\"col-550684453\" class=\"col medium-6 small-12 large-6\"  >\n\t\t\t\t<div class=\"col-inner box-shadow-2\" style=\"background-color:rgb(252, 252, 252);\" >\n\t\t\t\n\t\t\t\n\t<div class=\"box has-hover   has-hover box-text-bottom\" >\n\n\t\t<div class=\"box-image\" style=\"border-radius:10%;\">\n\t\t\t<a href=\"https:\/\/clinicacemeq.es\/estetica\/meso-intervencion-capilar\/\"  >\t\t\t<div class=\"image-cover\" style=\"padding-top:70%;\">\n\t\t\t\t<img loading=\"lazy\" decoding=\"async\" width=\"2560\" height=\"1707\" src=\"https:\/\/clinicacemeq.es\/estetica\/wp-content\/uploads\/2022\/11\/people-beauty-and-lifestyle-concept-shot-of-pretty-blonde-girl-with-wide-smile-dressed-in-white-shirt-jumping-and-playing-with-her-hair-joyful-anf-playful-caucasian-female-scaled-1.jpeg\" class=\"attachment-original size-original\" alt=\"\" srcset=\"https:\/\/clinicacemeq.es\/estetica\/wp-content\/uploads\/2022\/11\/people-beauty-and-lifestyle-concept-shot-of-pretty-blonde-girl-with-wide-smile-dressed-in-white-shirt-jumping-and-playing-with-her-hair-joyful-anf-playful-caucasian-female-scaled-1.jpeg 2560w, https:\/\/clinicacemeq.es\/estetica\/wp-content\/uploads\/2022\/11\/people-beauty-and-lifestyle-concept-shot-of-pretty-blonde-girl-with-wide-smile-dressed-in-white-shirt-jumping-and-playing-with-her-hair-joyful-anf-playful-caucasian-female-scaled-1-600x400.jpeg 600w, https:\/\/clinicacemeq.es\/estetica\/wp-content\/uploads\/2022\/11\/people-beauty-and-lifestyle-concept-shot-of-pretty-blonde-girl-with-wide-smile-dressed-in-white-shirt-jumping-and-playing-with-her-hair-joyful-anf-playful-caucasian-female-scaled-1-1200x800.jpeg 1200w, https:\/\/clinicacemeq.es\/estetica\/wp-content\/uploads\/2022\/11\/people-beauty-and-lifestyle-concept-shot-of-pretty-blonde-girl-with-wide-smile-dressed-in-white-shirt-jumping-and-playing-with-her-hair-joyful-anf-playful-caucasian-female-scaled-1-768x512.jpeg 768w, https:\/\/clinicacemeq.es\/estetica\/wp-content\/uploads\/2022\/11\/people-beauty-and-lifestyle-concept-shot-of-pretty-blonde-girl-with-wide-smile-dressed-in-white-shirt-jumping-and-playing-with-her-hair-joyful-anf-playful-caucasian-female-scaled-1-1536x1024.jpeg 1536w, https:\/\/clinicacemeq.es\/estetica\/wp-content\/uploads\/2022\/11\/people-beauty-and-lifestyle-concept-shot-of-pretty-blonde-girl-with-wide-smile-dressed-in-white-shirt-jumping-and-playing-with-her-hair-joyful-anf-playful-caucasian-female-scaled-1-2048x1366.jpeg 2048w\" sizes=\"(max-width: 2560px) 100vw, 2560px\" \/>\t\t\t\t\t\t\t\t\t\t\t<\/div>\n\t\t\t<\/a>\t\t<\/div>\n\n\t\t<div class=\"box-text text-center\" >\n\t\t\t<div class=\"box-text-inner\">\n\t\t\t\t\n\t<div id=\"text-2294020826\" class=\"text\">\n\t\t\n<h2><span style=\"color: #deb17f;\">Meso Intervenci\u00f3n Capilar<\/span><\/h2>\n<p>Tratamiento de <strong data-start=\"588\" data-end=\"659\">bioestimulaci\u00f3n capilar mediante infiltraci\u00f3n de principios activos<\/strong>, indicado para fortalecer el fol\u00edculo, frenar la ca\u00edda y estimular el crecimiento del cabello, mejorando su densidad y calidad de forma progresiva.<\/p>\n\t\t\n<style>\n#text-2294020826 {\n  font-size: 1rem;\n}\n<\/style>\n\t<\/div>\n\t\n\t\t\t<\/div>\n\t\t<\/div>\n\t<\/div>\n\t\n\t\t<\/div>\n\t\t\t\t\t<\/div>\n\n\t\n\n\t<div id=\"col-1723038148\" class=\"col medium-6 small-12 large-6\"  >\n\t\t\t\t<div class=\"col-inner box-shadow-2\" style=\"background-color:rgb(252, 252, 252);\" >\n\t\t\t\n\t\t\t\n\t<div class=\"box has-hover   has-hover box-text-bottom\" >\n\n\t\t<div class=\"box-image\" style=\"border-radius:10%;\">\n\t\t\t<a href=\"https:\/\/clinicacemeq.es\/estetica\/meso-intervencion-capilar\/\"  >\t\t\t<div class=\"image-cover\" style=\"padding-top:70%;\">\n\t\t\t\t<img loading=\"lazy\" decoding=\"async\" width=\"1040\" height=\"913\" src=\"https:\/\/clinicacemeq.es\/estetica\/wp-content\/uploads\/2023\/03\/aumento-de-pecho-en-Valencia.jpeg\" class=\"attachment-original size-original\" alt=\"\" srcset=\"https:\/\/clinicacemeq.es\/estetica\/wp-content\/uploads\/2023\/03\/aumento-de-pecho-en-Valencia.jpeg 1040w, https:\/\/clinicacemeq.es\/estetica\/wp-content\/uploads\/2023\/03\/aumento-de-pecho-en-Valencia-456x400.jpeg 456w, https:\/\/clinicacemeq.es\/estetica\/wp-content\/uploads\/2023\/03\/aumento-de-pecho-en-Valencia-911x800.jpeg 911w, https:\/\/clinicacemeq.es\/estetica\/wp-content\/uploads\/2023\/03\/aumento-de-pecho-en-Valencia-768x674.jpeg 768w\" sizes=\"(max-width: 1040px) 100vw, 1040px\" \/>\t\t\t\t\t\t\t\t\t\t\t<\/div>\n\t\t\t<\/a>\t\t<\/div>\n\n\t\t<div class=\"box-text text-center\" >\n\t\t\t<div class=\"box-text-inner\">\n\t\t\t\t\n\t<div id=\"text-3440247223\" class=\"text\">\n\t\t\n<h2><span style=\"color: #deb17f;\">PRP Capilar<\/span><\/h2>\n<p>Tratamiento de bioestimulaci\u00f3n capilar mediante plasma rico en plaquetas del propio paciente, que favorece la regeneraci\u00f3n del fol\u00edculo, fortalece el cabello existente y ayuda a frenar la ca\u00edda. Indicado para mejorar la densidad, calidad y vitalidad capilar de forma segura y natural.<\/p>\n\t\t\n<style>\n#text-3440247223 {\n  font-size: 1rem;\n}\n<\/style>\n\t<\/div>\n\t\n\t\t\t<\/div>\n\t\t<\/div>\n\t<\/div>\n\t\n\t\t<\/div>\n\t\t\t\t\t<\/div>\n\n\t\n\n<style>\n#row-1274084373 > .col > .col-inner {\n  padding: 30px 20px 30px 20px;\n  border-radius: 15px;\n}\n@media (min-width:850px) {\n  #row-1274084373 > .col > .col-inner {\n    padding: 40px 40px 40px 40px;\n  }\n}\n<\/style>\n<\/div>\n<\/div>\n<div class=\"panel entry-content\" id=\"tab_medicina-est\u00e9tica\">\n<div class=\"row row-small row-full-width align-equal align-center row-box-shadow-3-hover\"  id=\"row-1546699674\">\n\n\t<div id=\"col-1025392302\" class=\"col medium-4 small-12 large-4\"  >\n\t\t\t\t<div class=\"col-inner box-shadow-2\" style=\"background-color:rgb(252, 252, 252);\" >\n\t\t\t\n\t\t\t\n\t<div class=\"box has-hover   has-hover box-text-bottom\" >\n\n\t\t<div class=\"box-image\" style=\"border-radius:10%;\">\n\t\t\t<a href=\"https:\/\/clinicacemeq.es\/estetica\/rejuvenecimiento-facial-y-arrugas\"  >\t\t\t<div class=\"image-cover\" style=\"padding-top:70%;\">\n\t\t\t\t<img loading=\"lazy\" decoding=\"async\" width=\"1200\" height=\"1200\" src=\"https:\/\/clinicacemeq.es\/estetica\/wp-content\/uploads\/2021\/11\/Fotos-6.jpg\" class=\"attachment-original size-original\" alt=\"\" srcset=\"https:\/\/clinicacemeq.es\/estetica\/wp-content\/uploads\/2021\/11\/Fotos-6.jpg 1200w, https:\/\/clinicacemeq.es\/estetica\/wp-content\/uploads\/2021\/11\/Fotos-6-300x300.jpg 300w, https:\/\/clinicacemeq.es\/estetica\/wp-content\/uploads\/2021\/11\/Fotos-6-1024x1024.jpg 1024w, https:\/\/clinicacemeq.es\/estetica\/wp-content\/uploads\/2021\/11\/Fotos-6-150x150.jpg 150w, https:\/\/clinicacemeq.es\/estetica\/wp-content\/uploads\/2021\/11\/Fotos-6-768x768.jpg 768w, https:\/\/clinicacemeq.es\/estetica\/wp-content\/uploads\/2021\/11\/Fotos-6-100x100.jpg 100w, https:\/\/clinicacemeq.es\/estetica\/wp-content\/uploads\/2021\/11\/Fotos-6-140x140.jpg 140w, https:\/\/clinicacemeq.es\/estetica\/wp-content\/uploads\/2021\/11\/Fotos-6-500x500.jpg 500w, https:\/\/clinicacemeq.es\/estetica\/wp-content\/uploads\/2021\/11\/Fotos-6-350x350.jpg 350w, https:\/\/clinicacemeq.es\/estetica\/wp-content\/uploads\/2021\/11\/Fotos-6-1000x1000.jpg 1000w, https:\/\/clinicacemeq.es\/estetica\/wp-content\/uploads\/2021\/11\/Fotos-6-800x800.jpg 800w\" sizes=\"(max-width: 1200px) 100vw, 1200px\" \/>\t\t\t\t\t\t\t\t\t\t\t<\/div>\n\t\t\t<\/a>\t\t<\/div>\n\n\t\t<div class=\"box-text text-center\" >\n\t\t\t<div class=\"box-text-inner\">\n\t\t\t\t\n\t<div id=\"text-2009704916\" class=\"text\">\n\t\t\n<h2><span style=\"color: #deb17f;\">Rejuvenecimiento facial<\/span><\/h2>\n<p>Elimina arrugas y l\u00edneas de expresi\u00f3n con resultados muy naturales relajando la musculatura que las provocan<br \/>\n\t\t\n<style>\n#text-2009704916 {\n  font-size: 1.1rem;\n  color: rgb(0,0,0);\n}\n#text-2009704916 > * {\n  color: rgb(0,0,0);\n}\n<\/style>\n\t<\/div>\n\t\n\t\t\t<\/div>\n\t\t<\/div>\n\t<\/div>\n\t\n\t\t<\/div>\n\t\t\t\t\t<\/div>\n\n\t\n\n\t<div id=\"col-1548335647\" class=\"col medium-4 small-12 large-4\"  >\n\t\t\t\t<div class=\"col-inner box-shadow-2\" style=\"background-color:rgb(252, 252, 252);\" >\n\t\t\t\n\t\t\t\n\t<div class=\"box has-hover   has-hover box-text-bottom\" >\n\n\t\t<div class=\"box-image\" style=\"border-radius:10%;\">\n\t\t\t<a href=\"https:\/\/clinicacemeq.es\/estetica\/aumento-de-labios\/\"  >\t\t\t<div class=\"image-cover\" style=\"padding-top:70%;\">\n\t\t\t\t<img loading=\"lazy\" decoding=\"async\" width=\"775\" height=\"499\" src=\"https:\/\/clinicacemeq.es\/estetica\/wp-content\/uploads\/2021\/07\/WhatsApp-Image-2022-05-24-at-11.17.27-AM-e1677581026357.png\" class=\"attachment-original size-original\" alt=\"relleno de labios\" srcset=\"https:\/\/clinicacemeq.es\/estetica\/wp-content\/uploads\/2021\/07\/WhatsApp-Image-2022-05-24-at-11.17.27-AM-e1677581026357.png 775w, https:\/\/clinicacemeq.es\/estetica\/wp-content\/uploads\/2021\/07\/WhatsApp-Image-2022-05-24-at-11.17.27-AM-e1677581026357-621x400.png 621w, https:\/\/clinicacemeq.es\/estetica\/wp-content\/uploads\/2021\/07\/WhatsApp-Image-2022-05-24-at-11.17.27-AM-e1677581026357-768x494.png 768w\" sizes=\"(max-width: 775px) 100vw, 775px\" \/>\t\t\t\t\t\t\t\t\t\t\t<\/div>\n\t\t\t<\/a>\t\t<\/div>\n\n\t\t<div class=\"box-text text-center\" >\n\t\t\t<div class=\"box-text-inner\">\n\t\t\t\t\n\t<div id=\"text-2162289981\" class=\"text\">\n\t\t\n<h2><span style=\"color: #deb17f;\">Aumento de labios<\/span><\/h2>\n<p>El aumento de labios proporciona volumen, hidrataci\u00f3n, redefine su contorno y elimina las arrugas que se forman en torno a los labiosl.<br \/>\n\t\t\n<style>\n#text-2162289981 {\n  font-size: 1.1rem;\n}\n<\/style>\n\t<\/div>\n\t\n\t\t\t<\/div>\n\t\t<\/div>\n\t<\/div>\n\t\n\t\t<\/div>\n\t\t\t\t\t<\/div>\n\n\t\n\n\t<div id=\"col-128693455\" class=\"col medium-4 small-12 large-4\"  >\n\t\t\t\t<div class=\"col-inner box-shadow-2\" style=\"background-color:rgb(252, 252, 252);\" >\n\t\t\t\n\t\t\t\n\t<div class=\"box has-hover   has-hover box-text-bottom\" >\n\n\t\t<div class=\"box-image\" style=\"border-radius:10%;\">\n\t\t\t<a href=\"https:\/\/clinicacemeq.es\/estetica\/relleno-facial\/\"  >\t\t\t<div class=\"image-cover\" style=\"padding-top:70%;\">\n\t\t\t\t<img loading=\"lazy\" decoding=\"async\" width=\"1200\" height=\"1200\" src=\"https:\/\/clinicacemeq.es\/estetica\/wp-content\/uploads\/2021\/06\/11.jpg\" class=\"attachment-original size-original\" alt=\"Peeling facial o corporal\" srcset=\"https:\/\/clinicacemeq.es\/estetica\/wp-content\/uploads\/2021\/06\/11.jpg 1200w, https:\/\/clinicacemeq.es\/estetica\/wp-content\/uploads\/2021\/06\/11-300x300.jpg 300w, https:\/\/clinicacemeq.es\/estetica\/wp-content\/uploads\/2021\/06\/11-1024x1024.jpg 1024w, https:\/\/clinicacemeq.es\/estetica\/wp-content\/uploads\/2021\/06\/11-150x150.jpg 150w, https:\/\/clinicacemeq.es\/estetica\/wp-content\/uploads\/2021\/06\/11-768x768.jpg 768w, https:\/\/clinicacemeq.es\/estetica\/wp-content\/uploads\/2021\/06\/11-100x100.jpg 100w, https:\/\/clinicacemeq.es\/estetica\/wp-content\/uploads\/2021\/06\/11-140x140.jpg 140w, https:\/\/clinicacemeq.es\/estetica\/wp-content\/uploads\/2021\/06\/11-500x500.jpg 500w, https:\/\/clinicacemeq.es\/estetica\/wp-content\/uploads\/2021\/06\/11-350x350.jpg 350w, https:\/\/clinicacemeq.es\/estetica\/wp-content\/uploads\/2021\/06\/11-1000x1000.jpg 1000w, https:\/\/clinicacemeq.es\/estetica\/wp-content\/uploads\/2021\/06\/11-800x800.jpg 800w\" sizes=\"(max-width: 1200px) 100vw, 1200px\" \/>\t\t\t\t\t\t\t\t\t\t\t<\/div>\n\t\t\t<\/a>\t\t<\/div>\n\n\t\t<div class=\"box-text text-center\" >\n\t\t\t<div class=\"box-text-inner\">\n\t\t\t\t\n\t<div id=\"text-1728494293\" class=\"text\">\n\t\t\n<h2><span style=\"color: #deb17f;\">Relleno facial<\/span><\/h2>\n<p>Una de las t\u00e9cnicas preferidas y menos invasivas para devolver al rostro un aspecto juvenil, con resultados naturales y duraderos<br \/>\n\t\t\n<style>\n#text-1728494293 {\n  font-size: 1.1rem;\n}\n<\/style>\n\t<\/div>\n\t\n\t\t\t<\/div>\n\t\t<\/div>\n\t<\/div>\n\t\n\t\t<\/div>\n\t\t\t\t\t<\/div>\n\n\t\n\n\t<div id=\"col-126232084\" class=\"col medium-4 small-12 large-4\"  >\n\t\t\t\t<div class=\"col-inner box-shadow-2\" style=\"background-color:rgb(252, 252, 252);\" >\n\t\t\t\n\t\t\t\n\t<div class=\"box has-hover   has-hover box-text-bottom\" >\n\n\t\t<div class=\"box-image\" style=\"border-radius:10%;\">\n\t\t\t<a href=\"https:\/\/clinicacemeq.es\/estetica\/quitar-ojeras-y-bolsas\/\"  >\t\t\t<div class=\"image-cover\" style=\"padding-top:70%;\">\n\t\t\t\t<img loading=\"lazy\" decoding=\"async\" width=\"1300\" height=\"800\" src=\"https:\/\/clinicacemeq.es\/estetica\/wp-content\/uploads\/2021\/08\/slider9.jpg\" class=\"attachment-original size-original\" alt=\"Quitar ojeras y bolsas en los ojos\" srcset=\"https:\/\/clinicacemeq.es\/estetica\/wp-content\/uploads\/2021\/08\/slider9.jpg 1300w, https:\/\/clinicacemeq.es\/estetica\/wp-content\/uploads\/2021\/08\/slider9-300x185.jpg 300w, https:\/\/clinicacemeq.es\/estetica\/wp-content\/uploads\/2021\/08\/slider9-1024x630.jpg 1024w, https:\/\/clinicacemeq.es\/estetica\/wp-content\/uploads\/2021\/08\/slider9-768x473.jpg 768w\" sizes=\"(max-width: 1300px) 100vw, 1300px\" \/>\t\t\t\t\t\t\t\t\t\t\t<\/div>\n\t\t\t<\/a>\t\t<\/div>\n\n\t\t<div class=\"box-text text-center\" >\n\t\t\t<div class=\"box-text-inner\">\n\t\t\t\t\n\t<div id=\"text-316538494\" class=\"text\">\n\t\t\n<h2><span style=\"color: #deb17f;\">Relleno de ojeras<\/span><\/h2>\n<p>T\u00e9cnica no quir\u00fargica capaz de quitar ojeras y bolsas oscuras y devolver a la mirada un aspecto juvenil y natural.<br \/>\n\t\t\n<style>\n#text-316538494 {\n  font-size: 1.1rem;\n}\n<\/style>\n\t<\/div>\n\t\n\t\t\t<\/div>\n\t\t<\/div>\n\t<\/div>\n\t\n\t\t<\/div>\n\t\t\t\t\t<\/div>\n\n\t\n\n<style>\n#row-1546699674 > .col > .col-inner {\n  padding: 30px 20px 30px 20px;\n  border-radius: 15px;\n}\n@media (min-width:850px) {\n  #row-1546699674 > .col > .col-inner {\n    padding: 40px 40px 40px 40px;\n  }\n}\n<\/style>\n<\/div>\n<\/div>\n<div class=\"panel entry-content\" id=\"tab_cirug\u00eda-pl\u00e1stica\">\n<div class=\"row row-small row-full-width align-equal align-center row-box-shadow-3-hover\"  id=\"row-103813767\">\n\n\t<div id=\"col-1531281603\" class=\"col medium-4 small-12 large-4\"  >\n\t\t\t\t<div class=\"col-inner box-shadow-2\" style=\"background-color:rgb(252, 252, 252);\" >\n\t\t\t\n\t\t\t\n\t<div class=\"box has-hover   has-hover box-text-bottom\" >\n\n\t\t<div class=\"box-image\" style=\"border-radius:10%;\">\n\t\t\t<a href=\"https:\/\/clinicacemeq.es\/estetica\/operacion-parpados-caidos\/\"  >\t\t\t<div class=\"image-cover\" style=\"padding-top:70%;\">\n\t\t\t\t<img loading=\"lazy\" decoding=\"async\" width=\"1000\" height=\"667\" src=\"https:\/\/clinicacemeq.es\/estetica\/wp-content\/uploads\/2022\/06\/blefaroplastia-valencia-_1_.png\" class=\"attachment-original size-original\" alt=\"blefaroplastia-valencia-precio\" srcset=\"https:\/\/clinicacemeq.es\/estetica\/wp-content\/uploads\/2022\/06\/blefaroplastia-valencia-_1_.png 1000w, https:\/\/clinicacemeq.es\/estetica\/wp-content\/uploads\/2022\/06\/blefaroplastia-valencia-_1_-300x200.png 300w, https:\/\/clinicacemeq.es\/estetica\/wp-content\/uploads\/2022\/06\/blefaroplastia-valencia-_1_-768x512.png 768w, https:\/\/clinicacemeq.es\/estetica\/wp-content\/uploads\/2022\/06\/blefaroplastia-valencia-_1_-900x600.png 900w\" sizes=\"(max-width: 1000px) 100vw, 1000px\" \/>\t\t\t\t\t\t\t\t\t\t\t<\/div>\n\t\t\t<\/a>\t\t<\/div>\n\n\t\t<div class=\"box-text text-center\" >\n\t\t\t<div class=\"box-text-inner\">\n\t\t\t\t\n\t<div id=\"text-3877360772\" class=\"text\">\n\t\t\n<h2><span style=\"color: #deb17f;\">Blefaroplastia<\/span><\/h2>\n<p><span style=\"font-size: 110%;\">Es una t\u00e9cnica con la que reparamos los p\u00e1rpados ca\u00eddos y devolvemos a tu mirada toda su luminosidad<\/span><br \/>\n\t\t\n<style>\n#text-3877360772 {\n  font-size: 1rem;\n  color: rgb(0,0,0);\n}\n#text-3877360772 > * {\n  color: rgb(0,0,0);\n}\n<\/style>\n\t<\/div>\n\t\n\t\t\t<\/div>\n\t\t<\/div>\n\t<\/div>\n\t\n\t\t<\/div>\n\t\t\t\t\t<\/div>\n\n\t\n\n\t<div id=\"col-1351411041\" class=\"col medium-4 small-12 large-4\"  >\n\t\t\t\t<div class=\"col-inner box-shadow-2 dark\" style=\"background-color:rgb(252, 252, 252);\" >\n\t\t\t\n\t\t\t\n\t<div class=\"box has-hover   has-hover box-text-bottom\" >\n\n\t\t<div class=\"box-image\" style=\"border-radius:10%;\">\n\t\t\t<a href=\"https:\/\/clinicacemeq.es\/estetica\/rinoplastia\/\"  >\t\t\t<div class=\"image-cover\" style=\"padding-top:70%;\">\n\t\t\t\t<img loading=\"lazy\" decoding=\"async\" width=\"1300\" height=\"800\" src=\"https:\/\/clinicacemeq.es\/estetica\/wp-content\/uploads\/2021\/08\/slider10.jpg\" class=\"attachment-original size-original\" alt=\"Rinomodelaci\u00f3n\" srcset=\"https:\/\/clinicacemeq.es\/estetica\/wp-content\/uploads\/2021\/08\/slider10.jpg 1300w, https:\/\/clinicacemeq.es\/estetica\/wp-content\/uploads\/2021\/08\/slider10-300x185.jpg 300w, https:\/\/clinicacemeq.es\/estetica\/wp-content\/uploads\/2021\/08\/slider10-1024x630.jpg 1024w, https:\/\/clinicacemeq.es\/estetica\/wp-content\/uploads\/2021\/08\/slider10-768x473.jpg 768w\" sizes=\"(max-width: 1300px) 100vw, 1300px\" \/>\t\t\t\t\t\t\t\t\t\t\t<\/div>\n\t\t\t<\/a>\t\t<\/div>\n\n\t\t<div class=\"box-text text-center\" >\n\t\t\t<div class=\"box-text-inner\">\n\t\t\t\t\n\t<div id=\"text-1786638944\" class=\"text\">\n\t\t\n<h2><span style=\"color: #deb17f;\">Rinoplastia<\/span><\/h2>\n<p><span style=\"font-size: 110%;\">Modifica el tama\u00f1o y forma de tu nariz, dotando a tu rostro de una mayor armon\u00eda facial y mejorando la respiraci\u00f3n.<\/span><br \/>\n\t\t\n<style>\n#text-1786638944 {\n  font-size: 1rem;\n  color: rgb(0,0,0);\n}\n#text-1786638944 > * {\n  color: rgb(0,0,0);\n}\n<\/style>\n\t<\/div>\n\t\n\t\t\t<\/div>\n\t\t<\/div>\n\t<\/div>\n\t\n\t\t<\/div>\n\t\t\t\t\t<\/div>\n\n\t\n\n<style>\n#row-103813767 > .col > .col-inner {\n  padding: 30px 20px 30px 20px;\n  border-radius: 15px;\n}\n@media (min-width:850px) {\n  #row-103813767 > .col > .col-inner {\n    padding: 40px 40px 40px 40px;\n  }\n}\n<\/style>\n<\/div>\n<\/div><\/div><\/div>\n\t<section class=\"section hide-for-small\" id=\"section_37000450\">\n\t\t<div class=\"bg section-bg fill bg-fill  bg-loaded\" >\n\n\t\t\t\n\t\t\t\n\t\t\t\n\n\t\t<\/div>\n\n\t\t\n\n\t\t<div class=\"section-content relative\">\n\t\t\t\n<div class=\"row row-collapse row-full-width align-center\"  id=\"row-1280603035\">\n\n\t<div id=\"col-1830599752\" class=\"col small-12 large-12\"  >\n\t\t\t\t<div class=\"col-inner\" style=\"background-color:rgba(255, 255, 255, 0);\" >\n\t\t\t\n\t\t\t\n\t\t<\/div>\n\t\t\t\t\n<style>\n#col-1830599752 > .col-inner {\n  margin: -90px 0px 0px 0px;\n}\n<\/style>\n\t<\/div>\n\n\t\n\n<style>\n#row-1280603035 > .col > .col-inner {\n  border-radius: 15px;\n}\n<\/style>\n<\/div>\n\t\t<\/div>\n\n\t\t\n<style>\n#section_37000450 {\n  padding-top: 30px;\n  padding-bottom: 30px;\n  background-color: rgb(251, 251, 251);\n}\n#section_37000450 .ux-shape-divider--top svg {\n  height: 150px;\n  --divider-top-width: 100%;\n}\n#section_37000450 .ux-shape-divider--bottom svg {\n  height: 150px;\n  --divider-width: 100%;\n}\n<\/style>\n\t<\/section>\n\t\n\t<section class=\"section show-for-small\" id=\"section_272294529\">\n\t\t<div class=\"bg section-bg fill bg-fill  bg-loaded\" >\n\n\t\t\t\n\t\t\t\n\t\t\t\n\n\t\t<\/div>\n\n\t\t\n\n\t\t<div class=\"section-content relative\">\n\t\t\t\n<div class=\"row row-collapse row-full-width align-center\"  id=\"row-782961544\">\n\n\t<div id=\"col-1959119314\" class=\"col small-12 large-12\"  >\n\t\t\t\t<div class=\"col-inner\" style=\"background-color:rgba(255, 255, 255, 0);\" >\n\t\t\t\n\t\t\t\n\n\t\t<div class=\"tabbed-content\">\n\t\t\t\n\t\t\t<ul class=\"nav nav-tabs nav-vertical nav-uppercase nav-size-xsmall nav-center\"><li class=\"tab active has-icon\"><a href=\"#tab_unidad-capilar\"><span>Unidad Capilar<\/span><\/a><\/li>\n<li class=\"tab has-icon\"><a href=\"#tab_cirug\u00eda-pl\u00e1stica\"><span>Cirug\u00eda Pl\u00e1stica<\/span><\/a><\/li>\n<li class=\"tab has-icon\"><a href=\"#tab_medicina-est\u00e9tica\"><span>Medicina Est\u00e9tica<\/span><\/a><\/li>\n<li class=\"tab has-icon\"><a href=\"#tab_unidad-de-obesidad\"><span>Unidad de obesidad<\/span><\/a><\/li><\/ul><div class=\"tab-panels\"><div class=\"panel active entry-content\" id=\"tab_unidad-capilar\">\n<div class=\"row row-small row-full-width align-equal align-center row-box-shadow-3-hover\"  id=\"row-1639241624\">\n\n\t<div id=\"col-1566952177\" class=\"col medium-4 small-12 large-4\"  >\n\t\t\t\t<div class=\"col-inner box-shadow-1\" style=\"background-color:rgb(252, 252, 252);\" >\n\t\t\t\n\t\t\t\n\t<div class=\"box has-hover   has-hover box-text-bottom\" >\n\n\t\t<div class=\"box-image\" style=\"border-radius:10%;\">\n\t\t\t<a href=\"https:\/\/clinicacemeq.es\/estetica\/micro-injerto-capilar\/\" target=\"_blank\" rel=\"noopener noreferrer\" >\t\t\t<div class=\"image-cover\" style=\"padding-top:80%;\">\n\t\t\t\t<img loading=\"lazy\" decoding=\"async\" width=\"1200\" height=\"1200\" src=\"https:\/\/clinicacemeq.es\/estetica\/wp-content\/uploads\/2021\/07\/unidad-capilar-5.jpg\" class=\"attachment-original size-original\" alt=\"Unidad capilar\" srcset=\"https:\/\/clinicacemeq.es\/estetica\/wp-content\/uploads\/2021\/07\/unidad-capilar-5.jpg 1200w, https:\/\/clinicacemeq.es\/estetica\/wp-content\/uploads\/2021\/07\/unidad-capilar-5-300x300.jpg 300w, https:\/\/clinicacemeq.es\/estetica\/wp-content\/uploads\/2021\/07\/unidad-capilar-5-1024x1024.jpg 1024w, https:\/\/clinicacemeq.es\/estetica\/wp-content\/uploads\/2021\/07\/unidad-capilar-5-150x150.jpg 150w, https:\/\/clinicacemeq.es\/estetica\/wp-content\/uploads\/2021\/07\/unidad-capilar-5-768x768.jpg 768w, https:\/\/clinicacemeq.es\/estetica\/wp-content\/uploads\/2021\/07\/unidad-capilar-5-100x100.jpg 100w, https:\/\/clinicacemeq.es\/estetica\/wp-content\/uploads\/2021\/07\/unidad-capilar-5-140x140.jpg 140w, https:\/\/clinicacemeq.es\/estetica\/wp-content\/uploads\/2021\/07\/unidad-capilar-5-500x500.jpg 500w, https:\/\/clinicacemeq.es\/estetica\/wp-content\/uploads\/2021\/07\/unidad-capilar-5-350x350.jpg 350w, https:\/\/clinicacemeq.es\/estetica\/wp-content\/uploads\/2021\/07\/unidad-capilar-5-1000x1000.jpg 1000w, https:\/\/clinicacemeq.es\/estetica\/wp-content\/uploads\/2021\/07\/unidad-capilar-5-800x800.jpg 800w\" sizes=\"(max-width: 1200px) 100vw, 1200px\" \/>\t\t\t\t\t\t\t\t\t\t\t<\/div>\n\t\t\t<\/a>\t\t<\/div>\n\n\t\t<div class=\"box-text text-center\" >\n\t\t\t<div class=\"box-text-inner\">\n\t\t\t\t\n\t<div id=\"text-1196295318\" class=\"text\">\n\t\t\n<h2>Microinjerto capilar<\/h2>\n\t\t\n<style>\n#text-1196295318 {\n  font-size: 1.1rem;\n  color: #99824d;\n}\n#text-1196295318 > * {\n  color: #99824d;\n}\n<\/style>\n\t<\/div>\n\t\n\t<div id=\"text-1919342823\" class=\"text\">\n\t\t\n<p><span style=\"font-size: 110%;\">El tratamiento definitivo contra la calvicie. Recupera el cabello perdido con resultados permanentes y totalmente naturales.<\/span><br \/>\n\t\t\n<style>\n#text-1919342823 {\n  font-size: 1rem;\n}\n<\/style>\n\t<\/div>\n\t\n\t\t\t<\/div>\n\t\t<\/div>\n\t<\/div>\n\t\n\t\t<\/div>\n\t\t\t\t\t<\/div>\n\n\t\n\n\t<div id=\"col-914877560\" class=\"col medium-4 small-12 large-4\"  >\n\t\t\t\t<div class=\"col-inner box-shadow-1\" style=\"background-color:rgb(252, 252, 252);\" >\n\t\t\t\n\t\t\t\n\t<div class=\"box has-hover   has-hover box-text-bottom\" >\n\n\t\t<div class=\"box-image\" style=\"border-radius:10%;\">\n\t\t\t<a href=\"https:\/\/clinicacemeq.es\/estetica\/meso-intervencion-capilar\/\" target=\"_blank\" rel=\"noopener noreferrer\" >\t\t\t<div class=\"image-cover\" style=\"padding-top:80%;\">\n\t\t\t\t<img loading=\"lazy\" decoding=\"async\" width=\"1300\" height=\"800\" src=\"https:\/\/clinicacemeq.es\/estetica\/wp-content\/uploads\/2021\/08\/slider33.jpg\" class=\"attachment-original size-original\" alt=\"Mesoterapia capilar\" srcset=\"https:\/\/clinicacemeq.es\/estetica\/wp-content\/uploads\/2021\/08\/slider33.jpg 1300w, https:\/\/clinicacemeq.es\/estetica\/wp-content\/uploads\/2021\/08\/slider33-300x185.jpg 300w, https:\/\/clinicacemeq.es\/estetica\/wp-content\/uploads\/2021\/08\/slider33-1024x630.jpg 1024w, https:\/\/clinicacemeq.es\/estetica\/wp-content\/uploads\/2021\/08\/slider33-768x473.jpg 768w\" sizes=\"(max-width: 1300px) 100vw, 1300px\" \/>\t\t\t\t\t\t\t\t\t\t\t<\/div>\n\t\t\t<\/a>\t\t<\/div>\n\n\t\t<div class=\"box-text text-center\" >\n\t\t\t<div class=\"box-text-inner\">\n\t\t\t\t\n\t<div id=\"text-3251856929\" class=\"text\">\n\t\t\n<h2>Meso intervenci\u00f3n capilar<\/h2>\n\t\t\n<style>\n#text-3251856929 {\n  font-size: 1.1rem;\n  color: #99824d;\n}\n#text-3251856929 > * {\n  color: #99824d;\n}\n<\/style>\n\t<\/div>\n\t\n\t<div id=\"text-651028630\" class=\"text\">\n\t\t\n<p><span style=\"font-size: 110%;\">Bioestimulaci\u00f3n capilar por infiltraci\u00f3n de principios activos para revitalizar y reactivar el crecimiento del cabello.<\/span><br \/>\n\t\t\n<style>\n#text-651028630 {\n  font-size: 1rem;\n}\n<\/style>\n\t<\/div>\n\t\n\t\t\t<\/div>\n\t\t<\/div>\n\t<\/div>\n\t\n\t\t<\/div>\n\t\t\t\t\t<\/div>\n\n\t\n\n<style>\n#row-1639241624 > .col > .col-inner {\n  padding: 30px 20px 30px 20px;\n  border-radius: 15px;\n}\n@media (min-width:850px) {\n  #row-1639241624 > .col > .col-inner {\n    padding: 60px 40px 60px 40px;\n  }\n}\n<\/style>\n<\/div>\n<\/div>\n<div class=\"panel entry-content\" id=\"tab_cirug\u00eda-pl\u00e1stica\">\n<div class=\"row row-small row-full-width align-equal row-box-shadow-3-hover\"  id=\"row-2103028923\">\n\n\t<div id=\"col-1690323052\" class=\"col medium-4 small-12 large-4\"  >\n\t\t\t\t<div class=\"col-inner box-shadow-2\" style=\"background-color:rgb(252, 252, 252);\" >\n\t\t\t\n\t\t\t\n\t<div class=\"box has-hover   has-hover box-text-bottom\" >\n\n\t\t<div class=\"box-image\" style=\"border-radius:10%;\">\n\t\t\t<a href=\"https:\/\/clinicacemeq.es\/estetica\/operacion-de-pecho-mamoplastia\/\" target=\"_blank\" rel=\"noopener noreferrer\" >\t\t\t<div class=\"image-cover\" style=\"padding-top:70%;\">\n\t\t\t\t<img loading=\"lazy\" decoding=\"async\" width=\"600\" height=\"400\" src=\"https:\/\/clinicacemeq.es\/estetica\/wp-content\/uploads\/2021\/07\/aumento-pecho-valencia-1-e1675452324523.png\" class=\"attachment-original size-original\" alt=\"aumento-pecho-valencia-precio\" \/>\t\t\t\t\t\t\t\t\t\t\t<\/div>\n\t\t\t<\/a>\t\t<\/div>\n\n\t\t<div class=\"box-text text-center\" >\n\t\t\t<div class=\"box-text-inner\">\n\t\t\t\t\n\t<div id=\"text-1648125123\" class=\"text\">\n\t\t\n<h2>\u00a0Aumento de pecho<\/h2>\n\t\t\n<style>\n#text-1648125123 {\n  font-size: 1.1rem;\n  line-height: 2.1;\n  color: #99824d;\n}\n#text-1648125123 > * {\n  color: #99824d;\n}\n<\/style>\n\t<\/div>\n\t\n\t<div id=\"text-3088023084\" class=\"text\">\n\t\t\n<p><span style=\"font-size: 110%;\">En CEMEQ disponemos de las pr\u00f3tesis de \u00faltima generaci\u00f3n<\/span><br \/>\n\t\t\n<style>\n#text-3088023084 {\n  font-size: 1rem;\n  color: rgb(0,0,0);\n}\n#text-3088023084 > * {\n  color: rgb(0,0,0);\n}\n<\/style>\n\t<\/div>\n\t\n\t\t\t<\/div>\n\t\t<\/div>\n\t<\/div>\n\t\n\t\t<\/div>\n\t\t\t\t\t<\/div>\n\n\t\n\n\t<div id=\"col-1070277105\" class=\"col medium-4 small-12 large-4\"  >\n\t\t\t\t<div class=\"col-inner box-shadow-2 dark\" style=\"background-color:rgb(252, 252, 252);\" >\n\t\t\t\n\t\t\t\n\t<div class=\"box has-hover   has-hover box-text-bottom\" >\n\n\t\t<div class=\"box-image\" style=\"border-radius:10%;\">\n\t\t\t<a href=\"https:\/\/clinicacemeq.es\/estetica\/liposuccion\/\" target=\"_blank\" rel=\"noopener noreferrer\" >\t\t\t<div class=\"image-cover\" style=\"padding-top:70%;\">\n\t\t\t\t<img loading=\"lazy\" decoding=\"async\" width=\"1200\" height=\"1200\" src=\"https:\/\/clinicacemeq.es\/estetica\/wp-content\/uploads\/2021\/11\/Fotos-2.jpg\" class=\"attachment-original size-original\" alt=\"Liposucci\u00f3n abdominal\" srcset=\"https:\/\/clinicacemeq.es\/estetica\/wp-content\/uploads\/2021\/11\/Fotos-2.jpg 1200w, https:\/\/clinicacemeq.es\/estetica\/wp-content\/uploads\/2021\/11\/Fotos-2-300x300.jpg 300w, https:\/\/clinicacemeq.es\/estetica\/wp-content\/uploads\/2021\/11\/Fotos-2-1024x1024.jpg 1024w, https:\/\/clinicacemeq.es\/estetica\/wp-content\/uploads\/2021\/11\/Fotos-2-150x150.jpg 150w, https:\/\/clinicacemeq.es\/estetica\/wp-content\/uploads\/2021\/11\/Fotos-2-768x768.jpg 768w, https:\/\/clinicacemeq.es\/estetica\/wp-content\/uploads\/2021\/11\/Fotos-2-100x100.jpg 100w, https:\/\/clinicacemeq.es\/estetica\/wp-content\/uploads\/2021\/11\/Fotos-2-140x140.jpg 140w, https:\/\/clinicacemeq.es\/estetica\/wp-content\/uploads\/2021\/11\/Fotos-2-500x500.jpg 500w, https:\/\/clinicacemeq.es\/estetica\/wp-content\/uploads\/2021\/11\/Fotos-2-350x350.jpg 350w, https:\/\/clinicacemeq.es\/estetica\/wp-content\/uploads\/2021\/11\/Fotos-2-1000x1000.jpg 1000w, https:\/\/clinicacemeq.es\/estetica\/wp-content\/uploads\/2021\/11\/Fotos-2-800x800.jpg 800w\" sizes=\"(max-width: 1200px) 100vw, 1200px\" \/>\t\t\t\t\t\t\t\t\t\t\t<\/div>\n\t\t\t<\/a>\t\t<\/div>\n\n\t\t<div class=\"box-text text-center\" >\n\t\t\t<div class=\"box-text-inner\">\n\t\t\t\t\n\t<div id=\"text-4162446470\" class=\"text\">\n\t\t\n<h2>Liposucci\u00f3n<\/h2>\n\t\t\n<style>\n#text-4162446470 {\n  font-size: 1.2rem;\n  color: #99824d;\n}\n#text-4162446470 > * {\n  color: #99824d;\n}\n@media (min-width:550px) {\n  #text-4162446470 {\n    font-size: 1rem;\n  }\n}\n<\/style>\n\t<\/div>\n\t\n\t<div id=\"text-329171214\" class=\"text\">\n\t\t\n<p>Eliminar la grasa sobrante en una zona concreta del cuerpo.<br \/>\n\t\t\n<style>\n#text-329171214 {\n  font-size: 1rem;\n  color: rgb(0,0,0);\n}\n#text-329171214 > * {\n  color: rgb(0,0,0);\n}\n<\/style>\n\t<\/div>\n\t\n\t\t\t<\/div>\n\t\t<\/div>\n\t<\/div>\n\t\n\t\t<\/div>\n\t\t\t\t\t<\/div>\n\n\t\n\n\t<div id=\"col-2116573747\" class=\"col medium-4 small-12 large-4\"  >\n\t\t\t\t<div class=\"col-inner box-shadow-2\" style=\"background-color:rgb(252, 252, 252);\" >\n\t\t\t\n\t\t\t\n\t<div class=\"box has-hover   has-hover box-text-bottom\" >\n\n\t\t<div class=\"box-image\" style=\"border-radius:10%;\">\n\t\t\t<a href=\"https:\/\/clinicacemeq.es\/estetica\/operacion-parpados-caidos\/\" target=\"_blank\" rel=\"noopener noreferrer\" >\t\t\t<div class=\"image-cover\" style=\"padding-top:70%;\">\n\t\t\t\t<img loading=\"lazy\" decoding=\"async\" width=\"1000\" height=\"667\" src=\"https:\/\/clinicacemeq.es\/estetica\/wp-content\/uploads\/2022\/06\/blefaroplastia-valencia-_1_.png\" class=\"attachment-original size-original\" alt=\"blefaroplastia-valencia-precio\" srcset=\"https:\/\/clinicacemeq.es\/estetica\/wp-content\/uploads\/2022\/06\/blefaroplastia-valencia-_1_.png 1000w, https:\/\/clinicacemeq.es\/estetica\/wp-content\/uploads\/2022\/06\/blefaroplastia-valencia-_1_-300x200.png 300w, https:\/\/clinicacemeq.es\/estetica\/wp-content\/uploads\/2022\/06\/blefaroplastia-valencia-_1_-768x512.png 768w, https:\/\/clinicacemeq.es\/estetica\/wp-content\/uploads\/2022\/06\/blefaroplastia-valencia-_1_-900x600.png 900w\" sizes=\"(max-width: 1000px) 100vw, 1000px\" \/>\t\t\t\t\t\t\t\t\t\t\t<\/div>\n\t\t\t<\/a>\t\t<\/div>\n\n\t\t<div class=\"box-text text-center\" >\n\t\t\t<div class=\"box-text-inner\">\n\t\t\t\t\n\t<div id=\"text-108006570\" class=\"text\">\n\t\t\n<h2>Blefaroplastia<\/h2>\n\t\t\n<style>\n#text-108006570 {\n  font-size: 1.1rem;\n  color: #99824d;\n}\n#text-108006570 > * {\n  color: #99824d;\n}\n@media (min-width:550px) {\n  #text-108006570 {\n    font-size: 1rem;\n  }\n}\n<\/style>\n\t<\/div>\n\t\n\t<div id=\"text-3484201779\" class=\"text\">\n\t\t\n<p>Elimina los p\u00e1rpados ca\u00eddos y devuelve a tu mirada toda su luminosidad.<br \/>\n\t\t\n<style>\n#text-3484201779 {\n  font-size: 1.1rem;\n  color: rgb(0,0,0);\n}\n#text-3484201779 > * {\n  color: rgb(0,0,0);\n}\n@media (min-width:550px) {\n  #text-3484201779 {\n    font-size: 1rem;\n  }\n}\n<\/style>\n\t<\/div>\n\t\n\t\t\t<\/div>\n\t\t<\/div>\n\t<\/div>\n\t\n\t\t<\/div>\n\t\t\t\t\t<\/div>\n\n\t\n\n\t<div id=\"col-1951732449\" class=\"col medium-4 small-12 large-4\"  >\n\t\t\t\t<div class=\"col-inner box-shadow-2\" style=\"background-color:rgb(252, 252, 252);\" >\n\t\t\t\n\t\t\t\n\t<div class=\"box has-hover   has-hover box-text-bottom\" >\n\n\t\t<div class=\"box-image\" style=\"border-radius:10%;\">\n\t\t\t<a href=\"https:\/\/clinicacemeq.es\/estetica\/abdominoplastia\/\" target=\"_blank\" rel=\"noopener noreferrer\" >\t\t\t<div class=\"image-cover\" style=\"padding-top:70%;\">\n\t\t\t\t<img loading=\"lazy\" decoding=\"async\" width=\"600\" height=\"369\" src=\"https:\/\/clinicacemeq.es\/estetica\/wp-content\/uploads\/2021\/08\/slider26-e1674833546825.jpg\" class=\"attachment-original size-original\" alt=\"Abdominoplastia en CEMEQ\" \/>\t\t\t\t\t\t\t\t\t\t\t<\/div>\n\t\t\t<\/a>\t\t<\/div>\n\n\t\t<div class=\"box-text text-center\" >\n\t\t\t<div class=\"box-text-inner\">\n\t\t\t\t\n\t<div id=\"text-447750171\" class=\"text\">\n\t\t\n<h2>Abdominoplastia<\/h2>\n\t\t\n<style>\n#text-447750171 {\n  font-size: 1.1rem;\n  color: #99824d;\n}\n#text-447750171 > * {\n  color: #99824d;\n}\n@media (min-width:550px) {\n  #text-447750171 {\n    font-size: 1rem;\n  }\n}\n<\/style>\n\t<\/div>\n\t\n\t<div id=\"text-148503448\" class=\"text\">\n\t\t\n<p><span style=\"font-size: 110%;\">Devuelve la firmeza a tu abdomen y vuelve a disfrutar de un vientre plano.\u00a0<\/span><br \/>\n\t\t\n<style>\n#text-148503448 {\n  font-size: 1rem;\n  color: rgb(0,0,0);\n}\n#text-148503448 > * {\n  color: rgb(0,0,0);\n}\n<\/style>\n\t<\/div>\n\t\n\t\t\t<\/div>\n\t\t<\/div>\n\t<\/div>\n\t\n\t\t<\/div>\n\t\t\t\t\t<\/div>\n\n\t\n\n\t<div id=\"col-290630751\" class=\"col medium-4 small-12 large-4\"  >\n\t\t\t\t<div class=\"col-inner box-shadow-2 dark\" style=\"background-color:rgb(252, 252, 252);\" >\n\t\t\t\n\t\t\t\n\t<div class=\"box has-hover   has-hover box-text-bottom\" >\n\n\t\t<div class=\"box-image\" style=\"border-radius:10%;\">\n\t\t\t<a href=\"https:\/\/clinicacemeq.es\/estetica\/rinoplastia\/\" target=\"_blank\" rel=\"noopener noreferrer\" >\t\t\t<div class=\"image-cover\" style=\"padding-top:70%;\">\n\t\t\t\t<img loading=\"lazy\" decoding=\"async\" width=\"1300\" height=\"800\" src=\"https:\/\/clinicacemeq.es\/estetica\/wp-content\/uploads\/2021\/08\/slider10.jpg\" class=\"attachment-original size-original\" alt=\"Rinomodelaci\u00f3n\" srcset=\"https:\/\/clinicacemeq.es\/estetica\/wp-content\/uploads\/2021\/08\/slider10.jpg 1300w, https:\/\/clinicacemeq.es\/estetica\/wp-content\/uploads\/2021\/08\/slider10-300x185.jpg 300w, https:\/\/clinicacemeq.es\/estetica\/wp-content\/uploads\/2021\/08\/slider10-1024x630.jpg 1024w, https:\/\/clinicacemeq.es\/estetica\/wp-content\/uploads\/2021\/08\/slider10-768x473.jpg 768w\" sizes=\"(max-width: 1300px) 100vw, 1300px\" \/>\t\t\t\t\t\t\t\t\t\t\t<\/div>\n\t\t\t<\/a>\t\t<\/div>\n\n\t\t<div class=\"box-text text-center\" >\n\t\t\t<div class=\"box-text-inner\">\n\t\t\t\t\n\t<div id=\"text-1801637054\" class=\"text\">\n\t\t\n<h2>Rinoplastia<\/h2>\n\t\t\n<style>\n#text-1801637054 {\n  font-size: 1.1rem;\n  color: #99824d;\n}\n#text-1801637054 > * {\n  color: #99824d;\n}\n<\/style>\n\t<\/div>\n\t\n\t<div id=\"text-3234254775\" class=\"text\">\n\t\t\n<p>Modifica el tama\u00f1o y forma de tu nariz, dotando a tu rostro de una mayor armon\u00eda facial.<br \/>\n\t\t\n<style>\n#text-3234254775 {\n  font-size: 1.1rem;\n  color: rgb(0,0,0);\n}\n#text-3234254775 > * {\n  color: rgb(0,0,0);\n}\n@media (min-width:550px) {\n  #text-3234254775 {\n    font-size: 1rem;\n  }\n}\n<\/style>\n\t<\/div>\n\t\n\t\t\t<\/div>\n\t\t<\/div>\n\t<\/div>\n\t\n\t\t<\/div>\n\t\t\t\t\t<\/div>\n\n\t\n\n<style>\n#row-2103028923 > .col > .col-inner {\n  padding: 30px 20px 30px 20px;\n  border-radius: 15px;\n}\n@media (min-width:850px) {\n  #row-2103028923 > .col > .col-inner {\n    padding: 40px 40px 40px 40px;\n  }\n}\n<\/style>\n<\/div>\n<\/div>\n<div class=\"panel entry-content\" id=\"tab_medicina-est\u00e9tica\">\n<div class=\"row row-small row-full-width align-equal align-center row-box-shadow-3-hover\"  id=\"row-947257140\">\n\n\t<div id=\"col-2115133815\" class=\"col medium-4 small-12 large-4\"  >\n\t\t\t\t<div class=\"col-inner box-shadow-2\" style=\"background-color:rgb(252, 252, 252);\" >\n\t\t\t\n\t\t\t\n\t<div class=\"box has-hover   has-hover box-text-bottom\" >\n\n\t\t<div class=\"box-image\" style=\"border-radius:10%;\">\n\t\t\t<a href=\"https:\/\/clinicacemeq.es\/estetica\/rejuvenecimiento-facial-y-arrugas\/\" target=\"_blank\" rel=\"noopener noreferrer\" >\t\t\t<div class=\"image-cover\" style=\"padding-top:70%;\">\n\t\t\t\t<img loading=\"lazy\" decoding=\"async\" width=\"1200\" height=\"1200\" src=\"https:\/\/clinicacemeq.es\/estetica\/wp-content\/uploads\/2021\/11\/Fotos-6.jpg\" class=\"attachment-original size-original\" alt=\"\" srcset=\"https:\/\/clinicacemeq.es\/estetica\/wp-content\/uploads\/2021\/11\/Fotos-6.jpg 1200w, https:\/\/clinicacemeq.es\/estetica\/wp-content\/uploads\/2021\/11\/Fotos-6-300x300.jpg 300w, https:\/\/clinicacemeq.es\/estetica\/wp-content\/uploads\/2021\/11\/Fotos-6-1024x1024.jpg 1024w, https:\/\/clinicacemeq.es\/estetica\/wp-content\/uploads\/2021\/11\/Fotos-6-150x150.jpg 150w, https:\/\/clinicacemeq.es\/estetica\/wp-content\/uploads\/2021\/11\/Fotos-6-768x768.jpg 768w, https:\/\/clinicacemeq.es\/estetica\/wp-content\/uploads\/2021\/11\/Fotos-6-100x100.jpg 100w, https:\/\/clinicacemeq.es\/estetica\/wp-content\/uploads\/2021\/11\/Fotos-6-140x140.jpg 140w, https:\/\/clinicacemeq.es\/estetica\/wp-content\/uploads\/2021\/11\/Fotos-6-500x500.jpg 500w, https:\/\/clinicacemeq.es\/estetica\/wp-content\/uploads\/2021\/11\/Fotos-6-350x350.jpg 350w, https:\/\/clinicacemeq.es\/estetica\/wp-content\/uploads\/2021\/11\/Fotos-6-1000x1000.jpg 1000w, https:\/\/clinicacemeq.es\/estetica\/wp-content\/uploads\/2021\/11\/Fotos-6-800x800.jpg 800w\" sizes=\"(max-width: 1200px) 100vw, 1200px\" \/>\t\t\t\t\t\t\t\t\t\t\t<\/div>\n\t\t\t<\/a>\t\t<\/div>\n\n\t\t<div class=\"box-text text-center\" >\n\t\t\t<div class=\"box-text-inner\">\n\t\t\t\t\n\t<div id=\"text-1433986514\" class=\"text\">\n\t\t\n<p><strong>Rejuvenecimiento facial<\/strong><br \/>\n\t\t\n<style>\n#text-1433986514 {\n  font-size: 1.45rem;\n  color: #99824d;\n}\n#text-1433986514 > * {\n  color: #99824d;\n}\n<\/style>\n\t<\/div>\n\t\n\t<div id=\"text-3156320651\" class=\"text\">\n\t\t\n<p><span style=\"font-size: 110%;\">Elimina arrugas y l\u00edneas de expresi\u00f3n con resultados muy naturales relajando la musculatura que las provocan.<\/span><br \/>\n\t\t\n<style>\n#text-3156320651 {\n  font-size: 1rem;\n}\n<\/style>\n\t<\/div>\n\t\n\t\t\t<\/div>\n\t\t<\/div>\n\t<\/div>\n\t\n\t\t<\/div>\n\t\t\t\t\t<\/div>\n\n\t\n\n\t<div id=\"col-690638635\" class=\"col medium-4 small-12 large-4\"  >\n\t\t\t\t<div class=\"col-inner box-shadow-2 dark\" style=\"background-color:rgb(252, 252, 252);\" >\n\t\t\t\n\t\t\t\n\t<div class=\"box has-hover   has-hover box-text-bottom\" >\n\n\t\t<div class=\"box-image\" style=\"border-radius:10%;\">\n\t\t\t<a href=\"https:\/\/clinicacemeq.es\/estetica\/quitar-manchas-en-la-cara-peeling-facial\/\" target=\"_blank\" rel=\"noopener noreferrer\" >\t\t\t<div class=\"image-cover\" style=\"padding-top:70%;\">\n\t\t\t\t<img loading=\"lazy\" decoding=\"async\" width=\"1200\" height=\"1200\" src=\"https:\/\/clinicacemeq.es\/estetica\/wp-content\/uploads\/2021\/07\/Fotos-cemeq-4-5.jpg\" class=\"attachment-original size-original\" alt=\"Cirug\u00eda ortogn\u00e1tica\" srcset=\"https:\/\/clinicacemeq.es\/estetica\/wp-content\/uploads\/2021\/07\/Fotos-cemeq-4-5.jpg 1200w, https:\/\/clinicacemeq.es\/estetica\/wp-content\/uploads\/2021\/07\/Fotos-cemeq-4-5-300x300.jpg 300w, https:\/\/clinicacemeq.es\/estetica\/wp-content\/uploads\/2021\/07\/Fotos-cemeq-4-5-1024x1024.jpg 1024w, https:\/\/clinicacemeq.es\/estetica\/wp-content\/uploads\/2021\/07\/Fotos-cemeq-4-5-150x150.jpg 150w, https:\/\/clinicacemeq.es\/estetica\/wp-content\/uploads\/2021\/07\/Fotos-cemeq-4-5-768x768.jpg 768w, https:\/\/clinicacemeq.es\/estetica\/wp-content\/uploads\/2021\/07\/Fotos-cemeq-4-5-100x100.jpg 100w, https:\/\/clinicacemeq.es\/estetica\/wp-content\/uploads\/2021\/07\/Fotos-cemeq-4-5-140x140.jpg 140w, https:\/\/clinicacemeq.es\/estetica\/wp-content\/uploads\/2021\/07\/Fotos-cemeq-4-5-500x500.jpg 500w, https:\/\/clinicacemeq.es\/estetica\/wp-content\/uploads\/2021\/07\/Fotos-cemeq-4-5-350x350.jpg 350w, https:\/\/clinicacemeq.es\/estetica\/wp-content\/uploads\/2021\/07\/Fotos-cemeq-4-5-1000x1000.jpg 1000w, https:\/\/clinicacemeq.es\/estetica\/wp-content\/uploads\/2021\/07\/Fotos-cemeq-4-5-800x800.jpg 800w\" sizes=\"(max-width: 1200px) 100vw, 1200px\" \/>\t\t\t\t\t\t\t\t\t\t\t<\/div>\n\t\t\t<\/a>\t\t<\/div>\n\n\t\t<div class=\"box-text text-center\" >\n\t\t\t<div class=\"box-text-inner\">\n\t\t\t\t\n<div class=\"is-divider divider clearfix\" ><\/div>\n\t<div id=\"text-1211035320\" class=\"text\">\n\t\t\n<h2>Eliminaci\u00f3n de manchas en la piel<\/h2>\n\t\t\n<style>\n#text-1211035320 {\n  font-size: 1.1rem;\n  color: #99824d;\n}\n#text-1211035320 > * {\n  color: #99824d;\n}\n<\/style>\n\t<\/div>\n\t\n\t<div id=\"text-3726567067\" class=\"text\">\n\t\t\n<p>Renueva las capas de tu piel y elimina tus manchas con nuestros tratamientos de cuidado facial<br \/>\n\t\t\n<style>\n#text-3726567067 {\n  font-size: 1.1rem;\n  color: rgb(0,0,0);\n}\n#text-3726567067 > * {\n  color: rgb(0,0,0);\n}\n@media (min-width:550px) {\n  #text-3726567067 {\n    font-size: 1rem;\n  }\n}\n<\/style>\n\t<\/div>\n\t\n\t\t\t<\/div>\n\t\t<\/div>\n\t<\/div>\n\t\n\t\t<\/div>\n\t\t\t\t\t<\/div>\n\n\t\n\n\t<div id=\"col-352975998\" class=\"col medium-4 small-12 large-4\"  >\n\t\t\t\t<div class=\"col-inner box-shadow-2\" style=\"background-color:rgb(252, 252, 252);\" >\n\t\t\t\n\t\t\t\n\t<div class=\"box has-hover   has-hover box-text-bottom\" >\n\n\t\t<div class=\"box-image\" style=\"border-radius:10%;\">\n\t\t\t<a href=\"https:\/\/clinicacemeq.es\/estetica\/aumento-de-labios\/\" target=\"_blank\" rel=\"noopener noreferrer\" >\t\t\t<div class=\"image-cover\" style=\"padding-top:70%;\">\n\t\t\t\t<img loading=\"lazy\" decoding=\"async\" width=\"775\" height=\"499\" src=\"https:\/\/clinicacemeq.es\/estetica\/wp-content\/uploads\/2021\/07\/WhatsApp-Image-2022-05-24-at-11.17.27-AM-e1677581026357.png\" class=\"attachment-original size-original\" alt=\"relleno de labios\" srcset=\"https:\/\/clinicacemeq.es\/estetica\/wp-content\/uploads\/2021\/07\/WhatsApp-Image-2022-05-24-at-11.17.27-AM-e1677581026357.png 775w, https:\/\/clinicacemeq.es\/estetica\/wp-content\/uploads\/2021\/07\/WhatsApp-Image-2022-05-24-at-11.17.27-AM-e1677581026357-621x400.png 621w, https:\/\/clinicacemeq.es\/estetica\/wp-content\/uploads\/2021\/07\/WhatsApp-Image-2022-05-24-at-11.17.27-AM-e1677581026357-768x494.png 768w\" sizes=\"(max-width: 775px) 100vw, 775px\" \/>\t\t\t\t\t\t\t\t\t\t\t<\/div>\n\t\t\t<\/a>\t\t<\/div>\n\n\t\t<div class=\"box-text text-center\" >\n\t\t\t<div class=\"box-text-inner\">\n\t\t\t\t\n\t<div id=\"text-847804761\" class=\"text\">\n\t\t\n<h2>Aumento de labios<\/h2>\n\t\t\n<style>\n#text-847804761 {\n  font-size: 1.1rem;\n  color: #99824d;\n}\n#text-847804761 > * {\n  color: #99824d;\n}\n<\/style>\n\t<\/div>\n\t\n\t<div id=\"text-2929501657\" class=\"text\">\n\t\t\n<p>El aumento de labios proporciona volumen, hidrataci\u00f3n, redefine su contorno y elimina las arrugas que se forman en torno a los labiosl.<br \/>\n\t\t\n<style>\n#text-2929501657 {\n  font-size: 1rem;\n}\n<\/style>\n\t<\/div>\n\t\n\t\t\t<\/div>\n\t\t<\/div>\n\t<\/div>\n\t\n\t\t<\/div>\n\t\t\t\t\t<\/div>\n\n\t\n\n\t<div id=\"col-36045927\" class=\"col medium-4 small-12 large-4\"  >\n\t\t\t\t<div class=\"col-inner box-shadow-2\" style=\"background-color:rgb(252, 252, 252);\" >\n\t\t\t\n\t\t\t\n\t<div class=\"box has-hover   has-hover box-text-bottom\" >\n\n\t\t<div class=\"box-image\" style=\"border-radius:10%;\">\n\t\t\t<a href=\"https:\/\/clinicacemeq.es\/estetica\/relleno-facial\/\" target=\"_blank\" rel=\"noopener noreferrer\" >\t\t\t<div class=\"image-cover\" style=\"padding-top:70%;\">\n\t\t\t\t<img loading=\"lazy\" decoding=\"async\" width=\"1200\" height=\"1200\" src=\"https:\/\/clinicacemeq.es\/estetica\/wp-content\/uploads\/2021\/06\/11.jpg\" class=\"attachment-original size-original\" alt=\"Peeling facial o corporal\" srcset=\"https:\/\/clinicacemeq.es\/estetica\/wp-content\/uploads\/2021\/06\/11.jpg 1200w, https:\/\/clinicacemeq.es\/estetica\/wp-content\/uploads\/2021\/06\/11-300x300.jpg 300w, https:\/\/clinicacemeq.es\/estetica\/wp-content\/uploads\/2021\/06\/11-1024x1024.jpg 1024w, https:\/\/clinicacemeq.es\/estetica\/wp-content\/uploads\/2021\/06\/11-150x150.jpg 150w, https:\/\/clinicacemeq.es\/estetica\/wp-content\/uploads\/2021\/06\/11-768x768.jpg 768w, https:\/\/clinicacemeq.es\/estetica\/wp-content\/uploads\/2021\/06\/11-100x100.jpg 100w, https:\/\/clinicacemeq.es\/estetica\/wp-content\/uploads\/2021\/06\/11-140x140.jpg 140w, https:\/\/clinicacemeq.es\/estetica\/wp-content\/uploads\/2021\/06\/11-500x500.jpg 500w, https:\/\/clinicacemeq.es\/estetica\/wp-content\/uploads\/2021\/06\/11-350x350.jpg 350w, https:\/\/clinicacemeq.es\/estetica\/wp-content\/uploads\/2021\/06\/11-1000x1000.jpg 1000w, https:\/\/clinicacemeq.es\/estetica\/wp-content\/uploads\/2021\/06\/11-800x800.jpg 800w\" sizes=\"(max-width: 1200px) 100vw, 1200px\" \/>\t\t\t\t\t\t\t\t\t\t\t<\/div>\n\t\t\t<\/a>\t\t<\/div>\n\n\t\t<div class=\"box-text text-center\" >\n\t\t\t<div class=\"box-text-inner\">\n\t\t\t\t\n\t<div id=\"text-4131381182\" class=\"text\">\n\t\t\n<h2>Relleno facial<\/h2>\n\t\t\n<style>\n#text-4131381182 {\n  font-size: 1.1rem;\n  color: #99824d;\n}\n#text-4131381182 > * {\n  color: #99824d;\n}\n@media (min-width:550px) {\n  #text-4131381182 {\n    font-size: 1rem;\n  }\n}\n<\/style>\n\t<\/div>\n\t\n\t<div id=\"text-2637180043\" class=\"text\">\n\t\t\n<p>Una de las t\u00e9cnicas preferidas y menos invasivas para devolver al rostro un aspecto juvenil, con resultados naturales y duraderos<br \/>\n\t\t\n<style>\n#text-2637180043 {\n  font-size: 1rem;\n}\n<\/style>\n\t<\/div>\n\t\n\t\t\t<\/div>\n\t\t<\/div>\n\t<\/div>\n\t\n\t\t<\/div>\n\t\t\t\t\t<\/div>\n\n\t\n\n\t<div id=\"col-1581609810\" class=\"col medium-4 small-12 large-4\"  >\n\t\t\t\t<div class=\"col-inner box-shadow-2\" style=\"background-color:rgb(252, 252, 252);\" >\n\t\t\t\n\t\t\t\n\t<div class=\"box has-hover   has-hover box-text-bottom\" >\n\n\t\t<div class=\"box-image\" style=\"border-radius:10%;\">\n\t\t\t<a href=\"https:\/\/clinicacemeq.es\/estetica\/quitar-ojeras-y-bolsas\/\"  >\t\t\t<div class=\"image-cover\" style=\"padding-top:70%;\">\n\t\t\t\t<img loading=\"lazy\" decoding=\"async\" width=\"1300\" height=\"800\" src=\"https:\/\/clinicacemeq.es\/estetica\/wp-content\/uploads\/2021\/08\/slider9.jpg\" class=\"attachment-original size-original\" alt=\"Quitar ojeras y bolsas en los ojos\" srcset=\"https:\/\/clinicacemeq.es\/estetica\/wp-content\/uploads\/2021\/08\/slider9.jpg 1300w, https:\/\/clinicacemeq.es\/estetica\/wp-content\/uploads\/2021\/08\/slider9-300x185.jpg 300w, https:\/\/clinicacemeq.es\/estetica\/wp-content\/uploads\/2021\/08\/slider9-1024x630.jpg 1024w, https:\/\/clinicacemeq.es\/estetica\/wp-content\/uploads\/2021\/08\/slider9-768x473.jpg 768w\" sizes=\"(max-width: 1300px) 100vw, 1300px\" \/>\t\t\t\t\t\t\t\t\t\t\t<\/div>\n\t\t\t<\/a>\t\t<\/div>\n\n\t\t<div class=\"box-text text-center\" >\n\t\t\t<div class=\"box-text-inner\">\n\t\t\t\t\n\t<div id=\"text-3681632951\" class=\"text\">\n\t\t\n<h2>Relleno de ojeras<\/h2>\n\t\t\n<style>\n#text-3681632951 {\n  font-size: 1.1rem;\n  color: #99824d;\n}\n#text-3681632951 > * {\n  color: #99824d;\n}\n@media (min-width:550px) {\n  #text-3681632951 {\n    font-size: 1rem;\n  }\n}\n<\/style>\n\t<\/div>\n\t\n\t<div id=\"text-1408459533\" class=\"text\">\n\t\t\n<p>T\u00e9cnica no quir\u00fargica capaz de quitar ojeras y bolsas oscuras y devolver a la mirada un aspecto juvenil y natural.<br \/>\n\t\t\n<style>\n#text-1408459533 {\n  font-size: 1rem;\n}\n<\/style>\n\t<\/div>\n\t\n\t\t\t<\/div>\n\t\t<\/div>\n\t<\/div>\n\t\n\t\t<\/div>\n\t\t\t\t\t<\/div>\n\n\t\n\n<style>\n#row-947257140 > .col > .col-inner {\n  padding: 30px 20px 30px 20px;\n  border-radius: 15px;\n}\n@media (min-width:850px) {\n  #row-947257140 > .col > .col-inner {\n    padding: 40px 40px 40px 40px;\n  }\n}\n<\/style>\n<\/div>\n<\/div>\n<div class=\"panel entry-content\" id=\"tab_unidad-de-obesidad\">\n\n<\/div><\/div><\/div>\n\t\t<\/div>\n\t\t\t\t\n<style>\n#col-1959119314 > .col-inner {\n  margin: -90px 0px 0px 0px;\n}\n<\/style>\n\t<\/div>\n\n\t\n\n<style>\n#row-782961544 > .col > .col-inner {\n  border-radius: 15px;\n}\n<\/style>\n<\/div>\n\t\t<\/div>\n\n\t\t\n<style>\n#section_272294529 {\n  padding-top: 30px;\n  padding-bottom: 30px;\n  background-color: rgb(251, 251, 251);\n}\n#section_272294529 .ux-shape-divider--top svg {\n  height: 150px;\n  --divider-top-width: 100%;\n}\n#section_272294529 .ux-shape-divider--bottom svg {\n  height: 150px;\n  --divider-width: 100%;\n}\n<\/style>\n\t<\/section>\n\t\n\t<section class=\"section\" id=\"section_215174223\">\n\t\t<div class=\"bg section-bg fill bg-fill  bg-loaded\" >\n\n\t\t\t\n\t\t\t\n\t\t\t\n\n\t\t<\/div>\n\n\t\t\n\n\t\t<div class=\"section-content relative\">\n\t\t\t\n\t<div id=\"gap-1298549469\" class=\"gap-element clearfix\" style=\"display:block; height:auto;\">\n\t\t\n<style>\n#gap-1298549469 {\n  padding-top: 30px;\n}\n<\/style>\n\t<\/div>\n\t\n<div class=\"row\"  id=\"row-1437979969\">\n\n\t<div id=\"col-1224018670\" class=\"col medium-12 small-12 large-9\"  >\n\t\t\t\t<div class=\"col-inner\" style=\"background-color:rgb(241, 241, 241);\" >\n\t\t\t\n\t\t\t\n\t<div id=\"gap-1298355191\" class=\"gap-element clearfix\" style=\"display:block; height:auto;\">\n\t\t\n<style>\n#gap-1298355191 {\n  padding-top: 10px;\n}\n<\/style>\n\t<\/div>\n\t\n\t<div id=\"text-3901688289\" class=\"text\">\n\t\t\n<h3>CIRUG\u00cdA CAPILAR EN VALENCIA<\/h3>\n\t\t\n<style>\n#text-3901688289 {\n  font-size: 1.5rem;\n  line-height: 1.1;\n}\n@media (min-width:550px) {\n  #text-3901688289 {\n    font-size: 2rem;\n  }\n}\n<\/style>\n\t<\/div>\n\t\n\t<div id=\"text-1026523681\" class=\"text\">\n\t\t\n<p>La Cl\u00ednica CEMEQ en Valencia es un centro m\u00e9dico multidisciplinar especializado en <strong data-start=\"292\" data-end=\"334\">Odontolog\u00eda Avanzada y Cirug\u00eda Capilar<\/strong>, con un enfoque integral y altamente profesional. Nuestro trabajo se basa en el rigor cient\u00edfico, la experiencia m\u00e9dica y la aplicaci\u00f3n de tratamientos personalizados, siempre orientados a mejorar la salud, la est\u00e9tica y la calidad de vida de nuestros pacientes. En CEMEQ entendemos cada caso como \u00fanico, cuidando tanto el resultado f\u00edsico como el bienestar emocional en cada etapa del proceso.<\/p>\n\t\t\n<style>\n#text-1026523681 {\n  font-size: 1.1rem;\n}\n<\/style>\n\t<\/div>\n\t\n\t<div id=\"gap-427205445\" class=\"gap-element clearfix\" style=\"display:block; height:auto;\">\n\t\t\n<style>\n#gap-427205445 {\n  padding-top: 10px;\n}\n@media (min-width:550px) {\n  #gap-427205445 {\n    padding-top: 30px;\n  }\n}\n<\/style>\n\t<\/div>\n\t\n<a rel=\"noopener noreferrer\" href=\"https:\/\/wa.me\/34661577493?text=Hola%2C%20quiero%20agendar%20una%20valoraci%C3%B3n%20gratuita\" target=\"_blank\" class=\"button secondary is-larger box-shadow-1\"  style=\"border-radius:99px;\">\n    <span>Con\u00f3cenos<\/span>\n  <\/a>\n\n\t\t<\/div>\n\t\t\t\t\n<style>\n#col-1224018670 > .col-inner {\n  padding: 10% 10% 15% 10%;\n}\n@media (min-width:550px) {\n  #col-1224018670 > .col-inner {\n    padding: 10% 10% 12% 10%;\n  }\n}\n@media (min-width:850px) {\n  #col-1224018670 > .col-inner {\n    padding: 8% 40% 15% 10%;\n  }\n}\n<\/style>\n\t<\/div>\n\n\t\n<\/div>\n<div class=\"row align-right\"  id=\"row-1603653344\">\n\n\t<div id=\"col-454514879\" class=\"col medium-12 small-12 large-6\"  >\n\t\t\t\t<div class=\"col-inner box-shadow-1\"  >\n\t\t\t\n\t\t\t\n\n  <div class=\"banner has-hover\" id=\"banner-335120371\">\n          <div class=\"banner-inner fill\">\n        <div class=\"banner-bg fill\" >\n            <div class=\"bg fill bg-fill \"><\/div>\n                                    \n                    <\/div>\n\t\t\n        <div class=\"banner-layers container\">\n            <div class=\"fill banner-link\"><\/div>            \n   <div id=\"text-box-722702572\" class=\"text-box banner-layer x50 md-x50 lg-x50 y50 md-y50 lg-y50 res-text\">\n                                <div class=\"text-box-content text dark\">\n              \n              <div class=\"text-inner text-center\">\n                  \n              <\/div>\n           <\/div>\n                            \n<style>\n#text-box-722702572 {\n  width: 60%;\n}\n#text-box-722702572 .text-box-content {\n  font-size: 100%;\n}\n<\/style>\n    <\/div>\n \n        <\/div>\n      <\/div>\n\n            \n<style>\n#banner-335120371 {\n  padding-top: 400px;\n  background-color: rgba(255, 255, 255, 0);\n}\n#banner-335120371 .bg.bg-loaded {\n  background-image: url(https:\/\/clinicacemeq.es\/estetica\/wp-content\/uploads\/2021\/07\/22.jpg);\n}\n#banner-335120371 .bg {\n  background-position: 54% 15%;\n}\n#banner-335120371 .ux-shape-divider--top svg {\n  height: 150px;\n  --divider-top-width: 100%;\n}\n#banner-335120371 .ux-shape-divider--bottom svg {\n  height: 150px;\n  --divider-width: 100%;\n}\n@media (min-width:550px) {\n  #banner-335120371 {\n    padding-top: 500px;\n  }\n}\n@media (min-width:850px) {\n  #banner-335120371 {\n    padding-top: 535px;\n  }\n}\n<\/style>\n  <\/div>\n\n\n\t\t<\/div>\n\t\t\t\t\n<style>\n#col-454514879 > .col-inner {\n  margin: -60px 0px 0px 0px;\n}\n@media (min-width:850px) {\n  #col-454514879 > .col-inner {\n    margin: -620px 0px 0px 0px;\n  }\n}\n<\/style>\n\t<\/div>\n\n\t\n<\/div>\n\t\t<\/div>\n\n\t\t\n<style>\n#section_215174223 {\n  padding-top: 0px;\n  padding-bottom: 0px;\n  background-color: rgb(251, 251, 251);\n}\n#section_215174223 .ux-shape-divider--top svg {\n  height: 150px;\n  --divider-top-width: 100%;\n}\n#section_215174223 .ux-shape-divider--bottom svg {\n  height: 150px;\n  --divider-width: 100%;\n}\n<\/style>\n\t<\/section>\n\t\n\t<section class=\"section\" id=\"section_1419253625\">\n\t\t<div class=\"bg section-bg fill bg-fill  bg-loaded\" >\n\n\t\t\t\n\t\t\t\n\t\t\t\n\n\t\t<\/div>\n\n\t\t\n\n\t\t<div class=\"section-content relative\">\n\t\t\t\n<div class=\"row\"  id=\"row-1201616980\">\n\n\t<div id=\"col-1695098420\" class=\"col small-12 large-12\"  >\n\t\t\t\t<div class=\"col-inner\"  >\n\t\t\t\n\t\t\t\n\t<div id=\"text-3436637422\" class=\"text\">\n\t\t\n<h2><strong>Servicios que ofrecemos de cl\u00ednica est\u00e9tica en Valencia<\/strong><\/h2>\n<p>A medida de tus necesidades<br \/>\n\t\t\n<style>\n#text-3436637422 {\n  font-size: 1.4rem;\n  text-align: center;\n  color: rgb(0,0,0);\n}\n#text-3436637422 > * {\n  color: rgb(0,0,0);\n}\n<\/style>\n\t<\/div>\n\t\n\t\t<\/div>\n\t\t\t\t\t<\/div>\n\n\t\n<\/div>\n\t<div id=\"gap-1194119776\" class=\"gap-element clearfix\" style=\"display:block; height:auto;\">\n\t\t\n<style>\n#gap-1194119776 {\n  padding-top: 30px;\n}\n<\/style>\n\t<\/div>\n\t\n<div class=\"row row-small\" style=\"max-width:95%\" id=\"row-340040963\">\n\n\t<div id=\"col-1601229341\" class=\"col medium-3 small-12 large-3 col-divided\"  >\n\t\t\t\t<div class=\"col-inner text-center\"  >\n\t\t\t\n\t\t\t\n\n\t\t<div class=\"icon-box featured-box icon-box-top text-left\"  >\n\t\t\t\t\t<div class=\"icon-box-img\" style=\"width: 60px\">\n\t\t\t\t<div class=\"icon\">\n\t\t\t\t\t<div class=\"icon-inner\" style=\"color:rgb(135, 125, 98);\">\n\t\t\t\t\t\t<?xml version=\"1.0\" encoding=\"UTF-8\"?>\n<svg viewBox=\"0 0 48 48\" xmlns=\"http:\/\/www.w3.org\/2000\/svg\">\n<path d=\"m8.8 42q-1.2 0-2-0.8t-0.8-2v-7.05h1.55v7.1q0 0.45 0.375 0.825t0.825 0.375h7.1v1.55zm-2.8-26.15v-7.05q0-1.2 0.8-2t2-0.8h7.05v1.55h-7.1q-0.45 0-0.825 0.375t-0.375 0.825v7.1zm26.15 26.15v-1.55h7.1q0.45 0 0.825-0.375t0.375-0.825v-7.1h1.55v7.05q0 1.2-0.8 2t-2 0.8zm8.3-26.15v-7.1q0-0.45-0.375-0.825t-0.825-0.375h-7.1v-1.55h7.05q1.2 0 2 0.8t0.8 2v7.05zm-16.45 7.9q-2.1 0-3.55-1.45t-1.45-3.55q0-2 1.45-3.5t3.55-1.5q2.05 0 3.525 1.5t1.475 3.5q0 2.1-1.475 3.55t-3.525 1.45zm0-1.5q1.45 0 2.45-1.025t1-2.425q0-1.45-1-2.475t-2.5-1.025q-1.4 0-2.4 1t-1 2.5q0 1.4 1 2.425t2.45 1.025zm-11 12v-2.8q0-0.95 0.575-1.7t1.425-1.25q2.05-1.15 4.325-1.7t4.675-0.55q2.35 0 4.65 0.55t4.35 1.7q0.85 0.5 1.425 1.25t0.575 1.7v2.8zm11-6.5q-2.4 0-4.8 0.725t-4.75 2.125v2.15h19.1v-2.2q-2.3-1.4-4.725-2.1t-4.825-0.7zm0-9m0 14h9.55-19.1 9.55z\"\/>\n<\/svg>\n\t\t\t\t\t<\/div>\n\t\t\t\t<\/div>\n\t\t\t<\/div>\n\t\t\t\t<div class=\"icon-box-text last-reset\">\n\t\t\t\t\t\t\t\t\t\n\t<div id=\"text-3821974915\" class=\"text\">\n\t\t\n<h3>Profesionales con formaci\u00f3n especialista y amplia experiencia<\/h3>\n<p>Contamos con un equipo acreditado de doctores especialistas que te asesorar\u00e1n para elegir el tratamiento m\u00e1s adecuado en tu caso, siempre anteponiendo tu salud.<br \/>\n\t\t\n<style>\n#text-3821974915 {\n  text-align: center;\n  color: rgb(0,0,0);\n}\n#text-3821974915 > * {\n  color: rgb(0,0,0);\n}\n<\/style>\n\t<\/div>\n\t\n\t\t<\/div>\n\t<\/div>\n\t\n\t\n\t\t<\/div>\n\t\t\t\t\t<\/div>\n\n\t\n\n\t<div id=\"col-310728822\" class=\"col medium-3 small-12 large-3 col-divided\"  >\n\t\t\t\t<div class=\"col-inner text-center\"  >\n\t\t\t\n\t\t\t\n\n\t\t<div class=\"icon-box featured-box icon-box-top text-left\"  >\n\t\t\t\t\t<div class=\"icon-box-img\" style=\"width: 60px\">\n\t\t\t\t<div class=\"icon\">\n\t\t\t\t\t<div class=\"icon-inner\" style=\"color:rgb(135, 125, 98);\">\n\t\t\t\t\t\t<?xml version=\"1.0\" encoding=\"UTF-8\"?>\n<svg viewBox=\"0 0 48 48\" xmlns=\"http:\/\/www.w3.org\/2000\/svg\">\n<path d=\"M23.25 35.05h1.5v-6h6v-1.5h-6v-6h-1.5v6h-6v1.5h6ZM8.75 42q-1.15 0-1.95-.8T6 39.25v-22.5q0-1.15.8-1.95t1.95-.8H18v-3.25q0-1.15.8-1.95t1.95-.8h6.5q1.15 0 1.95.8t.8 1.95V14h9.25q1.15 0 1.95.8t.8 1.95v22.5q0 1.15-.8 1.95t-1.95.8Zm0-1.55h30.5q.45 0 .825-.375.375-.375.375-.825v-22.5q0-.45-.375-.825-.375-.375-.825-.375H8.75q-.45 0-.825.375-.375.375-.375.825v22.5q0 .45.375.825.375.375.825.375ZM19.55 14h8.9v-3.25q0-.45-.375-.825-.375-.375-.825-.375h-6.5q-.45 0-.825.375-.375.375-.375.825Zm-12 26.45v-24.9 24.9Z\"\/>\n<\/svg>\n\t\t\t\t\t<\/div>\n\t\t\t\t<\/div>\n\t\t\t<\/div>\n\t\t\t\t<div class=\"icon-box-text last-reset\">\n\t\t\t\t\t\t\t\t\t\n\t<div id=\"text-486335657\" class=\"text\">\n\t\t\n<h3>Servicio experto de atenci\u00f3n al Paciente<\/h3>\n<p>Contamos con un equipo dedicado s\u00f3lo a escuchar tus necesidades y proponerte las mejores soluciones y servicios como la financiaci\u00f3n a medida, la gesti\u00f3n de citas y la atenci\u00f3n posterior al tratamiento.<br \/>\n\t\t\n<style>\n#text-486335657 {\n  text-align: center;\n  color: rgb(0,0,0);\n}\n#text-486335657 > * {\n  color: rgb(0,0,0);\n}\n<\/style>\n\t<\/div>\n\t\n\t\t<\/div>\n\t<\/div>\n\t\n\t\n\t\t<\/div>\n\t\t\t\t\t<\/div>\n\n\t\n\n\t<div id=\"col-1431213622\" class=\"col medium-3 small-12 large-3 col-divided\"  >\n\t\t\t\t<div class=\"col-inner text-center\"  >\n\t\t\t\n\t\t\t\n\n\t\t<div class=\"icon-box featured-box icon-box-top text-left\"  >\n\t\t\t\t\t<div class=\"icon-box-img\" style=\"width: 60px\">\n\t\t\t\t<div class=\"icon\">\n\t\t\t\t\t<div class=\"icon-inner\" style=\"color:rgb(135, 125, 98);\">\n\t\t\t\t\t\t<?xml version=\"1.0\" encoding=\"UTF-8\"?>\n<svg viewBox=\"0 0 48 48\" xmlns=\"http:\/\/www.w3.org\/2000\/svg\">\n<path d=\"m9.35 40q-1.05 0-1.525-1t0.275-1.8l12.2-14.3v-13.35h-3.05q-0.35 0-0.575-0.225t-0.225-0.575q0-0.3 0.225-0.525t0.575-0.225h13.5q0.35 0 0.575 0.225t0.225 0.575q0 0.3-0.225 0.525t-0.575 0.225h-3.05v13.35l12.2 14.3q0.75 0.8 0.275 1.8t-1.525 1zm-0.25-1.55h29.8l-12.75-14.95v-13.95h-4.3v13.95z\"\/>\n<\/svg>\n\t\t\t\t\t<\/div>\n\t\t\t\t<\/div>\n\t\t\t<\/div>\n\t\t\t\t<div class=\"icon-box-text last-reset\">\n\t\t\t\t\t\t\t\t\t\n\t<div id=\"text-413804851\" class=\"text\">\n\t\t\n<h3>Tratamiento avalados por las Sociedades Cient\u00edficas<\/h3>\n<p>Nuestro equipo pertenece a las principales sociedades cient\u00edficas profesionales espa\u00f1olas y europeas, y siempre proponemos tratamientos que queden dentro de este marco para garantizar siempre tu salud.<br \/>\n\t\t\n<style>\n#text-413804851 {\n  text-align: center;\n  color: rgb(0,0,0);\n}\n#text-413804851 > * {\n  color: rgb(0,0,0);\n}\n<\/style>\n\t<\/div>\n\t\n\t\t<\/div>\n\t<\/div>\n\t\n\t\n\t\t<\/div>\n\t\t\t\t\t<\/div>\n\n\t\n\n\t<div id=\"col-886234747\" class=\"col medium-3 small-12 large-3\"  >\n\t\t\t\t<div class=\"col-inner text-center\"  >\n\t\t\t\n\t\t\t\n\n\t\t<div class=\"icon-box featured-box icon-box-top text-left\"  >\n\t\t\t\t\t<div class=\"icon-box-img\" style=\"width: 60px\">\n\t\t\t\t<div class=\"icon\">\n\t\t\t\t\t<div class=\"icon-inner\" style=\"color:rgb(135, 125, 98);\">\n\t\t\t\t\t\t<?xml version=\"1.0\" encoding=\"UTF-8\"?>\n<svg viewBox=\"0 0 48 48\" xmlns=\"http:\/\/www.w3.org\/2000\/svg\">\n<path d=\"m18.1 42.45-3.35-5.7-6.5-1.3.65-6.55L4.7 24l4.2-4.9-.65-6.5 6.5-1.35 3.35-5.7 5.9 2.6 5.9-2.6 3.4 5.7 6.5 1.35-.7 6.5 4.2 4.9-4.2 4.9.7 6.55-6.5 1.3-3.4 5.7-5.9-2.6Zm.7-2L24 38.3l5.25 2.15 3.15-4.9 5.65-1.35-.55-5.85L41.4 24l-3.9-4.4.55-5.85-5.65-1.3-3.15-4.9L24 9.7l-5.25-2.15-3.15 4.9-5.65 1.3.55 5.85L6.6 24l3.9 4.35-.55 5.9 5.65 1.3ZM24 24Zm-2.1 5.5 9.9-9.85-1.15-1.05-8.75 8.7-4.55-4.65-1.15 1.2Z\"\/>\n<\/svg>\n\t\t\t\t\t<\/div>\n\t\t\t\t<\/div>\n\t\t\t<\/div>\n\t\t\t\t<div class=\"icon-box-text last-reset\">\n\t\t\t\t\t\t\t\t\t\n\t<div id=\"text-2926243483\" class=\"text\">\n\t\t\n<h3>Centro acreditado y equipamientos homologados<\/h3>\n<p>Nuestra tecnolog\u00eda nos permite ofrecer tratamientos m\u00e1s r\u00e1pidos y efectivos que permitan a nuestros pacientes disfrutar de buenos y seguros resultados.<br \/>\n\t\t\n<style>\n#text-2926243483 {\n  text-align: center;\n  color: rgb(0,0,0);\n}\n#text-2926243483 > * {\n  color: rgb(0,0,0);\n}\n<\/style>\n\t<\/div>\n\t\n\t\t<\/div>\n\t<\/div>\n\t\n\t\n\t\t<\/div>\n\t\t\t\t\t<\/div>\n\n\t\n<\/div>\n\t\t<\/div>\n\n\t\t\n<style>\n#section_1419253625 {\n  padding-top: 40px;\n  padding-bottom: 40px;\n  background-color: rgb(255,255,255);\n}\n#section_1419253625 .ux-shape-divider--top svg {\n  height: 150px;\n  --divider-top-width: 100%;\n}\n#section_1419253625 .ux-shape-divider--bottom svg {\n  height: 150px;\n  --divider-width: 100%;\n}\n@media (min-width:550px) {\n  #section_1419253625 {\n    padding-top: 55px;\n    padding-bottom: 55px;\n  }\n}\n<\/style>\n\t<\/section>\n\t\n\n\t<section class=\"section\" id=\"section_511320147\">\n\t\t<div class=\"bg section-bg fill bg-fill  bg-loaded\" >\n\n\t\t\t\n\t\t\t\n\t\t\t\n\n\t\t<\/div>\n\n\t\t\n\n\t\t<div class=\"section-content relative\">\n\t\t\t\n<div class=\"row\"  id=\"row-325616782\">\n\n\t<div id=\"col-305276509\" class=\"col small-12 large-12\"  >\n\t\t\t\t<div class=\"col-inner\"  >\n\t\t\t\n\t\t\t\n<div class=\"slider-wrapper relative\" id=\"slider-991281585\" >\n    <div class=\"slider slider-nav-dots-simple slider-nav-circle slider-nav-large slider-nav-dark slider-nav-outside slider-style-normal\"\n        data-flickity-options='{\n            \"cellAlign\": \"center\",\n            \"imagesLoaded\": true,\n            \"lazyLoad\": 1,\n            \"freeScroll\": false,\n            \"wrapAround\": false,\n            \"autoPlay\": 3000,\n            \"pauseAutoPlayOnHover\" : true,\n            \"prevNextButtons\": false,\n            \"contain\" : true,\n            \"adaptiveHeight\" : true,\n            \"dragThreshold\" : 10,\n            \"percentPosition\": true,\n            \"pageDots\": false,\n            \"rightToLeft\": false,\n            \"draggable\": false,\n            \"selectedAttraction\": 0.1,\n            \"parallax\" : 0,\n            \"friction\": 0.6        }'\n        >\n        \n<div class=\"row align-equal\"  id=\"row-1415491407\">\n\n\t<div id=\"col-51953162\" class=\"col small-12 large-12\"  >\n\t\t\t\t<div class=\"col-inner text-center box-shadow-1\"  >\n\t\t\t\n\t\t\t\n\t<div id=\"text-2788372013\" class=\"text\">\n\t\t\n<h2>La satisfacci\u00f3n de nuestros clientes es nuestra prioridad<\/h2>\n\t\t\n<style>\n#text-2788372013 {\n  text-align: center;\n}\n<\/style>\n\t<\/div>\n\t\n\t\t<\/div>\n\t\t\t\t\n<style>\n#col-51953162 > .col-inner {\n  border-radius: 15px;\n}\n<\/style>\n\t<\/div>\n\n\t\n\n\t<div id=\"col-985946872\" class=\"col medium-4 small-12 large-4\"  >\n\t\t\t\t<div class=\"col-inner box-shadow-1\"  >\n\t\t\t\n\t\t\t\n\t<div id=\"text-2501631777\" class=\"text\">\n\t\t\n<p class=\"lead\"><i>\u00abMuy buena cl\u00ednica, muy agradables todo el equipo y muy atentos, dan toda la informaci\u00f3n necesaria, totalmente recomendable.\u00bb<\/i><\/p>\n\t\t\n<style>\n#text-2501631777 {\n  font-size: 0.75rem;\n}\n@media (min-width:550px) {\n  #text-2501631777 {\n    font-size: 1rem;\n  }\n}\n<\/style>\n\t<\/div>\n\t\n\n\t\t<div class=\"icon-box featured-box circle icon-box-left text-left\"  >\n\t\t\t\t\t<div class=\"icon-box-img\" style=\"width: 50px\">\n\t\t\t\t<div class=\"icon\">\n\t\t\t\t\t<div class=\"icon-inner\" >\n\t\t\t\t\t\t\t\t\t\t\t<\/div>\n\t\t\t\t<\/div>\n\t\t\t<\/div>\n\t\t\t\t<div class=\"icon-box-text last-reset\">\n\t\t\t\t\t\t\t\t\t\n<p><strong>Ana Maria Bascu\u00f1ana<\/strong><\/p>\n\t\t<\/div>\n\t<\/div>\n\t\n\t\n\t\t<\/div>\n\t\t\t\t\n<style>\n#col-985946872 > .col-inner {\n  margin: 0px 0px 20px 0px;\n  border-radius: 20px;\n}\n<\/style>\n\t<\/div>\n\n\t\n\n\t<div id=\"col-115621094\" class=\"col medium-4 small-12 large-4\"  >\n\t\t\t\t<div class=\"col-inner box-shadow-1\"  >\n\t\t\t\n\t\t\t\n\t<div id=\"text-2766016794\" class=\"text\">\n\t\t\n<p class=\"lead\"><i>\u00abBuena Clinica, trato exquisito y buen ambiente, me dedicaron el tiempo que necesit\u00e9, muy profesionales y muy avanzados en tratamientos, acertada decisi\u00f3n, volver\u00e9 seguro.<br \/>\nRecomiendo 100%\u00bb<\/i><\/p>\n\t\t\n<style>\n#text-2766016794 {\n  font-size: 0.75rem;\n}\n@media (min-width:550px) {\n  #text-2766016794 {\n    font-size: 1rem;\n  }\n}\n<\/style>\n\t<\/div>\n\t\n\n\t\t<div class=\"icon-box featured-box circle icon-box-left text-left\"  >\n\t\t\t\t\t<div class=\"icon-box-img\" style=\"width: 50px\">\n\t\t\t\t<div class=\"icon\">\n\t\t\t\t\t<div class=\"icon-inner\" >\n\t\t\t\t\t\t\t\t\t\t\t<\/div>\n\t\t\t\t<\/div>\n\t\t\t<\/div>\n\t\t\t\t<div class=\"icon-box-text last-reset\">\n\t\t\t\t\t\t\t\t\t\n<p><strong>Sandra Mart\u00ednez<\/strong><\/p>\n\t\t<\/div>\n\t<\/div>\n\t\n\t\n\t\t<\/div>\n\t\t\t\t\n<style>\n#col-115621094 > .col-inner {\n  margin: 0px 0px 20px 0px;\n  border-radius: 20px;\n}\n<\/style>\n\t<\/div>\n\n\t\n\n\t<div id=\"col-402342868\" class=\"col medium-4 small-12 large-4\"  >\n\t\t\t\t<div class=\"col-inner box-shadow-1\"  >\n\t\t\t\n\t\t\t\n\t<div id=\"text-3307797169\" class=\"text\">\n\t\t\n<p class=\"lead\"><i>\u00abMe la recomend\u00f3 un familiar y la verdad que muy contento de haber elegido esta cl\u00ednica. Trato excelente y me facilitaron la financiaci\u00f3n del tratamiento.\u00bb<\/i><\/p>\n\t\t\n<style>\n#text-3307797169 {\n  font-size: 0.75rem;\n}\n@media (min-width:550px) {\n  #text-3307797169 {\n    font-size: 1rem;\n  }\n}\n<\/style>\n\t<\/div>\n\t\n\n\t\t<div class=\"icon-box featured-box circle icon-box-left text-left\"  >\n\t\t\t\t\t<div class=\"icon-box-img\" style=\"width: 50px\">\n\t\t\t\t<div class=\"icon\">\n\t\t\t\t\t<div class=\"icon-inner\" >\n\t\t\t\t\t\t\t\t\t\t\t<\/div>\n\t\t\t\t<\/div>\n\t\t\t<\/div>\n\t\t\t\t<div class=\"icon-box-text last-reset\">\n\t\t\t\t\t\t\t\t\t\n<p><strong>Carlos Alberola<\/strong><\/p>\n\t\t<\/div>\n\t<\/div>\n\t\n\t\n\t\t<\/div>\n\t\t\t\t\n<style>\n#col-402342868 > .col-inner {\n  margin: 0px 0px 20px 0px;\n  border-radius: 20px;\n}\n<\/style>\n\t<\/div>\n\n\t\n\n<style>\n#row-1415491407 > .col > .col-inner {\n  padding: 30px 30px 30px 30px;\n  background-color: rgb(255,255,255);\n}\n<\/style>\n<\/div>\n     <\/div>\n\n     <div class=\"loading-spin dark large centered\"><\/div>\n\n     \t<\/div>\n\n\n\t\t<\/div>\n\t\t\t\t\t<\/div>\n\n\t\n<\/div>\n\t\t<\/div>\n\n\t\t\n<style>\n#section_511320147 {\n  padding-top: 50px;\n  padding-bottom: 50px;\n  background-color: rgba(247, 247, 247, 0.622);\n}\n#section_511320147 .ux-shape-divider--top svg {\n  height: 150px;\n  --divider-top-width: 100%;\n}\n#section_511320147 .ux-shape-divider--bottom svg {\n  height: 150px;\n  --divider-width: 100%;\n}\n@media (min-width:550px) {\n  #section_511320147 {\n    padding-top: 50px;\n    padding-bottom: 50px;\n  }\n}\n<\/style>\n\t<\/section>\n\t\n\t<section class=\"section\" id=\"section_1632167317\">\n\t\t<div class=\"bg section-bg fill bg-fill  bg-loaded\" >\n\n\t\t\t\n\t\t\t\n\t\t\t\n\n\t\t<\/div>\n\n\t\t\t<div class=\"ux-shape-divider ux-shape-divider--top ux-shape-divider--style-arrow\">\n\t\t<svg viewBox=\"0 0 1000 100\" xmlns=\"http:\/\/www.w3.org\/2000\/svg\" preserveAspectRatio=\"none\">\n\t<path class=\"ux-shape-fill\" d=\"M1000 100H0L0 96H483L500 79L517 96H1000V100Z\"\/>\n<\/svg>\n\t<\/div>\n\n\n\t\t<div class=\"section-content relative\">\n\t\t\t\n<div class=\"row row-small row-full-width align-equal align-center\"  id=\"row-3714208\">\n\n\t<div id=\"col-658565196\" class=\"col small-12 large-12\"  >\n\t\t\t\t<div class=\"col-inner\"  >\n\t\t\t\n\t\t\t\n\t<div id=\"text-3593558934\" class=\"text\">\n\t\t\n<h1><strong>Instalaciones y tecnolog\u00eda de vanguardia<\/strong><\/h1>\n\t\t\n<style>\n#text-3593558934 {\n  font-size: 1rem;\n  text-align: center;\n  color: rgb(0,0,0);\n}\n#text-3593558934 > * {\n  color: rgb(0,0,0);\n}\n@media (min-width:550px) {\n  #text-3593558934 {\n    font-size: 1.5rem;\n  }\n}\n<\/style>\n\t<\/div>\n\t\n\t<div id=\"gap-957500359\" class=\"gap-element clearfix\" style=\"display:block; height:auto;\">\n\t\t\n<style>\n#gap-957500359 {\n  padding-top: 30px;\n}\n<\/style>\n\t<\/div>\n\t\n\t\t<\/div>\n\t\t\t\t\t<\/div>\n\n\t\n\n\t<div id=\"col-934395189\" class=\"col small-12 large-12\"  >\n\t\t\t\t<div class=\"col-inner\"  >\n\t\t\t\n\t\t\t\n<div class=\"slider-wrapper relative\" id=\"slider-1853850676\" >\n    <div class=\"slider slider-nav-circle slider-nav-large slider-nav-light slider-style-normal\"\n        data-flickity-options='{\n            \"cellAlign\": \"center\",\n            \"imagesLoaded\": true,\n            \"lazyLoad\": 1,\n            \"freeScroll\": false,\n            \"wrapAround\": true,\n            \"autoPlay\": 6000,\n            \"pauseAutoPlayOnHover\" : true,\n            \"prevNextButtons\": true,\n            \"contain\" : true,\n            \"adaptiveHeight\" : true,\n            \"dragThreshold\" : 10,\n            \"percentPosition\": true,\n            \"pageDots\": true,\n            \"rightToLeft\": false,\n            \"draggable\": true,\n            \"selectedAttraction\": 0.1,\n            \"parallax\" : 0,\n            \"friction\": 0.6        }'\n        >\n        \n  <div class=\"banner-grid-wrapper\">\n  <div id=\"banner-grid-243838590\" class=\"banner-grid row row-grid row-xsmall row-full-width\" data-packery-options=\"\">\n                      \n<div class=\"col grid-col small-6 large-6 grid-col-1-2\" ><div class=\"col-inner\">\n\t<div class=\"img has-hover x md-x lg-x y md-y lg-y\" id=\"image_1595450706\">\n\t\t\t\t\t\t\t\t<div class=\"img-inner dark\" >\n\t\t\t<img loading=\"lazy\" decoding=\"async\" width=\"1200\" height=\"801\" src=\"https:\/\/clinicacemeq.es\/estetica\/wp-content\/uploads\/2022\/11\/Clinica-CEMEQ.jpeg\" class=\"attachment-original size-original\" alt=\"\" srcset=\"https:\/\/clinicacemeq.es\/estetica\/wp-content\/uploads\/2022\/11\/Clinica-CEMEQ.jpeg 1200w, https:\/\/clinicacemeq.es\/estetica\/wp-content\/uploads\/2022\/11\/Clinica-CEMEQ-599x400.jpeg 599w, https:\/\/clinicacemeq.es\/estetica\/wp-content\/uploads\/2022\/11\/Clinica-CEMEQ-768x513.jpeg 768w\" sizes=\"(max-width: 1200px) 100vw, 1200px\" \/>\t\t\t\t\t\t\n\t\t\t\t\t<\/div>\n\t\t\t\t\t\t\t\t\n<style>\n#image_1595450706 {\n  width: 100%;\n}\n@media (min-width:550px) {\n  #image_1595450706 {\n    width: 100%;\n  }\n}\n<\/style>\n\t<\/div>\n\t\n<\/div><\/div>\n<div class=\"col grid-col large-6 grid-col-1-2\" ><div class=\"col-inner\">\n\t<div class=\"img has-hover x md-x lg-x y md-y lg-y\" id=\"image_736340889\">\n\t\t\t\t\t\t\t\t<div class=\"img-inner dark\" >\n\t\t\t<img loading=\"lazy\" decoding=\"async\" width=\"1200\" height=\"854\" src=\"https:\/\/clinicacemeq.es\/estetica\/wp-content\/uploads\/2022\/11\/Clinica-CEMEQ-2.jpeg\" class=\"attachment-original size-original\" alt=\"\" srcset=\"https:\/\/clinicacemeq.es\/estetica\/wp-content\/uploads\/2022\/11\/Clinica-CEMEQ-2.jpeg 1200w, https:\/\/clinicacemeq.es\/estetica\/wp-content\/uploads\/2022\/11\/Clinica-CEMEQ-2-562x400.jpeg 562w, https:\/\/clinicacemeq.es\/estetica\/wp-content\/uploads\/2022\/11\/Clinica-CEMEQ-2-1124x800.jpeg 1124w, https:\/\/clinicacemeq.es\/estetica\/wp-content\/uploads\/2022\/11\/Clinica-CEMEQ-2-768x547.jpeg 768w\" sizes=\"(max-width: 1200px) 100vw, 1200px\" \/>\t\t\t\t\t\t\n\t\t\t\t\t<\/div>\n\t\t\t\t\t\t\t\t\n<style>\n#image_736340889 {\n  width: 100%;\n}\n<\/style>\n\t<\/div>\n\t\n<\/div><\/div>\n<div class=\"col grid-col small-6 large-6 grid-col-1-2\" ><div class=\"col-inner\">\n\t<div class=\"img has-hover x md-x lg-x y md-y lg-y\" id=\"image_290180041\">\n\t\t\t\t\t\t\t\t<div class=\"img-inner dark\" >\n\t\t\t<img loading=\"lazy\" decoding=\"async\" width=\"900\" height=\"659\" src=\"https:\/\/clinicacemeq.es\/estetica\/wp-content\/uploads\/2022\/11\/Clinica-CEMEQ-3-1.jpeg\" class=\"attachment-original size-original\" alt=\"\" srcset=\"https:\/\/clinicacemeq.es\/estetica\/wp-content\/uploads\/2022\/11\/Clinica-CEMEQ-3-1.jpeg 900w, https:\/\/clinicacemeq.es\/estetica\/wp-content\/uploads\/2022\/11\/Clinica-CEMEQ-3-1-546x400.jpeg 546w, https:\/\/clinicacemeq.es\/estetica\/wp-content\/uploads\/2022\/11\/Clinica-CEMEQ-3-1-768x562.jpeg 768w\" sizes=\"(max-width: 900px) 100vw, 900px\" \/>\t\t\t\t\t\t\n\t\t\t\t\t<\/div>\n\t\t\t\t\t\t\t\t\n<style>\n#image_290180041 {\n  width: 100%;\n}\n<\/style>\n\t<\/div>\n\t\n<\/div><\/div>\n<div class=\"col grid-col small-6 large-6 grid-col-1-2\" ><div class=\"col-inner\">\n\t<div class=\"img has-hover x md-x lg-x y md-y lg-y\" id=\"image_1511659137\">\n\t\t\t\t\t\t\t\t<div class=\"img-inner dark\" >\n\t\t\t<img loading=\"lazy\" decoding=\"async\" width=\"1200\" height=\"801\" src=\"https:\/\/clinicacemeq.es\/estetica\/wp-content\/uploads\/2022\/11\/Clinica-CEMEQ-4.jpeg\" class=\"attachment-original size-original\" alt=\"\" srcset=\"https:\/\/clinicacemeq.es\/estetica\/wp-content\/uploads\/2022\/11\/Clinica-CEMEQ-4.jpeg 1200w, https:\/\/clinicacemeq.es\/estetica\/wp-content\/uploads\/2022\/11\/Clinica-CEMEQ-4-599x400.jpeg 599w, https:\/\/clinicacemeq.es\/estetica\/wp-content\/uploads\/2022\/11\/Clinica-CEMEQ-4-768x513.jpeg 768w\" sizes=\"(max-width: 1200px) 100vw, 1200px\" \/>\t\t\t\t\t\t\n\t\t\t\t\t<\/div>\n\t\t\t\t\t\t\t\t\n<style>\n#image_1511659137 {\n  width: 100%;\n}\n<\/style>\n\t<\/div>\n\t\n<\/div><\/div>\n            <\/div>\n    <style>\n    #banner-grid-243838590 .grid-col-1{height: 600px}\n    #banner-grid-243838590 .grid-col-1-2{height: 300px}\n    #banner-grid-243838590 .grid-col-1-3{height:200px}\n    #banner-grid-243838590 .grid-col-2-3{height: 400px}\n    #banner-grid-243838590 .grid-col-1-4{height: 150px}\n    #banner-grid-243838590 .grid-col-3-4{height: 450px}\n\n\n    \n        \/* Mobile *\/\n    @media (max-width: 550px){\n      #banner-grid-243838590 .grid-col-1{height: 500px}\n      #banner-grid-243838590 .grid-col-1-2{height: 250px}\n      #banner-grid-243838590 .grid-col-1-3{height:166.66666666667px}\n      #banner-grid-243838590 .grid-col-2-3{height: 333.33333333333px}\n      #banner-grid-243838590 .grid-col-1-4{height: 125px}\n      #banner-grid-243838590 .grid-col-3-4{height: 375px}\n    }\n    \n\n  <\/style>\n    <\/div>\n  \n  <div class=\"banner-grid-wrapper\">\n  <div id=\"banner-grid-629377109\" class=\"banner-grid row row-grid row-xsmall row-full-width\" data-packery-options=\"\">\n                      \n<div class=\"col grid-col large-6 grid-col-1-2\" ><div class=\"col-inner\">\n\t<div class=\"img has-hover x md-x lg-x y md-y lg-y\" id=\"image_1224383069\">\n\t\t\t\t\t\t\t\t<div class=\"img-inner dark\" >\n\t\t\t<img loading=\"lazy\" decoding=\"async\" width=\"1200\" height=\"824\" src=\"https:\/\/clinicacemeq.es\/estetica\/wp-content\/uploads\/2021\/10\/DSC8781.jpg\" class=\"attachment-original size-original\" alt=\"\" srcset=\"https:\/\/clinicacemeq.es\/estetica\/wp-content\/uploads\/2021\/10\/DSC8781.jpg 1200w, https:\/\/clinicacemeq.es\/estetica\/wp-content\/uploads\/2021\/10\/DSC8781-300x206.jpg 300w, https:\/\/clinicacemeq.es\/estetica\/wp-content\/uploads\/2021\/10\/DSC8781-1024x703.jpg 1024w, https:\/\/clinicacemeq.es\/estetica\/wp-content\/uploads\/2021\/10\/DSC8781-768x527.jpg 768w\" sizes=\"(max-width: 1200px) 100vw, 1200px\" \/>\t\t\t\t\t\t\n\t\t\t\t\t<\/div>\n\t\t\t\t\t\t\t\t\n<style>\n#image_1224383069 {\n  width: 100%;\n}\n<\/style>\n\t<\/div>\n\t\n<\/div><\/div>\n<div class=\"col grid-col large-6 grid-col-1-2\" ><div class=\"col-inner\">\n\t<div class=\"img has-hover x md-x lg-x y md-y lg-y\" id=\"image_1862565504\">\n\t\t\t\t\t\t\t\t<div class=\"img-inner dark\" >\n\t\t\t<img loading=\"lazy\" decoding=\"async\" width=\"1200\" height=\"1112\" src=\"https:\/\/clinicacemeq.es\/estetica\/wp-content\/uploads\/2021\/10\/DSC8743.jpg\" class=\"attachment-original size-original\" alt=\"\" srcset=\"https:\/\/clinicacemeq.es\/estetica\/wp-content\/uploads\/2021\/10\/DSC8743.jpg 1200w, https:\/\/clinicacemeq.es\/estetica\/wp-content\/uploads\/2021\/10\/DSC8743-300x278.jpg 300w, https:\/\/clinicacemeq.es\/estetica\/wp-content\/uploads\/2021\/10\/DSC8743-1024x949.jpg 1024w, https:\/\/clinicacemeq.es\/estetica\/wp-content\/uploads\/2021\/10\/DSC8743-768x712.jpg 768w\" sizes=\"(max-width: 1200px) 100vw, 1200px\" \/>\t\t\t\t\t\t\n\t\t\t\t\t<\/div>\n\t\t\t\t\t\t\t\t\n<style>\n#image_1862565504 {\n  width: 100%;\n}\n<\/style>\n\t<\/div>\n\t\n<\/div><\/div>\n<div class=\"col grid-col small-6 large-6 grid-col-1-2\" ><div class=\"col-inner\">\n\t<div class=\"img has-hover x md-x lg-x y md-y lg-y\" id=\"image_1221532387\">\n\t\t\t\t\t\t\t\t<div class=\"img-inner dark\" >\n\t\t\t<img loading=\"lazy\" decoding=\"async\" width=\"1200\" height=\"1026\" src=\"https:\/\/clinicacemeq.es\/estetica\/wp-content\/uploads\/2021\/10\/CLINICA_GRANVIA-381-1.jpg\" class=\"attachment-original size-original\" alt=\"clinica-estetica\" srcset=\"https:\/\/clinicacemeq.es\/estetica\/wp-content\/uploads\/2021\/10\/CLINICA_GRANVIA-381-1.jpg 1200w, https:\/\/clinicacemeq.es\/estetica\/wp-content\/uploads\/2021\/10\/CLINICA_GRANVIA-381-1-300x257.jpg 300w, https:\/\/clinicacemeq.es\/estetica\/wp-content\/uploads\/2021\/10\/CLINICA_GRANVIA-381-1-1024x876.jpg 1024w, https:\/\/clinicacemeq.es\/estetica\/wp-content\/uploads\/2021\/10\/CLINICA_GRANVIA-381-1-768x657.jpg 768w\" sizes=\"(max-width: 1200px) 100vw, 1200px\" \/>\t\t\t\t\t\t\n\t\t\t\t\t<\/div>\n\t\t\t\t\t\t\t\t\n<style>\n#image_1221532387 {\n  width: 100%;\n}\n<\/style>\n\t<\/div>\n\t\n<\/div><\/div>\n<div class=\"col grid-col small-6 large-6 grid-col-1-2\" ><div class=\"col-inner\">\n\t<div class=\"img has-hover x md-x lg-x y md-y lg-y\" id=\"image_399350167\">\n\t\t\t\t\t\t\t\t<div class=\"img-inner dark\" >\n\t\t\t<img loading=\"lazy\" decoding=\"async\" width=\"1200\" height=\"809\" src=\"https:\/\/clinicacemeq.es\/estetica\/wp-content\/uploads\/2021\/10\/DSC8748.jpg\" class=\"attachment-original size-original\" alt=\"\" srcset=\"https:\/\/clinicacemeq.es\/estetica\/wp-content\/uploads\/2021\/10\/DSC8748.jpg 1200w, https:\/\/clinicacemeq.es\/estetica\/wp-content\/uploads\/2021\/10\/DSC8748-300x202.jpg 300w, https:\/\/clinicacemeq.es\/estetica\/wp-content\/uploads\/2021\/10\/DSC8748-1024x690.jpg 1024w, https:\/\/clinicacemeq.es\/estetica\/wp-content\/uploads\/2021\/10\/DSC8748-768x518.jpg 768w, https:\/\/clinicacemeq.es\/estetica\/wp-content\/uploads\/2021\/10\/DSC8748-400x269.jpg 400w\" sizes=\"(max-width: 1200px) 100vw, 1200px\" \/>\t\t\t\t\t\t\n\t\t\t\t\t<\/div>\n\t\t\t\t\t\t\t\t\n<style>\n#image_399350167 {\n  width: 100%;\n}\n<\/style>\n\t<\/div>\n\t\n<\/div><\/div>\n            <\/div>\n    <style>\n    #banner-grid-629377109 .grid-col-1{height: 600px}\n    #banner-grid-629377109 .grid-col-1-2{height: 300px}\n    #banner-grid-629377109 .grid-col-1-3{height:200px}\n    #banner-grid-629377109 .grid-col-2-3{height: 400px}\n    #banner-grid-629377109 .grid-col-1-4{height: 150px}\n    #banner-grid-629377109 .grid-col-3-4{height: 450px}\n\n\n    \n        \/* Mobile *\/\n    @media (max-width: 550px){\n      #banner-grid-629377109 .grid-col-1{height: 500px}\n      #banner-grid-629377109 .grid-col-1-2{height: 250px}\n      #banner-grid-629377109 .grid-col-1-3{height:166.66666666667px}\n      #banner-grid-629377109 .grid-col-2-3{height: 333.33333333333px}\n      #banner-grid-629377109 .grid-col-1-4{height: 125px}\n      #banner-grid-629377109 .grid-col-3-4{height: 375px}\n    }\n    \n\n  <\/style>\n    <\/div>\n  \n     <\/div>\n\n     <div class=\"loading-spin dark large centered\"><\/div>\n\n     \t<\/div>\n\n\n\t\t<\/div>\n\t\t\t\t\t<\/div>\n\n\t\n<\/div>\n\t\t<\/div>\n\n\t\t\n<style>\n#section_1632167317 {\n  padding-top: 50px;\n  padding-bottom: 50px;\n  background-color: rgb(255, 255, 255);\n}\n#section_1632167317 .ux-shape-divider--top svg {\n  height: 150px;\n  --divider-top-width: 100%;\n}\n#section_1632167317 .ux-shape-divider--top .ux-shape-fill {\n  fill: rgba(247, 247, 247, 0.622);\n}\n#section_1632167317 .ux-shape-divider--bottom svg {\n  height: 150px;\n  --divider-width: 100%;\n}\n<\/style>\n\t<\/section>\n\t\n\t<section class=\"section\" id=\"section_998596580\">\n\t\t<div class=\"bg section-bg fill bg-fill  bg-loaded\" >\n\n\t\t\t\n\t\t\t\n\t\t\t\n\n\t\t<\/div>\n\n\t\t\n\n\t\t<div class=\"section-content relative\">\n\t\t\t\n<div class=\"row\"  id=\"row-1273363554\">\n\n\t<div id=\"col-621571088\" class=\"col small-12 large-12\"  >\n\t\t\t\t<div class=\"col-inner text-center\"  >\n\t\t\t\n\t\t\t\n\t<div id=\"text-443642965\" class=\"text\">\n\t\t\n<h2><strong>Convenios aseguradoras<\/strong><\/h2>\n<p>Trabajamos con diferentes aseguradoras para poder ofrecer nuestros servicios al mayor n\u00famero de pacientes posible. Seguro que encontrar\u00e1s la tuya, de no hacerlo, contacta con nuestra cl\u00ednica y te ayudaremos.<br \/>\n\t\t\n<style>\n#text-443642965 {\n  font-size: 1.3rem;\n}\n<\/style>\n\t<\/div>\n\t\n\t\t<\/div>\n\t\t\t\t\t<\/div>\n\n\t\n<\/div>\n<div class=\"slider-wrapper relative\" id=\"slider-622865506\" >\n    <div class=\"slider slider-nav-circle slider-nav-normal slider-nav-dark slider-style-normal slider-show-nav\"\n        data-flickity-options='{\n            \"cellAlign\": \"center\",\n            \"imagesLoaded\": true,\n            \"lazyLoad\": 1,\n            \"freeScroll\": false,\n            \"wrapAround\": true,\n            \"autoPlay\": 4500,\n            \"pauseAutoPlayOnHover\" : true,\n            \"prevNextButtons\": false,\n            \"contain\" : true,\n            \"adaptiveHeight\" : true,\n            \"dragThreshold\" : 10,\n            \"percentPosition\": true,\n            \"pageDots\": true,\n            \"rightToLeft\": false,\n            \"draggable\": true,\n            \"selectedAttraction\": 0.1,\n            \"parallax\" : 0,\n            \"friction\": 0.6        }'\n        >\n        \n<div class=\"row row-full-width align-equal align-center\"  id=\"row-247868628\">\n\n\t<div id=\"col-1492266191\" class=\"col small-12 large-12\"  >\n\t\t\t\t<div class=\"col-inner text-center\"  >\n\t\t\t\n\t\t\t\n\n  \n    <div class=\"row large-columns-7 medium-columns-7 small-columns-3 row-small row-full-width slider row-slider slider-nav-reveal slider-nav-push\"  data-flickity-options='{\"imagesLoaded\": true, \"groupCells\": \"100%\", \"dragThreshold\" : 5, \"cellAlign\": \"left\",\"wrapAround\": true,\"prevNextButtons\": true,\"percentPosition\": true,\"pageDots\": false, \"rightToLeft\": false, \"autoPlay\" : false}'>\n\n  <div class=\"gallery-col col\" >\n          <div class=\"col-inner\">\n                        <div class=\"box has-hover gallery-box box-default\">\n              <div class=\"box-image\" >\n                <img loading=\"lazy\" decoding=\"async\" width=\"200\" height=\"120\" src=\"https:\/\/clinicacemeq.es\/estetica\/wp-content\/uploads\/2021\/07\/32-2.jpg\" class=\"attachment-original size-original\" alt=\"\" ids=\"1249,1222,1218,1253,1248,1247,1228\" style=\"default\" lightbox=\"false\" type=\"slider\" width=\"full-width\" col_spacing=\"small\" columns=\"7\" columns__sm=\"3\" columns__md=\"7\" image_size=\"original\" \/>                                                              <\/div>\n              <div class=\"box-text text-left\" >\n                 <p><\/p>\n              <\/div>\n            <\/div>\n                      <\/div>\n         <\/div><div class=\"gallery-col col\" >\n          <div class=\"col-inner\">\n                        <div class=\"box has-hover gallery-box box-default\">\n              <div class=\"box-image\" >\n                <img loading=\"lazy\" decoding=\"async\" width=\"200\" height=\"120\" src=\"https:\/\/clinicacemeq.es\/estetica\/wp-content\/uploads\/2021\/07\/5.jpg\" class=\"attachment-original size-original\" alt=\"\" ids=\"1249,1222,1218,1253,1248,1247,1228\" style=\"default\" lightbox=\"false\" type=\"slider\" width=\"full-width\" col_spacing=\"small\" columns=\"7\" columns__sm=\"3\" columns__md=\"7\" image_size=\"original\" \/>                                                              <\/div>\n              <div class=\"box-text text-left\" >\n                 <p><\/p>\n              <\/div>\n            <\/div>\n                      <\/div>\n         <\/div><div class=\"gallery-col col\" >\n          <div class=\"col-inner\">\n                        <div class=\"box has-hover gallery-box box-default\">\n              <div class=\"box-image\" >\n                <img loading=\"lazy\" decoding=\"async\" width=\"200\" height=\"120\" src=\"https:\/\/clinicacemeq.es\/estetica\/wp-content\/uploads\/2021\/07\/1.jpg\" class=\"attachment-original size-original\" alt=\"\" ids=\"1249,1222,1218,1253,1248,1247,1228\" style=\"default\" lightbox=\"false\" type=\"slider\" width=\"full-width\" col_spacing=\"small\" columns=\"7\" columns__sm=\"3\" columns__md=\"7\" image_size=\"original\" \/>                                                              <\/div>\n              <div class=\"box-text text-left\" >\n                 <p><\/p>\n              <\/div>\n            <\/div>\n                      <\/div>\n         <\/div><div class=\"gallery-col col\" >\n          <div class=\"col-inner\">\n                        <div class=\"box has-hover gallery-box box-default\">\n              <div class=\"box-image\" >\n                <img loading=\"lazy\" decoding=\"async\" width=\"200\" height=\"120\" src=\"https:\/\/clinicacemeq.es\/estetica\/wp-content\/uploads\/2021\/07\/36-1.jpg\" class=\"attachment-original size-original\" alt=\"\" ids=\"1249,1222,1218,1253,1248,1247,1228\" style=\"default\" lightbox=\"false\" type=\"slider\" width=\"full-width\" col_spacing=\"small\" columns=\"7\" columns__sm=\"3\" columns__md=\"7\" image_size=\"original\" \/>                                                              <\/div>\n              <div class=\"box-text text-left\" >\n                 <p><\/p>\n              <\/div>\n            <\/div>\n                      <\/div>\n         <\/div><div class=\"gallery-col col\" >\n          <div class=\"col-inner\">\n                        <div class=\"box has-hover gallery-box box-default\">\n              <div class=\"box-image\" >\n                <img loading=\"lazy\" decoding=\"async\" width=\"200\" height=\"120\" src=\"https:\/\/clinicacemeq.es\/estetica\/wp-content\/uploads\/2021\/07\/31-2.jpg\" class=\"attachment-original size-original\" alt=\"\" ids=\"1249,1222,1218,1253,1248,1247,1228\" style=\"default\" lightbox=\"false\" type=\"slider\" width=\"full-width\" col_spacing=\"small\" columns=\"7\" columns__sm=\"3\" columns__md=\"7\" image_size=\"original\" \/>                                                              <\/div>\n              <div class=\"box-text text-left\" >\n                 <p><\/p>\n              <\/div>\n            <\/div>\n                      <\/div>\n         <\/div><div class=\"gallery-col col\" >\n          <div class=\"col-inner\">\n                        <div class=\"box has-hover gallery-box box-default\">\n              <div class=\"box-image\" >\n                <img loading=\"lazy\" decoding=\"async\" width=\"200\" height=\"120\" src=\"https:\/\/clinicacemeq.es\/estetica\/wp-content\/uploads\/2021\/07\/30-1.jpg\" class=\"attachment-original size-original\" alt=\"\" ids=\"1249,1222,1218,1253,1248,1247,1228\" style=\"default\" lightbox=\"false\" type=\"slider\" width=\"full-width\" col_spacing=\"small\" columns=\"7\" columns__sm=\"3\" columns__md=\"7\" image_size=\"original\" \/>                                                              <\/div>\n              <div class=\"box-text text-left\" >\n                 <p><\/p>\n              <\/div>\n            <\/div>\n                      <\/div>\n         <\/div><div class=\"gallery-col col\" >\n          <div class=\"col-inner\">\n                        <div class=\"box has-hover gallery-box box-default\">\n              <div class=\"box-image\" >\n                <img loading=\"lazy\" decoding=\"async\" width=\"200\" height=\"120\" src=\"https:\/\/clinicacemeq.es\/estetica\/wp-content\/uploads\/2021\/07\/11.jpg\" class=\"attachment-original size-original\" alt=\"\" ids=\"1249,1222,1218,1253,1248,1247,1228\" style=\"default\" lightbox=\"false\" type=\"slider\" width=\"full-width\" col_spacing=\"small\" columns=\"7\" columns__sm=\"3\" columns__md=\"7\" image_size=\"original\" \/>                                                              <\/div>\n              <div class=\"box-text text-left\" >\n                 <p><\/p>\n              <\/div>\n            <\/div>\n                      <\/div>\n         <\/div><\/div>\n\t<div id=\"gap-1823598392\" class=\"gap-element clearfix\" style=\"display:block; height:auto;\">\n\t\t\n<style>\n#gap-1823598392 {\n  padding-top: 30px;\n}\n<\/style>\n\t<\/div>\n\t\n<a href=\"https:\/\/clinicacemeq.es\/estetica\/aseguradoras\/\" target=\"_self\" class=\"button primary is-outline is-smaller\"  style=\"border-radius:99px;\">\n    <span>Ver todas nuestras aseguradoras<\/span>\n  <i class=\"icon-angle-right\" ><\/i><\/a>\n\n\t\t<\/div>\n\t\t\t\t\t<\/div>\n\n\t\n<\/div>\n<div class=\"row row-full-width align-equal align-center\"  id=\"row-500801196\">\n\n\t<div id=\"col-819268661\" class=\"col small-12 large-12\"  >\n\t\t\t\t<div class=\"col-inner text-center\"  >\n\t\t\t\n\t\t\t\n\n  \n    <div class=\"row large-columns-7 medium-columns-7 small-columns-3 row-small row-full-width\">\n  <div class=\"gallery-col col\" >\n          <div class=\"col-inner\">\n                        <div class=\"box has-hover gallery-box box-none\">\n              <div class=\"box-image\" >\n                <img loading=\"lazy\" decoding=\"async\" width=\"200\" height=\"120\" src=\"https:\/\/clinicacemeq.es\/estetica\/wp-content\/uploads\/2021\/07\/65.jpg\" class=\"attachment-original size-original\" alt=\"\" ids=\"1282,1281,1280,1279,1276,1274,1275\" style=\"none\" lightbox=\"false\" width=\"full-width\" col_spacing=\"small\" columns=\"7\" columns__sm=\"3\" columns__md=\"7\" image_size=\"original\" \/>                                                              <\/div>\n              <div class=\"box-text text-left\" >\n                 <p><\/p>\n              <\/div>\n            <\/div>\n                      <\/div>\n         <\/div><div class=\"gallery-col col\" >\n          <div class=\"col-inner\">\n                        <div class=\"box has-hover gallery-box box-none\">\n              <div class=\"box-image\" >\n                <img loading=\"lazy\" decoding=\"async\" width=\"200\" height=\"120\" src=\"https:\/\/clinicacemeq.es\/estetica\/wp-content\/uploads\/2021\/07\/64.jpg\" class=\"attachment-original size-original\" alt=\"\" ids=\"1282,1281,1280,1279,1276,1274,1275\" style=\"none\" lightbox=\"false\" width=\"full-width\" col_spacing=\"small\" columns=\"7\" columns__sm=\"3\" columns__md=\"7\" image_size=\"original\" \/>                                                              <\/div>\n              <div class=\"box-text text-left\" >\n                 <p><\/p>\n              <\/div>\n            <\/div>\n                      <\/div>\n         <\/div><div class=\"gallery-col col\" >\n          <div class=\"col-inner\">\n                        <div class=\"box has-hover gallery-box box-none\">\n              <div class=\"box-image\" >\n                <img loading=\"lazy\" decoding=\"async\" width=\"200\" height=\"120\" src=\"https:\/\/clinicacemeq.es\/estetica\/wp-content\/uploads\/2021\/07\/63.jpg\" class=\"attachment-original size-original\" alt=\"\" ids=\"1282,1281,1280,1279,1276,1274,1275\" style=\"none\" lightbox=\"false\" width=\"full-width\" col_spacing=\"small\" columns=\"7\" columns__sm=\"3\" columns__md=\"7\" image_size=\"original\" \/>                                                              <\/div>\n              <div class=\"box-text text-left\" >\n                 <p><\/p>\n              <\/div>\n            <\/div>\n                      <\/div>\n         <\/div><div class=\"gallery-col col\" >\n          <div class=\"col-inner\">\n                        <div class=\"box has-hover gallery-box box-none\">\n              <div class=\"box-image\" >\n                <img loading=\"lazy\" decoding=\"async\" width=\"200\" height=\"120\" src=\"https:\/\/clinicacemeq.es\/estetica\/wp-content\/uploads\/2021\/07\/62.jpg\" class=\"attachment-original size-original\" alt=\"\" ids=\"1282,1281,1280,1279,1276,1274,1275\" style=\"none\" lightbox=\"false\" width=\"full-width\" col_spacing=\"small\" columns=\"7\" columns__sm=\"3\" columns__md=\"7\" image_size=\"original\" \/>                                                              <\/div>\n              <div class=\"box-text text-left\" >\n                 <p><\/p>\n              <\/div>\n            <\/div>\n                      <\/div>\n         <\/div><div class=\"gallery-col col\" >\n          <div class=\"col-inner\">\n                        <div class=\"box has-hover gallery-box box-none\">\n              <div class=\"box-image\" >\n                <img loading=\"lazy\" decoding=\"async\" width=\"200\" height=\"120\" src=\"https:\/\/clinicacemeq.es\/estetica\/wp-content\/uploads\/2021\/07\/59.jpg\" class=\"attachment-original size-original\" alt=\"\" ids=\"1282,1281,1280,1279,1276,1274,1275\" style=\"none\" lightbox=\"false\" width=\"full-width\" col_spacing=\"small\" columns=\"7\" columns__sm=\"3\" columns__md=\"7\" image_size=\"original\" \/>                                                              <\/div>\n              <div class=\"box-text text-left\" >\n                 <p><\/p>\n              <\/div>\n            <\/div>\n                      <\/div>\n         <\/div><div class=\"gallery-col col\" >\n          <div class=\"col-inner\">\n                        <div class=\"box has-hover gallery-box box-none\">\n              <div class=\"box-image\" >\n                <img loading=\"lazy\" decoding=\"async\" width=\"200\" height=\"120\" src=\"https:\/\/clinicacemeq.es\/estetica\/wp-content\/uploads\/2021\/07\/57.jpg\" class=\"attachment-original size-original\" alt=\"\" ids=\"1282,1281,1280,1279,1276,1274,1275\" style=\"none\" lightbox=\"false\" width=\"full-width\" col_spacing=\"small\" columns=\"7\" columns__sm=\"3\" columns__md=\"7\" image_size=\"original\" \/>                                                              <\/div>\n              <div class=\"box-text text-left\" >\n                 <p><\/p>\n              <\/div>\n            <\/div>\n                      <\/div>\n         <\/div><div class=\"gallery-col col\" >\n          <div class=\"col-inner\">\n                        <div class=\"box has-hover gallery-box box-none\">\n              <div class=\"box-image\" >\n                <img loading=\"lazy\" decoding=\"async\" width=\"200\" height=\"120\" src=\"https:\/\/clinicacemeq.es\/estetica\/wp-content\/uploads\/2021\/07\/58.jpg\" class=\"attachment-original size-original\" alt=\"\" ids=\"1282,1281,1280,1279,1276,1274,1275\" style=\"none\" lightbox=\"false\" width=\"full-width\" col_spacing=\"small\" columns=\"7\" columns__sm=\"3\" columns__md=\"7\" image_size=\"original\" \/>                                                              <\/div>\n              <div class=\"box-text text-left\" >\n                 <p><\/p>\n              <\/div>\n            <\/div>\n                      <\/div>\n         <\/div><\/div>\n\t<div id=\"gap-1596655651\" class=\"gap-element clearfix\" style=\"display:block; height:auto;\">\n\t\t\n<style>\n#gap-1596655651 {\n  padding-top: 30px;\n}\n<\/style>\n\t<\/div>\n\t\n<a href=\"https:\/\/clinicacemeq.es\/estetica\/aseguradoras\/\" target=\"_self\" class=\"button primary is-outline is-smaller\"  style=\"border-radius:99px;\">\n    <span>Ver todas nuestras aseguradoras<\/span>\n  <i class=\"icon-angle-right\" ><\/i><\/a>\n\n\t\t<\/div>\n\t\t\t\t\t<\/div>\n\n\t\n<\/div>\n     <\/div>\n\n     <div class=\"loading-spin dark large centered\"><\/div>\n\n     \t<\/div>\n\n\n\t\t<\/div>\n\n\t\t\n<style>\n#section_998596580 {\n  padding-top: 60px;\n  padding-bottom: 60px;\n  background-color: rgb(255,255,255);\n}\n#section_998596580 .ux-shape-divider--top svg {\n  height: 150px;\n  --divider-top-width: 100%;\n}\n#section_998596580 .ux-shape-divider--bottom svg {\n  height: 150px;\n  --divider-width: 100%;\n}\n<\/style>\n\t<\/section>\n\t\n","protected":false},"excerpt":{"rendered":"","protected":false},"author":6,"featured_media":0,"parent":0,"menu_order":0,"comment_status":"closed","ping_status":"closed","template":"page-blank.php","meta":{"footnotes":""},"yoast_head":"<!-- This site is optimized with the Yoast SEO Premium plugin v18.3 (Yoast SEO v24.5) - https:\/\/yoast.com\/wordpress\/plugins\/seo\/ -->\n<title>Cl\u00ednica est\u00e9tica en Valencia - Cl\u00ednica Est\u00e9tica CEMEQ<\/title>\n<meta name=\"description\" content=\"Pide tu cita en la Cl\u00ednica est\u00e9tica en Valencia CEMEQ y disfruta del tratamiento que m\u00e1s se adapte a tus necesidades.\" \/>\n<meta name=\"robots\" content=\"index, follow, max-snippet:-1, max-image-preview:large, max-video-preview:-1\" \/>\n<link rel=\"canonical\" href=\"https:\/\/clinicacemeq.es\/estetica\/\" \/>\n<meta property=\"og:locale\" content=\"es_ES\" \/>\n<meta property=\"og:type\" content=\"article\" \/>\n<meta property=\"og:title\" content=\"Cl\u00ednica est\u00e9tica en Valencia\" \/>\n<meta property=\"og:description\" content=\"Pide tu cita en la Cl\u00ednica est\u00e9tica en Valencia CEMEQ y disfruta del tratamiento que m\u00e1s se adapte a tus necesidades.\" \/>\n<meta property=\"og:url\" content=\"https:\/\/clinicacemeq.es\/estetica\/\" \/>\n<meta property=\"og:site_name\" content=\"Cl\u00ednica Est\u00e9tica CEMEQ\" \/>\n<meta property=\"article:modified_time\" content=\"2026-02-10T10:37:31+00:00\" \/>\n<meta name=\"twitter:card\" content=\"summary_large_image\" \/>\n<meta name=\"twitter:label1\" content=\"Tiempo de lectura\" \/>\n\t<meta name=\"twitter:data1\" content=\"12 minutos\" \/>\n<script type=\"application\/ld+json\" class=\"yoast-schema-graph\">{\"@context\":\"https:\/\/schema.org\",\"@graph\":[{\"@type\":\"WebPage\",\"@id\":\"https:\/\/clinicacemeq.es\/estetica\/\",\"url\":\"https:\/\/clinicacemeq.es\/estetica\/\",\"name\":\"Cl\u00ednica est\u00e9tica en Valencia - Cl\u00ednica Est\u00e9tica CEMEQ\",\"isPartOf\":{\"@id\":\"https:\/\/clinicacemeq.es\/estetica\/#website\"},\"datePublished\":\"2019-09-17T18:18:55+00:00\",\"dateModified\":\"2026-02-10T10:37:31+00:00\",\"description\":\"Pide tu cita en la Cl\u00ednica est\u00e9tica en Valencia CEMEQ y disfruta del tratamiento que m\u00e1s se adapte a tus necesidades.\",\"breadcrumb\":{\"@id\":\"https:\/\/clinicacemeq.es\/estetica\/#breadcrumb\"},\"inLanguage\":\"es\",\"potentialAction\":[{\"@type\":\"ReadAction\",\"target\":[\"https:\/\/clinicacemeq.es\/estetica\/\"]}]},{\"@type\":\"BreadcrumbList\",\"@id\":\"https:\/\/clinicacemeq.es\/estetica\/#breadcrumb\",\"itemListElement\":[{\"@type\":\"ListItem\",\"position\":1,\"name\":\"Portada\",\"item\":\"https:\/\/clinicacemeq.es\/estetica\/\"},{\"@type\":\"ListItem\",\"position\":2,\"name\":\"Cl\u00ednica est\u00e9tica en Valencia\"}]},{\"@type\":\"WebSite\",\"@id\":\"https:\/\/clinicacemeq.es\/estetica\/#website\",\"url\":\"https:\/\/clinicacemeq.es\/estetica\/\",\"name\":\"Cl\u00ednica Est\u00e9tica CEMEQ\",\"description\":\"Medicina est\u00e9tica \u0131 Cirug\u00eda Est\u00e9tica \u0131 Cl\u00ednica Dental \u0131 Unidad Capilar \u0131 Unidad de Obesidad\",\"potentialAction\":[{\"@type\":\"SearchAction\",\"target\":{\"@type\":\"EntryPoint\",\"urlTemplate\":\"https:\/\/clinicacemeq.es\/estetica\/?s={search_term_string}\"},\"query-input\":{\"@type\":\"PropertyValueSpecification\",\"valueRequired\":true,\"valueName\":\"search_term_string\"}}],\"inLanguage\":\"es\"}]}<\/script>\n<!-- \/ Yoast SEO Premium plugin. -->","yoast_head_json":{"title":"Cl\u00ednica est\u00e9tica en Valencia - Cl\u00ednica Est\u00e9tica CEMEQ","description":"Pide tu cita en la Cl\u00ednica est\u00e9tica en Valencia CEMEQ y disfruta del tratamiento que m\u00e1s se adapte a tus necesidades.","robots":{"index":"index","follow":"follow","max-snippet":"max-snippet:-1","max-image-preview":"max-image-preview:large","max-video-preview":"max-video-preview:-1"},"canonical":"https:\/\/clinicacemeq.es\/estetica\/","og_locale":"es_ES","og_type":"article","og_title":"Cl\u00ednica est\u00e9tica en Valencia","og_description":"Pide tu cita en la Cl\u00ednica est\u00e9tica en Valencia CEMEQ y disfruta del tratamiento que m\u00e1s se adapte a tus necesidades.","og_url":"https:\/\/clinicacemeq.es\/estetica\/","og_site_name":"Cl\u00ednica Est\u00e9tica CEMEQ","article_modified_time":"2026-02-10T10:37:31+00:00","twitter_card":"summary_large_image","twitter_misc":{"Tiempo de lectura":"12 minutos"},"schema":{"@context":"https:\/\/schema.org","@graph":[{"@type":"WebPage","@id":"https:\/\/clinicacemeq.es\/estetica\/","url":"https:\/\/clinicacemeq.es\/estetica\/","name":"Cl\u00ednica est\u00e9tica en Valencia - Cl\u00ednica Est\u00e9tica CEMEQ","isPartOf":{"@id":"https:\/\/clinicacemeq.es\/estetica\/#website"},"datePublished":"2019-09-17T18:18:55+00:00","dateModified":"2026-02-10T10:37:31+00:00","description":"Pide tu cita en la Cl\u00ednica est\u00e9tica en Valencia CEMEQ y disfruta del tratamiento que m\u00e1s se adapte a tus necesidades.","breadcrumb":{"@id":"https:\/\/clinicacemeq.es\/estetica\/#breadcrumb"},"inLanguage":"es","potentialAction":[{"@type":"ReadAction","target":["https:\/\/clinicacemeq.es\/estetica\/"]}]},{"@type":"BreadcrumbList","@id":"https:\/\/clinicacemeq.es\/estetica\/#breadcrumb","itemListElement":[{"@type":"ListItem","position":1,"name":"Portada","item":"https:\/\/clinicacemeq.es\/estetica\/"},{"@type":"ListItem","position":2,"name":"Cl\u00ednica est\u00e9tica en Valencia"}]},{"@type":"WebSite","@id":"https:\/\/clinicacemeq.es\/estetica\/#website","url":"https:\/\/clinicacemeq.es\/estetica\/","name":"Cl\u00ednica Est\u00e9tica CEMEQ","description":"Medicina est\u00e9tica \u0131 Cirug\u00eda Est\u00e9tica \u0131 Cl\u00ednica Dental \u0131 Unidad Capilar \u0131 Unidad de Obesidad","potentialAction":[{"@type":"SearchAction","target":{"@type":"EntryPoint","urlTemplate":"https:\/\/clinicacemeq.es\/estetica\/?s={search_term_string}"},"query-input":{"@type":"PropertyValueSpecification","valueRequired":true,"valueName":"search_term_string"}}],"inLanguage":"es"}]}},"_links":{"self":[{"href":"https:\/\/clinicacemeq.es\/estetica\/wp-json\/wp\/v2\/pages\/9"}],"collection":[{"href":"https:\/\/clinicacemeq.es\/estetica\/wp-json\/wp\/v2\/pages"}],"about":[{"href":"https:\/\/clinicacemeq.es\/estetica\/wp-json\/wp\/v2\/types\/page"}],"author":[{"embeddable":true,"href":"https:\/\/clinicacemeq.es\/estetica\/wp-json\/wp\/v2\/users\/6"}],"replies":[{"embeddable":true,"href":"https:\/\/clinicacemeq.es\/estetica\/wp-json\/wp\/v2\/comments?post=9"}],"version-history":[{"count":21,"href":"https:\/\/clinicacemeq.es\/estetica\/wp-json\/wp\/v2\/pages\/9\/revisions"}],"predecessor-version":[{"id":9668,"href":"https:\/\/clinicacemeq.es\/estetica\/wp-json\/wp\/v2\/pages\/9\/revisions\/9668"}],"wp:attachment":[{"href":"https:\/\/clinicacemeq.es\/estetica\/wp-json\/wp\/v2\/media?parent=9"}],"curies":[{"name":"wp","href":"https:\/\/api.w.org\/{rel}","templated":true}]}}