{"id":5714,"date":"2022-11-09T07:51:15","date_gmt":"2022-11-09T07:51:15","guid":{"rendered":"https:\/\/clinicacemeq.es\/estetica\/?page_id=5714"},"modified":"2024-05-23T14:05:39","modified_gmt":"2024-05-23T14:05:39","slug":"revitalizacion-facial","status":"publish","type":"page","link":"https:\/\/clinicacemeq.es\/estetica\/revitalizacion-facial\/","title":{"rendered":"Revitalizaci\u00f3n facial"},"content":{"rendered":"\t<section class=\"section hide-for-small\" id=\"section_256433394\">\n\t\t<div class=\"bg section-bg fill bg-fill  bg-loaded\" >\n\n\t\t\t\n\t\t\t\n\t\t\t\n\n\t\t<\/div>\n\n\t\t\n\n\t\t<div class=\"section-content relative\">\n\t\t\t\n<div class=\"row row-collapse row-full-width\"  id=\"row-722708451\">\n\n\t<div id=\"col-943642061\" class=\"col small-12 large-12\"  >\n\t\t\t\t<div class=\"col-inner text-left\"  >\n\t\t\t\n\t\t\t\n\n  <div class=\"banner has-hover\" id=\"banner-1264127837\">\n          <div class=\"banner-inner fill\">\n        <div class=\"banner-bg fill\" >\n            <div class=\"bg fill bg-fill \"><\/div>\n                                    \n                    <\/div>\n\t\t\n        <div class=\"banner-layers container\">\n            <div class=\"fill banner-link\"><\/div>            \n   <div id=\"text-box-1758690804\" class=\"text-box banner-layer x5 md-x5 lg-x5 y50 md-y50 lg-y50 res-text\">\n                                <div class=\"text-box-content text dark\">\n              \n              <div class=\"text-inner text-left\">\n                  \n\t<div id=\"text-407217157\" class=\"text\">\n\t\t\n<h1 class=\"alt-font\">Revitalizaci\u00f3n facial<\/h1>\n\t\t\n<style>\n#text-407217157 {\n  font-size: 0.75rem;\n  text-align: left;\n  color: rgb(0,0,0);\n}\n#text-407217157 > * {\n  color: rgb(0,0,0);\n}\n@media (min-width:550px) {\n  #text-407217157 {\n    font-size: 1.1rem;\n  }\n}\n@media (min-width:850px) {\n  #text-407217157 {\n    font-size: 0.75rem;\n  }\n}\n<\/style>\n\t<\/div>\n\t\n\t<div id=\"text-3757303370\" class=\"text\">\n\t\t\n<h3>Proporciona mayor elasticidad a la piel y estimula el col\u00e1geno y la elastina.<\/h3>\n\t\t\n<style>\n#text-3757303370 {\n  font-size: 0.75rem;\n  line-height: 2.15;\n  color: rgb(0,0,0);\n}\n#text-3757303370 > * {\n  color: rgb(0,0,0);\n}\n@media (min-width:550px) {\n  #text-3757303370 {\n    font-size: 0.75rem;\n  }\n}\n@media (min-width:850px) {\n  #text-3757303370 {\n    font-size: 0.75rem;\n  }\n}\n<\/style>\n\t<\/div>\n\t\n<a href=\"#contactoGeneral\" target=\"_self\" class=\"button secondary is-larger box-shadow-1\"  style=\"border-radius:99px;\">\n    <span>Pide tu cita<\/span>\n  <\/a>\n\n              <\/div>\n           <\/div>\n                            \n<style>\n#text-box-1758690804 {\n  width: 62%;\n}\n#text-box-1758690804 .text-box-content {\n  font-size: 100%;\n}\n@media (min-width:550px) {\n  #text-box-1758690804 {\n    width: 48%;\n  }\n}\n@media (min-width:850px) {\n  #text-box-1758690804 {\n    width: 48%;\n  }\n}\n<\/style>\n    <\/div>\n \n        <\/div>\n      <\/div>\n\n            \n<style>\n#banner-1264127837 {\n  padding-top: 420px;\n}\n#banner-1264127837 .bg.bg-loaded {\n  background-image: url(https:\/\/clinicacemeq.es\/estetica\/wp-content\/uploads\/2021\/07\/slider02.jpg);\n}\n#banner-1264127837 .bg {\n  background-position: 39% 57%;\n}\n#banner-1264127837 .ux-shape-divider--top svg {\n  height: 150px;\n  --divider-top-width: 100%;\n}\n#banner-1264127837 .ux-shape-divider--bottom svg {\n  height: 150px;\n  --divider-width: 100%;\n}\n@media (min-width:550px) {\n  #banner-1264127837 {\n    padding-top: 500px;\n  }\n}\n@media (min-width:850px) {\n  #banner-1264127837 {\n    padding-top: 550px;\n  }\n}\n<\/style>\n  <\/div>\n\n\n\t\t<\/div>\n\t\t\t\t\t<\/div>\n\n\t\n<\/div>\n\t\t<\/div>\n\n\t\t\n<style>\n#section_256433394 {\n  padding-top: 0px;\n  padding-bottom: 0px;\n}\n#section_256433394 .ux-shape-divider--top svg {\n  height: 150px;\n  --divider-top-width: 100%;\n}\n#section_256433394 .ux-shape-divider--bottom svg {\n  height: 150px;\n  --divider-width: 100%;\n}\n<\/style>\n\t<\/section>\n\t\n\t<section class=\"section show-for-small\" id=\"section_1045754980\">\n\t\t<div class=\"bg section-bg fill bg-fill  bg-loaded\" >\n\n\t\t\t\n\t\t\t\n\t\t\t\n\n\t\t<\/div>\n\n\t\t\n\n\t\t<div class=\"section-content relative\">\n\t\t\t\n<div class=\"row row-collapse row-full-width\"  id=\"row-380690947\">\n\n\t<div id=\"col-413314423\" class=\"col small-12 large-12\"  >\n\t\t\t\t<div class=\"col-inner text-left\"  >\n\t\t\t\n\t\t\t\n\n  <div class=\"banner has-hover\" id=\"banner-1412545291\">\n          <div class=\"banner-inner fill\">\n        <div class=\"banner-bg fill\" >\n            <div class=\"bg fill bg-fill \"><\/div>\n                                    \n                    <\/div>\n\t\t\n        <div class=\"banner-layers container\">\n            <div class=\"fill banner-link\"><\/div>            \n   <div id=\"text-box-833485981\" class=\"text-box banner-layer x5 md-x5 lg-x5 y10 md-y50 lg-y50 res-text\">\n                                <div class=\"text-box-content text dark\">\n              \n              <div class=\"text-inner text-left\">\n                  \n\t<div id=\"text-1870636514\" class=\"text\">\n\t\t\n<h1 class=\"alt-font\"><span style=\"font-size: 65%;\">Revitalizaci\u00f3n facial<\/span><\/h1>\n\t\t\n<style>\n#text-1870636514 {\n  font-size: 0.75rem;\n  text-align: left;\n  color: rgb(0,0,0);\n}\n#text-1870636514 > * {\n  color: rgb(0,0,0);\n}\n@media (min-width:550px) {\n  #text-1870636514 {\n    font-size: 1.1rem;\n  }\n}\n@media (min-width:850px) {\n  #text-1870636514 {\n    font-size: 1.2rem;\n  }\n}\n<\/style>\n\t<\/div>\n\t\n\t<div id=\"text-3993298293\" class=\"text\">\n\t\t\n<h3><span style=\"font-size: 65%;\">Proporciona mayor elasticidad a la piel y estimula el col\u00e1geno y la elastina.<\/span><\/h3>\n\t\t\n<style>\n#text-3993298293 {\n  font-size: 0.75rem;\n  line-height: 2.15;\n  color: rgb(0,0,0);\n}\n#text-3993298293 > * {\n  color: rgb(0,0,0);\n}\n@media (min-width:550px) {\n  #text-3993298293 {\n    font-size: 0.75rem;\n  }\n}\n@media (min-width:850px) {\n  #text-3993298293 {\n    font-size: 1rem;\n  }\n}\n<\/style>\n\t<\/div>\n\t\n<a href=\"\/contacto\/\" target=\"_self\" class=\"button secondary is-larger box-shadow-1\"  style=\"border-radius:99px;\">\n    <span>Pide tu cita<\/span>\n  <\/a>\n\n              <\/div>\n           <\/div>\n                            \n<style>\n#text-box-833485981 {\n  width: 51%;\n}\n#text-box-833485981 .text-box-content {\n  font-size: 100%;\n}\n@media (min-width:550px) {\n  #text-box-833485981 {\n    width: 48%;\n  }\n}\n@media (min-width:850px) {\n  #text-box-833485981 {\n    width: 48%;\n  }\n}\n<\/style>\n    <\/div>\n \n        <\/div>\n      <\/div>\n\n            \n<style>\n#banner-1412545291 {\n  padding-top: 420px;\n}\n#banner-1412545291 .bg.bg-loaded {\n  background-image: url(https:\/\/clinicacemeq.es\/estetica\/wp-content\/uploads\/2021\/07\/slider02.jpg);\n}\n#banner-1412545291 .bg {\n  background-position: 51% 50%;\n}\n#banner-1412545291 .ux-shape-divider--top svg {\n  height: 150px;\n  --divider-top-width: 100%;\n}\n#banner-1412545291 .ux-shape-divider--bottom svg {\n  height: 150px;\n  --divider-width: 100%;\n}\n@media (min-width:550px) {\n  #banner-1412545291 {\n    padding-top: 500px;\n  }\n}\n@media (min-width:850px) {\n  #banner-1412545291 {\n    padding-top: 550px;\n  }\n}\n<\/style>\n  <\/div>\n\n\n\t\t<\/div>\n\t\t\t\t\t<\/div>\n\n\t\n<\/div>\n\t\t<\/div>\n\n\t\t\n<style>\n#section_1045754980 {\n  padding-top: 0px;\n  padding-bottom: 0px;\n}\n#section_1045754980 .ux-shape-divider--top svg {\n  height: 150px;\n  --divider-top-width: 100%;\n}\n#section_1045754980 .ux-shape-divider--bottom svg {\n  height: 150px;\n  --divider-width: 100%;\n}\n<\/style>\n\t<\/section>\n\t\n\t<section class=\"section\" id=\"section_455368769\">\n\t\t<div class=\"bg section-bg fill bg-fill  bg-loaded\" >\n\n\t\t\t\n\t\t\t\n\t\t\t\n\n\t\t<\/div>\n\n\t\t\n\n\t\t<div class=\"section-content relative\">\n\t\t\t\n<div class=\"row row-small row-full-width align-equal\"  id=\"row-347943046\">\n\n\t<div id=\"col-310143502\" class=\"col medium-6 small-12 large-6\"  >\n\t\t\t\t<div class=\"col-inner\"  >\n\t\t\t\n\t\t\t\n\n  <div class=\"banner has-hover\" id=\"banner-530980301\">\n          <div class=\"banner-inner fill\">\n        <div class=\"banner-bg fill\" >\n            <div class=\"bg fill bg-fill \"><\/div>\n                                    \n                    <\/div>\n\t\t\n        <div class=\"banner-layers container\">\n            <div class=\"fill banner-link\"><\/div>            \n        <\/div>\n      <\/div>\n\n            \n<style>\n#banner-530980301 {\n  padding-top: 99.99%;\n  background-color: rgb(255, 255, 255);\n}\n#banner-530980301 .bg.bg-loaded {\n  background-image: url(https:\/\/clinicacemeq.es\/estetica\/wp-content\/uploads\/2021\/07\/32.jpg);\n}\n#banner-530980301 .bg {\n  background-position: 31% 46%;\n}\n#banner-530980301 .ux-shape-divider--top svg {\n  height: 150px;\n  --divider-top-width: 100%;\n}\n#banner-530980301 .ux-shape-divider--bottom svg {\n  height: 150px;\n  --divider-width: 100%;\n}\n@media (min-width:550px) {\n  #banner-530980301 {\n    padding-top: 490px;\n  }\n}\n@media (min-width:850px) {\n  #banner-530980301 {\n    padding-top: 420px;\n  }\n}\n<\/style>\n  <\/div>\n\n\n\t\t<\/div>\n\t\t\t\t\t<\/div>\n\n\t\n\n\t<div id=\"col-1699563658\" class=\"col medium-6 small-12 large-6 small-col-first\"  >\n\t\t\t\t<div class=\"col-inner\" style=\"background-color:rgb(229, 227, 227);\" >\n\t\t\t\n\t<div class=\"is-border\"\n\t\tstyle=\"border-color:rgb(194, 194, 194);border-width:2px 2px 2px 2px;\">\n\t<\/div>\n\t\t\t\n\t<div id=\"gap-1149562653\" class=\"gap-element clearfix\" style=\"display:block; height:auto;\">\n\t\t\n<style>\n#gap-1149562653 {\n  padding-top: 40px;\n}\n<\/style>\n\t<\/div>\n\t\n\t<div id=\"text-2052691206\" class=\"text\">\n\t\t\n<h2>En pocas palabras&#8230;<\/h2>\n<ul>\n<li><strong>Tiempo de\u00a0intervenci\u00f3n:<\/strong> 1 hora<\/li>\n<li><strong>N\u00famero de\u00a0sesiones:<\/strong> 2 a 4<\/li>\n<li><strong>Tratamiento ambulatorio:<\/strong>\u00a0No se requiere hospitalizaci\u00f3n<\/li>\n<li><strong>Tiempo de\u00a0recuperaci\u00f3n:<\/strong> Inmediata<\/li>\n<li><strong>Tiempo de\u00a0efectos:<\/strong> Inmediatos<\/li>\n<\/ul>\n\t\t\n<style>\n#text-2052691206 {\n  color: rgb(0,0,0);\n}\n#text-2052691206 > * {\n  color: rgb(0,0,0);\n}\n<\/style>\n\t<\/div>\n\t\n<a href=\"https:\/\/clinicacemeq.es\/estetica\/contacto\/\" target=\"_self\" class=\"button primary is-underline\"  >\n    <span>M\u00e1s informaci\u00f3n<\/span>\n  <i class=\"icon-angle-right\" ><\/i><\/a>\n\n\t\t<\/div>\n\t\t\t\t\n<style>\n#col-1699563658 > .col-inner {\n  padding: 15px 15px 15px 9%;\n}\n<\/style>\n\t<\/div>\n\n\t\n<\/div>\n\t\t<\/div>\n\n\t\t\n<style>\n#section_455368769 {\n  padding-top: 30px;\n  padding-bottom: 30px;\n}\n#section_455368769 .ux-shape-divider--top svg {\n  height: 150px;\n  --divider-top-width: 100%;\n}\n#section_455368769 .ux-shape-divider--bottom svg {\n  height: 150px;\n  --divider-width: 100%;\n}\n<\/style>\n\t<\/section>\n\t\n\t<section class=\"section\" id=\"section_844075458\">\n\t\t<div class=\"bg section-bg fill bg-fill  bg-loaded\" >\n\n\t\t\t\n\t\t\t\n\t\t\t\n\n\t\t<\/div>\n\n\t\t\n\n\t\t<div class=\"section-content relative\">\n\t\t\t\n<div class=\"row\" style=\"max-width:92%\" id=\"row-1706628968\">\n\n\t<div id=\"col-1193243573\" class=\"col medium-7 small-12 large-7\"  >\n\t\t\t\t<div class=\"col-inner\"  >\n\t\t\t\n\t\t\t\n\t<div id=\"text-3000495281\" class=\"text\">\n\t\t\n\t\t\n<style>\n#text-3000495281 {\n  font-size: 1rem;\n  color: rgb(0,0,0);\n}\n#text-3000495281 > * {\n  color: rgb(0,0,0);\n}\n<\/style>\n\t<\/div>\n\t\n\t<div id=\"text-3162840737\" class=\"text\">\n\t\t\n<h2>Dudas frecuentes<\/h2>\n\t\t\n<style>\n#text-3162840737 {\n  font-size: 1.2rem;\n}\n<\/style>\n\t<\/div>\n\t\n<div class=\"accordion\" rel=\"\">\n<div class=\"accordion-item\"><a href=\"#\" class=\"accordion-title plain\"><button class=\"toggle\" aria-label=\"Toggle\"><i class=\"icon-angle-down\"><\/i><\/button><span>Revitalizaci\u00f3n facial \u00bfQu\u00e9 es?<\/span><\/a><div class=\"accordion-inner\">\n\t<div id=\"text-255358307\" class=\"text\">\n\t\t\n<p><span style=\"color: #282828;\">La revitalizaci\u00f3n facial es un tratamiento antioxidante de medicina est\u00e9tica para prevenir el envejecimiento en el rostro, proporcionando mayor elasticidad y tersura a la piel y previniendo la aparici\u00f3n de arrugas gracias a las capacidades hidratantes y de retenci\u00f3n de agua y la formaci\u00f3n de col\u00e1geno y elastina del AH.\u00a0<\/span><\/p>\n<p><span style=\"color: #282828;\">Est\u00e1 especialmente recomendada para todas aquellas personas que por el paso del tiempo empiezan a observar una sequedad en la piel del rostro por falta de hidrataci\u00f3n, ofreciendo excelentes resultados incluso en personas fumadoras o que est\u00e1n muy expuestos al sol.<\/span><br \/>\n\t\t\n<style>\n#text-255358307 {\n  font-size: 1.1rem;\n  color: rgb(0,0,0);\n}\n#text-255358307 > * {\n  color: rgb(0,0,0);\n}\n<\/style>\n\t<\/div>\n\t\n<\/div><\/div>\n<div class=\"accordion-item\"><a href=\"#\" class=\"accordion-title plain\"><button class=\"toggle\" aria-label=\"Toggle\"><i class=\"icon-angle-down\"><\/i><\/button><span>\u00bfC\u00f3mo se aplica?<\/span><\/a><div class=\"accordion-inner\">\n\t<div id=\"text-3863559590\" class=\"text\">\n\t\t\n<p><span style=\"color: #282828;\">La revitalizaci\u00f3n facial es un procedimiento de muy baja complejidad, realizado directamente en nuestro centro y no requiere anestesia.<\/span><\/p>\n<p><span style=\"color: #282828;\">Previamente, al tratamiento, se debe efectuar una limpieza profunda y un desengrasado de la piel del paciente, antes de proceder con las infiltraciones intrad\u00e9rmicas de \u00e1cido hialur\u00f3nico mediante agujas muy finas en la regi\u00f3n a tratar: rostro, cuello o escote.<\/span><\/p>\n<p><span style=\"color: #282828;\">La intervenci\u00f3n se debe hacer en varias sesiones, de dos a cuatro, manteniendo una separaci\u00f3n de entre dos y tres semanas entre cada una. El tratamiento puede repetirse si el paciente lo desea, si bien deber\u00e1n dejarse pasar dos o tres meses.<\/span><br \/>\n<span style=\"color: #282828;\">Es un tratamiento que no genera molestias, la recuperaci\u00f3n es inmediata y el paciente puede retomar su vida con absoluta normalidad nada m\u00e1s salir de la cl\u00ednica.<\/span><br \/>\n\t\t\n<style>\n#text-3863559590 {\n  font-size: 1.1rem;\n  text-align: left;\n  color: rgb(0,0,0);\n}\n#text-3863559590 > * {\n  color: rgb(0,0,0);\n}\n<\/style>\n\t<\/div>\n\t\n<\/div><\/div>\n<div class=\"accordion-item\"><a href=\"#\" class=\"accordion-title plain\"><button class=\"toggle\" aria-label=\"Toggle\"><i class=\"icon-angle-down\"><\/i><\/button><span>Beneficios de la revitalizaci\u00f3n facial<\/span><\/a><div class=\"accordion-inner\">\n\t<div id=\"text-3873762137\" class=\"text\">\n\t\t\n<ul>\n<li>Prevendr\u00e1s el envejecimiento cut\u00e1neo en el rostro<\/li>\n<li>Proporcionar\u00e1s mayor elasticidad a la piel<\/li>\n<li>Prevendr\u00e1s la aparici\u00f3n de arrugas<\/li>\n<\/ul>\n\t\t\n<style>\n#text-3873762137 {\n  font-size: 1.2rem;\n  color: rgb(0,0,0);\n}\n#text-3873762137 > * {\n  color: rgb(0,0,0);\n}\n<\/style>\n\t<\/div>\n\t\n<\/div><\/div>\n<div class=\"accordion-item\"><a href=\"#\" class=\"accordion-title plain\"><button class=\"toggle\" aria-label=\"Toggle\"><i class=\"icon-angle-down\"><\/i><\/button><span>\u00bfQu\u00e9 personas est\u00e1n contraindicadas para una revitalizaci\u00f3n facial?<\/span><\/a><div class=\"accordion-inner\">\n\t<div id=\"text-4247990907\" class=\"text\">\n\t\t\n<p>Las personas al\u00e9rgicas al AH y aquellas que est\u00e1n tomando anticoagulantes orales.<br \/>\n\t\t\n<style>\n#text-4247990907 {\n  font-size: 1.2rem;\n  color: rgb(0,0,0);\n}\n#text-4247990907 > * {\n  color: rgb(0,0,0);\n}\n<\/style>\n\t<\/div>\n\t\n<\/div><\/div>\n<div class=\"accordion-item\"><a href=\"#\" class=\"accordion-title plain\"><button class=\"toggle\" aria-label=\"Toggle\"><i class=\"icon-angle-down\"><\/i><\/button><span>\u00bfSe puede complementar con otros tratamientos faciales?<\/span><\/a><div class=\"accordion-inner\">\n\t<div id=\"text-4259396433\" class=\"text\">\n\t\t\n<p>S\u00ed, es una t\u00e9cnica que se complementa perfectamente con tratamientos antiarrugas, peelings, infiltraciones de rellenos o liftings faciales.<br \/>\n\t\t\n<style>\n#text-4259396433 {\n  font-size: 1.2rem;\n  color: rgb(0,0,0);\n}\n#text-4259396433 > * {\n  color: rgb(0,0,0);\n}\n<\/style>\n\t<\/div>\n\t\n<\/div><\/div>\n<div class=\"accordion-item\"><a href=\"#\" class=\"accordion-title plain\"><button class=\"toggle\" aria-label=\"Toggle\"><i class=\"icon-angle-down\"><\/i><\/button><span>\u00bfQu\u00e9 medidas he de tomar con posterioridad a cada sesi\u00f3n?<\/span><\/a><div class=\"accordion-inner\">\n\t<div id=\"text-1640892663\" class=\"text\">\n\t\t\n<p><span style=\"color: #282828;\">Se aconseja esperar unas 24 horas para maquillarse, depilarse, afeitarse o ir a una sauna. Pasado ese tiempo se recomienda el uso de cremas que faciliten la buena distribuci\u00f3n de la sustancia. Por lo dem\u00e1s, para evitar molestias se recomienda evitar la ingesta de aspirinas, anticoagulantes o alcohol en las 48 horas previas a cada sesi\u00f3n.<\/span><br \/>\n\t\t\n<style>\n#text-1640892663 {\n  font-size: 1.2rem;\n}\n<\/style>\n\t<\/div>\n\t\n<\/div><\/div>\n<\/div>\n\t\t<\/div>\n\t\t\t\t\n<style>\n#col-1193243573 > .col-inner {\n  padding: 0px 10px 0px 0px;\n}\n<\/style>\n\t<\/div>\n\n\t\n\n\t<div id=\"col-1621994516\" class=\"col medium-5 small-12 large-5\"  >\n\t\t\t\t<div class=\"col-inner\"  >\n\t\t\t\n\t\t\t\n\t<div id=\"text-1440887014\" class=\"text\">\n\t\t\n<h2>Contacta con nosotros<\/h2>\n\t\t\n<style>\n#text-1440887014 {\n  text-align: center;\n  color: rgb(0,0,0);\n}\n#text-1440887014 > * {\n  color: rgb(0,0,0);\n}\n<\/style>\n\t<\/div>\n\t\n\n<div id=\"contactoGeneral\" style=\"padding: 20px;\"><div class=\"wpforms-container wpforms-container-full wpforms-render-modern\" id=\"wpforms-9301\"><form id=\"wpforms-form-9301\" class=\"wpforms-validate wpforms-form wpforms-ajax-form\" data-formid=\"9301\" method=\"post\" enctype=\"multipart\/form-data\" action=\"\/estetica\/wp-json\/wp\/v2\/pages\/5714\" data-token=\"a2b467bb7de1dc31ab8bf8ba1054aeb1\"><noscript class=\"wpforms-error-noscript\">Por favor, activa JavaScript en tu navegador para completar este formulario.<\/noscript><div class=\"wpforms-hidden\" id=\"wpforms-error-noscript\">Por favor, activa JavaScript en tu navegador para completar este formulario.<\/div><div class=\"wpforms-field-container\"><div id=\"wpforms-9301-field_9-container\" class=\"wpforms-field wpforms-field-text\" data-field-id=\"9\"><label class=\"wpforms-field-label\" for=\"wpforms-9301-field_9\">Nombre <span class=\"wpforms-required-label\" aria-hidden=\"true\">*<\/span><\/label><input type=\"text\" id=\"wpforms-9301-field_9\" class=\"wpforms-field-medium wpforms-field-required\" name=\"wpforms[fields][9]\" aria-errormessage=\"wpforms-9301-field_9-error\" required><\/div><div id=\"wpforms-9301-field_8-container\" class=\"wpforms-field wpforms-field-email\" data-field-id=\"8\"><label class=\"wpforms-field-label\" for=\"wpforms-9301-field_8\">Correo <span class=\"wpforms-required-label\" aria-hidden=\"true\">*<\/span><\/label><input type=\"email\" id=\"wpforms-9301-field_8\" class=\"wpforms-field-large wpforms-field-required\" name=\"wpforms[fields][8]\" spellcheck=\"false\" aria-errormessage=\"wpforms-9301-field_8-error\" required><\/div><div id=\"wpforms-9301-field_10-container\" class=\"wpforms-field wpforms-field-number\" data-field-id=\"10\"><label class=\"wpforms-field-label\" for=\"wpforms-9301-field_10\">N\u00ba de tel\u00e9fono <span class=\"wpforms-required-label\" aria-hidden=\"true\">*<\/span><\/label><input type=\"number\" pattern=\"\\d*\" id=\"wpforms-9301-field_10\" class=\"wpforms-field-large wpforms-field-required\" name=\"wpforms[fields][10]\" aria-errormessage=\"wpforms-9301-field_10-error\" required><\/div><div id=\"wpforms-9301-field_11-container\" class=\"wpforms-field wpforms-field-select wpforms-field-select-style-classic\" data-field-id=\"11\"><label class=\"wpforms-field-label\" for=\"wpforms-9301-field_11\">\u00bfEn qu\u00e9 podemos ayudarte? <span class=\"wpforms-required-label\" aria-hidden=\"true\">*<\/span><\/label><select id=\"wpforms-9301-field_11\" class=\"wpforms-field-large wpforms-field-required\" name=\"wpforms[fields][11]\" required=\"required\"><option value=\"Cirug\u00eda pl\u00e1stica\" >Cirug\u00eda pl\u00e1stica<\/option><option value=\"Medicina est\u00e9tica\" >Medicina est\u00e9tica<\/option><option value=\"Unidad de obesidad\" >Unidad de obesidad<\/option><option value=\"Unidad capilar\" >Unidad capilar<\/option><\/select><\/div><div id=\"wpforms-9301-field_12-container\" class=\"wpforms-field wpforms-field-checkbox\" data-field-id=\"12\"><fieldset><legend class=\"wpforms-field-label wpforms-label-hide\" aria-hidden=\"false\">Casillas de verificaci\u00f3n <span class=\"wpforms-required-label\" aria-hidden=\"true\">*<\/span><\/legend><ul id=\"wpforms-9301-field_12\" class=\"wpforms-field-required\"><li class=\"choice-1 depth-1\"><input type=\"checkbox\" id=\"wpforms-9301-field_12_1\" name=\"wpforms[fields][12][]\" value=\"He le\u00eddo y acepto la &lt;a rel=&quot;noopener&quot; target=&quot;_blank&quot; href=&quot;https:\/\/clinicacemeq.es\/estetica\/politica-privacidad\/&quot;&gt;Pol\u00edtica de Privacidad y Protecci\u00f3n de Datos&lt;\/a&gt;.\" aria-errormessage=\"wpforms-9301-field_12_1-error\" aria-describedby=\"wpforms-9301-field_12-description\" required ><label class=\"wpforms-field-label-inline\" for=\"wpforms-9301-field_12_1\">He le\u00eddo y acepto la <a rel=\"noopener\" target=\"_blank\" href=\"https:\/\/clinicacemeq.es\/estetica\/politica-privacidad\/\">Pol\u00edtica de Privacidad y Protecci\u00f3n de Datos<\/a>. <span class=\"wpforms-required-label\">*<\/span><\/label><\/li><\/ul><div id=\"wpforms-9301-field_12-description\" class=\"wpforms-field-description wpforms-disclaimer-description\"><p style=\"font-size: 10px;\">CLINICA CEMEQ SOCIEDAD LIMITADA, en calidad de responsable del tratamiento, tratar\u00e1 los datos recogidos con la finalidad de gestionar su solicitud de descarga del ebook y gestionar el inter\u00e9s mostrado en los productos y servicios de CEMEQ, bas\u00e1ndose en el consentimiento que expresamente manifiesta al remitir el presente formulario. Estos datos no ser\u00e1n comunicados a terceros salvo obligaci\u00f3n legal ni ser\u00e1n objeto de transferencias internacionales de datos. Puede ejercer sus derechos de acceso, rectificaci\u00f3n, supresi\u00f3n, portabilidad, limitaci\u00f3n del tratamiento y oposici\u00f3n en el correo <a href=\"mailto:info@clinicacemeq.es\" rel=\"noopener\">info@clinicacemeq.es<\/a>, tal como se indica en la <a href=\"https:\/\/clinicacemeq.es\/estetica\/politica-privacidad\/\" rel=\"noopener\" target=\"_blank\">Pol\u00edtica de Privacidad<\/a>, donde dispone de m\u00e1s informaci\u00f3n sobre el tratamiento.<\/p><\/div><\/fieldset><\/div><\/div><!-- .wpforms-field-container --><div class=\"wpforms-submit-container\" ><input type=\"hidden\" name=\"wpforms[id]\" value=\"9301\"><input type=\"hidden\" name=\"wpforms[author]\" value=\"6\"><button type=\"submit\" name=\"wpforms[submit]\" id=\"wpforms-submit-9301\" class=\"wpforms-submit\" data-alt-text=\"Enviando reserva...\" data-submit-text=\"Enviar\" aria-live=\"assertive\" value=\"wpforms-submit\">Enviar<\/button><img loading=\"lazy\" decoding=\"async\" src=\"https:\/\/clinicacemeq.es\/estetica\/wp-content\/plugins\/wpforms\/assets\/images\/submit-spin.svg\" class=\"wpforms-submit-spinner\" style=\"display: none;\" width=\"26\" height=\"26\" alt=\"Cargando\"><\/div><\/form><\/div>  <!-- .wpforms-container --><\/div>\n\n\t\t<\/div>\n\t\t\t\t\t<\/div>\n\n\t\n<\/div>\n\t\t<\/div>\n\n\t\t\n<style>\n#section_844075458 {\n  padding-top: 30px;\n  padding-bottom: 30px;\n  background-color: rgb(247, 247, 247);\n}\n#section_844075458 .ux-shape-divider--top svg {\n  height: 150px;\n  --divider-top-width: 100%;\n}\n#section_844075458 .ux-shape-divider--bottom svg {\n  height: 150px;\n  --divider-width: 100%;\n}\n<\/style>\n\t<\/section>\n\t\n","protected":false},"excerpt":{"rendered":"","protected":false},"author":6,"featured_media":0,"parent":0,"menu_order":0,"comment_status":"closed","ping_status":"closed","template":"page-blank.php","meta":{"footnotes":""},"yoast_head":"<!-- This site is optimized with the Yoast SEO Premium plugin v18.3 (Yoast SEO v24.5) - https:\/\/yoast.com\/wordpress\/plugins\/seo\/ -->\n<title>Revitalizaci\u00f3n facial - Cl\u00ednica Est\u00e9tica CEMEQ<\/title>\n<meta name=\"description\" content=\"Rejuvenece la piel de tu rostro con nuestro tratamiento de revitalizaci\u00f3n facial. Pide tu valoraci\u00f3n gratuita.\" \/>\n<meta name=\"robots\" content=\"index, follow, max-snippet:-1, max-image-preview:large, max-video-preview:-1\" \/>\n<link rel=\"canonical\" href=\"https:\/\/clinicacemeq.es\/estetica\/revitalizacion-facial\/\" \/>\n<meta property=\"og:locale\" content=\"es_ES\" \/>\n<meta property=\"og:type\" content=\"article\" \/>\n<meta property=\"og:title\" content=\"Revitalizaci\u00f3n facial\" \/>\n<meta property=\"og:description\" content=\"Rejuvenece la piel de tu rostro con nuestro tratamiento de revitalizaci\u00f3n facial. Pide tu valoraci\u00f3n gratuita.\" \/>\n<meta property=\"og:url\" content=\"https:\/\/clinicacemeq.es\/estetica\/revitalizacion-facial\/\" \/>\n<meta property=\"og:site_name\" content=\"Cl\u00ednica Est\u00e9tica CEMEQ\" \/>\n<meta property=\"article:modified_time\" content=\"2024-05-23T14:05:39+00:00\" \/>\n<meta name=\"twitter:card\" content=\"summary_large_image\" \/>\n<meta name=\"twitter:label1\" content=\"Tiempo de lectura\" \/>\n\t<meta name=\"twitter:data1\" content=\"4 minutos\" \/>\n<script type=\"application\/ld+json\" class=\"yoast-schema-graph\">{\"@context\":\"https:\/\/schema.org\",\"@graph\":[{\"@type\":\"WebPage\",\"@id\":\"https:\/\/clinicacemeq.es\/estetica\/revitalizacion-facial\/\",\"url\":\"https:\/\/clinicacemeq.es\/estetica\/revitalizacion-facial\/\",\"name\":\"Revitalizaci\u00f3n facial - Cl\u00ednica Est\u00e9tica CEMEQ\",\"isPartOf\":{\"@id\":\"https:\/\/clinicacemeq.es\/estetica\/#website\"},\"datePublished\":\"2022-11-09T07:51:15+00:00\",\"dateModified\":\"2024-05-23T14:05:39+00:00\",\"description\":\"Rejuvenece la piel de tu rostro con nuestro tratamiento de revitalizaci\u00f3n facial. Pide tu valoraci\u00f3n gratuita.\",\"breadcrumb\":{\"@id\":\"https:\/\/clinicacemeq.es\/estetica\/revitalizacion-facial\/#breadcrumb\"},\"inLanguage\":\"es\",\"potentialAction\":[{\"@type\":\"ReadAction\",\"target\":[\"https:\/\/clinicacemeq.es\/estetica\/revitalizacion-facial\/\"]}]},{\"@type\":\"BreadcrumbList\",\"@id\":\"https:\/\/clinicacemeq.es\/estetica\/revitalizacion-facial\/#breadcrumb\",\"itemListElement\":[{\"@type\":\"ListItem\",\"position\":1,\"name\":\"Portada\",\"item\":\"https:\/\/clinicacemeq.es\/estetica\/\"},{\"@type\":\"ListItem\",\"position\":2,\"name\":\"Revitalizaci\u00f3n facial\"}]},{\"@type\":\"WebSite\",\"@id\":\"https:\/\/clinicacemeq.es\/estetica\/#website\",\"url\":\"https:\/\/clinicacemeq.es\/estetica\/\",\"name\":\"Cl\u00ednica Est\u00e9tica CEMEQ\",\"description\":\"Medicina est\u00e9tica \u0131 Cirug\u00eda Est\u00e9tica \u0131 Cl\u00ednica Dental \u0131 Unidad Capilar \u0131 Unidad de Obesidad\",\"potentialAction\":[{\"@type\":\"SearchAction\",\"target\":{\"@type\":\"EntryPoint\",\"urlTemplate\":\"https:\/\/clinicacemeq.es\/estetica\/?s={search_term_string}\"},\"query-input\":{\"@type\":\"PropertyValueSpecification\",\"valueRequired\":true,\"valueName\":\"search_term_string\"}}],\"inLanguage\":\"es\"}]}<\/script>\n<!-- \/ Yoast SEO Premium plugin. -->","yoast_head_json":{"title":"Revitalizaci\u00f3n facial - Cl\u00ednica Est\u00e9tica CEMEQ","description":"Rejuvenece la piel de tu rostro con nuestro tratamiento de revitalizaci\u00f3n facial. Pide tu valoraci\u00f3n gratuita.","robots":{"index":"index","follow":"follow","max-snippet":"max-snippet:-1","max-image-preview":"max-image-preview:large","max-video-preview":"max-video-preview:-1"},"canonical":"https:\/\/clinicacemeq.es\/estetica\/revitalizacion-facial\/","og_locale":"es_ES","og_type":"article","og_title":"Revitalizaci\u00f3n facial","og_description":"Rejuvenece la piel de tu rostro con nuestro tratamiento de revitalizaci\u00f3n facial. Pide tu valoraci\u00f3n gratuita.","og_url":"https:\/\/clinicacemeq.es\/estetica\/revitalizacion-facial\/","og_site_name":"Cl\u00ednica Est\u00e9tica CEMEQ","article_modified_time":"2024-05-23T14:05:39+00:00","twitter_card":"summary_large_image","twitter_misc":{"Tiempo de lectura":"4 minutos"},"schema":{"@context":"https:\/\/schema.org","@graph":[{"@type":"WebPage","@id":"https:\/\/clinicacemeq.es\/estetica\/revitalizacion-facial\/","url":"https:\/\/clinicacemeq.es\/estetica\/revitalizacion-facial\/","name":"Revitalizaci\u00f3n facial - Cl\u00ednica Est\u00e9tica CEMEQ","isPartOf":{"@id":"https:\/\/clinicacemeq.es\/estetica\/#website"},"datePublished":"2022-11-09T07:51:15+00:00","dateModified":"2024-05-23T14:05:39+00:00","description":"Rejuvenece la piel de tu rostro con nuestro tratamiento de revitalizaci\u00f3n facial. Pide tu valoraci\u00f3n gratuita.","breadcrumb":{"@id":"https:\/\/clinicacemeq.es\/estetica\/revitalizacion-facial\/#breadcrumb"},"inLanguage":"es","potentialAction":[{"@type":"ReadAction","target":["https:\/\/clinicacemeq.es\/estetica\/revitalizacion-facial\/"]}]},{"@type":"BreadcrumbList","@id":"https:\/\/clinicacemeq.es\/estetica\/revitalizacion-facial\/#breadcrumb","itemListElement":[{"@type":"ListItem","position":1,"name":"Portada","item":"https:\/\/clinicacemeq.es\/estetica\/"},{"@type":"ListItem","position":2,"name":"Revitalizaci\u00f3n facial"}]},{"@type":"WebSite","@id":"https:\/\/clinicacemeq.es\/estetica\/#website","url":"https:\/\/clinicacemeq.es\/estetica\/","name":"Cl\u00ednica Est\u00e9tica CEMEQ","description":"Medicina est\u00e9tica \u0131 Cirug\u00eda Est\u00e9tica \u0131 Cl\u00ednica Dental \u0131 Unidad Capilar \u0131 Unidad de Obesidad","potentialAction":[{"@type":"SearchAction","target":{"@type":"EntryPoint","urlTemplate":"https:\/\/clinicacemeq.es\/estetica\/?s={search_term_string}"},"query-input":{"@type":"PropertyValueSpecification","valueRequired":true,"valueName":"search_term_string"}}],"inLanguage":"es"}]}},"_links":{"self":[{"href":"https:\/\/clinicacemeq.es\/estetica\/wp-json\/wp\/v2\/pages\/5714"}],"collection":[{"href":"https:\/\/clinicacemeq.es\/estetica\/wp-json\/wp\/v2\/pages"}],"about":[{"href":"https:\/\/clinicacemeq.es\/estetica\/wp-json\/wp\/v2\/types\/page"}],"author":[{"embeddable":true,"href":"https:\/\/clinicacemeq.es\/estetica\/wp-json\/wp\/v2\/users\/6"}],"replies":[{"embeddable":true,"href":"https:\/\/clinicacemeq.es\/estetica\/wp-json\/wp\/v2\/comments?post=5714"}],"version-history":[{"count":9,"href":"https:\/\/clinicacemeq.es\/estetica\/wp-json\/wp\/v2\/pages\/5714\/revisions"}],"predecessor-version":[{"id":9317,"href":"https:\/\/clinicacemeq.es\/estetica\/wp-json\/wp\/v2\/pages\/5714\/revisions\/9317"}],"wp:attachment":[{"href":"https:\/\/clinicacemeq.es\/estetica\/wp-json\/wp\/v2\/media?parent=5714"}],"curies":[{"name":"wp","href":"https:\/\/api.w.org\/{rel}","templated":true}]}}