{"id":5708,"date":"2022-11-09T07:50:09","date_gmt":"2022-11-09T07:50:09","guid":{"rendered":"https:\/\/clinicacemeq.es\/estetica\/?page_id=5708"},"modified":"2024-05-23T14:06:36","modified_gmt":"2024-05-23T14:06:36","slug":"rejuvenecimiento-facial-y-arrugas","status":"publish","type":"page","link":"https:\/\/clinicacemeq.es\/estetica\/rejuvenecimiento-facial-y-arrugas\/","title":{"rendered":"Rejuvenecimiento facial y arrugas"},"content":{"rendered":"\t<section class=\"section hide-for-medium\" id=\"section_636992392\">\n\t\t<div class=\"bg section-bg fill bg-fill  bg-loaded\" >\n\n\t\t\t\n\t\t\t\n\t\t\t\n\n\t\t<\/div>\n\n\t\t\n\n\t\t<div class=\"section-content relative\">\n\t\t\t\n<div class=\"row row-collapse row-full-width\"  id=\"row-381259285\">\n\n\t<div id=\"col-1858282051\" class=\"col small-12 large-12\"  >\n\t\t\t\t<div class=\"col-inner text-left\"  >\n\t\t\t\n\t\t\t\n\n  <div class=\"banner has-hover\" id=\"banner-58875884\">\n          <div class=\"banner-inner fill\">\n        <div class=\"banner-bg fill\" >\n            <div class=\"bg fill bg-fill \"><\/div>\n                                    \n                    <\/div>\n\t\t\n        <div class=\"banner-layers container\">\n            <div class=\"fill banner-link\"><\/div>            \n   <div id=\"text-box-617035466\" class=\"text-box banner-layer x5 md-x5 lg-x5 y5 md-y50 lg-y50 res-text\">\n                                <div class=\"text-box-content text dark\">\n              \n              <div class=\"text-inner text-left\">\n                  \n\t<div id=\"text-1918275136\" class=\"text\">\n\t\t\n<h1 class=\"alt-font\">Rejuvenecimiento facial<\/h1>\n\t\t\n<style>\n#text-1918275136 {\n  font-size: 0.75rem;\n  color: rgb(0,0,0);\n}\n#text-1918275136 > * {\n  color: rgb(0,0,0);\n}\n@media (min-width:550px) {\n  #text-1918275136 {\n    font-size: 1rem;\n  }\n}\n@media (min-width:850px) {\n  #text-1918275136 {\n    font-size: 1.2rem;\n  }\n}\n<\/style>\n\t<\/div>\n\t\n\t<div id=\"text-2036630279\" class=\"text\">\n\t\t\n<h3>Devuelve a tu rostro un aspecto m\u00e1s joven y natural, sin necesidad de cirug\u00eda.<\/h3>\n\t\t\n<style>\n#text-2036630279 {\n  font-size: 0.75rem;\n  text-align: left;\n  color: rgb(0,0,0);\n}\n#text-2036630279 > * {\n  color: rgb(0,0,0);\n}\n@media (min-width:550px) {\n  #text-2036630279 {\n    font-size: 1.05rem;\n  }\n}\n@media (min-width:850px) {\n  #text-2036630279 {\n    font-size: 1rem;\n  }\n}\n<\/style>\n\t<\/div>\n\t\n<a href=\"#contactoGeneral\" target=\"_self\" class=\"button secondary is-larger box-shadow-1\"  style=\"border-radius:99px;\">\n    <span>Pide tu cita<\/span>\n  <i class=\"icon-angle-right\" ><\/i><\/a>\n\n              <\/div>\n           <\/div>\n                            \n<style>\n#text-box-617035466 {\n  width: 75%;\n}\n#text-box-617035466 .text-box-content {\n  font-size: 100%;\n}\n@media (min-width:550px) {\n  #text-box-617035466 {\n    width: 54%;\n  }\n}\n@media (min-width:850px) {\n  #text-box-617035466 {\n    width: 40%;\n  }\n}\n<\/style>\n    <\/div>\n \n        <\/div>\n      <\/div>\n\n            \n<style>\n#banner-58875884 {\n  padding-top: 420px;\n}\n#banner-58875884 .bg.bg-loaded {\n  background-image: url(https:\/\/clinicacemeq.es\/estetica\/wp-content\/uploads\/2021\/07\/slider1.jpg);\n}\n#banner-58875884 .bg {\n  background-position: 20% 36%;\n}\n#banner-58875884 .ux-shape-divider--top svg {\n  height: 150px;\n  --divider-top-width: 100%;\n}\n#banner-58875884 .ux-shape-divider--bottom svg {\n  height: 150px;\n  --divider-width: 100%;\n}\n@media (min-width:550px) {\n  #banner-58875884 {\n    padding-top: 500px;\n  }\n}\n@media (min-width:850px) {\n  #banner-58875884 {\n    padding-top: 550px;\n  }\n}\n<\/style>\n  <\/div>\n\n\n\t\t<\/div>\n\t\t\t\t\t<\/div>\n\n\t\n<\/div>\n\t\t<\/div>\n\n\t\t\n<style>\n#section_636992392 {\n  padding-top: 0px;\n  padding-bottom: 0px;\n}\n#section_636992392 .ux-shape-divider--top svg {\n  height: 150px;\n  --divider-top-width: 100%;\n}\n#section_636992392 .ux-shape-divider--bottom svg {\n  height: 150px;\n  --divider-width: 100%;\n}\n<\/style>\n\t<\/section>\n\t\n\t<section class=\"section show-for-medium\" id=\"section_432959618\">\n\t\t<div class=\"bg section-bg fill bg-fill  bg-loaded\" >\n\n\t\t\t\n\t\t\t\n\t\t\t\n\n\t\t<\/div>\n\n\t\t\n\n\t\t<div class=\"section-content relative\">\n\t\t\t\n<div class=\"row row-collapse row-full-width\"  id=\"row-1222509381\">\n\n\t<div id=\"col-168043522\" class=\"col small-12 large-12\"  >\n\t\t\t\t<div class=\"col-inner text-left\"  >\n\t\t\t\n\t\t\t\n\n  <div class=\"banner has-hover\" id=\"banner-763393648\">\n          <div class=\"banner-inner fill\">\n        <div class=\"banner-bg fill\" >\n            <div class=\"bg fill bg-fill \"><\/div>\n                                    \n                    <\/div>\n\t\t\n        <div class=\"banner-layers container\">\n            <div class=\"fill banner-link\"><\/div>            \n   <div id=\"text-box-1518858083\" class=\"text-box banner-layer x5 md-x5 lg-x5 y10 md-y50 lg-y50 res-text\">\n                                <div class=\"text-box-content text dark\">\n              \n              <div class=\"text-inner text-left\">\n                  \n\t<div id=\"text-3416533495\" class=\"text\">\n\t\t\n<h2 class=\"alt-font\"><span style=\"font-size: 65%;\">Rejuvenecimiento facial<\/span><\/h2>\n\t\t\n<style>\n#text-3416533495 {\n  font-size: 0.75rem;\n  color: rgb(0,0,0);\n}\n#text-3416533495 > * {\n  color: rgb(0,0,0);\n}\n@media (min-width:550px) {\n  #text-3416533495 {\n    font-size: 1rem;\n  }\n}\n@media (min-width:850px) {\n  #text-3416533495 {\n    font-size: 1.2rem;\n  }\n}\n<\/style>\n\t<\/div>\n\t\n\t<div id=\"text-1663788426\" class=\"text\">\n\t\t\n<h3><span style=\"font-size: 65%;\">Devuelve a tu rostro un aspecto m\u00e1s joven y natural, sin necesidad de cirug\u00eda.<\/span><\/h3>\n\t\t\n<style>\n#text-1663788426 {\n  font-size: 0.75rem;\n  text-align: left;\n  color: rgb(0,0,0);\n}\n#text-1663788426 > * {\n  color: rgb(0,0,0);\n}\n@media (min-width:550px) {\n  #text-1663788426 {\n    font-size: 1rem;\n  }\n}\n@media (min-width:850px) {\n  #text-1663788426 {\n    font-size: 0.8rem;\n  }\n}\n<\/style>\n\t<\/div>\n\t\n<a href=\"\/contacto\/\" target=\"_self\" class=\"button secondary is-larger box-shadow-1\"  style=\"border-radius:99px;\">\n    <span>Pide tu cita<\/span>\n  <i class=\"icon-angle-right\" ><\/i><\/a>\n\n              <\/div>\n           <\/div>\n                            \n<style>\n#text-box-1518858083 {\n  width: 55%;\n}\n#text-box-1518858083 .text-box-content {\n  font-size: 100%;\n}\n@media (min-width:550px) {\n  #text-box-1518858083 {\n    width: 49%;\n  }\n}\n@media (min-width:850px) {\n  #text-box-1518858083 {\n    width: 49%;\n  }\n}\n<\/style>\n    <\/div>\n \n        <\/div>\n      <\/div>\n\n            \n<style>\n#banner-763393648 {\n  padding-top: 420px;\n}\n#banner-763393648 .bg.bg-loaded {\n  background-image: url(https:\/\/clinicacemeq.es\/estetica\/wp-content\/uploads\/2021\/07\/slider1.jpg);\n}\n#banner-763393648 .bg {\n  background-position: 49% 40%;\n}\n#banner-763393648 .ux-shape-divider--top svg {\n  height: 150px;\n  --divider-top-width: 100%;\n}\n#banner-763393648 .ux-shape-divider--bottom svg {\n  height: 150px;\n  --divider-width: 100%;\n}\n@media (min-width:550px) {\n  #banner-763393648 {\n    padding-top: 500px;\n  }\n}\n@media (min-width:850px) {\n  #banner-763393648 {\n    padding-top: 550px;\n  }\n}\n<\/style>\n  <\/div>\n\n\n\t\t<\/div>\n\t\t\t\t\t<\/div>\n\n\t\n<\/div>\n\t\t<\/div>\n\n\t\t\n<style>\n#section_432959618 {\n  padding-top: 0px;\n  padding-bottom: 0px;\n}\n#section_432959618 .ux-shape-divider--top svg {\n  height: 150px;\n  --divider-top-width: 100%;\n}\n#section_432959618 .ux-shape-divider--bottom svg {\n  height: 150px;\n  --divider-width: 100%;\n}\n<\/style>\n\t<\/section>\n\t\n\t<section class=\"section\" id=\"section_1698991541\">\n\t\t<div class=\"bg section-bg fill bg-fill  bg-loaded\" >\n\n\t\t\t\n\t\t\t\n\t\t\t\n\n\t\t<\/div>\n\n\t\t\n\n\t\t<div class=\"section-content relative\">\n\t\t\t\n<div class=\"row row-small row-full-width align-equal\"  id=\"row-281484350\">\n\n\t<div id=\"col-1298721099\" class=\"col medium-6 small-12 large-6\"  >\n\t\t\t\t<div class=\"col-inner\"  >\n\t\t\t\n\t\t\t\n\n  <div class=\"banner has-hover\" id=\"banner-645993678\">\n          <div class=\"banner-inner fill\">\n        <div class=\"banner-bg fill\" >\n            <div class=\"bg fill bg-fill \"><\/div>\n                                    \n                    <\/div>\n\t\t\n        <div class=\"banner-layers container\">\n            <div class=\"fill banner-link\"><\/div>            \n        <\/div>\n      <\/div>\n\n            \n<style>\n#banner-645993678 {\n  padding-top: 99.99%;\n  background-color: rgb(255, 255, 255);\n}\n#banner-645993678 .bg.bg-loaded {\n  background-image: url(https:\/\/clinicacemeq.es\/estetica\/wp-content\/uploads\/2021\/07\/29.jpg);\n}\n#banner-645993678 .bg {\n  background-position: 55% 30%;\n}\n#banner-645993678 .ux-shape-divider--top svg {\n  height: 150px;\n  --divider-top-width: 100%;\n}\n#banner-645993678 .ux-shape-divider--bottom svg {\n  height: 150px;\n  --divider-width: 100%;\n}\n@media (min-width:550px) {\n  #banner-645993678 {\n    padding-top: 400px;\n  }\n}\n@media (min-width:850px) {\n  #banner-645993678 {\n    padding-top: 420px;\n  }\n}\n<\/style>\n  <\/div>\n\n\n\t\t<\/div>\n\t\t\t\t\t<\/div>\n\n\t\n\n\t<div id=\"col-1717848242\" class=\"col medium-6 small-12 large-6 small-col-first\"  >\n\t\t\t\t<div class=\"col-inner\" style=\"background-color:rgb(243, 243, 243);\" >\n\t\t\t\n\t<div class=\"is-border\"\n\t\tstyle=\"border-color:rgb(194, 194, 194);border-width:2px 2px 2px 2px;\">\n\t<\/div>\n\t\t\t\n\t<div id=\"gap-730800422\" class=\"gap-element clearfix\" style=\"display:block; height:auto;\">\n\t\t\n<style>\n#gap-730800422 {\n  padding-top: 40px;\n}\n<\/style>\n\t<\/div>\n\t\n\t<div id=\"text-2131617801\" class=\"text\">\n\t\t\n<h2>En pocas palabras&#8230;<\/h2>\n<ul>\n<li><strong>Tiempo de\u00a0intervenci\u00f3n:<\/strong> 1 hora<\/li>\n<li><strong>N\u00famero de\u00a0sesiones:<\/strong> 2 a 4<\/li>\n<li><strong>Tratamiento ambulatorio:<\/strong>\u00a0No se requiere hospitalizaci\u00f3n<\/li>\n<li><strong>Tiempo de\u00a0recuperaci\u00f3n:<\/strong> Inmediata<\/li>\n<li><strong>Tiempo de\u00a0efectos:<\/strong> Inmediatos<\/li>\n<\/ul>\n\t\t\n<style>\n#text-2131617801 {\n  font-size: 1rem;\n  color: rgb(0,0,0);\n}\n#text-2131617801 > * {\n  color: rgb(0,0,0);\n}\n<\/style>\n\t<\/div>\n\t\n<a href=\"https:\/\/clinicacemeq.es\/estetica\/contacto\/\" target=\"_self\" class=\"button primary is-link\"  >\n    <span>M\u00e1s informaci\u00f3n<\/span>\n  <i class=\"icon-angle-right\" ><\/i><\/a>\n\n\t\t<\/div>\n\t\t\t\t\n<style>\n#col-1717848242 > .col-inner {\n  padding: 15px 15px 15px 9%;\n}\n<\/style>\n\t<\/div>\n\n\t\n<\/div>\n\t\t<\/div>\n\n\t\t\n<style>\n#section_1698991541 {\n  padding-top: 30px;\n  padding-bottom: 30px;\n}\n#section_1698991541 .ux-shape-divider--top svg {\n  height: 150px;\n  --divider-top-width: 100%;\n}\n#section_1698991541 .ux-shape-divider--bottom svg {\n  height: 150px;\n  --divider-width: 100%;\n}\n<\/style>\n\t<\/section>\n\t\n\t<section class=\"section\" id=\"section_791623386\">\n\t\t<div class=\"bg section-bg fill bg-fill  bg-loaded\" >\n\n\t\t\t\n\t\t\t\n\t\t\t\n\n\t\t<\/div>\n\n\t\t\n\n\t\t<div class=\"section-content relative\">\n\t\t\t\n<div class=\"row\" style=\"max-width:92%\" id=\"row-45790671\">\n\n\t<div id=\"col-793898850\" class=\"col medium-7 small-12 large-7 col-divided\"  >\n\t\t\t\t<div class=\"col-inner\"  >\n\t\t\t\n\t\t\t\n\t<div id=\"text-2408510781\" class=\"text\">\n\t\t\n<h2>Dudas frecuentes sobre rejuvenecimiento facial<\/h2>\n\t\t\n<style>\n#text-2408510781 {\n  font-size: 1.2rem;\n}\n<\/style>\n\t<\/div>\n\t\n<div class=\"accordion\" rel=\"\">\n<div class=\"accordion-item\"><a href=\"#\" class=\"accordion-title plain\"><button class=\"toggle\" aria-label=\"Toggle\"><i class=\"icon-angle-down\"><\/i><\/button><span>\u00bfQu\u00e9 es el Rejuvenecimiento Facial?<\/span><\/a><div class=\"accordion-inner\">\n\t<div id=\"text-1564382843\" class=\"text\">\n\t\t\n<p>El rejuvenecimiento facial comprende una serie de tratamientos enfocados en recuperar un rostro joven y la asimetr\u00eda facial del paciente. Para ello elevamos las estructuras faciales, redefinimos los contornos y devolvemos la firmeza a las diferentes partes del rostro, y eliminamos las arrugas y recuperamos la tersura de la piel.<\/p>\n<p>En CEMQ realizamos el Rejuvenecimiento Facial con tratamientos espec\u00edficos y c\u00f3modos con resultados naturales para la prevenci\u00f3n, el rejuvenecimiento y mejora est\u00e9tica del paciente.<br \/>\n\t\t\n<style>\n#text-1564382843 {\n  font-size: 1.1rem;\n  color: rgb(0,0,0);\n}\n#text-1564382843 > * {\n  color: rgb(0,0,0);\n}\n<\/style>\n\t<\/div>\n\t\n<\/div><\/div>\n<div class=\"accordion-item\"><a href=\"#\" class=\"accordion-title plain\"><button class=\"toggle\" aria-label=\"Toggle\"><i class=\"icon-angle-down\"><\/i><\/button><span>\u00bfC\u00f3mo funciona este tratamiento facial?<\/span><\/a><div class=\"accordion-inner\">\n\t<div id=\"text-844938700\" class=\"text\">\n\t\t\n<p>El rejuvenecimiento facial comprende la combinaci\u00f3n de una serie de t\u00e9cnicas que pueden realizarse tambi\u00e9n por separado para tratar una determinada zona, detallamos a continuaci\u00f3n los tratamientos recomendados para cada problema o zona del rostro a tratar:<\/p>\n<ul>\n<li>Corregimos las arrugas de expresi\u00f3n en zonas como el entrecejo, las patas de gallo y la frente con el tratamiento antiarrugas.<\/li>\n<li>Corregimos depresiones faciales\u00a0y arrugas en torno a la boca, en el surco nasogeniano, la hendidura malar y el pliegue de marioneta mediante rellenos de AH<\/li>\n<li>Elevamos las cejas<\/li>\n<li>Reponemos los vol\u00famenes perdidos en p\u00f3mulos o labios con relleno<\/li>\n<li>Revitalizamos la piel con mesoterapia revitalizante, peelings de distinta profundidad, dermapen o IPL.<\/li>\n<li>Eliminamos imperfecciones en la piel\u00a0mediante la eliminaci\u00f3n de manchas y manchas rojas, capilares dilatados, telangiectasias o poro abierto<\/li>\n<li>Eliminamos\u00a0las bolsas en los ojos y los p\u00e1rpados ca\u00eddos\u00a0con diversos tratamientos c\u00f3modos bajo anestesia local y sedaci\u00f3n suave.<\/li>\n<li>Tensamos la piel, corrigiendo la flacidez\u00a0o el descolgamiento facial leve o moderado con hilos tensores<\/li>\n<li>Camuflamos la ca\u00edda de los paquetes grasos faciales\u00a0(p\u00e9rdida de firmeza) mediante el tratamiento con materiales de relleno estrat\u00e9gicamente colocados en determinados puntos del rostro.<\/li>\n<li>Corregimos descolgamientos faciales medios e intensos\u00a0con soluciones quir\u00fargicas pero m\u00ednimamente invasivas como el mini-lifting o el micro-lifing<\/li>\n<\/ul>\n\t\t\n<style>\n#text-844938700 {\n  font-size: 1.1rem;\n  color: rgb(0, 0, 0);\n}\n#text-844938700 > * {\n  color: rgb(0, 0, 0);\n}\n<\/style>\n\t<\/div>\n\t\n<\/div><\/div>\n<div class=\"accordion-item\"><a href=\"#\" class=\"accordion-title plain\"><button class=\"toggle\" aria-label=\"Toggle\"><i class=\"icon-angle-down\"><\/i><\/button><span>Beneficios del rejuvenecimiento facial<\/span><\/a><div class=\"accordion-inner\">\n\t<div id=\"text-1768202163\" class=\"text\">\n\t\t\n<ul>\n<li>Elevar\u00e1s tus estructuras faciales (labios, p\u00f3mulos, cejas, p\u00e1rpados, etc\u2026)<\/li>\n<li>Corregir\u00e1s o eliminar\u00e1s las arrugas propias de la edad<\/li>\n<li>Recuperar\u00e1s el volumen perdido en p\u00f3mulos o labios,<\/li>\n<li>Aspecto mucho m\u00e1s saludable<\/li>\n<li>Corregir\u00e1s las imperfecciones que el paso del tiempo produce en la piel<\/li>\n<li>Rostro m\u00e1s joven, uniforme y sim\u00e9trico.<\/li>\n<\/ul>\n\t\t\n<style>\n#text-1768202163 {\n  font-size: 1.1rem;\n}\n<\/style>\n\t<\/div>\n\t\n<\/div><\/div>\n<div class=\"accordion-item\"><a href=\"#\" class=\"accordion-title plain\"><button class=\"toggle\" aria-label=\"Toggle\"><i class=\"icon-angle-down\"><\/i><\/button><span>Nuestros tratamientos faciales<\/span><\/a><div class=\"accordion-inner\">\n\t<div id=\"text-3298560390\" class=\"text\">\n\t\t\n<p>El Rejuvenecimiento Facial puede comprender la combinaci\u00f3n de varios tratamientos o t\u00e9cnicas distintas en funci\u00f3n del problema a solucionar y el resultado final deseado:<\/p>\n<ul>\n<li>Tratamiento antiarruga<\/li>\n<li>Relleno facial<\/li>\n<li>Mesoterapia<\/li>\n<li>Eliminaci\u00f3n de ojeras<\/li>\n<li>Revitalizaci\u00f3n facial<\/li>\n<li>Eliminaci\u00f3n de manchas<\/li>\n<\/ul>\n\t\t\n<style>\n#text-3298560390 {\n  font-size: 1.1rem;\n}\n<\/style>\n\t<\/div>\n\t\n<\/div><\/div>\n<\/div>\n<div class=\"row\"  id=\"row-1377163272\">\n\n\t<div id=\"col-53297518\" class=\"col small-12 large-12\"  >\n\t\t\t\t<div class=\"col-inner\"  >\n\t\t\t\n\t\t\t\n\n\t\t<\/div>\n\t\t\t\t\t<\/div>\n\n\t\n<\/div>\n\t\t<\/div>\n\t\t\t\t\n<style>\n#col-793898850 > .col-inner {\n  padding: 0px 10px 0px 0px;\n}\n<\/style>\n\t<\/div>\n\n\t\n\n\t<div id=\"col-853100525\" class=\"col medium-5 small-12 large-5\"  >\n\t\t\t\t<div class=\"col-inner\"  >\n\t\t\t\n\t\t\t\n\t<div id=\"text-88078926\" class=\"text\">\n\t\t\n<h2>Contacta con nosotros<\/h2>\n\t\t\n<style>\n#text-88078926 {\n  text-align: center;\n  color: rgb(0,0,0);\n}\n#text-88078926 > * {\n  color: rgb(0,0,0);\n}\n<\/style>\n\t<\/div>\n\t\n\n<div id=\"contactoGeneral\" style=\"padding: 20px;\"><div class=\"wpforms-container wpforms-container-full wpforms-render-modern\" id=\"wpforms-9301\"><form id=\"wpforms-form-9301\" class=\"wpforms-validate wpforms-form wpforms-ajax-form\" data-formid=\"9301\" method=\"post\" enctype=\"multipart\/form-data\" action=\"\/estetica\/wp-json\/wp\/v2\/pages\/5708\" data-token=\"a2b467bb7de1dc31ab8bf8ba1054aeb1\"><noscript class=\"wpforms-error-noscript\">Por favor, activa JavaScript en tu navegador para completar este formulario.<\/noscript><div class=\"wpforms-hidden\" id=\"wpforms-error-noscript\">Por favor, activa JavaScript en tu navegador para completar este formulario.<\/div><div class=\"wpforms-field-container\"><div id=\"wpforms-9301-field_9-container\" class=\"wpforms-field wpforms-field-text\" data-field-id=\"9\"><label class=\"wpforms-field-label\" for=\"wpforms-9301-field_9\">Nombre <span class=\"wpforms-required-label\" aria-hidden=\"true\">*<\/span><\/label><input type=\"text\" id=\"wpforms-9301-field_9\" class=\"wpforms-field-medium wpforms-field-required\" name=\"wpforms[fields][9]\" aria-errormessage=\"wpforms-9301-field_9-error\" required><\/div><div id=\"wpforms-9301-field_8-container\" class=\"wpforms-field wpforms-field-email\" data-field-id=\"8\"><label class=\"wpforms-field-label\" for=\"wpforms-9301-field_8\">Correo <span class=\"wpforms-required-label\" aria-hidden=\"true\">*<\/span><\/label><input type=\"email\" id=\"wpforms-9301-field_8\" class=\"wpforms-field-large wpforms-field-required\" name=\"wpforms[fields][8]\" spellcheck=\"false\" aria-errormessage=\"wpforms-9301-field_8-error\" required><\/div><div id=\"wpforms-9301-field_10-container\" class=\"wpforms-field wpforms-field-number\" data-field-id=\"10\"><label class=\"wpforms-field-label\" for=\"wpforms-9301-field_10\">N\u00ba de tel\u00e9fono <span class=\"wpforms-required-label\" aria-hidden=\"true\">*<\/span><\/label><input type=\"number\" pattern=\"\\d*\" id=\"wpforms-9301-field_10\" class=\"wpforms-field-large wpforms-field-required\" name=\"wpforms[fields][10]\" aria-errormessage=\"wpforms-9301-field_10-error\" required><\/div><div id=\"wpforms-9301-field_11-container\" class=\"wpforms-field wpforms-field-select wpforms-field-select-style-classic\" data-field-id=\"11\"><label class=\"wpforms-field-label\" for=\"wpforms-9301-field_11\">\u00bfEn qu\u00e9 podemos ayudarte? <span class=\"wpforms-required-label\" aria-hidden=\"true\">*<\/span><\/label><select id=\"wpforms-9301-field_11\" class=\"wpforms-field-large wpforms-field-required\" name=\"wpforms[fields][11]\" required=\"required\"><option value=\"Cirug\u00eda pl\u00e1stica\" >Cirug\u00eda pl\u00e1stica<\/option><option value=\"Medicina est\u00e9tica\" >Medicina est\u00e9tica<\/option><option value=\"Unidad de obesidad\" >Unidad de obesidad<\/option><option value=\"Unidad capilar\" >Unidad capilar<\/option><\/select><\/div><div id=\"wpforms-9301-field_12-container\" class=\"wpforms-field wpforms-field-checkbox\" data-field-id=\"12\"><fieldset><legend class=\"wpforms-field-label wpforms-label-hide\" aria-hidden=\"false\">Casillas de verificaci\u00f3n <span class=\"wpforms-required-label\" aria-hidden=\"true\">*<\/span><\/legend><ul id=\"wpforms-9301-field_12\" class=\"wpforms-field-required\"><li class=\"choice-1 depth-1\"><input type=\"checkbox\" id=\"wpforms-9301-field_12_1\" name=\"wpforms[fields][12][]\" value=\"He le\u00eddo y acepto la &lt;a rel=&quot;noopener&quot; target=&quot;_blank&quot; href=&quot;https:\/\/clinicacemeq.es\/estetica\/politica-privacidad\/&quot;&gt;Pol\u00edtica de Privacidad y Protecci\u00f3n de Datos&lt;\/a&gt;.\" aria-errormessage=\"wpforms-9301-field_12_1-error\" aria-describedby=\"wpforms-9301-field_12-description\" required ><label class=\"wpforms-field-label-inline\" for=\"wpforms-9301-field_12_1\">He le\u00eddo y acepto la <a rel=\"noopener\" target=\"_blank\" href=\"https:\/\/clinicacemeq.es\/estetica\/politica-privacidad\/\">Pol\u00edtica de Privacidad y Protecci\u00f3n de Datos<\/a>. <span class=\"wpforms-required-label\">*<\/span><\/label><\/li><\/ul><div id=\"wpforms-9301-field_12-description\" class=\"wpforms-field-description wpforms-disclaimer-description\"><p style=\"font-size: 10px;\">CLINICA CEMEQ SOCIEDAD LIMITADA, en calidad de responsable del tratamiento, tratar\u00e1 los datos recogidos con la finalidad de gestionar su solicitud de descarga del ebook y gestionar el inter\u00e9s mostrado en los productos y servicios de CEMEQ, bas\u00e1ndose en el consentimiento que expresamente manifiesta al remitir el presente formulario. Estos datos no ser\u00e1n comunicados a terceros salvo obligaci\u00f3n legal ni ser\u00e1n objeto de transferencias internacionales de datos. Puede ejercer sus derechos de acceso, rectificaci\u00f3n, supresi\u00f3n, portabilidad, limitaci\u00f3n del tratamiento y oposici\u00f3n en el correo <a href=\"mailto:info@clinicacemeq.es\" rel=\"noopener\">info@clinicacemeq.es<\/a>, tal como se indica en la <a href=\"https:\/\/clinicacemeq.es\/estetica\/politica-privacidad\/\" rel=\"noopener\" target=\"_blank\">Pol\u00edtica de Privacidad<\/a>, donde dispone de m\u00e1s informaci\u00f3n sobre el tratamiento.<\/p><\/div><\/fieldset><\/div><\/div><!-- .wpforms-field-container --><div class=\"wpforms-submit-container\" ><input type=\"hidden\" name=\"wpforms[id]\" value=\"9301\"><input type=\"hidden\" name=\"wpforms[author]\" value=\"6\"><button type=\"submit\" name=\"wpforms[submit]\" id=\"wpforms-submit-9301\" class=\"wpforms-submit\" data-alt-text=\"Enviando reserva...\" data-submit-text=\"Enviar\" aria-live=\"assertive\" value=\"wpforms-submit\">Enviar<\/button><img loading=\"lazy\" decoding=\"async\" src=\"https:\/\/clinicacemeq.es\/estetica\/wp-content\/plugins\/wpforms\/assets\/images\/submit-spin.svg\" class=\"wpforms-submit-spinner\" style=\"display: none;\" width=\"26\" height=\"26\" alt=\"Cargando\"><\/div><\/form><\/div>  <!-- .wpforms-container --><\/div>\n\n\t\t<\/div>\n\t\t\t\t\t<\/div>\n\n\t\n<\/div>\n\t\t<\/div>\n\n\t\t\n<style>\n#section_791623386 {\n  padding-top: 30px;\n  padding-bottom: 30px;\n  background-color: rgb(247, 247, 247);\n}\n#section_791623386 .ux-shape-divider--top svg {\n  height: 150px;\n  --divider-top-width: 100%;\n}\n#section_791623386 .ux-shape-divider--bottom svg {\n  height: 150px;\n  --divider-width: 100%;\n}\n<\/style>\n\t<\/section>\n\t\n","protected":false},"excerpt":{"rendered":"","protected":false},"author":6,"featured_media":0,"parent":0,"menu_order":0,"comment_status":"closed","ping_status":"closed","template":"page-blank.php","meta":{"footnotes":""},"yoast_head":"<!-- This site is optimized with the Yoast SEO Premium plugin v18.3 (Yoast SEO v24.5) - https:\/\/yoast.com\/wordpress\/plugins\/seo\/ -->\n<title>Rejuvenecimiento facial y arrugas - Cl\u00ednica Est\u00e9tica CEMEQ<\/title>\n<meta name=\"description\" content=\"Descubre todos los tratamientos de rejuvenecimiento facial que ofrece nuestra cl\u00ednica est\u00e9tica Valencia. Pide tu cita.\" \/>\n<meta name=\"robots\" content=\"index, follow, max-snippet:-1, max-image-preview:large, max-video-preview:-1\" \/>\n<link rel=\"canonical\" href=\"https:\/\/clinicacemeq.es\/estetica\/rejuvenecimiento-facial-y-arrugas\/\" \/>\n<meta property=\"og:locale\" content=\"es_ES\" \/>\n<meta property=\"og:type\" content=\"article\" \/>\n<meta property=\"og:title\" content=\"Rejuvenecimiento facial y arrugas\" \/>\n<meta property=\"og:description\" content=\"Descubre todos los tratamientos de rejuvenecimiento facial que ofrece nuestra cl\u00ednica est\u00e9tica Valencia. Pide tu cita.\" \/>\n<meta property=\"og:url\" content=\"https:\/\/clinicacemeq.es\/estetica\/rejuvenecimiento-facial-y-arrugas\/\" \/>\n<meta property=\"og:site_name\" content=\"Cl\u00ednica Est\u00e9tica CEMEQ\" \/>\n<meta property=\"article:modified_time\" content=\"2024-05-23T14:06:36+00:00\" \/>\n<meta name=\"twitter:card\" content=\"summary_large_image\" \/>\n<meta name=\"twitter:label1\" content=\"Tiempo de lectura\" \/>\n\t<meta name=\"twitter:data1\" content=\"4 minutos\" \/>\n<script type=\"application\/ld+json\" class=\"yoast-schema-graph\">{\"@context\":\"https:\/\/schema.org\",\"@graph\":[{\"@type\":\"WebPage\",\"@id\":\"https:\/\/clinicacemeq.es\/estetica\/rejuvenecimiento-facial-y-arrugas\/\",\"url\":\"https:\/\/clinicacemeq.es\/estetica\/rejuvenecimiento-facial-y-arrugas\/\",\"name\":\"Rejuvenecimiento facial y arrugas - Cl\u00ednica Est\u00e9tica CEMEQ\",\"isPartOf\":{\"@id\":\"https:\/\/clinicacemeq.es\/estetica\/#website\"},\"datePublished\":\"2022-11-09T07:50:09+00:00\",\"dateModified\":\"2024-05-23T14:06:36+00:00\",\"description\":\"Descubre todos los tratamientos de rejuvenecimiento facial que ofrece nuestra cl\u00ednica est\u00e9tica Valencia. Pide tu cita.\",\"breadcrumb\":{\"@id\":\"https:\/\/clinicacemeq.es\/estetica\/rejuvenecimiento-facial-y-arrugas\/#breadcrumb\"},\"inLanguage\":\"es\",\"potentialAction\":[{\"@type\":\"ReadAction\",\"target\":[\"https:\/\/clinicacemeq.es\/estetica\/rejuvenecimiento-facial-y-arrugas\/\"]}]},{\"@type\":\"BreadcrumbList\",\"@id\":\"https:\/\/clinicacemeq.es\/estetica\/rejuvenecimiento-facial-y-arrugas\/#breadcrumb\",\"itemListElement\":[{\"@type\":\"ListItem\",\"position\":1,\"name\":\"Portada\",\"item\":\"https:\/\/clinicacemeq.es\/estetica\/\"},{\"@type\":\"ListItem\",\"position\":2,\"name\":\"Rejuvenecimiento facial y arrugas\"}]},{\"@type\":\"WebSite\",\"@id\":\"https:\/\/clinicacemeq.es\/estetica\/#website\",\"url\":\"https:\/\/clinicacemeq.es\/estetica\/\",\"name\":\"Cl\u00ednica Est\u00e9tica CEMEQ\",\"description\":\"Medicina est\u00e9tica \u0131 Cirug\u00eda Est\u00e9tica \u0131 Cl\u00ednica Dental \u0131 Unidad Capilar \u0131 Unidad de Obesidad\",\"potentialAction\":[{\"@type\":\"SearchAction\",\"target\":{\"@type\":\"EntryPoint\",\"urlTemplate\":\"https:\/\/clinicacemeq.es\/estetica\/?s={search_term_string}\"},\"query-input\":{\"@type\":\"PropertyValueSpecification\",\"valueRequired\":true,\"valueName\":\"search_term_string\"}}],\"inLanguage\":\"es\"}]}<\/script>\n<!-- \/ Yoast SEO Premium plugin. -->","yoast_head_json":{"title":"Rejuvenecimiento facial y arrugas - Cl\u00ednica Est\u00e9tica CEMEQ","description":"Descubre todos los tratamientos de rejuvenecimiento facial que ofrece nuestra cl\u00ednica est\u00e9tica Valencia. Pide tu cita.","robots":{"index":"index","follow":"follow","max-snippet":"max-snippet:-1","max-image-preview":"max-image-preview:large","max-video-preview":"max-video-preview:-1"},"canonical":"https:\/\/clinicacemeq.es\/estetica\/rejuvenecimiento-facial-y-arrugas\/","og_locale":"es_ES","og_type":"article","og_title":"Rejuvenecimiento facial y arrugas","og_description":"Descubre todos los tratamientos de rejuvenecimiento facial que ofrece nuestra cl\u00ednica est\u00e9tica Valencia. Pide tu cita.","og_url":"https:\/\/clinicacemeq.es\/estetica\/rejuvenecimiento-facial-y-arrugas\/","og_site_name":"Cl\u00ednica Est\u00e9tica CEMEQ","article_modified_time":"2024-05-23T14:06:36+00:00","twitter_card":"summary_large_image","twitter_misc":{"Tiempo de lectura":"4 minutos"},"schema":{"@context":"https:\/\/schema.org","@graph":[{"@type":"WebPage","@id":"https:\/\/clinicacemeq.es\/estetica\/rejuvenecimiento-facial-y-arrugas\/","url":"https:\/\/clinicacemeq.es\/estetica\/rejuvenecimiento-facial-y-arrugas\/","name":"Rejuvenecimiento facial y arrugas - Cl\u00ednica Est\u00e9tica CEMEQ","isPartOf":{"@id":"https:\/\/clinicacemeq.es\/estetica\/#website"},"datePublished":"2022-11-09T07:50:09+00:00","dateModified":"2024-05-23T14:06:36+00:00","description":"Descubre todos los tratamientos de rejuvenecimiento facial que ofrece nuestra cl\u00ednica est\u00e9tica Valencia. Pide tu cita.","breadcrumb":{"@id":"https:\/\/clinicacemeq.es\/estetica\/rejuvenecimiento-facial-y-arrugas\/#breadcrumb"},"inLanguage":"es","potentialAction":[{"@type":"ReadAction","target":["https:\/\/clinicacemeq.es\/estetica\/rejuvenecimiento-facial-y-arrugas\/"]}]},{"@type":"BreadcrumbList","@id":"https:\/\/clinicacemeq.es\/estetica\/rejuvenecimiento-facial-y-arrugas\/#breadcrumb","itemListElement":[{"@type":"ListItem","position":1,"name":"Portada","item":"https:\/\/clinicacemeq.es\/estetica\/"},{"@type":"ListItem","position":2,"name":"Rejuvenecimiento facial y arrugas"}]},{"@type":"WebSite","@id":"https:\/\/clinicacemeq.es\/estetica\/#website","url":"https:\/\/clinicacemeq.es\/estetica\/","name":"Cl\u00ednica Est\u00e9tica CEMEQ","description":"Medicina est\u00e9tica \u0131 Cirug\u00eda Est\u00e9tica \u0131 Cl\u00ednica Dental \u0131 Unidad Capilar \u0131 Unidad de Obesidad","potentialAction":[{"@type":"SearchAction","target":{"@type":"EntryPoint","urlTemplate":"https:\/\/clinicacemeq.es\/estetica\/?s={search_term_string}"},"query-input":{"@type":"PropertyValueSpecification","valueRequired":true,"valueName":"search_term_string"}}],"inLanguage":"es"}]}},"_links":{"self":[{"href":"https:\/\/clinicacemeq.es\/estetica\/wp-json\/wp\/v2\/pages\/5708"}],"collection":[{"href":"https:\/\/clinicacemeq.es\/estetica\/wp-json\/wp\/v2\/pages"}],"about":[{"href":"https:\/\/clinicacemeq.es\/estetica\/wp-json\/wp\/v2\/types\/page"}],"author":[{"embeddable":true,"href":"https:\/\/clinicacemeq.es\/estetica\/wp-json\/wp\/v2\/users\/6"}],"replies":[{"embeddable":true,"href":"https:\/\/clinicacemeq.es\/estetica\/wp-json\/wp\/v2\/comments?post=5708"}],"version-history":[{"count":10,"href":"https:\/\/clinicacemeq.es\/estetica\/wp-json\/wp\/v2\/pages\/5708\/revisions"}],"predecessor-version":[{"id":9318,"href":"https:\/\/clinicacemeq.es\/estetica\/wp-json\/wp\/v2\/pages\/5708\/revisions\/9318"}],"wp:attachment":[{"href":"https:\/\/clinicacemeq.es\/estetica\/wp-json\/wp\/v2\/media?parent=5708"}],"curies":[{"name":"wp","href":"https:\/\/api.w.org\/{rel}","templated":true}]}}