{"id":5705,"date":"2022-11-09T07:49:17","date_gmt":"2022-11-09T07:49:17","guid":{"rendered":"https:\/\/clinicacemeq.es\/estetica\/?page_id=5705"},"modified":"2024-05-23T14:19:55","modified_gmt":"2024-05-23T14:19:55","slug":"reduccion-de-pecho","status":"publish","type":"page","link":"https:\/\/clinicacemeq.es\/estetica\/reduccion-de-pecho\/","title":{"rendered":"Reducci\u00f3n de pecho"},"content":{"rendered":"\t<section class=\"section hide-for-small\" id=\"section_1937247120\">\n\t\t<div class=\"bg section-bg fill bg-fill  bg-loaded\" >\n\n\t\t\t\n\t\t\t\n\t\t\t\n\n\t\t<\/div>\n\n\t\t\n\n\t\t<div class=\"section-content relative\">\n\t\t\t\n<div class=\"row row-collapse row-full-width\"  id=\"row-1303158555\">\n\n\t<div id=\"col-1267305159\" class=\"col small-12 large-12\"  >\n\t\t\t\t<div class=\"col-inner text-left\"  >\n\t\t\t\n\t\t\t\n\n  <div class=\"banner has-hover\" id=\"banner-1626792348\">\n          <div class=\"banner-inner fill\">\n        <div class=\"banner-bg fill\" >\n            <div class=\"bg fill bg-fill \"><\/div>\n                                    \n                    <\/div>\n\t\t\n        <div class=\"banner-layers container\">\n            <div class=\"fill banner-link\"><\/div>            \n   <div id=\"text-box-2074201017\" class=\"text-box banner-layer x5 md-x5 lg-x5 y90 md-y50 lg-y50 res-text\">\n                                <div class=\"text-box-content text dark\">\n              \n              <div class=\"text-inner text-left\">\n                  \n\t<div id=\"text-378439563\" class=\"text\">\n\t\t\n<h1 class=\"alt-font\">Reducci\u00f3n de pecho<\/h1>\n\t\t\n<style>\n#text-378439563 {\n  font-size: 0.75rem;\n  text-align: left;\n  color: rgb(0,0,0);\n}\n#text-378439563 > * {\n  color: rgb(0,0,0);\n}\n@media (min-width:550px) {\n  #text-378439563 {\n    font-size: 1rem;\n  }\n}\n@media (min-width:850px) {\n  #text-378439563 {\n    font-size: 0.75rem;\n  }\n}\n<\/style>\n\t<\/div>\n\t\n\t<div id=\"text-2916964075\" class=\"text\">\n\t\t\n<h3>Con la reducci\u00f3n de pecho mejorar\u00e1s la est\u00e9tica de tus pechos y eliminaras las molestias f\u00edsicas y emocionales causadas por uno senos demasiado grandes.<\/h3>\n\t\t\n<style>\n#text-2916964075 {\n  font-size: 0.75rem;\n  color: rgb(0,0,0);\n}\n#text-2916964075 > * {\n  color: rgb(0,0,0);\n}\n@media (min-width:550px) {\n  #text-2916964075 {\n    font-size: 0.75rem;\n  }\n}\n<\/style>\n\t<\/div>\n\t\n<a href=\"#contactoGeneral\" target=\"_self\" class=\"button secondary is-larger box-shadow-1\"  style=\"border-radius:99px;\">\n    <span>Pide tu cita<\/span>\n  <\/a>\n\n              <\/div>\n           <\/div>\n                            \n<style>\n#text-box-2074201017 {\n  width: 54%;\n}\n#text-box-2074201017 .text-box-content {\n  font-size: 100%;\n}\n@media (min-width:550px) {\n  #text-box-2074201017 {\n    width: 59%;\n  }\n}\n@media (min-width:850px) {\n  #text-box-2074201017 {\n    width: 51%;\n  }\n}\n<\/style>\n    <\/div>\n \n        <\/div>\n      <\/div>\n\n            \n<style>\n#banner-1626792348 {\n  padding-top: 330px;\n}\n#banner-1626792348 .bg.bg-loaded {\n  background-image: url(https:\/\/clinicacemeq.es\/estetica\/wp-content\/uploads\/2022\/11\/reduccion-pecho-cemeq.jpeg);\n}\n#banner-1626792348 .bg {\n  background-position: 26% 27%;\n}\n#banner-1626792348 .ux-shape-divider--top svg {\n  height: 150px;\n  --divider-top-width: 100%;\n}\n#banner-1626792348 .ux-shape-divider--bottom svg {\n  height: 150px;\n  --divider-width: 100%;\n}\n@media (min-width:550px) {\n  #banner-1626792348 {\n    padding-top: 500px;\n  }\n}\n@media (min-width:850px) {\n  #banner-1626792348 {\n    padding-top: 550px;\n  }\n}\n<\/style>\n  <\/div>\n\n\n\t\t<\/div>\n\t\t\t\t\t<\/div>\n\n\t\n<\/div>\n\t\t<\/div>\n\n\t\t\n<style>\n#section_1937247120 {\n  padding-top: 0px;\n  padding-bottom: 0px;\n}\n#section_1937247120 .ux-shape-divider--top svg {\n  height: 150px;\n  --divider-top-width: 100%;\n}\n#section_1937247120 .ux-shape-divider--bottom svg {\n  height: 150px;\n  --divider-width: 100%;\n}\n<\/style>\n\t<\/section>\n\t\n\t<section class=\"section show-for-small\" id=\"section_334365158\">\n\t\t<div class=\"bg section-bg fill bg-fill  bg-loaded\" >\n\n\t\t\t\n\t\t\t\n\t\t\t\n\n\t\t<\/div>\n\n\t\t\n\n\t\t<div class=\"section-content relative\">\n\t\t\t\n<div class=\"row row-collapse row-full-width\"  id=\"row-755945878\">\n\n\t<div id=\"col-983858783\" class=\"col small-12 large-12\"  >\n\t\t\t\t<div class=\"col-inner text-left\"  >\n\t\t\t\n\t\t\t\n\n  <div class=\"banner has-hover\" id=\"banner-687369801\">\n          <div class=\"banner-inner fill\">\n        <div class=\"banner-bg fill\" >\n            <div class=\"bg fill bg-fill \"><\/div>\n                                    \n                    <\/div>\n\t\t\n        <div class=\"banner-layers container\">\n            <div class=\"fill banner-link\"><\/div>            \n   <div id=\"text-box-698594808\" class=\"text-box banner-layer x5 md-x5 lg-x5 y5 md-y50 lg-y50 res-text\">\n                                <div class=\"text-box-content text dark\">\n              \n              <div class=\"text-inner text-left\">\n                  \n\t<div id=\"text-3923697016\" class=\"text\">\n\t\t\n<h1 class=\"alt-font\"><span style=\"font-size: 65%;\">Reducci\u00f3n de pecho<\/span><\/h1>\n\t\t\n<style>\n#text-3923697016 {\n  font-size: 0.75rem;\n  text-align: left;\n  color: rgb(0,0,0);\n}\n#text-3923697016 > * {\n  color: rgb(0,0,0);\n}\n@media (min-width:550px) {\n  #text-3923697016 {\n    font-size: 1.5rem;\n  }\n}\n@media (min-width:850px) {\n  #text-3923697016 {\n    font-size: 1.45rem;\n  }\n}\n<\/style>\n\t<\/div>\n\t\n\t<div id=\"text-2690446149\" class=\"text\">\n\t\t\n<h3><span style=\"font-size: 65%;\">Con la reducci\u00f3n de pecho mejorar\u00e1s la est\u00e9tica de tus pechos y eliminaras las molestias f\u00edsicas y emocionales causadas por uno senos demasiado grandes.<\/span><\/h3>\n\t\t\n<style>\n#text-2690446149 {\n  font-size: 0.75rem;\n  line-height: 1;\n  color: rgb(0,0,0);\n}\n#text-2690446149 > * {\n  color: rgb(0,0,0);\n}\n@media (min-width:550px) {\n  #text-2690446149 {\n    font-size: 0.9rem;\n  }\n}\n<\/style>\n\t<\/div>\n\t\n<a href=\"#\" target=\"_self\" class=\"button secondary is-larger box-shadow-1\"  style=\"border-radius:99px;\">\n    <span>Pide tu cita<\/span>\n  <\/a>\n\n              <\/div>\n           <\/div>\n                            \n<style>\n#text-box-698594808 {\n  width: 54%;\n}\n#text-box-698594808 .text-box-content {\n  font-size: 100%;\n}\n@media (min-width:550px) {\n  #text-box-698594808 {\n    width: 48%;\n  }\n}\n@media (min-width:850px) {\n  #text-box-698594808 {\n    width: 46%;\n  }\n}\n<\/style>\n    <\/div>\n \n        <\/div>\n      <\/div>\n\n            \n<style>\n#banner-687369801 {\n  padding-top: 420px;\n}\n#banner-687369801 .bg.bg-loaded {\n  background-image: url(https:\/\/clinicacemeq.es\/estetica\/wp-content\/uploads\/2022\/11\/reduccion-pecho-cemeq.jpeg);\n}\n#banner-687369801 .bg {\n  background-position: 83% 49%;\n}\n#banner-687369801 .ux-shape-divider--top svg {\n  height: 150px;\n  --divider-top-width: 100%;\n}\n#banner-687369801 .ux-shape-divider--bottom svg {\n  height: 150px;\n  --divider-width: 100%;\n}\n@media (min-width:550px) {\n  #banner-687369801 {\n    padding-top: 500px;\n  }\n}\n@media (min-width:850px) {\n  #banner-687369801 {\n    padding-top: 550px;\n  }\n}\n<\/style>\n  <\/div>\n\n\n\t\t<\/div>\n\t\t\t\t\t<\/div>\n\n\t\n<\/div>\n\t\t<\/div>\n\n\t\t\n<style>\n#section_334365158 {\n  padding-top: 0px;\n  padding-bottom: 0px;\n}\n#section_334365158 .ux-shape-divider--top svg {\n  height: 150px;\n  --divider-top-width: 100%;\n}\n#section_334365158 .ux-shape-divider--bottom svg {\n  height: 150px;\n  --divider-width: 100%;\n}\n<\/style>\n\t<\/section>\n\t\n\t<section class=\"section\" id=\"section_1944672651\">\n\t\t<div class=\"bg section-bg fill bg-fill  bg-loaded\" >\n\n\t\t\t\n\t\t\t\n\t\t\t\n\n\t\t<\/div>\n\n\t\t\n\n\t\t<div class=\"section-content relative\">\n\t\t\t\n<div class=\"row row-small row-full-width align-equal\"  id=\"row-573151379\">\n\n\t<div id=\"col-978960890\" class=\"col medium-6 small-12 large-6\"  >\n\t\t\t\t<div class=\"col-inner\"  >\n\t\t\t\n\t\t\t\n\n  <div class=\"banner has-hover\" id=\"banner-1283321830\">\n          <div class=\"banner-inner fill\">\n        <div class=\"banner-bg fill\" >\n            <div class=\"bg fill bg-fill \"><\/div>\n                                    \n                    <\/div>\n\t\t\n        <div class=\"banner-layers container\">\n            <div class=\"fill banner-link\"><\/div>            \n        <\/div>\n      <\/div>\n\n            \n<style>\n#banner-1283321830 {\n  padding-top: 99.99%;\n  background-color: rgb(255, 255, 255);\n}\n#banner-1283321830 .bg.bg-loaded {\n  background-image: url(https:\/\/clinicacemeq.es\/estetica\/wp-content\/uploads\/2022\/11\/reduccion-pecho-cemeq.png);\n}\n#banner-1283321830 .bg {\n  background-position: 46% 48%;\n}\n#banner-1283321830 .ux-shape-divider--top svg {\n  height: 150px;\n  --divider-top-width: 100%;\n}\n#banner-1283321830 .ux-shape-divider--bottom svg {\n  height: 150px;\n  --divider-width: 100%;\n}\n@media (min-width:550px) {\n  #banner-1283321830 {\n    padding-top: 420px;\n  }\n}\n@media (min-width:850px) {\n  #banner-1283321830 {\n    padding-top: 450px;\n  }\n}\n<\/style>\n  <\/div>\n\n\n\t\t<\/div>\n\t\t\t\t\t<\/div>\n\n\t\n\n\t<div id=\"col-2108362081\" class=\"col medium-6 small-12 large-6 small-col-first\"  >\n\t\t\t\t<div class=\"col-inner\" style=\"background-color:rgb(229, 227, 227);\" >\n\t\t\t\n\t<div class=\"is-border\"\n\t\tstyle=\"border-color:rgb(194, 194, 194);border-width:2px 2px 2px 2px;\">\n\t<\/div>\n\t\t\t\n\t<div id=\"gap-1121585925\" class=\"gap-element clearfix\" style=\"display:block; height:auto;\">\n\t\t\n<style>\n#gap-1121585925 {\n  padding-top: 40px;\n}\n<\/style>\n\t<\/div>\n\t\n\t<div id=\"text-3391862799\" class=\"text\">\n\t\t\n<h2>En pocas palabras&#8230;<\/h2>\n<ul>\n<li><strong>Tiempo de intervenci\u00f3n:<\/strong> 2-4 horas<\/li>\n<li><strong>Tiempo de hospitalizaci\u00f3n:<\/strong> 1 d\u00eda<\/li>\n<li><strong>Tiempo de recuperaci\u00f3n:<\/strong> 3 d\u00edas<\/li>\n<li><strong>Tipo de anestesia:<\/strong> General<\/li>\n<li><strong>Tiempo para la obtenci\u00f3n de resultados:<\/strong> Inmediato<\/li>\n<li>T\u00e9cnica con resultados duraderos.<\/li>\n<\/ul>\n\t\t\n<style>\n#text-3391862799 {\n  font-size: 1rem;\n  color: rgb(0,0,0);\n}\n#text-3391862799 > * {\n  color: rgb(0,0,0);\n}\n<\/style>\n\t<\/div>\n\t\n<a href=\"https:\/\/clinicacemeq.es\/estetica\/contacto\/\" target=\"_self\" class=\"button primary is-underline\"  >\n    <span>M\u00e1s informaci\u00f3n<\/span>\n  <\/a>\n\n\t\t<\/div>\n\t\t\t\t\n<style>\n#col-2108362081 > .col-inner {\n  padding: 15px 15px 15px 9%;\n}\n<\/style>\n\t<\/div>\n\n\t\n<\/div>\n\t\t<\/div>\n\n\t\t\n<style>\n#section_1944672651 {\n  padding-top: 30px;\n  padding-bottom: 30px;\n}\n#section_1944672651 .ux-shape-divider--top svg {\n  height: 150px;\n  --divider-top-width: 100%;\n}\n#section_1944672651 .ux-shape-divider--bottom svg {\n  height: 150px;\n  --divider-width: 100%;\n}\n<\/style>\n\t<\/section>\n\t\n\t<section class=\"section\" id=\"section_1138261864\">\n\t\t<div class=\"bg section-bg fill bg-fill  bg-loaded\" >\n\n\t\t\t\n\t\t\t\n\t\t\t\n\n\t\t<\/div>\n\n\t\t\n\n\t\t<div class=\"section-content relative\">\n\t\t\t\n<div class=\"row\" style=\"max-width:92%\" id=\"row-2081792569\">\n\n\t<div id=\"col-409393000\" class=\"col medium-7 small-12 large-7\"  >\n\t\t\t\t<div class=\"col-inner\"  >\n\t\t\t\n\t\t\t\n\t<div id=\"text-202014208\" class=\"text\">\n\t\t\n<h2>Especialistas en reducci\u00f3n de pecho<\/h2>\n\t\t\n<style>\n#text-202014208 {\n  font-size: 1rem;\n  color: rgb(0,0,0);\n}\n#text-202014208 > * {\n  color: rgb(0,0,0);\n}\n@media (min-width:550px) {\n  #text-202014208 {\n    font-size: 1.05rem;\n  }\n}\n@media (min-width:850px) {\n  #text-202014208 {\n    font-size: 1rem;\n  }\n}\n<\/style>\n\t<\/div>\n\t\n\t<div id=\"text-2989202688\" class=\"text\">\n\t\t\n<p>La reducci\u00f3n pecho es cada vez m\u00e1s com\u00fan entre mujeres de todo el mundo debido a que permite conseguir la proporci\u00f3n deseada en una parte del cuerpo tan importante como las mamas y mejorar otras estructuras de nuestro cuerpo como la espalda y los hombros.<\/p>\n<p>En la Cl\u00ednica CEMEQ estamos convencidos de que cada uno de nuestros tratamientos debe efectuarse bajo los m\u00e1s altos est\u00e1ndares de calidad, por lo que te ofrecemos la reducci\u00f3n de pecho menos invasiva, con t\u00e9cnicas que evitan la proliferaci\u00f3n de cicatrices y la afectaci\u00f3n de otros tejidos, ofreci\u00e9ndote un postoperatorio m\u00e1s grato y corto, a la vez que los mejores resultados al corto, mediano y largo plazo.<br \/>\n\t\t\n<style>\n#text-2989202688 {\n  font-size: 1rem;\n  color: rgb(0,0,0);\n}\n#text-2989202688 > * {\n  color: rgb(0,0,0);\n}\n@media (min-width:550px) {\n  #text-2989202688 {\n    font-size: 1rem;\n  }\n}\n@media (min-width:850px) {\n  #text-2989202688 {\n    font-size: 1.1rem;\n  }\n}\n<\/style>\n\t<\/div>\n\t\n<div class=\"is-divider divider clearfix\" ><\/div>\n\t<div id=\"text-3010354138\" class=\"text\">\n\t\t\n<h2>Dudas frecuentes sobre reducci\u00f3n de pecho<\/h2>\n\t\t\n<style>\n#text-3010354138 {\n  font-size: 1rem;\n  color: rgb(0,0,0);\n}\n#text-3010354138 > * {\n  color: rgb(0,0,0);\n}\n<\/style>\n\t<\/div>\n\t\n<div class=\"accordion\" rel=\"\">\n<div class=\"accordion-item\"><a href=\"#\" class=\"accordion-title plain\"><button class=\"toggle\" aria-label=\"Toggle\"><i class=\"icon-angle-down\"><\/i><\/button><span>\u00bfEn qu\u00e9 consiste la reducci\u00f3n de pecho?<\/span><\/a><div class=\"accordion-inner\">\n\t<div id=\"text-3556675064\" class=\"text\">\n\t\t\n<h3>La operaci\u00f3n de reducci\u00f3n de pecho busca eliminar el exceso de grasa, tejido y piel de las mamas. Las mujeres con mamas grandes optan por someterte a una cirug\u00eda de reducci\u00f3n de mamas para aliviar la incomodidad o lograr un tama\u00f1o de mamas proporcional al cuerpo. La reducci\u00f3n de mamas tambi\u00e9n ayuda a una mejora de la autoestima y autoconfianza y tu capacidad para participar en la vida social y realizar actividades f\u00edsicas.<\/h3>\n\t\t\n<style>\n#text-3556675064 {\n  font-size: 0.8rem;\n  color: rgb(0,0,0);\n}\n#text-3556675064 > * {\n  color: rgb(0,0,0);\n}\n<\/style>\n\t<\/div>\n\t\n<\/div><\/div>\n<div class=\"accordion-item\"><a href=\"#\" class=\"accordion-title plain\"><button class=\"toggle\" aria-label=\"Toggle\"><i class=\"icon-angle-down\"><\/i><\/button><span>Candidatos ideales para la operaci\u00f3n de reducci\u00f3n de pecho<\/span><\/a><div class=\"accordion-inner\">\n\t<div id=\"text-1441191675\" class=\"text\">\n\t\t\n<p>Cualquier persona puede disfrutar de las ventajas de la reducci\u00f3n de mamas siempre que las mismas hayan terminado de desarrollarse. Sin embargo, el procedimiento podr\u00e1 llevarse a cabo aun cuando no se haya completado este proceso, siempre que el tama\u00f1o del pecho ya est\u00e9 causando problemas importantes sobre la salud f\u00edsica o bienestar psicol\u00f3gico del potencial paciente.<\/p>\n<p>Si bien lo m\u00e1s com\u00fan es que sean las mujeres quienes pasen por este tipo de procedimientos, tambi\u00e9n es una opci\u00f3n terap\u00e9utica muy recomendable para hombres que cuenten con un desarrollo excesivo del \u00e1rea pectoral como consecuencia de obesidad o alteraciones hormonales.<br \/>\n\t\t\n<style>\n#text-1441191675 {\n  font-size: 1.1rem;\n  color: rgb(0,0,0);\n}\n#text-1441191675 > * {\n  color: rgb(0,0,0);\n}\n<\/style>\n\t<\/div>\n\t\n<\/div><\/div>\n<div class=\"accordion-item\"><a href=\"#\" class=\"accordion-title plain\"><button class=\"toggle\" aria-label=\"Toggle\"><i class=\"icon-angle-down\"><\/i><\/button><span>\u00bfC\u00f3mo se lleva a cabo una reducci\u00f3n pecho?<\/span><\/a><div class=\"accordion-inner\">\n\t<div id=\"text-2916863254\" class=\"text\">\n\t\t\n<h3>Existen varias t\u00e9cnicas para llevar a cabo la reducci\u00f3n de mamas, siendo algunas m\u00e1s invasivas que otras y generando distintos resultados, tanto desde el punto de vista est\u00e9tico, como desde el funcional. Por lo general, se requerir\u00e1 realizar una o m\u00e1s incisiones alrededor de la areola, entre esta y la parte inferior del seno y\/o entre la areola y la parte inferior de la mama, con una incisi\u00f3n horizontal (en forma de T invertida).<\/h3>\n<h3>La t\u00e9cnica que involucra el corte alrededor de la areola se usa para disminuir el tama\u00f1o de los senos que son ligeramente m\u00e1s grandes de lo normal, pero que no se aprecian ca\u00eddos. La que conlleva una incisi\u00f3n alrededor de la areola y un corte vertical desde esta hasta la base del seno se emplea m\u00e1s com\u00fanmente para disminuir aquellas mamas medianamente hipertr\u00f3ficas y moderadamente ca\u00eddas. La \u00faltima alternativa se utiliza para modificar la forma de cualquier tipo de pecho, independientemente de su tama\u00f1o.<\/h3>\n\t\t\n<style>\n#text-2916863254 {\n  font-size: 1rem;\n  color: rgb(0,0,0);\n}\n#text-2916863254 > * {\n  color: rgb(0,0,0);\n}\n<\/style>\n\t<\/div>\n\t\n<\/div><\/div>\n<div class=\"accordion-item\"><a href=\"#\" class=\"accordion-title plain\"><button class=\"toggle\" aria-label=\"Toggle\"><i class=\"icon-angle-down\"><\/i><\/button><span>\u00bfC\u00f3mo es el postoperatorio de la reducci\u00f3n pecho?<\/span><\/a><div class=\"accordion-inner\">\n\t<div id=\"text-3931110073\" class=\"text\">\n\t\t\n<h3>Durante la fase de recuperaci\u00f3n de la operaci\u00f3n de reducci\u00f3n de pecho es com\u00fan que se presenten molestias o un dolor leve o moderado, as\u00ed como sangrados ligeros, inflamaci\u00f3n y moretones. Estas alteraciones desaparecer\u00e1n al cabo de unos pocos d\u00edas. Despu\u00e9s de la intervenci\u00f3n, se aplicar\u00e1n vendajes compresivos que se retirar\u00e1n entre las 24 y 48 horas siguientes.<\/h3>\n\t\t\n<style>\n#text-3931110073 {\n  font-size: 0.8rem;\n  color: rgb(0,0,0);\n}\n#text-3931110073 > * {\n  color: rgb(0,0,0);\n}\n<\/style>\n\t<\/div>\n\t\n<\/div><\/div>\n<div class=\"accordion-item\"><a href=\"#\" class=\"accordion-title plain\"><button class=\"toggle\" aria-label=\"Toggle\"><i class=\"icon-angle-down\"><\/i><\/button><span>Resultados reducci\u00f3n pecho<\/span><\/a><div class=\"accordion-inner\">\n\t<div id=\"text-659801265\" class=\"text\">\n\t\t\n<h3>Los cambios realizados a tu pecho permanecer\u00e1n a lo largo del tiempo, pues se altera significativamente su estructura. No obstante, a\u00fan podr\u00e1n caer un poco como consecuencia de la gravedad y la p\u00e9rdida de la elasticidad de la piel relacionada con el envejecimiento. En ocasiones tu pecho tambi\u00e9n podr\u00e1 crecer ligeramente al aumentar el grosor de su tejido adiposo, sin que esto sea muy significativo.<\/h3>\n\t\t\n<style>\n#text-659801265 {\n  font-size: 0.8rem;\n  color: rgb(0,0,0);\n}\n#text-659801265 > * {\n  color: rgb(0,0,0);\n}\n<\/style>\n\t<\/div>\n\t\n\t<div id=\"text-1000089586\" class=\"text\">\n\t\t\n\t\t\n<style>\n#text-1000089586 {\n  font-size: 0.8rem;\n  color: rgb(0,0,0);\n}\n#text-1000089586 > * {\n  color: rgb(0,0,0);\n}\n<\/style>\n\t<\/div>\n\t\n<\/div><\/div>\n<div class=\"accordion-item\"><a href=\"#\" class=\"accordion-title plain\"><button class=\"toggle\" aria-label=\"Toggle\"><i class=\"icon-angle-down\"><\/i><\/button><span>Reducci\u00f3n de pecho precio<\/span><\/a><div class=\"accordion-inner\">\n\t<div id=\"text-2076519519\" class=\"text\">\n\t\t\n<h3>A la hora de establecer un precio de una operacion de reducci\u00f3n de pecho, es importante realizar una valoraci\u00f3n previa en consulta con el cirujano. La reducci\u00f3n de pecho precio puede var\u00edan en funci\u00f3n de las caracter\u00edsticas y necesidades de cada paciente En CEMEQ contamos con expertos en reducci\u00f3n pecho. En una 1\u00aa consulta gratis con nuestro cirujano, \u00e9l resolver\u00e1 todas sus dudas, le mostrar\u00e1 fotos de antes y despu\u00e9s de sus trabajos, asi como se establecer\u00e1 un presupuesto adaptado a su caso.<\/h3>\n\t\t\n<style>\n#text-2076519519 {\n  font-size: 0.8rem;\n  color: rgb(0,0,0);\n}\n#text-2076519519 > * {\n  color: rgb(0,0,0);\n}\n<\/style>\n\t<\/div>\n\t\n\t<div id=\"text-217254218\" class=\"text\">\n\t\t\n\t\t\n<style>\n#text-217254218 {\n  font-size: 0.8rem;\n  color: rgb(0,0,0);\n}\n#text-217254218 > * {\n  color: rgb(0,0,0);\n}\n<\/style>\n\t<\/div>\n\t\n<\/div><\/div>\n<\/div>\n\t\t<\/div>\n\t\t\t\t\n<style>\n#col-409393000 > .col-inner {\n  padding: 0px 10px 0px 0px;\n}\n<\/style>\n\t<\/div>\n\n\t\n\n\t<div id=\"col-1380036184\" class=\"col medium-5 small-12 large-5\"  >\n\t\t\t\t<div class=\"col-inner\"  >\n\t\t\t\n\t\t\t\n\t<div id=\"text-779921455\" class=\"text\">\n\t\t\n<h2>Contacta con nosotros<\/h2>\n\t\t\n<style>\n#text-779921455 {\n  text-align: center;\n  color: rgb(0,0,0);\n}\n#text-779921455 > * {\n  color: rgb(0,0,0);\n}\n<\/style>\n\t<\/div>\n\t\n\n<div id=\"contactoGeneral\" style=\"padding: 20px;\"><div class=\"wpforms-container wpforms-container-full wpforms-render-modern\" id=\"wpforms-9301\"><form id=\"wpforms-form-9301\" class=\"wpforms-validate wpforms-form wpforms-ajax-form\" data-formid=\"9301\" method=\"post\" enctype=\"multipart\/form-data\" action=\"\/estetica\/wp-json\/wp\/v2\/pages\/5705\" data-token=\"a2b467bb7de1dc31ab8bf8ba1054aeb1\"><noscript class=\"wpforms-error-noscript\">Por favor, activa JavaScript en tu navegador para completar este formulario.<\/noscript><div class=\"wpforms-hidden\" id=\"wpforms-error-noscript\">Por favor, activa JavaScript en tu navegador para completar este formulario.<\/div><div class=\"wpforms-field-container\"><div id=\"wpforms-9301-field_9-container\" class=\"wpforms-field wpforms-field-text\" data-field-id=\"9\"><label class=\"wpforms-field-label\" for=\"wpforms-9301-field_9\">Nombre <span class=\"wpforms-required-label\" aria-hidden=\"true\">*<\/span><\/label><input type=\"text\" id=\"wpforms-9301-field_9\" class=\"wpforms-field-medium wpforms-field-required\" name=\"wpforms[fields][9]\" aria-errormessage=\"wpforms-9301-field_9-error\" required><\/div><div id=\"wpforms-9301-field_8-container\" class=\"wpforms-field wpforms-field-email\" data-field-id=\"8\"><label class=\"wpforms-field-label\" for=\"wpforms-9301-field_8\">Correo <span class=\"wpforms-required-label\" aria-hidden=\"true\">*<\/span><\/label><input type=\"email\" id=\"wpforms-9301-field_8\" class=\"wpforms-field-large wpforms-field-required\" name=\"wpforms[fields][8]\" spellcheck=\"false\" aria-errormessage=\"wpforms-9301-field_8-error\" required><\/div><div id=\"wpforms-9301-field_10-container\" class=\"wpforms-field wpforms-field-number\" data-field-id=\"10\"><label class=\"wpforms-field-label\" for=\"wpforms-9301-field_10\">N\u00ba de tel\u00e9fono <span class=\"wpforms-required-label\" aria-hidden=\"true\">*<\/span><\/label><input type=\"number\" pattern=\"\\d*\" id=\"wpforms-9301-field_10\" class=\"wpforms-field-large wpforms-field-required\" name=\"wpforms[fields][10]\" aria-errormessage=\"wpforms-9301-field_10-error\" required><\/div><div id=\"wpforms-9301-field_11-container\" class=\"wpforms-field wpforms-field-select wpforms-field-select-style-classic\" data-field-id=\"11\"><label class=\"wpforms-field-label\" for=\"wpforms-9301-field_11\">\u00bfEn qu\u00e9 podemos ayudarte? <span class=\"wpforms-required-label\" aria-hidden=\"true\">*<\/span><\/label><select id=\"wpforms-9301-field_11\" class=\"wpforms-field-large wpforms-field-required\" name=\"wpforms[fields][11]\" required=\"required\"><option value=\"Cirug\u00eda pl\u00e1stica\" >Cirug\u00eda pl\u00e1stica<\/option><option value=\"Medicina est\u00e9tica\" >Medicina est\u00e9tica<\/option><option value=\"Unidad de obesidad\" >Unidad de obesidad<\/option><option value=\"Unidad capilar\" >Unidad capilar<\/option><\/select><\/div><div id=\"wpforms-9301-field_12-container\" class=\"wpforms-field wpforms-field-checkbox\" data-field-id=\"12\"><fieldset><legend class=\"wpforms-field-label wpforms-label-hide\" aria-hidden=\"false\">Casillas de verificaci\u00f3n <span class=\"wpforms-required-label\" aria-hidden=\"true\">*<\/span><\/legend><ul id=\"wpforms-9301-field_12\" class=\"wpforms-field-required\"><li class=\"choice-1 depth-1\"><input type=\"checkbox\" id=\"wpforms-9301-field_12_1\" name=\"wpforms[fields][12][]\" value=\"He le\u00eddo y acepto la &lt;a rel=&quot;noopener&quot; target=&quot;_blank&quot; href=&quot;https:\/\/clinicacemeq.es\/estetica\/politica-privacidad\/&quot;&gt;Pol\u00edtica de Privacidad y Protecci\u00f3n de Datos&lt;\/a&gt;.\" aria-errormessage=\"wpforms-9301-field_12_1-error\" aria-describedby=\"wpforms-9301-field_12-description\" required ><label class=\"wpforms-field-label-inline\" for=\"wpforms-9301-field_12_1\">He le\u00eddo y acepto la <a rel=\"noopener\" target=\"_blank\" href=\"https:\/\/clinicacemeq.es\/estetica\/politica-privacidad\/\">Pol\u00edtica de Privacidad y Protecci\u00f3n de Datos<\/a>. <span class=\"wpforms-required-label\">*<\/span><\/label><\/li><\/ul><div id=\"wpforms-9301-field_12-description\" class=\"wpforms-field-description wpforms-disclaimer-description\"><p style=\"font-size: 10px;\">CLINICA CEMEQ SOCIEDAD LIMITADA, en calidad de responsable del tratamiento, tratar\u00e1 los datos recogidos con la finalidad de gestionar su solicitud de descarga del ebook y gestionar el inter\u00e9s mostrado en los productos y servicios de CEMEQ, bas\u00e1ndose en el consentimiento que expresamente manifiesta al remitir el presente formulario. Estos datos no ser\u00e1n comunicados a terceros salvo obligaci\u00f3n legal ni ser\u00e1n objeto de transferencias internacionales de datos. Puede ejercer sus derechos de acceso, rectificaci\u00f3n, supresi\u00f3n, portabilidad, limitaci\u00f3n del tratamiento y oposici\u00f3n en el correo <a href=\"mailto:info@clinicacemeq.es\" rel=\"noopener\">info@clinicacemeq.es<\/a>, tal como se indica en la <a href=\"https:\/\/clinicacemeq.es\/estetica\/politica-privacidad\/\" rel=\"noopener\" target=\"_blank\">Pol\u00edtica de Privacidad<\/a>, donde dispone de m\u00e1s informaci\u00f3n sobre el tratamiento.<\/p><\/div><\/fieldset><\/div><\/div><!-- .wpforms-field-container --><div class=\"wpforms-submit-container\" ><input type=\"hidden\" name=\"wpforms[id]\" value=\"9301\"><input type=\"hidden\" name=\"wpforms[author]\" value=\"6\"><button type=\"submit\" name=\"wpforms[submit]\" id=\"wpforms-submit-9301\" class=\"wpforms-submit\" data-alt-text=\"Enviando reserva...\" data-submit-text=\"Enviar\" aria-live=\"assertive\" value=\"wpforms-submit\">Enviar<\/button><img loading=\"lazy\" decoding=\"async\" src=\"https:\/\/clinicacemeq.es\/estetica\/wp-content\/plugins\/wpforms\/assets\/images\/submit-spin.svg\" class=\"wpforms-submit-spinner\" style=\"display: none;\" width=\"26\" height=\"26\" alt=\"Cargando\"><\/div><\/form><\/div>  <!-- .wpforms-container --><\/div>\n\n\t\t<\/div>\n\t\t\t\t\t<\/div>\n\n\t\n<\/div>\n\t\t<\/div>\n\n\t\t\n<style>\n#section_1138261864 {\n  padding-top: 30px;\n  padding-bottom: 30px;\n  background-color: rgb(247, 247, 247);\n}\n#section_1138261864 .ux-shape-divider--top svg {\n  height: 150px;\n  --divider-top-width: 100%;\n}\n#section_1138261864 .ux-shape-divider--bottom svg {\n  height: 150px;\n  --divider-width: 100%;\n}\n<\/style>\n\t<\/section>\n\t\n","protected":false},"excerpt":{"rendered":"","protected":false},"author":6,"featured_media":0,"parent":0,"menu_order":0,"comment_status":"closed","ping_status":"closed","template":"page-blank.php","meta":{"footnotes":""},"yoast_head":"<!-- This site is optimized with the Yoast SEO Premium plugin v18.3 (Yoast SEO v24.5) - https:\/\/yoast.com\/wordpress\/plugins\/seo\/ -->\n<title>Reducci\u00f3n de pecho - Cl\u00ednica Est\u00e9tica CEMEQ<\/title>\n<meta name=\"description\" content=\"Consigue el tama\u00f1o de tu pecho que siempre has deseado con la reducci\u00f3n de pecho. Pide tu valoraci\u00f3n gratuita.\" \/>\n<meta name=\"robots\" content=\"index, follow, max-snippet:-1, max-image-preview:large, max-video-preview:-1\" \/>\n<link rel=\"canonical\" href=\"https:\/\/clinicacemeq.es\/estetica\/reduccion-de-pecho\/\" \/>\n<meta property=\"og:locale\" content=\"es_ES\" \/>\n<meta property=\"og:type\" content=\"article\" \/>\n<meta property=\"og:title\" content=\"Reducci\u00f3n de pecho\" \/>\n<meta property=\"og:description\" content=\"Consigue el tama\u00f1o de tu pecho que siempre has deseado con la reducci\u00f3n de pecho. Pide tu valoraci\u00f3n gratuita.\" \/>\n<meta property=\"og:url\" content=\"https:\/\/clinicacemeq.es\/estetica\/reduccion-de-pecho\/\" \/>\n<meta property=\"og:site_name\" content=\"Cl\u00ednica Est\u00e9tica CEMEQ\" \/>\n<meta property=\"article:modified_time\" content=\"2024-05-23T14:19:55+00:00\" \/>\n<meta name=\"twitter:card\" content=\"summary_large_image\" \/>\n<meta name=\"twitter:label1\" content=\"Tiempo de lectura\" \/>\n\t<meta name=\"twitter:data1\" content=\"5 minutos\" \/>\n<script type=\"application\/ld+json\" class=\"yoast-schema-graph\">{\"@context\":\"https:\/\/schema.org\",\"@graph\":[{\"@type\":\"WebPage\",\"@id\":\"https:\/\/clinicacemeq.es\/estetica\/reduccion-de-pecho\/\",\"url\":\"https:\/\/clinicacemeq.es\/estetica\/reduccion-de-pecho\/\",\"name\":\"Reducci\u00f3n de pecho - Cl\u00ednica Est\u00e9tica CEMEQ\",\"isPartOf\":{\"@id\":\"https:\/\/clinicacemeq.es\/estetica\/#website\"},\"datePublished\":\"2022-11-09T07:49:17+00:00\",\"dateModified\":\"2024-05-23T14:19:55+00:00\",\"description\":\"Consigue el tama\u00f1o de tu pecho que siempre has deseado con la reducci\u00f3n de pecho. Pide tu valoraci\u00f3n gratuita.\",\"breadcrumb\":{\"@id\":\"https:\/\/clinicacemeq.es\/estetica\/reduccion-de-pecho\/#breadcrumb\"},\"inLanguage\":\"es\",\"potentialAction\":[{\"@type\":\"ReadAction\",\"target\":[\"https:\/\/clinicacemeq.es\/estetica\/reduccion-de-pecho\/\"]}]},{\"@type\":\"BreadcrumbList\",\"@id\":\"https:\/\/clinicacemeq.es\/estetica\/reduccion-de-pecho\/#breadcrumb\",\"itemListElement\":[{\"@type\":\"ListItem\",\"position\":1,\"name\":\"Portada\",\"item\":\"https:\/\/clinicacemeq.es\/estetica\/\"},{\"@type\":\"ListItem\",\"position\":2,\"name\":\"Reducci\u00f3n de pecho\"}]},{\"@type\":\"WebSite\",\"@id\":\"https:\/\/clinicacemeq.es\/estetica\/#website\",\"url\":\"https:\/\/clinicacemeq.es\/estetica\/\",\"name\":\"Cl\u00ednica Est\u00e9tica CEMEQ\",\"description\":\"Medicina est\u00e9tica \u0131 Cirug\u00eda Est\u00e9tica \u0131 Cl\u00ednica Dental \u0131 Unidad Capilar \u0131 Unidad de Obesidad\",\"potentialAction\":[{\"@type\":\"SearchAction\",\"target\":{\"@type\":\"EntryPoint\",\"urlTemplate\":\"https:\/\/clinicacemeq.es\/estetica\/?s={search_term_string}\"},\"query-input\":{\"@type\":\"PropertyValueSpecification\",\"valueRequired\":true,\"valueName\":\"search_term_string\"}}],\"inLanguage\":\"es\"}]}<\/script>\n<!-- \/ Yoast SEO Premium plugin. -->","yoast_head_json":{"title":"Reducci\u00f3n de pecho - Cl\u00ednica Est\u00e9tica CEMEQ","description":"Consigue el tama\u00f1o de tu pecho que siempre has deseado con la reducci\u00f3n de pecho. Pide tu valoraci\u00f3n gratuita.","robots":{"index":"index","follow":"follow","max-snippet":"max-snippet:-1","max-image-preview":"max-image-preview:large","max-video-preview":"max-video-preview:-1"},"canonical":"https:\/\/clinicacemeq.es\/estetica\/reduccion-de-pecho\/","og_locale":"es_ES","og_type":"article","og_title":"Reducci\u00f3n de pecho","og_description":"Consigue el tama\u00f1o de tu pecho que siempre has deseado con la reducci\u00f3n de pecho. Pide tu valoraci\u00f3n gratuita.","og_url":"https:\/\/clinicacemeq.es\/estetica\/reduccion-de-pecho\/","og_site_name":"Cl\u00ednica Est\u00e9tica CEMEQ","article_modified_time":"2024-05-23T14:19:55+00:00","twitter_card":"summary_large_image","twitter_misc":{"Tiempo de lectura":"5 minutos"},"schema":{"@context":"https:\/\/schema.org","@graph":[{"@type":"WebPage","@id":"https:\/\/clinicacemeq.es\/estetica\/reduccion-de-pecho\/","url":"https:\/\/clinicacemeq.es\/estetica\/reduccion-de-pecho\/","name":"Reducci\u00f3n de pecho - Cl\u00ednica Est\u00e9tica CEMEQ","isPartOf":{"@id":"https:\/\/clinicacemeq.es\/estetica\/#website"},"datePublished":"2022-11-09T07:49:17+00:00","dateModified":"2024-05-23T14:19:55+00:00","description":"Consigue el tama\u00f1o de tu pecho que siempre has deseado con la reducci\u00f3n de pecho. Pide tu valoraci\u00f3n gratuita.","breadcrumb":{"@id":"https:\/\/clinicacemeq.es\/estetica\/reduccion-de-pecho\/#breadcrumb"},"inLanguage":"es","potentialAction":[{"@type":"ReadAction","target":["https:\/\/clinicacemeq.es\/estetica\/reduccion-de-pecho\/"]}]},{"@type":"BreadcrumbList","@id":"https:\/\/clinicacemeq.es\/estetica\/reduccion-de-pecho\/#breadcrumb","itemListElement":[{"@type":"ListItem","position":1,"name":"Portada","item":"https:\/\/clinicacemeq.es\/estetica\/"},{"@type":"ListItem","position":2,"name":"Reducci\u00f3n de pecho"}]},{"@type":"WebSite","@id":"https:\/\/clinicacemeq.es\/estetica\/#website","url":"https:\/\/clinicacemeq.es\/estetica\/","name":"Cl\u00ednica Est\u00e9tica CEMEQ","description":"Medicina est\u00e9tica \u0131 Cirug\u00eda Est\u00e9tica \u0131 Cl\u00ednica Dental \u0131 Unidad Capilar \u0131 Unidad de Obesidad","potentialAction":[{"@type":"SearchAction","target":{"@type":"EntryPoint","urlTemplate":"https:\/\/clinicacemeq.es\/estetica\/?s={search_term_string}"},"query-input":{"@type":"PropertyValueSpecification","valueRequired":true,"valueName":"search_term_string"}}],"inLanguage":"es"}]}},"_links":{"self":[{"href":"https:\/\/clinicacemeq.es\/estetica\/wp-json\/wp\/v2\/pages\/5705"}],"collection":[{"href":"https:\/\/clinicacemeq.es\/estetica\/wp-json\/wp\/v2\/pages"}],"about":[{"href":"https:\/\/clinicacemeq.es\/estetica\/wp-json\/wp\/v2\/types\/page"}],"author":[{"embeddable":true,"href":"https:\/\/clinicacemeq.es\/estetica\/wp-json\/wp\/v2\/users\/6"}],"replies":[{"embeddable":true,"href":"https:\/\/clinicacemeq.es\/estetica\/wp-json\/wp\/v2\/comments?post=5705"}],"version-history":[{"count":10,"href":"https:\/\/clinicacemeq.es\/estetica\/wp-json\/wp\/v2\/pages\/5705\/revisions"}],"predecessor-version":[{"id":9334,"href":"https:\/\/clinicacemeq.es\/estetica\/wp-json\/wp\/v2\/pages\/5705\/revisions\/9334"}],"wp:attachment":[{"href":"https:\/\/clinicacemeq.es\/estetica\/wp-json\/wp\/v2\/media?parent=5705"}],"curies":[{"name":"wp","href":"https:\/\/api.w.org\/{rel}","templated":true}]}}