{"id":5689,"date":"2022-11-09T07:31:50","date_gmt":"2022-11-09T07:31:50","guid":{"rendered":"https:\/\/clinicacemeq.es\/estetica\/?page_id=5689"},"modified":"2024-05-23T14:16:13","modified_gmt":"2024-05-23T14:16:13","slug":"otoplastia","status":"publish","type":"page","link":"https:\/\/clinicacemeq.es\/estetica\/otoplastia\/","title":{"rendered":"Otoplastia"},"content":{"rendered":"\t<section class=\"section hide-for-small\" id=\"section_1721552868\">\n\t\t<div class=\"bg section-bg fill bg-fill  bg-loaded\" >\n\n\t\t\t\n\t\t\t\n\t\t\t\n\n\t\t<\/div>\n\n\t\t\n\n\t\t<div class=\"section-content relative\">\n\t\t\t\n<div class=\"row row-collapse row-full-width\"  id=\"row-2059393211\">\n\n\t<div id=\"col-740058733\" class=\"col small-12 large-12\"  >\n\t\t\t\t<div class=\"col-inner text-left\"  >\n\t\t\t\n\t\t\t\n\n  <div class=\"banner has-hover\" id=\"banner-35267282\">\n          <div class=\"banner-inner fill\">\n        <div class=\"banner-bg fill\" >\n            <div class=\"bg fill bg-fill \"><\/div>\n                                    \n                    <\/div>\n\t\t\n        <div class=\"banner-layers container\">\n            <div class=\"fill banner-link\"><\/div>            \n   <div id=\"text-box-1450329689\" class=\"text-box banner-layer x5 md-x5 lg-x5 y90 md-y50 lg-y50 res-text\">\n                                <div class=\"text-box-content text dark\">\n              \n              <div class=\"text-inner text-left\">\n                  \n\t<div id=\"text-4084474662\" class=\"text\">\n\t\t\n<h1 class=\"alt-font\">Otoplastia<\/h1>\n\t\t\n<style>\n#text-4084474662 {\n  font-size: 0.75rem;\n  text-align: left;\n  color: rgb(0,0,0);\n}\n#text-4084474662 > * {\n  color: rgb(0,0,0);\n}\n@media (min-width:550px) {\n  #text-4084474662 {\n    font-size: 1rem;\n  }\n}\n@media (min-width:850px) {\n  #text-4084474662 {\n    font-size: 0.75rem;\n  }\n}\n<\/style>\n\t<\/div>\n\t\n\t<div id=\"text-2495555701\" class=\"text\">\n\t\t\n<h3>La otoplastia u operaci\u00f3n de orejas es una t\u00e9cnica que permite corregir la posici\u00f3n y forma de las orejas desde edades muy tempranas.<\/h3>\n\t\t\n<style>\n#text-2495555701 {\n  font-size: 0.75rem;\n  color: rgb(0,0,0);\n}\n#text-2495555701 > * {\n  color: rgb(0,0,0);\n}\n@media (min-width:550px) {\n  #text-2495555701 {\n    font-size: 0.75rem;\n  }\n}\n<\/style>\n\t<\/div>\n\t\n<a href=\"#contactoGeneral\" target=\"_self\" class=\"button secondary is-larger box-shadow-1\"  style=\"border-radius:99px;\">\n    <span>Pide tu cita<\/span>\n  <\/a>\n\n              <\/div>\n           <\/div>\n                            \n<style>\n#text-box-1450329689 {\n  width: 54%;\n}\n#text-box-1450329689 .text-box-content {\n  font-size: 100%;\n}\n@media (min-width:550px) {\n  #text-box-1450329689 {\n    width: 48%;\n  }\n}\n@media (min-width:850px) {\n  #text-box-1450329689 {\n    width: 46%;\n  }\n}\n<\/style>\n    <\/div>\n \n        <\/div>\n      <\/div>\n\n            \n<style>\n#banner-35267282 {\n  padding-top: 330px;\n}\n#banner-35267282 .bg.bg-loaded {\n  background-image: url(https:\/\/clinicacemeq.es\/estetica\/wp-content\/uploads\/2021\/08\/slider14.jpg);\n}\n#banner-35267282 .bg {\n  background-position: 39% 37%;\n}\n#banner-35267282 .ux-shape-divider--top svg {\n  height: 150px;\n  --divider-top-width: 100%;\n}\n#banner-35267282 .ux-shape-divider--bottom svg {\n  height: 150px;\n  --divider-width: 100%;\n}\n@media (min-width:550px) {\n  #banner-35267282 {\n    padding-top: 500px;\n  }\n}\n@media (min-width:850px) {\n  #banner-35267282 {\n    padding-top: 550px;\n  }\n}\n<\/style>\n  <\/div>\n\n\n\t\t<\/div>\n\t\t\t\t\t<\/div>\n\n\t\n<\/div>\n\t\t<\/div>\n\n\t\t\n<style>\n#section_1721552868 {\n  padding-top: 0px;\n  padding-bottom: 0px;\n}\n#section_1721552868 .ux-shape-divider--top svg {\n  height: 150px;\n  --divider-top-width: 100%;\n}\n#section_1721552868 .ux-shape-divider--bottom svg {\n  height: 150px;\n  --divider-width: 100%;\n}\n<\/style>\n\t<\/section>\n\t\n\t<section class=\"section show-for-small\" id=\"section_2124391601\">\n\t\t<div class=\"bg section-bg fill bg-fill  bg-loaded\" >\n\n\t\t\t\n\t\t\t\n\t\t\t\n\n\t\t<\/div>\n\n\t\t\n\n\t\t<div class=\"section-content relative\">\n\t\t\t\n<div class=\"row row-collapse row-full-width\"  id=\"row-1480761907\">\n\n\t<div id=\"col-2092504664\" class=\"col small-12 large-12\"  >\n\t\t\t\t<div class=\"col-inner text-left\"  >\n\t\t\t\n\t\t\t\n\n  <div class=\"banner has-hover\" id=\"banner-1228764195\">\n          <div class=\"banner-inner fill\">\n        <div class=\"banner-bg fill\" >\n            <div class=\"bg fill bg-fill \"><\/div>\n                                    \n                    <\/div>\n\t\t\n        <div class=\"banner-layers container\">\n            <div class=\"fill banner-link\"><\/div>            \n   <div id=\"text-box-1938030550\" class=\"text-box banner-layer x5 md-x5 lg-x5 y5 md-y50 lg-y50 res-text\">\n                                <div class=\"text-box-content text dark\">\n              \n              <div class=\"text-inner text-left\">\n                  \n\t<div id=\"text-2322169096\" class=\"text\">\n\t\t\n<h1 class=\"alt-font\"><span style=\"font-size: 65%;\">Otoplastia<\/span><\/h1>\n\t\t\n<style>\n#text-2322169096 {\n  font-size: 0.75rem;\n  text-align: left;\n  color: rgb(0,0,0);\n}\n#text-2322169096 > * {\n  color: rgb(0,0,0);\n}\n@media (min-width:550px) {\n  #text-2322169096 {\n    font-size: 1.5rem;\n  }\n}\n@media (min-width:850px) {\n  #text-2322169096 {\n    font-size: 1.45rem;\n  }\n}\n<\/style>\n\t<\/div>\n\t\n\t<div id=\"text-395542265\" class=\"text\">\n\t\t\n<h3><span style=\"font-size: 65%;\">La otoplastia u operaci\u00f3n de orejas es una t\u00e9cnica que permite corregir la posici\u00f3n y forma de las orejas desde edades muy tempranas.<\/span><\/h3>\n\t\t\n<style>\n#text-395542265 {\n  font-size: 0.75rem;\n  line-height: 1.6;\n  color: rgb(0,0,0);\n}\n#text-395542265 > * {\n  color: rgb(0,0,0);\n}\n@media (min-width:550px) {\n  #text-395542265 {\n    font-size: 0.9rem;\n    line-height: 1;\n  }\n}\n<\/style>\n\t<\/div>\n\t\n<a href=\"#\" target=\"_self\" class=\"button secondary is-larger box-shadow-1\"  style=\"border-radius:99px;\">\n    <span>Pide tu cita<\/span>\n  <\/a>\n\n              <\/div>\n           <\/div>\n                            \n<style>\n#text-box-1938030550 {\n  width: 45%;\n}\n#text-box-1938030550 .text-box-content {\n  font-size: 100%;\n}\n@media (min-width:550px) {\n  #text-box-1938030550 {\n    width: 48%;\n  }\n}\n@media (min-width:850px) {\n  #text-box-1938030550 {\n    width: 46%;\n  }\n}\n<\/style>\n    <\/div>\n \n        <\/div>\n      <\/div>\n\n            \n<style>\n#banner-1228764195 {\n  padding-top: 420px;\n}\n#banner-1228764195 .bg.bg-loaded {\n  background-image: url(https:\/\/clinicacemeq.es\/estetica\/wp-content\/uploads\/2021\/08\/slider14.jpg);\n}\n#banner-1228764195 .bg {\n  background-position: 58% 58%;\n}\n#banner-1228764195 .ux-shape-divider--top svg {\n  height: 150px;\n  --divider-top-width: 100%;\n}\n#banner-1228764195 .ux-shape-divider--bottom svg {\n  height: 150px;\n  --divider-width: 100%;\n}\n@media (min-width:550px) {\n  #banner-1228764195 {\n    padding-top: 500px;\n  }\n}\n@media (min-width:850px) {\n  #banner-1228764195 {\n    padding-top: 550px;\n  }\n}\n<\/style>\n  <\/div>\n\n\n\t\t<\/div>\n\t\t\t\t\t<\/div>\n\n\t\n<\/div>\n\t\t<\/div>\n\n\t\t\n<style>\n#section_2124391601 {\n  padding-top: 0px;\n  padding-bottom: 0px;\n}\n#section_2124391601 .ux-shape-divider--top svg {\n  height: 150px;\n  --divider-top-width: 100%;\n}\n#section_2124391601 .ux-shape-divider--bottom svg {\n  height: 150px;\n  --divider-width: 100%;\n}\n<\/style>\n\t<\/section>\n\t\n\t<section class=\"section\" id=\"section_1530960230\">\n\t\t<div class=\"bg section-bg fill bg-fill  bg-loaded\" >\n\n\t\t\t\n\t\t\t\n\t\t\t\n\n\t\t<\/div>\n\n\t\t\n\n\t\t<div class=\"section-content relative\">\n\t\t\t\n<div class=\"row row-small row-full-width align-equal\"  id=\"row-1515510670\">\n\n\t<div id=\"col-1047639504\" class=\"col medium-6 small-12 large-6\"  >\n\t\t\t\t<div class=\"col-inner\"  >\n\t\t\t\n\t\t\t\n\n  <div class=\"banner has-hover\" id=\"banner-1997851463\">\n          <div class=\"banner-inner fill\">\n        <div class=\"banner-bg fill\" >\n            <div class=\"bg fill bg-fill \"><\/div>\n                                    \n                    <\/div>\n\t\t\n        <div class=\"banner-layers container\">\n            <div class=\"fill banner-link\"><\/div>            \n        <\/div>\n      <\/div>\n\n            \n<style>\n#banner-1997851463 {\n  padding-top: 99.99%;\n  background-color: rgb(255, 255, 255);\n}\n#banner-1997851463 .bg.bg-loaded {\n  background-image: url(https:\/\/clinicacemeq.es\/estetica\/wp-content\/uploads\/2021\/07\/Fotos-cemeq-6.jpg);\n}\n#banner-1997851463 .bg {\n  background-position: 100% 76%;\n}\n#banner-1997851463 .ux-shape-divider--top svg {\n  height: 150px;\n  --divider-top-width: 100%;\n}\n#banner-1997851463 .ux-shape-divider--bottom svg {\n  height: 150px;\n  --divider-width: 100%;\n}\n@media (min-width:550px) {\n  #banner-1997851463 {\n    padding-top: 490px;\n  }\n}\n@media (min-width:850px) {\n  #banner-1997851463 {\n    padding-top: 450px;\n  }\n}\n<\/style>\n  <\/div>\n\n\n\t\t<\/div>\n\t\t\t\t\t<\/div>\n\n\t\n\n\t<div id=\"col-1074264225\" class=\"col medium-6 small-12 large-6 small-col-first\"  >\n\t\t\t\t<div class=\"col-inner\" style=\"background-color:rgb(229, 227, 227);\" >\n\t\t\t\n\t<div class=\"is-border\"\n\t\tstyle=\"border-color:rgb(194, 194, 194);border-width:2px 2px 2px 2px;\">\n\t<\/div>\n\t\t\t\n\t<div id=\"gap-420555484\" class=\"gap-element clearfix\" style=\"display:block; height:auto;\">\n\t\t\n<style>\n#gap-420555484 {\n  padding-top: 40px;\n}\n<\/style>\n\t<\/div>\n\t\n\t<div id=\"text-233398983\" class=\"text\">\n\t\t\n<h2>En pocas palabras&#8230;<\/h2>\n<ul>\n<li><strong>Tiempo de intervenci\u00f3n:<\/strong> 30-60 minutos<\/li>\n<li><strong>Tratamiento ambulatorio:<\/strong> No se requiere hospitalizaci\u00f3n<\/li>\n<li><strong>Tiempo de recuperaci\u00f3n:<\/strong> 1 semana<\/li>\n<li><strong>Tipo de anestesia:<\/strong> Local o con sedaci\u00f3n<\/li>\n<li><strong>Tiempo para la obtenci\u00f3n de resultados:<\/strong> Inmediatos<\/li>\n<li>T\u00e9cnica con resultados permanentes<\/li>\n<\/ul>\n\t\t\n<style>\n#text-233398983 {\n  font-size: 1rem;\n  color: rgb(0,0,0);\n}\n#text-233398983 > * {\n  color: rgb(0,0,0);\n}\n<\/style>\n\t<\/div>\n\t\n<a href=\"https:\/\/clinicacemeq.es\/estetica\/contacto\/\" target=\"_self\" class=\"button primary is-underline\"  >\n    <span>M\u00e1s informaci\u00f3n<\/span>\n  <i class=\"icon-angle-right\" ><\/i><\/a>\n\n\t\t<\/div>\n\t\t\t\t\n<style>\n#col-1074264225 > .col-inner {\n  padding: 15px 15px 15px 9%;\n}\n<\/style>\n\t<\/div>\n\n\t\n<\/div>\n\t\t<\/div>\n\n\t\t\n<style>\n#section_1530960230 {\n  padding-top: 30px;\n  padding-bottom: 30px;\n}\n#section_1530960230 .ux-shape-divider--top svg {\n  height: 150px;\n  --divider-top-width: 100%;\n}\n#section_1530960230 .ux-shape-divider--bottom svg {\n  height: 150px;\n  --divider-width: 100%;\n}\n<\/style>\n\t<\/section>\n\t\n\t<section class=\"section\" id=\"section_571433200\">\n\t\t<div class=\"bg section-bg fill bg-fill  bg-loaded\" >\n\n\t\t\t\n\t\t\t\n\t\t\t\n\n\t\t<\/div>\n\n\t\t\n\n\t\t<div class=\"section-content relative\">\n\t\t\t\n<div class=\"row\" style=\"max-width:92%\" id=\"row-604724974\">\n\n\t<div id=\"col-340124460\" class=\"col medium-7 small-12 large-7\"  >\n\t\t\t\t<div class=\"col-inner\"  >\n\t\t\t\n\t\t\t\n\t<div id=\"text-1244853809\" class=\"text\">\n\t\t\n<h2>Otoplastia | Precio 10% Dto. | Operaci\u00f3n de orejas<\/h2>\n\t\t\n<style>\n#text-1244853809 {\n  font-size: 1rem;\n  color: rgb(0, 0, 0);\n}\n#text-1244853809 > * {\n  color: rgb(0, 0, 0);\n}\n@media (min-width:550px) {\n  #text-1244853809 {\n    font-size: 1.05rem;\n  }\n}\n@media (min-width:850px) {\n  #text-1244853809 {\n    font-size: 1.2rem;\n  }\n}\n<\/style>\n\t<\/div>\n\t\n\t<div id=\"text-3865116916\" class=\"text\">\n\t\t\n<p>La otoplastia u operaci\u00f3n de orejas, tiene como objetivo corregir la forma, tama\u00f1o y prominencia de las orejas adapt\u00e1ndolas al resto del rostro. Se trata de uno de los procedimientos quir\u00fargicos m\u00e1s demandados, en personas que no est\u00e1n satisfechas con el tama\u00f1o de las orejas (orejas de soplillo)<br \/>\n\t\t\n<style>\n#text-3865116916 {\n  font-size: 1rem;\n  line-height: 1.9;\n  color: rgb(0,0,0);\n}\n#text-3865116916 > * {\n  color: rgb(0,0,0);\n}\n@media (min-width:550px) {\n  #text-3865116916 {\n    font-size: 1rem;\n  }\n}\n@media (min-width:850px) {\n  #text-3865116916 {\n    font-size: 1.1rem;\n  }\n}\n<\/style>\n\t<\/div>\n\t\n<h3 class=\"accordion_title\"><\/p>\n<h2>Dudas frecuentes sobre la otoplastia<\/h2>\n<p><\/h3><div class=\"accordion\" rel=\"\">\n<div class=\"accordion-item\"><a href=\"#\" class=\"accordion-title plain\"><button class=\"toggle\" aria-label=\"Toggle\"><i class=\"icon-angle-down\"><\/i><\/button><span>Beneficios de la otoplastia<\/span><\/a><div class=\"accordion-inner\">\n\t<div id=\"text-3922613023\" class=\"text\">\n\t\t\n<ul>\n<li>Corregir la posici\u00f3n y forma de las orejas de soplillo o en asa, prominentes, separadas de la cabeza y\/o proyectadas hacia los lados.<\/li>\n<li>Operarte a casi cualquier edad (las orejas completan su desarrollo a los 6-7 a\u00f1os de edad)<\/li>\n<li>Beneficiarte de un procedimiento quir\u00fargico muy seguro, sencillo, r\u00e1pido y sin complicaciones posteriores.<\/li>\n<li>Solucionar problemas de autoestima y seguridad.<\/li>\n<\/ul>\n\t\t\n<style>\n#text-3922613023 {\n  font-size: 1.1rem;\n}\n<\/style>\n\t<\/div>\n\t\n<\/div><\/div>\n<div class=\"accordion-item\"><a href=\"#\" class=\"accordion-title plain\"><button class=\"toggle\" aria-label=\"Toggle\"><i class=\"icon-angle-down\"><\/i><\/button><span>\u00bfC\u00f3mo es el procedimiento la otoplastia?<\/span><\/a><div class=\"accordion-inner\">\n\t<div id=\"text-3367474948\" class=\"text\">\n\t\t\n<p>La otoplastia u operaci\u00f3n de orejas es un procedimiento sencillo, r\u00e1pido y que no afecta a la funcionalidad de las orejas, limit\u00e1ndose a mejorar su aspecto est\u00e9tico respecto al rostro con resultados muy satisfactorios y permanentes, sin cicatrices visibles. Se puede realizar en cualquier \u00e9poca del a\u00f1o y a casi cualquier edad, siendo adem\u00e1s uno de los procedimientos de cirug\u00eda est\u00e9tica m\u00e1s econ\u00f3micos y con una recuperaci\u00f3n m\u00e1s r\u00e1pida, pudiendo el paciente retomar su vida de manera inmediata y con absoluta normalidad.<br \/>\n\t\t\n<style>\n#text-3367474948 {\n  font-size: 1.1rem;\n}\n<\/style>\n\t<\/div>\n\t\n<\/div><\/div>\n<div class=\"accordion-item\"><a href=\"#\" class=\"accordion-title plain\"><button class=\"toggle\" aria-label=\"Toggle\"><i class=\"icon-angle-down\"><\/i><\/button><span>T\u00e9cnicas de otoplastia<\/span><\/a><div class=\"accordion-inner\">\n\t<div id=\"text-388146984\" class=\"text\">\n\t\t\n<p>Existen varias t\u00e9cnicas indicadas para tratar quir\u00fargicamente las malformaciones de origen cong\u00e9nito en las orejas, como son las orejas en de soplillo, en asa o proyectadas hacia los lados. Tras una primera exploraci\u00f3n, el cirujano ser\u00e1 el encargado de aconsejar la t\u00e9cnica m\u00e1s adecuada para cada paciente.<\/p>\n<p>La t\u00e9cnica m\u00e1s habitual para solucionar las orejas de soplillo consiste en llegar a la zona del cart\u00edlago, corrigiendo la deformidad, si bien en los casos en que exista una separaci\u00f3n excesiva el cirujano se deber\u00e1 flexionar el cart\u00edlago hacia atr\u00e1s a trav\u00e9s de diversos puntos. En ambos casos la cirug\u00eda es muy r\u00e1pida, de entre media hora y una hora, se realiza con anestesia local o sedaci\u00f3n, y no deja cicatrices visibles al actuar en la parte interior de la oreja.<\/p>\n<p>La otoplastia u operaci\u00f3n de orejas tambi\u00e9n es muy \u00fatil para reducir el l\u00f3bulo de la oreja, o tratar un desgarro del mismo, logrando en su conjunto una oreja mucho m\u00e1s est\u00e9tica y una mayor armon\u00eda del rostro.<br \/>\n\t\t\n<style>\n#text-388146984 {\n  font-size: 1.1rem;\n  color: rgb(0,0,0);\n}\n#text-388146984 > * {\n  color: rgb(0,0,0);\n}\n<\/style>\n\t<\/div>\n\t\n<\/div><\/div>\n<div class=\"accordion-item\"><a href=\"#\" class=\"accordion-title plain\"><button class=\"toggle\" aria-label=\"Toggle\"><i class=\"icon-angle-down\"><\/i><\/button><span>Otoplastia precio<\/span><\/a><div class=\"accordion-inner\">\n\t<div id=\"text-148613803\" class=\"text\">\n\t\t\n<p>La otoplastia precio u operaci\u00f3n de orejas puede variar en funci\u00f3n de la patolog\u00eda del paciente y ser\u00e1 necesario acudir a una consulta para valorar su caso personalmente. En nuestra primera consulta gratuita, tras una valoraci\u00f3n por parte de nuestro cirujano especialista en otoplastia, le ofreceremos un presupuesto cerrado y adaptado a su caso. \u00a1Inf\u00f3rmate sobre la otoplastia precio!<br \/>\n\t\t\n<style>\n#text-148613803 {\n  font-size: 1.1rem;\n  color: rgb(0,0,0);\n}\n#text-148613803 > * {\n  color: rgb(0,0,0);\n}\n<\/style>\n\t<\/div>\n\t\n<\/div><\/div>\n<div class=\"accordion-item\"><a href=\"#\" class=\"accordion-title plain\"><button class=\"toggle\" aria-label=\"Toggle\"><i class=\"icon-angle-down\"><\/i><\/button><span>Mi hijo tiene orejas de soplillo. \u00bfA qu\u00e9 edad puedo hacerle una otoplastia?<\/span><\/a><div class=\"accordion-inner\">\n\t<div id=\"text-1621772807\" class=\"text\">\n\t\t\n<p>A partir de los seis a\u00f1os, toda vez que es el tiempo que tardan las orejas en completar su formaci\u00f3n. Es, por tanto, una de las t\u00e9cnicas de cirug\u00eda est\u00e9ticas recomendadas para pacientes menores de edad que puedan tener problemas en su desarrollo psicol\u00f3gico y personal como consecuencia de la forma o est\u00e9tica de sus orejas.<br \/>\n\t\t\n<style>\n#text-1621772807 {\n  font-size: 1.1rem;\n}\n<\/style>\n\t<\/div>\n\t\n<\/div><\/div>\n<div class=\"accordion-item\"><a href=\"#\" class=\"accordion-title plain\"><button class=\"toggle\" aria-label=\"Toggle\"><i class=\"icon-angle-down\"><\/i><\/button><span>\u00bfLa operaci\u00f3n de orejas es dolorosa?<\/span><\/a><div class=\"accordion-inner\">\n\t<div id=\"text-3214653111\" class=\"text\">\n\t\t\n<p>No. Se trata de uno de los tratamientos de cirug\u00eda est\u00e9tica m\u00e1s inocuos que existen.<br \/>\n\t\t\n<style>\n#text-3214653111 {\n  font-size: 1.1rem;\n}\n<\/style>\n\t<\/div>\n\t\n<\/div><\/div>\n<div class=\"accordion-item\"><a href=\"#\" class=\"accordion-title plain\"><button class=\"toggle\" aria-label=\"Toggle\"><i class=\"icon-angle-down\"><\/i><\/button><span>\u00bfPodr\u00e9 volver r\u00e1pidamente a mi vida normal?<\/span><\/a><div class=\"accordion-inner\">\n\t<div id=\"text-2985039660\" class=\"text\">\n\t\t\n<p>S\u00ed, de manera inmediata. Tan solo se recomienda no hacer ejercicio f\u00edsico que pueda suponer alg\u00fan traumatismo en la zona durante las tres primeras semanas. Por lo dem\u00e1s, la reincorporaci\u00f3n a la vida normal es inmediata.<br \/>\n\t\t\n<style>\n#text-2985039660 {\n  font-size: 1.1rem;\n}\n<\/style>\n\t<\/div>\n\t\n<\/div><\/div>\n<\/div>\n\t<div id=\"text-3503470248\" class=\"text\">\n\t\t\n\t\t\n<style>\n#text-3503470248 {\n  font-size: 1.1rem;\n  color: rgb(0,0,0);\n}\n#text-3503470248 > * {\n  color: rgb(0,0,0);\n}\n<\/style>\n\t<\/div>\n\t\n\t\t<\/div>\n\t\t\t\t\n<style>\n#col-340124460 > .col-inner {\n  padding: 0px 10px 0px 0px;\n}\n<\/style>\n\t<\/div>\n\n\t\n\n\t<div id=\"col-769884402\" class=\"col medium-5 small-12 large-5\"  >\n\t\t\t\t<div class=\"col-inner\"  >\n\t\t\t\n\t\t\t\n\t<div id=\"text-382703333\" class=\"text\">\n\t\t\n<h2>Contacta con nosotros<\/h2>\n\t\t\n<style>\n#text-382703333 {\n  text-align: center;\n  color: rgb(0,0,0);\n}\n#text-382703333 > * {\n  color: rgb(0,0,0);\n}\n<\/style>\n\t<\/div>\n\t\n\n<div id=\"contactoGeneral\" style=\"padding: 20px;\"><div class=\"wpforms-container wpforms-container-full wpforms-render-modern\" id=\"wpforms-9301\"><form id=\"wpforms-form-9301\" class=\"wpforms-validate wpforms-form wpforms-ajax-form\" data-formid=\"9301\" method=\"post\" enctype=\"multipart\/form-data\" action=\"\/estetica\/wp-json\/wp\/v2\/pages\/5689\" data-token=\"0d4065923086483dd710d4b631b50749\"><noscript class=\"wpforms-error-noscript\">Por favor, activa JavaScript en tu navegador para completar este formulario.<\/noscript><div class=\"wpforms-hidden\" id=\"wpforms-error-noscript\">Por favor, activa JavaScript en tu navegador para completar este formulario.<\/div><div class=\"wpforms-field-container\"><div id=\"wpforms-9301-field_9-container\" class=\"wpforms-field wpforms-field-text\" data-field-id=\"9\"><label class=\"wpforms-field-label\" for=\"wpforms-9301-field_9\">Nombre <span class=\"wpforms-required-label\" aria-hidden=\"true\">*<\/span><\/label><input type=\"text\" id=\"wpforms-9301-field_9\" class=\"wpforms-field-medium wpforms-field-required\" name=\"wpforms[fields][9]\" aria-errormessage=\"wpforms-9301-field_9-error\" required><\/div><div id=\"wpforms-9301-field_8-container\" class=\"wpforms-field wpforms-field-email\" data-field-id=\"8\"><label class=\"wpforms-field-label\" for=\"wpforms-9301-field_8\">Correo <span class=\"wpforms-required-label\" aria-hidden=\"true\">*<\/span><\/label><input type=\"email\" id=\"wpforms-9301-field_8\" class=\"wpforms-field-large wpforms-field-required\" name=\"wpforms[fields][8]\" spellcheck=\"false\" aria-errormessage=\"wpforms-9301-field_8-error\" required><\/div><div id=\"wpforms-9301-field_10-container\" class=\"wpforms-field wpforms-field-number\" data-field-id=\"10\"><label class=\"wpforms-field-label\" for=\"wpforms-9301-field_10\">N\u00ba de tel\u00e9fono <span class=\"wpforms-required-label\" aria-hidden=\"true\">*<\/span><\/label><input type=\"number\" pattern=\"\\d*\" id=\"wpforms-9301-field_10\" class=\"wpforms-field-large wpforms-field-required\" name=\"wpforms[fields][10]\" aria-errormessage=\"wpforms-9301-field_10-error\" required><\/div><div id=\"wpforms-9301-field_11-container\" class=\"wpforms-field wpforms-field-select wpforms-field-select-style-classic\" data-field-id=\"11\"><label class=\"wpforms-field-label\" for=\"wpforms-9301-field_11\">\u00bfEn qu\u00e9 podemos ayudarte? <span class=\"wpforms-required-label\" aria-hidden=\"true\">*<\/span><\/label><select id=\"wpforms-9301-field_11\" class=\"wpforms-field-large wpforms-field-required\" name=\"wpforms[fields][11]\" required=\"required\"><option value=\"Cirug\u00eda pl\u00e1stica\" >Cirug\u00eda pl\u00e1stica<\/option><option value=\"Medicina est\u00e9tica\" >Medicina est\u00e9tica<\/option><option value=\"Unidad de obesidad\" >Unidad de obesidad<\/option><option value=\"Unidad capilar\" >Unidad capilar<\/option><\/select><\/div><div id=\"wpforms-9301-field_12-container\" class=\"wpforms-field wpforms-field-checkbox\" data-field-id=\"12\"><fieldset><legend class=\"wpforms-field-label wpforms-label-hide\" aria-hidden=\"false\">Casillas de verificaci\u00f3n <span class=\"wpforms-required-label\" aria-hidden=\"true\">*<\/span><\/legend><ul id=\"wpforms-9301-field_12\" class=\"wpforms-field-required\"><li class=\"choice-1 depth-1\"><input type=\"checkbox\" id=\"wpforms-9301-field_12_1\" name=\"wpforms[fields][12][]\" value=\"He le\u00eddo y acepto la &lt;a rel=&quot;noopener&quot; target=&quot;_blank&quot; href=&quot;https:\/\/clinicacemeq.es\/estetica\/politica-privacidad\/&quot;&gt;Pol\u00edtica de Privacidad y Protecci\u00f3n de Datos&lt;\/a&gt;.\" aria-errormessage=\"wpforms-9301-field_12_1-error\" aria-describedby=\"wpforms-9301-field_12-description\" required ><label class=\"wpforms-field-label-inline\" for=\"wpforms-9301-field_12_1\">He le\u00eddo y acepto la <a rel=\"noopener\" target=\"_blank\" href=\"https:\/\/clinicacemeq.es\/estetica\/politica-privacidad\/\">Pol\u00edtica de Privacidad y Protecci\u00f3n de Datos<\/a>. <span class=\"wpforms-required-label\">*<\/span><\/label><\/li><\/ul><div id=\"wpforms-9301-field_12-description\" class=\"wpforms-field-description wpforms-disclaimer-description\"><p style=\"font-size: 10px;\">CLINICA CEMEQ SOCIEDAD LIMITADA, en calidad de responsable del tratamiento, tratar\u00e1 los datos recogidos con la finalidad de gestionar su solicitud de descarga del ebook y gestionar el inter\u00e9s mostrado en los productos y servicios de CEMEQ, bas\u00e1ndose en el consentimiento que expresamente manifiesta al remitir el presente formulario. Estos datos no ser\u00e1n comunicados a terceros salvo obligaci\u00f3n legal ni ser\u00e1n objeto de transferencias internacionales de datos. Puede ejercer sus derechos de acceso, rectificaci\u00f3n, supresi\u00f3n, portabilidad, limitaci\u00f3n del tratamiento y oposici\u00f3n en el correo <a href=\"mailto:info@clinicacemeq.es\" rel=\"noopener\">info@clinicacemeq.es<\/a>, tal como se indica en la <a href=\"https:\/\/clinicacemeq.es\/estetica\/politica-privacidad\/\" rel=\"noopener\" target=\"_blank\">Pol\u00edtica de Privacidad<\/a>, donde dispone de m\u00e1s informaci\u00f3n sobre el tratamiento.<\/p><\/div><\/fieldset><\/div><\/div><!-- .wpforms-field-container --><div class=\"wpforms-submit-container\" ><input type=\"hidden\" name=\"wpforms[id]\" value=\"9301\"><input type=\"hidden\" name=\"wpforms[author]\" value=\"6\"><button type=\"submit\" name=\"wpforms[submit]\" id=\"wpforms-submit-9301\" class=\"wpforms-submit\" data-alt-text=\"Enviando reserva...\" data-submit-text=\"Enviar\" aria-live=\"assertive\" value=\"wpforms-submit\">Enviar<\/button><img loading=\"lazy\" decoding=\"async\" src=\"https:\/\/clinicacemeq.es\/estetica\/wp-content\/plugins\/wpforms\/assets\/images\/submit-spin.svg\" class=\"wpforms-submit-spinner\" style=\"display: none;\" width=\"26\" height=\"26\" alt=\"Cargando\"><\/div><\/form><\/div>  <!-- .wpforms-container --><\/div>\n\n\t\t<\/div>\n\t\t\t\t\t<\/div>\n\n\t\n<\/div>\n\t\t<\/div>\n\n\t\t\n<style>\n#section_571433200 {\n  padding-top: 30px;\n  padding-bottom: 30px;\n  background-color: rgb(247, 247, 247);\n}\n#section_571433200 .ux-shape-divider--top svg {\n  height: 150px;\n  --divider-top-width: 100%;\n}\n#section_571433200 .ux-shape-divider--bottom svg {\n  height: 150px;\n  --divider-width: 100%;\n}\n<\/style>\n\t<\/section>\n\t\n","protected":false},"excerpt":{"rendered":"","protected":false},"author":6,"featured_media":0,"parent":0,"menu_order":0,"comment_status":"closed","ping_status":"closed","template":"page-blank.php","meta":{"footnotes":""},"yoast_head":"<!-- This site is optimized with the Yoast SEO Premium plugin v18.3 (Yoast SEO v24.5) - https:\/\/yoast.com\/wordpress\/plugins\/seo\/ -->\n<title>Otoplastia - Cl\u00ednica Est\u00e9tica CEMEQ<\/title>\n<meta name=\"description\" content=\"Conoce todo sobre la otoplastia. Cambia la forma, posici\u00f3n y tama\u00f1o de tus orejas con una cirug\u00eda r\u00e1pida e indolora. Pide tu cita ya.\" \/>\n<meta name=\"robots\" content=\"index, follow, max-snippet:-1, max-image-preview:large, max-video-preview:-1\" \/>\n<link rel=\"canonical\" href=\"https:\/\/clinicacemeq.es\/estetica\/otoplastia\/\" \/>\n<meta property=\"og:locale\" content=\"es_ES\" \/>\n<meta property=\"og:type\" content=\"article\" \/>\n<meta property=\"og:title\" content=\"Otoplastia\" \/>\n<meta property=\"og:description\" content=\"Conoce todo sobre la otoplastia. Cambia la forma, posici\u00f3n y tama\u00f1o de tus orejas con una cirug\u00eda r\u00e1pida e indolora. Pide tu cita ya.\" \/>\n<meta property=\"og:url\" content=\"https:\/\/clinicacemeq.es\/estetica\/otoplastia\/\" \/>\n<meta property=\"og:site_name\" content=\"Cl\u00ednica Est\u00e9tica CEMEQ\" \/>\n<meta property=\"article:modified_time\" content=\"2024-05-23T14:16:13+00:00\" \/>\n<meta name=\"twitter:card\" content=\"summary_large_image\" \/>\n<meta name=\"twitter:label1\" content=\"Tiempo de lectura\" \/>\n\t<meta name=\"twitter:data1\" content=\"5 minutos\" \/>\n<script type=\"application\/ld+json\" class=\"yoast-schema-graph\">{\"@context\":\"https:\/\/schema.org\",\"@graph\":[{\"@type\":\"WebPage\",\"@id\":\"https:\/\/clinicacemeq.es\/estetica\/otoplastia\/\",\"url\":\"https:\/\/clinicacemeq.es\/estetica\/otoplastia\/\",\"name\":\"Otoplastia - Cl\u00ednica Est\u00e9tica CEMEQ\",\"isPartOf\":{\"@id\":\"https:\/\/clinicacemeq.es\/estetica\/#website\"},\"datePublished\":\"2022-11-09T07:31:50+00:00\",\"dateModified\":\"2024-05-23T14:16:13+00:00\",\"description\":\"Conoce todo sobre la otoplastia. Cambia la forma, posici\u00f3n y tama\u00f1o de tus orejas con una cirug\u00eda r\u00e1pida e indolora. Pide tu cita ya.\",\"breadcrumb\":{\"@id\":\"https:\/\/clinicacemeq.es\/estetica\/otoplastia\/#breadcrumb\"},\"inLanguage\":\"es\",\"potentialAction\":[{\"@type\":\"ReadAction\",\"target\":[\"https:\/\/clinicacemeq.es\/estetica\/otoplastia\/\"]}]},{\"@type\":\"BreadcrumbList\",\"@id\":\"https:\/\/clinicacemeq.es\/estetica\/otoplastia\/#breadcrumb\",\"itemListElement\":[{\"@type\":\"ListItem\",\"position\":1,\"name\":\"Portada\",\"item\":\"https:\/\/clinicacemeq.es\/estetica\/\"},{\"@type\":\"ListItem\",\"position\":2,\"name\":\"Otoplastia\"}]},{\"@type\":\"WebSite\",\"@id\":\"https:\/\/clinicacemeq.es\/estetica\/#website\",\"url\":\"https:\/\/clinicacemeq.es\/estetica\/\",\"name\":\"Cl\u00ednica Est\u00e9tica CEMEQ\",\"description\":\"Medicina est\u00e9tica \u0131 Cirug\u00eda Est\u00e9tica \u0131 Cl\u00ednica Dental \u0131 Unidad Capilar \u0131 Unidad de Obesidad\",\"potentialAction\":[{\"@type\":\"SearchAction\",\"target\":{\"@type\":\"EntryPoint\",\"urlTemplate\":\"https:\/\/clinicacemeq.es\/estetica\/?s={search_term_string}\"},\"query-input\":{\"@type\":\"PropertyValueSpecification\",\"valueRequired\":true,\"valueName\":\"search_term_string\"}}],\"inLanguage\":\"es\"}]}<\/script>\n<!-- \/ Yoast SEO Premium plugin. -->","yoast_head_json":{"title":"Otoplastia - Cl\u00ednica Est\u00e9tica CEMEQ","description":"Conoce todo sobre la otoplastia. Cambia la forma, posici\u00f3n y tama\u00f1o de tus orejas con una cirug\u00eda r\u00e1pida e indolora. Pide tu cita ya.","robots":{"index":"index","follow":"follow","max-snippet":"max-snippet:-1","max-image-preview":"max-image-preview:large","max-video-preview":"max-video-preview:-1"},"canonical":"https:\/\/clinicacemeq.es\/estetica\/otoplastia\/","og_locale":"es_ES","og_type":"article","og_title":"Otoplastia","og_description":"Conoce todo sobre la otoplastia. Cambia la forma, posici\u00f3n y tama\u00f1o de tus orejas con una cirug\u00eda r\u00e1pida e indolora. Pide tu cita ya.","og_url":"https:\/\/clinicacemeq.es\/estetica\/otoplastia\/","og_site_name":"Cl\u00ednica Est\u00e9tica CEMEQ","article_modified_time":"2024-05-23T14:16:13+00:00","twitter_card":"summary_large_image","twitter_misc":{"Tiempo de lectura":"5 minutos"},"schema":{"@context":"https:\/\/schema.org","@graph":[{"@type":"WebPage","@id":"https:\/\/clinicacemeq.es\/estetica\/otoplastia\/","url":"https:\/\/clinicacemeq.es\/estetica\/otoplastia\/","name":"Otoplastia - Cl\u00ednica Est\u00e9tica CEMEQ","isPartOf":{"@id":"https:\/\/clinicacemeq.es\/estetica\/#website"},"datePublished":"2022-11-09T07:31:50+00:00","dateModified":"2024-05-23T14:16:13+00:00","description":"Conoce todo sobre la otoplastia. Cambia la forma, posici\u00f3n y tama\u00f1o de tus orejas con una cirug\u00eda r\u00e1pida e indolora. Pide tu cita ya.","breadcrumb":{"@id":"https:\/\/clinicacemeq.es\/estetica\/otoplastia\/#breadcrumb"},"inLanguage":"es","potentialAction":[{"@type":"ReadAction","target":["https:\/\/clinicacemeq.es\/estetica\/otoplastia\/"]}]},{"@type":"BreadcrumbList","@id":"https:\/\/clinicacemeq.es\/estetica\/otoplastia\/#breadcrumb","itemListElement":[{"@type":"ListItem","position":1,"name":"Portada","item":"https:\/\/clinicacemeq.es\/estetica\/"},{"@type":"ListItem","position":2,"name":"Otoplastia"}]},{"@type":"WebSite","@id":"https:\/\/clinicacemeq.es\/estetica\/#website","url":"https:\/\/clinicacemeq.es\/estetica\/","name":"Cl\u00ednica Est\u00e9tica CEMEQ","description":"Medicina est\u00e9tica \u0131 Cirug\u00eda Est\u00e9tica \u0131 Cl\u00ednica Dental \u0131 Unidad Capilar \u0131 Unidad de Obesidad","potentialAction":[{"@type":"SearchAction","target":{"@type":"EntryPoint","urlTemplate":"https:\/\/clinicacemeq.es\/estetica\/?s={search_term_string}"},"query-input":{"@type":"PropertyValueSpecification","valueRequired":true,"valueName":"search_term_string"}}],"inLanguage":"es"}]}},"_links":{"self":[{"href":"https:\/\/clinicacemeq.es\/estetica\/wp-json\/wp\/v2\/pages\/5689"}],"collection":[{"href":"https:\/\/clinicacemeq.es\/estetica\/wp-json\/wp\/v2\/pages"}],"about":[{"href":"https:\/\/clinicacemeq.es\/estetica\/wp-json\/wp\/v2\/types\/page"}],"author":[{"embeddable":true,"href":"https:\/\/clinicacemeq.es\/estetica\/wp-json\/wp\/v2\/users\/6"}],"replies":[{"embeddable":true,"href":"https:\/\/clinicacemeq.es\/estetica\/wp-json\/wp\/v2\/comments?post=5689"}],"version-history":[{"count":9,"href":"https:\/\/clinicacemeq.es\/estetica\/wp-json\/wp\/v2\/pages\/5689\/revisions"}],"predecessor-version":[{"id":9329,"href":"https:\/\/clinicacemeq.es\/estetica\/wp-json\/wp\/v2\/pages\/5689\/revisions\/9329"}],"wp:attachment":[{"href":"https:\/\/clinicacemeq.es\/estetica\/wp-json\/wp\/v2\/media?parent=5689"}],"curies":[{"name":"wp","href":"https:\/\/api.w.org\/{rel}","templated":true}]}}