{"id":5686,"date":"2022-11-09T07:31:02","date_gmt":"2022-11-09T07:31:02","guid":{"rendered":"https:\/\/clinicacemeq.es\/estetica\/?page_id=5686"},"modified":"2024-05-23T14:14:47","modified_gmt":"2024-05-23T14:14:47","slug":"operacion-parpados-caidos","status":"publish","type":"page","link":"https:\/\/clinicacemeq.es\/estetica\/operacion-parpados-caidos\/","title":{"rendered":"Operaci\u00f3n p\u00e1rpados ca\u00eddos"},"content":{"rendered":"\t<section class=\"section hide-for-small\" id=\"section_1031358042\">\n\t\t<div class=\"bg section-bg fill bg-fill  bg-loaded\" >\n\n\t\t\t\n\t\t\t\n\t\t\t\n\n\t\t<\/div>\n\n\t\t\n\n\t\t<div class=\"section-content relative\">\n\t\t\t\n<div class=\"row row-collapse row-full-width\"  id=\"row-1798046622\">\n\n\t<div id=\"col-1850991092\" class=\"col small-12 large-12\"  >\n\t\t\t\t<div class=\"col-inner text-left\"  >\n\t\t\t\n\t\t\t\n\n  <div class=\"banner has-hover\" id=\"banner-1237176562\">\n          <div class=\"banner-inner fill\">\n        <div class=\"banner-bg fill\" >\n            <div class=\"bg fill bg-fill \"><\/div>\n                                    \n                    <\/div>\n\t\t\n        <div class=\"banner-layers container\">\n            <div class=\"fill banner-link\"><\/div>            \n   <div id=\"text-box-1774828129\" class=\"text-box banner-layer x5 md-x5 lg-x5 y90 md-y50 lg-y50 res-text\">\n                                <div class=\"text-box-content text dark\">\n              \n              <div class=\"text-inner text-left\">\n                  \n\t<div id=\"text-920142625\" class=\"text\">\n\t\t\n<h1 class=\"alt-font\">Operaci\u00f3n de p\u00e1rpados ca\u00eddos<\/h1>\n\t\t\n<style>\n#text-920142625 {\n  font-size: 0.75rem;\n  text-align: left;\n  color: rgb(0,0,0);\n}\n#text-920142625 > * {\n  color: rgb(0,0,0);\n}\n@media (min-width:550px) {\n  #text-920142625 {\n    font-size: 1rem;\n  }\n}\n@media (min-width:850px) {\n  #text-920142625 {\n    font-size: 0.75rem;\n  }\n}\n<\/style>\n\t<\/div>\n\t\n\t<div id=\"text-675744956\" class=\"text\">\n\t\t\n<h3>Nuestros especialistas en operaci\u00f3n de p\u00e1rpados ca\u00eddos eliminar\u00e1n las bolsas y el color oscuro con un procedimiento seguro e indoloro.<\/h3>\n\t\t\n<style>\n#text-675744956 {\n  font-size: 0.75rem;\n  color: rgb(0,0,0);\n}\n#text-675744956 > * {\n  color: rgb(0,0,0);\n}\n@media (min-width:550px) {\n  #text-675744956 {\n    font-size: 0.75rem;\n  }\n}\n<\/style>\n\t<\/div>\n\t\n<a href=\"#contactoGeneral\" target=\"_self\" class=\"button secondary is-larger box-shadow-1\"  style=\"border-radius:99px;\">\n    <span>PIDE TU CITA<\/span>\n  <\/a>\n\n              <\/div>\n           <\/div>\n                            \n<style>\n#text-box-1774828129 {\n  width: 54%;\n}\n#text-box-1774828129 .text-box-content {\n  font-size: 100%;\n}\n@media (min-width:550px) {\n  #text-box-1774828129 {\n    width: 48%;\n  }\n}\n@media (min-width:850px) {\n  #text-box-1774828129 {\n    width: 42%;\n  }\n}\n<\/style>\n    <\/div>\n \n        <\/div>\n      <\/div>\n\n            \n<style>\n#banner-1237176562 {\n  padding-top: 330px;\n}\n#banner-1237176562 .bg.bg-loaded {\n  background-image: url(https:\/\/clinicacemeq.es\/estetica\/wp-content\/uploads\/2023\/02\/preguntas-y-respuestas-sobre-la-blefaroplastia-superior.png);\n}\n#banner-1237176562 .bg {\n  background-position: 77% 38%;\n}\n#banner-1237176562 .ux-shape-divider--top svg {\n  height: 150px;\n  --divider-top-width: 100%;\n}\n#banner-1237176562 .ux-shape-divider--bottom svg {\n  height: 150px;\n  --divider-width: 100%;\n}\n@media (min-width:550px) {\n  #banner-1237176562 {\n    padding-top: 500px;\n  }\n}\n@media (min-width:850px) {\n  #banner-1237176562 {\n    padding-top: 550px;\n  }\n}\n<\/style>\n  <\/div>\n\n\n\t\t<\/div>\n\t\t\t\t\t<\/div>\n\n\t\n<\/div>\n\t\t<\/div>\n\n\t\t\n<style>\n#section_1031358042 {\n  padding-top: 0px;\n  padding-bottom: 0px;\n}\n#section_1031358042 .ux-shape-divider--top svg {\n  height: 150px;\n  --divider-top-width: 100%;\n}\n#section_1031358042 .ux-shape-divider--bottom svg {\n  height: 150px;\n  --divider-width: 100%;\n}\n<\/style>\n\t<\/section>\n\t\n\t<section class=\"section show-for-small\" id=\"section_1952835659\">\n\t\t<div class=\"bg section-bg fill bg-fill  bg-loaded\" >\n\n\t\t\t\n\t\t\t\n\t\t\t\n\n\t\t<\/div>\n\n\t\t\n\n\t\t<div class=\"section-content relative\">\n\t\t\t\n<div class=\"row row-collapse row-full-width\"  id=\"row-1369457993\">\n\n\t<div id=\"col-1531779531\" class=\"col small-12 large-12\"  >\n\t\t\t\t<div class=\"col-inner text-left\"  >\n\t\t\t\n\t\t\t\n\n  <div class=\"banner has-hover\" id=\"banner-1398648686\">\n          <div class=\"banner-inner fill\">\n        <div class=\"banner-bg fill\" >\n            <div class=\"bg fill bg-fill \"><\/div>\n                                    \n                    <\/div>\n\t\t\n        <div class=\"banner-layers container\">\n            <div class=\"fill banner-link\"><\/div>            \n   <div id=\"text-box-1042427612\" class=\"text-box banner-layer x5 md-x5 lg-x5 y50 md-y50 lg-y50 res-text\">\n                                <div class=\"text-box-content text dark\">\n              \n              <div class=\"text-inner text-left\">\n                  \n\t<div id=\"text-781164472\" class=\"text\">\n\t\t\n<h1 class=\"alt-font\"><span style=\"font-size: 65%;\">Operaci\u00f3n de p\u00e1rpados ca\u00eddos<\/span><\/h1>\n\t\t\n<style>\n#text-781164472 {\n  font-size: 0.75rem;\n  text-align: left;\n  color: rgb(0,0,0);\n}\n#text-781164472 > * {\n  color: rgb(0,0,0);\n}\n@media (min-width:550px) {\n  #text-781164472 {\n    font-size: 1.5rem;\n  }\n}\n@media (min-width:850px) {\n  #text-781164472 {\n    font-size: 1.45rem;\n  }\n}\n<\/style>\n\t<\/div>\n\t\n\t<div id=\"text-358353994\" class=\"text\">\n\t\t\n<h3><span style=\"font-size: 65%;\">La operaci\u00f3n de parpados ca\u00eddos permite recuperar la mirada, y devolver un aspecto juvenil a los ojos.<\/span><\/h3>\n\t\t\n<style>\n#text-358353994 {\n  font-size: 0.75rem;\n  line-height: 1.6;\n  color: rgb(0,0,0);\n}\n#text-358353994 > * {\n  color: rgb(0,0,0);\n}\n@media (min-width:550px) {\n  #text-358353994 {\n    font-size: 0.9rem;\n    line-height: 1;\n  }\n}\n<\/style>\n\t<\/div>\n\t\n<a href=\"\/contacto\/\" target=\"_self\" class=\"button secondary is-larger box-shadow-1\"  style=\"border-radius:99px;\">\n    <span>Pide tu cita<\/span>\n  <\/a>\n\n              <\/div>\n           <\/div>\n                            \n<style>\n#text-box-1042427612 {\n  width: 40%;\n}\n#text-box-1042427612 .text-box-content {\n  font-size: 100%;\n}\n@media (min-width:550px) {\n  #text-box-1042427612 {\n    width: 48%;\n  }\n}\n@media (min-width:850px) {\n  #text-box-1042427612 {\n    width: 46%;\n  }\n}\n<\/style>\n    <\/div>\n \n        <\/div>\n      <\/div>\n\n            \n<style>\n#banner-1398648686 {\n  padding-top: 420px;\n}\n#banner-1398648686 .bg.bg-loaded {\n  background-image: url(https:\/\/clinicacemeq.es\/estetica\/wp-content\/uploads\/2023\/02\/preguntas-y-respuestas-sobre-la-blefaroplastia-superior.png);\n}\n#banner-1398648686 .bg {\n  background-position: 30% 60%;\n}\n#banner-1398648686 .ux-shape-divider--top svg {\n  height: 150px;\n  --divider-top-width: 100%;\n}\n#banner-1398648686 .ux-shape-divider--bottom svg {\n  height: 150px;\n  --divider-width: 100%;\n}\n@media (min-width:550px) {\n  #banner-1398648686 {\n    padding-top: 500px;\n  }\n}\n@media (min-width:850px) {\n  #banner-1398648686 {\n    padding-top: 550px;\n  }\n}\n<\/style>\n  <\/div>\n\n\n\t\t<\/div>\n\t\t\t\t\t<\/div>\n\n\t\n<\/div>\n\t\t<\/div>\n\n\t\t\n<style>\n#section_1952835659 {\n  padding-top: 0px;\n  padding-bottom: 0px;\n}\n#section_1952835659 .ux-shape-divider--top svg {\n  height: 150px;\n  --divider-top-width: 100%;\n}\n#section_1952835659 .ux-shape-divider--bottom svg {\n  height: 150px;\n  --divider-width: 100%;\n}\n<\/style>\n\t<\/section>\n\t\n\t<section class=\"section\" id=\"section_324365225\">\n\t\t<div class=\"bg section-bg fill bg-fill  bg-loaded\" >\n\n\t\t\t\n\t\t\t\n\t\t\t\n\n\t\t<\/div>\n\n\t\t\n\n\t\t<div class=\"section-content relative\">\n\t\t\t\n<div class=\"row row-small row-full-width align-equal\"  id=\"row-1213896274\">\n\n\t<div id=\"col-1660641469\" class=\"col medium-6 small-12 large-6\"  >\n\t\t\t\t<div class=\"col-inner\"  >\n\t\t\t\n\t\t\t\n\n  <div class=\"banner has-hover\" id=\"banner-4466072\">\n          <div class=\"banner-inner fill\">\n        <div class=\"banner-bg fill\" >\n            <div class=\"bg fill bg-fill \"><\/div>\n                                    \n                    <\/div>\n\t\t\n        <div class=\"banner-layers container\">\n            <div class=\"fill banner-link\"><\/div>            \n        <\/div>\n      <\/div>\n\n            \n<style>\n#banner-4466072 {\n  padding-top: 99.99%;\n  background-color: rgb(255, 255, 255);\n}\n#banner-4466072 .bg.bg-loaded {\n  background-image: url(https:\/\/clinicacemeq.es\/estetica\/wp-content\/uploads\/2022\/06\/operacion-parpado-caido-1.png);\n}\n#banner-4466072 .bg {\n  background-position: 89% 51%;\n}\n#banner-4466072 .ux-shape-divider--top svg {\n  height: 150px;\n  --divider-top-width: 100%;\n}\n#banner-4466072 .ux-shape-divider--bottom svg {\n  height: 150px;\n  --divider-width: 100%;\n}\n@media (min-width:550px) {\n  #banner-4466072 {\n    padding-top: 490px;\n  }\n}\n@media (min-width:850px) {\n  #banner-4466072 {\n    padding-top: 420px;\n  }\n}\n<\/style>\n  <\/div>\n\n\n\t\t<\/div>\n\t\t\t\t\n<style>\n#col-1660641469 > .col-inner {\n  padding: 0px 0px 0px 0;\n}\n<\/style>\n\t<\/div>\n\n\t\n\n\t<div id=\"col-1416524520\" class=\"col medium-6 small-12 large-6 small-col-first\"  >\n\t\t\t\t<div class=\"col-inner\" style=\"background-color:rgb(229, 227, 227);\" >\n\t\t\t\n\t<div class=\"is-border\"\n\t\tstyle=\"border-color:rgb(194, 194, 194);border-width:2px 2px 2px 2px;\">\n\t<\/div>\n\t\t\t\n\t<div id=\"gap-712114905\" class=\"gap-element clearfix\" style=\"display:block; height:auto;\">\n\t\t\n<style>\n#gap-712114905 {\n  padding-top: 30px;\n}\n<\/style>\n\t<\/div>\n\t\n\t<div id=\"text-1471313728\" class=\"text\">\n\t\t\n<h2>En pocas palabras&#8230;<\/h2>\n<ul>\n<li><strong>Tiempo de intervenci\u00f3n:<\/strong> 1-2 horas<\/li>\n<li><strong>Tratamiento ambulatorio:<\/strong> No requiere hospitalizaci\u00f3n<\/li>\n<li><strong>Tiempo de recuperaci\u00f3n:<\/strong> 48 horas<\/li>\n<li><strong>Tipo de anestesia:<\/strong> Local<\/li>\n<li>T\u00e9cnica con resultados definitivos y permanentes<\/li>\n<\/ul>\n\t\t\n<style>\n#text-1471313728 {\n  font-size: 1rem;\n  color: rgb(0,0,0);\n}\n#text-1471313728 > * {\n  color: rgb(0,0,0);\n}\n@media (min-width:550px) {\n  #text-1471313728 {\n    font-size: 1.1rem;\n  }\n}\n<\/style>\n\t<\/div>\n\t\n<a href=\"https:\/\/clinicacemeq.es\/estetica\/contacto\/\" target=\"_self\" class=\"button primary is-underline\"  >\n    <span>M\u00e1s informaci\u00f3n<\/span>\n  <i class=\"icon-angle-right\" ><\/i><\/a>\n\n\t\t<\/div>\n\t\t\t\t\n<style>\n#col-1416524520 > .col-inner {\n  padding: 15px 15px 15px 9%;\n}\n<\/style>\n\t<\/div>\n\n\t\n<\/div>\n\t\t<\/div>\n\n\t\t\n<style>\n#section_324365225 {\n  padding-top: 30px;\n  padding-bottom: 30px;\n}\n#section_324365225 .ux-shape-divider--top svg {\n  height: 150px;\n  --divider-top-width: 100%;\n}\n#section_324365225 .ux-shape-divider--bottom svg {\n  height: 150px;\n  --divider-width: 100%;\n}\n<\/style>\n\t<\/section>\n\t\n\t<section class=\"section\" id=\"section_1940000331\">\n\t\t<div class=\"bg section-bg fill bg-fill  bg-loaded\" >\n\n\t\t\t\n\t\t\t\n\t\t\t\n\n\t\t<\/div>\n\n\t\t\n\n\t\t<div class=\"section-content relative\">\n\t\t\t\n<div class=\"row\" style=\"max-width:92%\" id=\"row-192670855\">\n\n\t<div id=\"col-1551847723\" class=\"col medium-7 small-12 large-7\"  >\n\t\t\t\t<div class=\"col-inner\"  >\n\t\t\t\n\t\t\t\n<div class=\"container section-title-container\" ><h2 class=\"section-title section-title-normal\"><b><\/b><span class=\"section-title-main\" >Blefaroplastia | Desde 1900\u20ac<\/span><b><\/b><\/h2><\/div>\n<p>La operaci\u00f3n parpados ca\u00eddos es una intervenci\u00f3n de cirug\u00eda est\u00e9tica destinada a aquellas personas con los p\u00e1rpados ca\u00eddos o fl\u00e1cidos y quieran conseguir un rostro con una apariencia m\u00e1s joven y saludable<\/p>\n<a href=\"https:\/\/clinicacemeq.es\/estetica\/contacto\/\" target=\"_self\" class=\"button primary is-outline is-large\"  style=\"border-radius:11px;\">\n    <span>Cont\u00e1ctanos<\/span>\n  <\/a>\n\n<div class=\"container section-title-container\" ><h3 class=\"section-title section-title-normal\"><b><\/b><span class=\"section-title-main\" style=\"font-size:90%;\">beneficios de la operaci\u00f3n de p\u00e1rpados ca\u00eddos<\/span><b><\/b><\/h3><\/div>\n<ul>\n<li>Eliminar\u00e1s ojeras, p\u00e1rpados ca\u00eddos o hinchados, bolsas de los ojos y arrugas<\/li>\n<li>Recuperar\u00e1s una mirada totalmente rejuvenecida<\/li>\n<li>Obtendr\u00e1s una imagen m\u00e1s natural, con menos sensaci\u00f3n de cansancio<\/li>\n<li>No tendr\u00e1s cicatrices visibles ni ninguna otra alteraci\u00f3n est\u00e9tica<\/li>\n<\/ul>\n<div class=\"container section-title-container\" ><h3 class=\"section-title section-title-normal\"><b><\/b><span class=\"section-title-main\" style=\"font-size:85%;\">\u00bfA qui\u00e9n va dirigida la operaci\u00f3n de p\u00e1rpados ca\u00eddos?<\/span><b><\/b><\/h3><\/div>\n<p>La blefaroplastia superior o inferior va dirigida a personas que quieran devolver a su rostro un aspecto m\u00e1s juvenil y eliminando las ojeras y otros signos de la edad en torno a los ojos. Como son los p\u00e1rpados ca\u00eddos, los p\u00e1rpados hinchados o las bolsas de los ojos.<\/p>\n<h2>\u00a0<\/h2>\n<h2 style=\"text-align: center;\">Antes y despu\u00e9s de nuestros pacientes<\/h2>\n<div class=\"row\"  id=\"row-2140968277\">\n\n\t<div id=\"col-1139885076\" class=\"col medium-6 small-12 large-6\"  >\n\t\t\t\t<div class=\"col-inner\"  >\n\t\t\t\n\t\t\t\n\t<div class=\"img has-hover x md-x lg-x y md-y lg-y\" id=\"image_2086637430\">\n\t\t\t\t\t\t\t\t<div class=\"img-inner dark\" >\n\t\t\t<img loading=\"lazy\" decoding=\"async\" width=\"800\" height=\"800\" src=\"https:\/\/clinicacemeq.es\/estetica\/wp-content\/uploads\/2023\/03\/WhatsApp-Image-2023-03-03-at-14.08.34-800x800.jpeg\" class=\"attachment-large size-large\" alt=\"\" srcset=\"https:\/\/clinicacemeq.es\/estetica\/wp-content\/uploads\/2023\/03\/WhatsApp-Image-2023-03-03-at-14.08.34-800x800.jpeg 800w, https:\/\/clinicacemeq.es\/estetica\/wp-content\/uploads\/2023\/03\/WhatsApp-Image-2023-03-03-at-14.08.34-400x400.jpeg 400w, https:\/\/clinicacemeq.es\/estetica\/wp-content\/uploads\/2023\/03\/WhatsApp-Image-2023-03-03-at-14.08.34-280x280.jpeg 280w, https:\/\/clinicacemeq.es\/estetica\/wp-content\/uploads\/2023\/03\/WhatsApp-Image-2023-03-03-at-14.08.34-768x768.jpeg 768w, https:\/\/clinicacemeq.es\/estetica\/wp-content\/uploads\/2023\/03\/WhatsApp-Image-2023-03-03-at-14.08.34.jpeg 1024w\" sizes=\"(max-width: 800px) 100vw, 800px\" \/>\t\t\t\t\t\t\n\t\t\t\t\t<\/div>\n\t\t\t\t\t\t\t\t\n<style>\n#image_2086637430 {\n  width: 100%;\n}\n<\/style>\n\t<\/div>\n\t\n\t\t<\/div>\n\t\t\t\t\t<\/div>\n\n\t\n\n\t<div id=\"col-478087337\" class=\"col medium-6 small-12 large-6\"  >\n\t\t\t\t<div class=\"col-inner\"  >\n\t\t\t\n\t\t\t\n\t<div class=\"img has-hover x md-x lg-x y md-y lg-y\" id=\"image_966740946\">\n\t\t\t\t\t\t\t\t<div class=\"img-inner dark\" >\n\t\t\t<img loading=\"lazy\" decoding=\"async\" width=\"737\" height=\"686\" src=\"https:\/\/clinicacemeq.es\/estetica\/wp-content\/uploads\/2023\/03\/WhatsApp-Image-2023-03-03-at-14.02.13-e1677849736223.jpeg\" class=\"attachment-large size-large\" alt=\"\" srcset=\"https:\/\/clinicacemeq.es\/estetica\/wp-content\/uploads\/2023\/03\/WhatsApp-Image-2023-03-03-at-14.02.13-e1677849736223.jpeg 737w, https:\/\/clinicacemeq.es\/estetica\/wp-content\/uploads\/2023\/03\/WhatsApp-Image-2023-03-03-at-14.02.13-e1677849736223-430x400.jpeg 430w\" sizes=\"(max-width: 737px) 100vw, 737px\" \/>\t\t\t\t\t\t\n\t\t\t\t\t<\/div>\n\t\t\t\t\t\t\t\t\n<style>\n#image_966740946 {\n  width: 100%;\n}\n<\/style>\n\t<\/div>\n\t\n\t\t<\/div>\n\t\t\t\t\t<\/div>\n\n\t\n<\/div>\n\t<div id=\"text-1955935822\" class=\"text\">\n\t\t\n<h2 style=\"text-align: center;\">Dudas sobre la operaci\u00f3n de p\u00e1rpados ca\u00eddos<\/h2>\n\t\t\n<style>\n#text-1955935822 {\n  font-size: 0.9rem;\n  color: rgb(0,0,0);\n}\n#text-1955935822 > * {\n  color: rgb(0,0,0);\n}\n<\/style>\n\t<\/div>\n\t\n<div class=\"accordion\" rel=\"\">\n<div class=\"accordion-item\"><a href=\"#\" class=\"accordion-title plain\"><button class=\"toggle\" aria-label=\"Toggle\"><i class=\"icon-angle-down\"><\/i><\/button><span>\u00bfCu\u00e1nto dura la operacion de p\u00e1rpados caidos?<\/span><\/a><div class=\"accordion-inner\">\n\t<div id=\"text-630617187\" class=\"text\">\n\t\t\n<p>En la mayor\u00eda de los casos, si se trata de una blefaroplastia superior o inferior, la intervenci\u00f3n dura entre media hora y una hora, es ambulatoria, por lo que no requiere hospitalizaci\u00f3n de ning\u00fan tipo. En CEMEQ disponemos de quir\u00f3fano propio.<br \/>\n\t\t\n<style>\n#text-630617187 {\n  font-size: 1.1rem;\n  color: rgb(0,0,0);\n}\n#text-630617187 > * {\n  color: rgb(0,0,0);\n}\n<\/style>\n\t<\/div>\n\t\n<\/div><\/div>\n<\/div>\n<div class=\"accordion\" rel=\"\">\n<div class=\"accordion-item\"><a href=\"#\" class=\"accordion-title plain\"><button class=\"toggle\" aria-label=\"Toggle\"><i class=\"icon-angle-down\"><\/i><\/button><span>\u00bfC\u00f3mo funciona la operaci\u00f3n p\u00e1rpados ca\u00eddos?<\/span><\/a><div class=\"accordion-inner\">\n\t<div id=\"text-1817740685\" class=\"text\">\n\t\t\n<p>La blefaroplastia u operaci\u00f3n de p\u00e1rpados ca\u00eddos consiste en extirpar la piel sobrante alrededor de los ojos y recuperar la tensi\u00f3n normal de la musculatura, devolviendo a los ojos un aspecto m\u00e1s juvenil y eliminando las ojeras y otros signos de la edad en torno a los ojos. Como son los p\u00e1rpados ca\u00eddos, los p\u00e1rpados hinchados o las bolsas de los ojos.\u00a0<\/p>\n<p>En una primera consulta se valorar\u00e1 el estado de sus ojos con el fin de recomendarle el mejor tratamiento para devolverle una mirada m\u00e1s joven. Antes de la operaci\u00f3n de p\u00e1rpados ca\u00eddos es necesario que el paciente preste atenci\u00f3n a un cuidado b\u00e1sico de sus ojos y zonas adyacentes, especialmente p\u00e1rpados. La blefaroplastia u operaci\u00f3n p\u00e1rpados ca\u00eddos suele durar entre media hora y una hora, en funci\u00f3n de que se traten los cuatro p\u00e1rpados a la vez o solo los superiores o inferiores, y es ambulatoria, por lo que no requiere hospitalizaci\u00f3n de ning\u00fan tipo.<\/p>\n\t\t\n<style>\n#text-1817740685 {\n  font-size: 1.1rem;\n  color: rgb(0, 0, 0);\n}\n#text-1817740685 > * {\n  color: rgb(0, 0, 0);\n}\n<\/style>\n\t<\/div>\n\t\n<\/div><\/div>\n<div class=\"accordion-item\"><a href=\"#\" class=\"accordion-title plain\"><button class=\"toggle\" aria-label=\"Toggle\"><i class=\"icon-angle-down\"><\/i><\/button><span>Resultados tras la operaci\u00f3n p\u00e1rpados ca\u00eddos<\/span><\/a><div class=\"accordion-inner\">\n\t<div id=\"text-60591749\" class=\"text\">\n\t\t\n<p>La t\u00e9cnica es muy sencilla y apenas invasiva, por lo que no quedar\u00e1n cicatrices ni aparecer\u00e1n complicaciones posteriores a la cirug\u00eda. La visi\u00f3n normal se recuperar\u00e1 en un d\u00eda, y el paciente podr\u00e1 reincorporarse a su vida normal solo cinco d\u00edas despu\u00e9s de la operaci\u00f3n con una mirada totalmente renovada y libre de p\u00e1rpados ca\u00eddos o hinchados, ojeras o bolsas bajo los ojos.<br \/>\n\t\t\n<style>\n#text-60591749 {\n  font-size: 1.1rem;\n  color: rgb(0,0,0);\n}\n#text-60591749 > * {\n  color: rgb(0,0,0);\n}\n<\/style>\n\t<\/div>\n\t\n<\/div><\/div>\n<\/div>\n<div class=\"is-divider divider clearfix\" ><\/div>\n<h2 style=\"text-align: center;\">Nuestros testimonios<\/h2>\n<div class=\"row\"  id=\"row-821590833\">\n\n\t<div id=\"col-564431339\" class=\"col medium-6 small-12 large-6\"  >\n\t\t\t\t<div class=\"col-inner\"  >\n\t\t\t\n\t\t\t\n<div class=\"video video-fit mb\" style=\"padding-top:56.25%;\"><p><iframe loading=\"lazy\" title=\"Blefaroplastia Superior en CEMEQ\" width=\"1020\" height=\"574\" src=\"https:\/\/www.youtube.com\/embed\/a9gkw_hHtb0?feature=oembed\" frameborder=\"0\" allow=\"accelerometer; autoplay; clipboard-write; encrypted-media; gyroscope; picture-in-picture; web-share\" allowfullscreen><\/iframe><\/p>\n<\/div>\n\t\t<\/div>\n\t\t\t\t\t<\/div>\n\n\t\n\n\t<div id=\"col-823433387\" class=\"col medium-6 small-12 large-6\"  >\n\t\t\t\t<div class=\"col-inner\"  >\n\t\t\t\n\t\t\t\n<div class=\"video video-fit mb\" style=\"padding-top:56.25%;\"><p><iframe loading=\"lazy\" title=\"Blefaroplastia Superior en CEMEQ\" width=\"1020\" height=\"574\" src=\"https:\/\/www.youtube.com\/embed\/Y8nSYyJhzXo?feature=oembed\" frameborder=\"0\" allow=\"accelerometer; autoplay; clipboard-write; encrypted-media; gyroscope; picture-in-picture; web-share\" allowfullscreen><\/iframe><\/p>\n<\/div>\n\t\t<\/div>\n\t\t\t\t\t<\/div>\n\n\t\n<\/div>\n\t<div id=\"text-4027190531\" class=\"text\">\n\t\t\n\t\t\n<style>\n#text-4027190531 {\n  font-size: 1rem;\n  color: rgb(0,0,0);\n}\n#text-4027190531 > * {\n  color: rgb(0,0,0);\n}\n<\/style>\n\t<\/div>\n\t\n\t\t<\/div>\n\t\t\t\t\n<style>\n#col-1551847723 > .col-inner {\n  padding: 0px 10px 0px 0px;\n}\n<\/style>\n\t<\/div>\n\n\t\n\n\t<div id=\"col-1535351725\" class=\"col medium-5 small-12 large-5\"  >\n\t\t\t\t<div class=\"col-inner\"  >\n\t\t\t\n\t\t\t\n\t<div id=\"text-231554356\" class=\"text\">\n\t\t\n<h2>Contacta con nosotros<\/h2>\n\t\t\n<style>\n#text-231554356 {\n  text-align: center;\n  color: rgb(0,0,0);\n}\n#text-231554356 > * {\n  color: rgb(0,0,0);\n}\n<\/style>\n\t<\/div>\n\t\n\n<div id=\"contactoGeneral\" style=\"padding: 20px;\"><div class=\"wpforms-container wpforms-container-full wpforms-render-modern\" id=\"wpforms-9301\"><form id=\"wpforms-form-9301\" class=\"wpforms-validate wpforms-form wpforms-ajax-form\" data-formid=\"9301\" method=\"post\" enctype=\"multipart\/form-data\" action=\"\/estetica\/wp-json\/wp\/v2\/pages\/5686\" data-token=\"0d4065923086483dd710d4b631b50749\"><noscript class=\"wpforms-error-noscript\">Por favor, activa JavaScript en tu navegador para completar este formulario.<\/noscript><div class=\"wpforms-hidden\" id=\"wpforms-error-noscript\">Por favor, activa JavaScript en tu navegador para completar este formulario.<\/div><div class=\"wpforms-field-container\"><div id=\"wpforms-9301-field_9-container\" class=\"wpforms-field wpforms-field-text\" data-field-id=\"9\"><label class=\"wpforms-field-label\" for=\"wpforms-9301-field_9\">Nombre <span class=\"wpforms-required-label\" aria-hidden=\"true\">*<\/span><\/label><input type=\"text\" id=\"wpforms-9301-field_9\" class=\"wpforms-field-medium wpforms-field-required\" name=\"wpforms[fields][9]\" aria-errormessage=\"wpforms-9301-field_9-error\" required><\/div><div id=\"wpforms-9301-field_8-container\" class=\"wpforms-field wpforms-field-email\" data-field-id=\"8\"><label class=\"wpforms-field-label\" for=\"wpforms-9301-field_8\">Correo <span class=\"wpforms-required-label\" aria-hidden=\"true\">*<\/span><\/label><input type=\"email\" id=\"wpforms-9301-field_8\" class=\"wpforms-field-large wpforms-field-required\" name=\"wpforms[fields][8]\" spellcheck=\"false\" aria-errormessage=\"wpforms-9301-field_8-error\" required><\/div><div id=\"wpforms-9301-field_10-container\" class=\"wpforms-field wpforms-field-number\" data-field-id=\"10\"><label class=\"wpforms-field-label\" for=\"wpforms-9301-field_10\">N\u00ba de tel\u00e9fono <span class=\"wpforms-required-label\" aria-hidden=\"true\">*<\/span><\/label><input type=\"number\" pattern=\"\\d*\" id=\"wpforms-9301-field_10\" class=\"wpforms-field-large wpforms-field-required\" name=\"wpforms[fields][10]\" aria-errormessage=\"wpforms-9301-field_10-error\" required><\/div><div id=\"wpforms-9301-field_11-container\" class=\"wpforms-field wpforms-field-select wpforms-field-select-style-classic\" data-field-id=\"11\"><label class=\"wpforms-field-label\" for=\"wpforms-9301-field_11\">\u00bfEn qu\u00e9 podemos ayudarte? <span class=\"wpforms-required-label\" aria-hidden=\"true\">*<\/span><\/label><select id=\"wpforms-9301-field_11\" class=\"wpforms-field-large wpforms-field-required\" name=\"wpforms[fields][11]\" required=\"required\"><option value=\"Cirug\u00eda pl\u00e1stica\" >Cirug\u00eda pl\u00e1stica<\/option><option value=\"Medicina est\u00e9tica\" >Medicina est\u00e9tica<\/option><option value=\"Unidad de obesidad\" >Unidad de obesidad<\/option><option value=\"Unidad capilar\" >Unidad capilar<\/option><\/select><\/div><div id=\"wpforms-9301-field_12-container\" class=\"wpforms-field wpforms-field-checkbox\" data-field-id=\"12\"><fieldset><legend class=\"wpforms-field-label wpforms-label-hide\" aria-hidden=\"false\">Casillas de verificaci\u00f3n <span class=\"wpforms-required-label\" aria-hidden=\"true\">*<\/span><\/legend><ul id=\"wpforms-9301-field_12\" class=\"wpforms-field-required\"><li class=\"choice-1 depth-1\"><input type=\"checkbox\" id=\"wpforms-9301-field_12_1\" name=\"wpforms[fields][12][]\" value=\"He le\u00eddo y acepto la &lt;a rel=&quot;noopener&quot; target=&quot;_blank&quot; href=&quot;https:\/\/clinicacemeq.es\/estetica\/politica-privacidad\/&quot;&gt;Pol\u00edtica de Privacidad y Protecci\u00f3n de Datos&lt;\/a&gt;.\" aria-errormessage=\"wpforms-9301-field_12_1-error\" aria-describedby=\"wpforms-9301-field_12-description\" required ><label class=\"wpforms-field-label-inline\" for=\"wpforms-9301-field_12_1\">He le\u00eddo y acepto la <a rel=\"noopener\" target=\"_blank\" href=\"https:\/\/clinicacemeq.es\/estetica\/politica-privacidad\/\">Pol\u00edtica de Privacidad y Protecci\u00f3n de Datos<\/a>. <span class=\"wpforms-required-label\">*<\/span><\/label><\/li><\/ul><div id=\"wpforms-9301-field_12-description\" class=\"wpforms-field-description wpforms-disclaimer-description\"><p style=\"font-size: 10px;\">CLINICA CEMEQ SOCIEDAD LIMITADA, en calidad de responsable del tratamiento, tratar\u00e1 los datos recogidos con la finalidad de gestionar su solicitud de descarga del ebook y gestionar el inter\u00e9s mostrado en los productos y servicios de CEMEQ, bas\u00e1ndose en el consentimiento que expresamente manifiesta al remitir el presente formulario. Estos datos no ser\u00e1n comunicados a terceros salvo obligaci\u00f3n legal ni ser\u00e1n objeto de transferencias internacionales de datos. Puede ejercer sus derechos de acceso, rectificaci\u00f3n, supresi\u00f3n, portabilidad, limitaci\u00f3n del tratamiento y oposici\u00f3n en el correo <a href=\"mailto:info@clinicacemeq.es\" rel=\"noopener\">info@clinicacemeq.es<\/a>, tal como se indica en la <a href=\"https:\/\/clinicacemeq.es\/estetica\/politica-privacidad\/\" rel=\"noopener\" target=\"_blank\">Pol\u00edtica de Privacidad<\/a>, donde dispone de m\u00e1s informaci\u00f3n sobre el tratamiento.<\/p><\/div><\/fieldset><\/div><\/div><!-- .wpforms-field-container --><div class=\"wpforms-submit-container\" ><input type=\"hidden\" name=\"wpforms[id]\" value=\"9301\"><input type=\"hidden\" name=\"wpforms[author]\" value=\"6\"><button type=\"submit\" name=\"wpforms[submit]\" id=\"wpforms-submit-9301\" class=\"wpforms-submit\" data-alt-text=\"Enviando reserva...\" data-submit-text=\"Enviar\" aria-live=\"assertive\" value=\"wpforms-submit\">Enviar<\/button><img loading=\"lazy\" decoding=\"async\" src=\"https:\/\/clinicacemeq.es\/estetica\/wp-content\/plugins\/wpforms\/assets\/images\/submit-spin.svg\" class=\"wpforms-submit-spinner\" style=\"display: none;\" width=\"26\" height=\"26\" alt=\"Cargando\"><\/div><\/form><\/div>  <!-- .wpforms-container --><\/div>\n\n\t\t<\/div>\n\t\t\t\t\t<\/div>\n\n\t\n<\/div>\n\t\t<\/div>\n\n\t\t\n<style>\n#section_1940000331 {\n  padding-top: 30px;\n  padding-bottom: 30px;\n  background-color: rgb(247, 247, 247);\n}\n#section_1940000331 .ux-shape-divider--top svg {\n  height: 150px;\n  --divider-top-width: 100%;\n}\n#section_1940000331 .ux-shape-divider--bottom svg {\n  height: 150px;\n  --divider-width: 100%;\n}\n<\/style>\n\t<\/section>\n\t\n","protected":false},"excerpt":{"rendered":"","protected":false},"author":6,"featured_media":0,"parent":0,"menu_order":0,"comment_status":"closed","ping_status":"closed","template":"page-blank.php","meta":{"footnotes":""},"yoast_head":"<!-- This site is optimized with the Yoast SEO Premium plugin v18.3 (Yoast SEO v24.5) - https:\/\/yoast.com\/wordpress\/plugins\/seo\/ -->\n<title>Operaci\u00f3n p\u00e1rpados ca\u00eddos - Cl\u00ednica Est\u00e9tica CEMEQ<\/title>\n<meta name=\"description\" content=\"\u00bfLe acomplejan los p\u00e1rpados ca\u00eddos? \u00a1Nuestros cirujanos pueden ayudarle! Inf\u00f3rmate sobre nuestra operaci\u00f3n p\u00e1rpados ca\u00eddos.\" \/>\n<meta name=\"robots\" content=\"index, follow, max-snippet:-1, max-image-preview:large, max-video-preview:-1\" \/>\n<link rel=\"canonical\" href=\"https:\/\/clinicacemeq.es\/estetica\/operacion-parpados-caidos\/\" \/>\n<meta property=\"og:locale\" content=\"es_ES\" \/>\n<meta property=\"og:type\" content=\"article\" \/>\n<meta property=\"og:title\" content=\"Operaci\u00f3n p\u00e1rpados ca\u00eddos\" \/>\n<meta property=\"og:description\" content=\"\u00bfLe acomplejan los p\u00e1rpados ca\u00eddos? \u00a1Nuestros cirujanos pueden ayudarle! Inf\u00f3rmate sobre nuestra operaci\u00f3n p\u00e1rpados ca\u00eddos.\" \/>\n<meta property=\"og:url\" content=\"https:\/\/clinicacemeq.es\/estetica\/operacion-parpados-caidos\/\" \/>\n<meta property=\"og:site_name\" content=\"Cl\u00ednica Est\u00e9tica CEMEQ\" \/>\n<meta property=\"article:modified_time\" content=\"2024-05-23T14:14:47+00:00\" \/>\n<meta name=\"twitter:card\" content=\"summary_large_image\" \/>\n<meta name=\"twitter:label1\" content=\"Tiempo de lectura\" \/>\n\t<meta name=\"twitter:data1\" content=\"6 minutos\" \/>\n<script type=\"application\/ld+json\" class=\"yoast-schema-graph\">{\"@context\":\"https:\/\/schema.org\",\"@graph\":[{\"@type\":\"WebPage\",\"@id\":\"https:\/\/clinicacemeq.es\/estetica\/operacion-parpados-caidos\/\",\"url\":\"https:\/\/clinicacemeq.es\/estetica\/operacion-parpados-caidos\/\",\"name\":\"Operaci\u00f3n p\u00e1rpados ca\u00eddos - Cl\u00ednica Est\u00e9tica CEMEQ\",\"isPartOf\":{\"@id\":\"https:\/\/clinicacemeq.es\/estetica\/#website\"},\"datePublished\":\"2022-11-09T07:31:02+00:00\",\"dateModified\":\"2024-05-23T14:14:47+00:00\",\"description\":\"\u00bfLe acomplejan los p\u00e1rpados ca\u00eddos? \u00a1Nuestros cirujanos pueden ayudarle! Inf\u00f3rmate sobre nuestra operaci\u00f3n p\u00e1rpados ca\u00eddos.\",\"breadcrumb\":{\"@id\":\"https:\/\/clinicacemeq.es\/estetica\/operacion-parpados-caidos\/#breadcrumb\"},\"inLanguage\":\"es\",\"potentialAction\":[{\"@type\":\"ReadAction\",\"target\":[\"https:\/\/clinicacemeq.es\/estetica\/operacion-parpados-caidos\/\"]}]},{\"@type\":\"BreadcrumbList\",\"@id\":\"https:\/\/clinicacemeq.es\/estetica\/operacion-parpados-caidos\/#breadcrumb\",\"itemListElement\":[{\"@type\":\"ListItem\",\"position\":1,\"name\":\"Portada\",\"item\":\"https:\/\/clinicacemeq.es\/estetica\/\"},{\"@type\":\"ListItem\",\"position\":2,\"name\":\"Operaci\u00f3n p\u00e1rpados ca\u00eddos\"}]},{\"@type\":\"WebSite\",\"@id\":\"https:\/\/clinicacemeq.es\/estetica\/#website\",\"url\":\"https:\/\/clinicacemeq.es\/estetica\/\",\"name\":\"Cl\u00ednica Est\u00e9tica CEMEQ\",\"description\":\"Medicina est\u00e9tica \u0131 Cirug\u00eda Est\u00e9tica \u0131 Cl\u00ednica Dental \u0131 Unidad Capilar \u0131 Unidad de Obesidad\",\"potentialAction\":[{\"@type\":\"SearchAction\",\"target\":{\"@type\":\"EntryPoint\",\"urlTemplate\":\"https:\/\/clinicacemeq.es\/estetica\/?s={search_term_string}\"},\"query-input\":{\"@type\":\"PropertyValueSpecification\",\"valueRequired\":true,\"valueName\":\"search_term_string\"}}],\"inLanguage\":\"es\"}]}<\/script>\n<!-- \/ Yoast SEO Premium plugin. -->","yoast_head_json":{"title":"Operaci\u00f3n p\u00e1rpados ca\u00eddos - Cl\u00ednica Est\u00e9tica CEMEQ","description":"\u00bfLe acomplejan los p\u00e1rpados ca\u00eddos? \u00a1Nuestros cirujanos pueden ayudarle! Inf\u00f3rmate sobre nuestra operaci\u00f3n p\u00e1rpados ca\u00eddos.","robots":{"index":"index","follow":"follow","max-snippet":"max-snippet:-1","max-image-preview":"max-image-preview:large","max-video-preview":"max-video-preview:-1"},"canonical":"https:\/\/clinicacemeq.es\/estetica\/operacion-parpados-caidos\/","og_locale":"es_ES","og_type":"article","og_title":"Operaci\u00f3n p\u00e1rpados ca\u00eddos","og_description":"\u00bfLe acomplejan los p\u00e1rpados ca\u00eddos? \u00a1Nuestros cirujanos pueden ayudarle! Inf\u00f3rmate sobre nuestra operaci\u00f3n p\u00e1rpados ca\u00eddos.","og_url":"https:\/\/clinicacemeq.es\/estetica\/operacion-parpados-caidos\/","og_site_name":"Cl\u00ednica Est\u00e9tica CEMEQ","article_modified_time":"2024-05-23T14:14:47+00:00","twitter_card":"summary_large_image","twitter_misc":{"Tiempo de lectura":"6 minutos"},"schema":{"@context":"https:\/\/schema.org","@graph":[{"@type":"WebPage","@id":"https:\/\/clinicacemeq.es\/estetica\/operacion-parpados-caidos\/","url":"https:\/\/clinicacemeq.es\/estetica\/operacion-parpados-caidos\/","name":"Operaci\u00f3n p\u00e1rpados ca\u00eddos - Cl\u00ednica Est\u00e9tica CEMEQ","isPartOf":{"@id":"https:\/\/clinicacemeq.es\/estetica\/#website"},"datePublished":"2022-11-09T07:31:02+00:00","dateModified":"2024-05-23T14:14:47+00:00","description":"\u00bfLe acomplejan los p\u00e1rpados ca\u00eddos? \u00a1Nuestros cirujanos pueden ayudarle! Inf\u00f3rmate sobre nuestra operaci\u00f3n p\u00e1rpados ca\u00eddos.","breadcrumb":{"@id":"https:\/\/clinicacemeq.es\/estetica\/operacion-parpados-caidos\/#breadcrumb"},"inLanguage":"es","potentialAction":[{"@type":"ReadAction","target":["https:\/\/clinicacemeq.es\/estetica\/operacion-parpados-caidos\/"]}]},{"@type":"BreadcrumbList","@id":"https:\/\/clinicacemeq.es\/estetica\/operacion-parpados-caidos\/#breadcrumb","itemListElement":[{"@type":"ListItem","position":1,"name":"Portada","item":"https:\/\/clinicacemeq.es\/estetica\/"},{"@type":"ListItem","position":2,"name":"Operaci\u00f3n p\u00e1rpados ca\u00eddos"}]},{"@type":"WebSite","@id":"https:\/\/clinicacemeq.es\/estetica\/#website","url":"https:\/\/clinicacemeq.es\/estetica\/","name":"Cl\u00ednica Est\u00e9tica CEMEQ","description":"Medicina est\u00e9tica \u0131 Cirug\u00eda Est\u00e9tica \u0131 Cl\u00ednica Dental \u0131 Unidad Capilar \u0131 Unidad de Obesidad","potentialAction":[{"@type":"SearchAction","target":{"@type":"EntryPoint","urlTemplate":"https:\/\/clinicacemeq.es\/estetica\/?s={search_term_string}"},"query-input":{"@type":"PropertyValueSpecification","valueRequired":true,"valueName":"search_term_string"}}],"inLanguage":"es"}]}},"_links":{"self":[{"href":"https:\/\/clinicacemeq.es\/estetica\/wp-json\/wp\/v2\/pages\/5686"}],"collection":[{"href":"https:\/\/clinicacemeq.es\/estetica\/wp-json\/wp\/v2\/pages"}],"about":[{"href":"https:\/\/clinicacemeq.es\/estetica\/wp-json\/wp\/v2\/types\/page"}],"author":[{"embeddable":true,"href":"https:\/\/clinicacemeq.es\/estetica\/wp-json\/wp\/v2\/users\/6"}],"replies":[{"embeddable":true,"href":"https:\/\/clinicacemeq.es\/estetica\/wp-json\/wp\/v2\/comments?post=5686"}],"version-history":[{"count":26,"href":"https:\/\/clinicacemeq.es\/estetica\/wp-json\/wp\/v2\/pages\/5686\/revisions"}],"predecessor-version":[{"id":9327,"href":"https:\/\/clinicacemeq.es\/estetica\/wp-json\/wp\/v2\/pages\/5686\/revisions\/9327"}],"wp:attachment":[{"href":"https:\/\/clinicacemeq.es\/estetica\/wp-json\/wp\/v2\/media?parent=5686"}],"curies":[{"name":"wp","href":"https:\/\/api.w.org\/{rel}","templated":true}]}}