{"id":5675,"date":"2022-11-09T07:27:55","date_gmt":"2022-11-09T07:27:55","guid":{"rendered":"https:\/\/clinicacemeq.es\/estetica\/?page_id=5675"},"modified":"2026-02-10T10:39:35","modified_gmt":"2026-02-10T10:39:35","slug":"meso-intervencion-capilar","status":"publish","type":"page","link":"https:\/\/clinicacemeq.es\/estetica\/meso-intervencion-capilar\/","title":{"rendered":"Meso Intervenci\u00f3n Capilar"},"content":{"rendered":"\t<section class=\"section hide-for-medium\" id=\"section_1478388242\">\n\t\t<div class=\"bg section-bg fill bg-fill  bg-loaded\" >\n\n\t\t\t\n\t\t\t\n\t\t\t\n\n\t\t<\/div>\n\n\t\t\n\n\t\t<div class=\"section-content relative\">\n\t\t\t\n<div class=\"row row-collapse row-full-width\"  id=\"row-934219388\">\n\n\t<div id=\"col-609546366\" class=\"col small-12 large-12\"  >\n\t\t\t\t<div class=\"col-inner text-left\"  >\n\t\t\t\n\t\t\t\n\n  <div class=\"banner has-hover\" id=\"banner-1801890654\">\n          <div class=\"banner-inner fill\">\n        <div class=\"banner-bg fill\" >\n            <div class=\"bg fill bg-fill \"><\/div>\n                                    \n                    <\/div>\n\t\t\n        <div class=\"banner-layers container\">\n            <div class=\"fill banner-link\"><\/div>            \n   <div id=\"text-box-612909797\" class=\"text-box banner-layer x5 md-x5 lg-x5 y90 md-y50 lg-y50 res-text\">\n                                <div class=\"text-box-content text dark\">\n              \n              <div class=\"text-inner text-left\">\n                  \n\t<div id=\"text-4120208515\" class=\"text\">\n\t\t\n<h1 class=\"alt-font\">Meso intervenci\u00f3n Capilar<\/h1>\n\t\t\n<style>\n#text-4120208515 {\n  font-size: 0.75rem;\n  text-align: left;\n  color: rgb(0,0,0);\n}\n#text-4120208515 > * {\n  color: rgb(0,0,0);\n}\n@media (min-width:550px) {\n  #text-4120208515 {\n    font-size: 1rem;\n  }\n}\n@media (min-width:850px) {\n  #text-4120208515 {\n    font-size: 1.2rem;\n  }\n}\n<\/style>\n\t<\/div>\n\t\n\t<div id=\"text-3019027531\" class=\"text\">\n\t\t\n<h3>La meso intervenci\u00f3n capilar es un tratamiento muy \u00fatil para prevenir la ca\u00edda del cabello y combatir diferentes tipos de alopecia<\/h3>\n\t\t\n<style>\n#text-3019027531 {\n  font-size: 0.75rem;\n  line-height: 0.85;\n  color: rgb(0,0,0);\n}\n#text-3019027531 > * {\n  color: rgb(0,0,0);\n}\n@media (min-width:550px) {\n  #text-3019027531 {\n    font-size: 1rem;\n  }\n}\n<\/style>\n\t<\/div>\n\t\n<a rel=\"noopener noreferrer\" href=\"https:\/\/wa.me\/34661577493?text=Hola%2C%20quiero%20agendar%20una%20valoraci%C3%B3n%20gratuita\" target=\"_blank\" class=\"button secondary is-larger box-shadow-1\"  style=\"border-radius:99px;\">\n    <span>Pide tu cita<\/span>\n  <\/a>\n\n              <\/div>\n           <\/div>\n                            \n<style>\n#text-box-612909797 {\n  width: 54%;\n}\n#text-box-612909797 .text-box-content {\n  font-size: 100%;\n}\n@media (min-width:550px) {\n  #text-box-612909797 {\n    width: 48%;\n  }\n}\n@media (min-width:850px) {\n  #text-box-612909797 {\n    width: 46%;\n  }\n}\n<\/style>\n    <\/div>\n \n        <\/div>\n      <\/div>\n\n            \n<style>\n#banner-1801890654 {\n  padding-top: 330px;\n}\n#banner-1801890654 .bg.bg-loaded {\n  background-image: url(https:\/\/clinicacemeq.es\/estetica\/wp-content\/uploads\/2021\/08\/slider33.jpg);\n}\n#banner-1801890654 .bg {\n  background-position: 37% 39%;\n}\n#banner-1801890654 .ux-shape-divider--top svg {\n  height: 150px;\n  --divider-top-width: 100%;\n}\n#banner-1801890654 .ux-shape-divider--bottom svg {\n  height: 150px;\n  --divider-width: 100%;\n}\n@media (min-width:550px) {\n  #banner-1801890654 {\n    padding-top: 500px;\n  }\n}\n@media (min-width:850px) {\n  #banner-1801890654 {\n    padding-top: 550px;\n  }\n}\n<\/style>\n  <\/div>\n\n\n\t\t<\/div>\n\t\t\t\t\t<\/div>\n\n\t\n<\/div>\n\t\t<\/div>\n\n\t\t\n<style>\n#section_1478388242 {\n  padding-top: 0px;\n  padding-bottom: 0px;\n}\n#section_1478388242 .ux-shape-divider--top svg {\n  height: 150px;\n  --divider-top-width: 100%;\n}\n#section_1478388242 .ux-shape-divider--bottom svg {\n  height: 150px;\n  --divider-width: 100%;\n}\n<\/style>\n\t<\/section>\n\t\n\t<section class=\"section show-for-medium\" id=\"section_43147158\">\n\t\t<div class=\"bg section-bg fill bg-fill  bg-loaded\" >\n\n\t\t\t\n\t\t\t\n\t\t\t\n\n\t\t<\/div>\n\n\t\t\n\n\t\t<div class=\"section-content relative\">\n\t\t\t\n<div class=\"row row-collapse row-full-width\"  id=\"row-289046122\">\n\n\t<div id=\"col-500558325\" class=\"col small-12 large-12\"  >\n\t\t\t\t<div class=\"col-inner text-left\"  >\n\t\t\t\n\t\t\t\n\n  <div class=\"banner has-hover\" id=\"banner-2114969947\">\n          <div class=\"banner-inner fill\">\n        <div class=\"banner-bg fill\" >\n            <div class=\"bg fill bg-fill \"><\/div>\n                                    \n                    <\/div>\n\t\t\n        <div class=\"banner-layers container\">\n            <div class=\"fill banner-link\"><\/div>            \n   <div id=\"text-box-891138440\" class=\"text-box banner-layer x5 md-x5 lg-x5 y5 md-y50 lg-y50 res-text\">\n                                <div class=\"text-box-content text dark\">\n              \n              <div class=\"text-inner text-left\">\n                  \n\t<div id=\"text-985773377\" class=\"text\">\n\t\t\n<h1 class=\"alt-font\"><span style=\"font-size: 65%;\">Meso intervenci\u00f3n Capilar<\/span><\/h1>\n\t\t\n<style>\n#text-985773377 {\n  font-size: 0.75rem;\n  text-align: left;\n  color: rgb(0,0,0);\n}\n#text-985773377 > * {\n  color: rgb(0,0,0);\n}\n@media (min-width:550px) {\n  #text-985773377 {\n    font-size: 1rem;\n  }\n}\n@media (min-width:850px) {\n  #text-985773377 {\n    font-size: 1.45rem;\n  }\n}\n<\/style>\n\t<\/div>\n\t\n\t<div id=\"text-2282670473\" class=\"text\">\n\t\t\n<h3><span style=\"font-size: 65%;\">Bioestimulaci\u00f3n capilar por infiltraci\u00f3n de principios activos para revitalizar y reactivar el crecimiento del cabello. <\/span><\/h3>\n\t\t\n<style>\n#text-2282670473 {\n  font-size: 0.75rem;\n  line-height: 1.6;\n  color: rgb(0,0,0);\n}\n#text-2282670473 > * {\n  color: rgb(0,0,0);\n}\n@media (min-width:550px) {\n  #text-2282670473 {\n    font-size: 1rem;\n    line-height: 1;\n  }\n}\n@media (min-width:850px) {\n  #text-2282670473 {\n    font-size: 0.9rem;\n  }\n}\n<\/style>\n\t<\/div>\n\t\n<a href=\"#\" target=\"_self\" class=\"button secondary is-larger box-shadow-1\"  style=\"border-radius:99px;\">\n    <span>Pide tu cita<\/span>\n  <\/a>\n\n              <\/div>\n           <\/div>\n                            \n<style>\n#text-box-891138440 {\n  width: 51%;\n}\n#text-box-891138440 .text-box-content {\n  font-size: 100%;\n}\n@media (min-width:550px) {\n  #text-box-891138440 {\n    width: 48%;\n  }\n}\n@media (min-width:850px) {\n  #text-box-891138440 {\n    width: 46%;\n  }\n}\n<\/style>\n    <\/div>\n \n        <\/div>\n      <\/div>\n\n            \n<style>\n#banner-2114969947 {\n  padding-top: 420px;\n}\n#banner-2114969947 .bg.bg-loaded {\n  background-image: url(https:\/\/clinicacemeq.es\/estetica\/wp-content\/uploads\/2021\/08\/slider33.jpg);\n}\n#banner-2114969947 .bg {\n  background-position: 56% 50%;\n}\n#banner-2114969947 .ux-shape-divider--top svg {\n  height: 150px;\n  --divider-top-width: 100%;\n}\n#banner-2114969947 .ux-shape-divider--bottom svg {\n  height: 150px;\n  --divider-width: 100%;\n}\n@media (min-width:550px) {\n  #banner-2114969947 {\n    padding-top: 500px;\n  }\n}\n@media (min-width:850px) {\n  #banner-2114969947 {\n    padding-top: 550px;\n  }\n}\n<\/style>\n  <\/div>\n\n\n\t\t<\/div>\n\t\t\t\t\t<\/div>\n\n\t\n<\/div>\n\t\t<\/div>\n\n\t\t\n<style>\n#section_43147158 {\n  padding-top: 0px;\n  padding-bottom: 0px;\n}\n#section_43147158 .ux-shape-divider--top svg {\n  height: 150px;\n  --divider-top-width: 100%;\n}\n#section_43147158 .ux-shape-divider--bottom svg {\n  height: 150px;\n  --divider-width: 100%;\n}\n<\/style>\n\t<\/section>\n\t\n\t<section class=\"section\" id=\"section_261607864\">\n\t\t<div class=\"bg section-bg fill bg-fill  bg-loaded\" >\n\n\t\t\t\n\t\t\t\n\t\t\t\n\n\t\t<\/div>\n\n\t\t\n\n\t\t<div class=\"section-content relative\">\n\t\t\t\n<div class=\"row row-small row-full-width align-equal\"  id=\"row-1998212181\">\n\n\t<div id=\"col-747917545\" class=\"col medium-5 small-12 large-6\"  >\n\t\t\t\t<div class=\"col-inner box-shadow-2\"  >\n\t\t\t\n\t\t\t\n\n  <div class=\"banner has-hover\" id=\"banner-899253264\">\n          <div class=\"banner-inner fill\">\n        <div class=\"banner-bg fill\" >\n            <div class=\"bg fill bg-fill \"><\/div>\n                                    \n                    <\/div>\n\t\t\n        <div class=\"banner-layers container\">\n            <div class=\"fill banner-link\"><\/div>            \n        <\/div>\n      <\/div>\n\n            \n<style>\n#banner-899253264 {\n  padding-top: 99.99%;\n  background-color: rgb(255, 255, 255);\n}\n#banner-899253264 .bg.bg-loaded {\n  background-image: url(https:\/\/clinicacemeq.es\/estetica\/wp-content\/uploads\/2022\/10\/mesoterapia-capilar-1-e1677503285225.png);\n}\n#banner-899253264 .bg {\n  background-position: 28% 69%;\n}\n#banner-899253264 .ux-shape-divider--top svg {\n  height: 150px;\n  --divider-top-width: 100%;\n}\n#banner-899253264 .ux-shape-divider--bottom svg {\n  height: 150px;\n  --divider-width: 100%;\n}\n@media (min-width:550px) {\n  #banner-899253264 {\n    padding-top: 490px;\n  }\n}\n@media (min-width:850px) {\n  #banner-899253264 {\n    padding-top: 400px;\n  }\n}\n<\/style>\n  <\/div>\n\n\n\t\t<\/div>\n\t\t\t\t\t<\/div>\n\n\t\n\n\t<div id=\"col-1686111425\" class=\"col medium-6 small-12 large-6 small-col-first\"  >\n\t\t\t\t<div class=\"col-inner\" style=\"background-color:rgb(229, 227, 227);\" >\n\t\t\t\n\t<div class=\"is-border\"\n\t\tstyle=\"border-color:rgb(194, 194, 194);border-width:2px 2px 2px 2px;\">\n\t<\/div>\n\t\t\t\n\t<div id=\"gap-1069028925\" class=\"gap-element clearfix\" style=\"display:block; height:auto;\">\n\t\t\n<style>\n#gap-1069028925 {\n  padding-top: 20px;\n}\n@media (min-width:550px) {\n  #gap-1069028925 {\n    padding-top: 29px;\n  }\n}\n@media (min-width:850px) {\n  #gap-1069028925 {\n    padding-top: 40px;\n  }\n}\n<\/style>\n\t<\/div>\n\t\n\t<div id=\"text-3437453543\" class=\"text\">\n\t\t\n<h2>En pocas palabras\u2026<\/h2>\n<ul>\n<li>Tiempo de\u00a0<strong>intervenci\u00f3n: 1 hora<\/strong><\/li>\n<li>Procedimiento ambulatorio.\u00a0<strong>No requiere hospitalizaci\u00f3n<\/strong><\/li>\n<li>Tiempo de\u00a0<strong>recuperaci\u00f3n: Inmediata<\/strong><\/li>\n<li>Tipo de\u00a0<strong>anestesia: Local o t\u00f3pica<\/strong><\/li>\n<li>Tiempo para la obtenci\u00f3n de\u00a0<strong>resultados: 2 meses<\/strong><\/li>\n<li>T\u00e9cnica con\u00a0<strong>resultados duraderos<\/strong><\/li>\n<\/ul>\n\t\t\n<style>\n#text-3437453543 {\n  font-size: 1rem;\n  color: rgb(0,0,0);\n}\n#text-3437453543 > * {\n  color: rgb(0,0,0);\n}\n<\/style>\n\t<\/div>\n\t\n<a href=\"https:\/\/clinicacemeq.es\/estetica\/contacto\/\" target=\"_self\" class=\"button primary is-link lowercase\"  >\n    <span>M\u00e1s informaci\u00f3n<\/span>\n  <i class=\"icon-angle-right\" ><\/i><\/a>\n\n\t\t<\/div>\n\t\t\t\t\n<style>\n#col-1686111425 > .col-inner {\n  padding: 15px 15px 15px 7%;\n}\n@media (min-width:550px) {\n  #col-1686111425 > .col-inner {\n    padding: 15px 15px 15px 6%;\n  }\n}\n@media (min-width:850px) {\n  #col-1686111425 > .col-inner {\n    padding: 15px 15px 15px 9%;\n  }\n}\n<\/style>\n\t<\/div>\n\n\t\n<\/div>\n\t\t<\/div>\n\n\t\t\n<style>\n#section_261607864 {\n  padding-top: 30px;\n  padding-bottom: 30px;\n}\n#section_261607864 .ux-shape-divider--top svg {\n  height: 150px;\n  --divider-top-width: 100%;\n}\n#section_261607864 .ux-shape-divider--bottom svg {\n  height: 150px;\n  --divider-width: 100%;\n}\n<\/style>\n\t<\/section>\n\t\n\t<section class=\"section\" id=\"section_1724320876\">\n\t\t<div class=\"bg section-bg fill bg-fill  bg-loaded\" >\n\n\t\t\t\n\t\t\t\n\t\t\t\n\n\t\t<\/div>\n\n\t\t\n\n\t\t<div class=\"section-content relative\">\n\t\t\t\n<div class=\"row\" style=\"max-width:92%\" id=\"row-843517447\">\n\n\t<div id=\"col-963928962\" class=\"col medium-7 small-12 large-7\"  >\n\t\t\t\t<div class=\"col-inner\"  >\n\t\t\t\n\t\t\t\n<h3 class=\"accordion_title\"><\/p>\n<h2>Dudas frecuentes sobre la Meso intervenci\u00f3n Capilar<\/h2>\n<p><\/h3><div class=\"accordion\" rel=\"\">\n<div class=\"accordion-item\"><a href=\"#\" class=\"accordion-title plain\"><button class=\"toggle\" aria-label=\"Toggle\"><i class=\"icon-angle-down\"><\/i><\/button><span>Beneficios de la Meso intervenci\u00f3n Capilar<\/span><\/a><div class=\"accordion-inner\">\n\t<div id=\"text-908583382\" class=\"text\">\n\t\t\n<ul>\n<li>Revitalizar\u00e1 tu fol\u00edculo piloso, y con ello tu cuero cabelludo<\/li>\n<li>Aumentar\u00e1 tanto el grosor como el volumen de tu pelo<\/li>\n<li>Se activar\u00e1 la bioestimulaci\u00f3n de tu cabello y el ciclo crecimiento capilar<\/li>\n<li>Se inhibir\u00e1 la ca\u00edda del cabello<\/li>\n<\/ul>\n\t\t\n<style>\n#text-908583382 {\n  font-size: 1.1rem;\n}\n<\/style>\n\t<\/div>\n\t\n<\/div><\/div>\n<div class=\"accordion-item\"><a href=\"#\" class=\"accordion-title plain\"><button class=\"toggle\" aria-label=\"Toggle\"><i class=\"icon-angle-down\"><\/i><\/button><span>\u00bfQu\u00e9 es la Meso intervenci\u00f3n Capilar?<\/span><\/a><div class=\"accordion-inner\">\n\t<div id=\"text-315091812\" class=\"text\">\n\t\t\n<p>La meso intervenci\u00f3n capilar es un tratamiento muy \u00fatil para prevenir la ca\u00edda del cabello y combatir diferentes tipos de alopecia.<\/p>\n<p>Consiste en una bioestimulaci\u00f3n capilar mediante microinyecciones directamente en el cuero cabelludo de la zona afectada de diferentes agentes activos o medicamentos. De este modo se consigue una revitalizaci\u00f3n del fol\u00edculo piloso, activando su ciclo de crecimiento e inhibiendo la ca\u00edda del cabello.<br \/>\n\t\t\n<style>\n#text-315091812 {\n  font-size: 1rem;\n  line-height: 1.85;\n  color: rgb(0,0,0);\n}\n#text-315091812 > * {\n  color: rgb(0,0,0);\n}\n@media (min-width:550px) {\n  #text-315091812 {\n    font-size: 1rem;\n  }\n}\n@media (min-width:850px) {\n  #text-315091812 {\n    font-size: 1.1rem;\n  }\n}\n<\/style>\n\t<\/div>\n\t\n<\/div><\/div>\n<div class=\"accordion-item\"><a href=\"#\" class=\"accordion-title plain\"><button class=\"toggle\" aria-label=\"Toggle\"><i class=\"icon-angle-down\"><\/i><\/button><span>\u00bfC\u00f3mo funciona la Meso intervenci\u00f3n Capilar?<\/span><\/a><div class=\"accordion-inner\">\n\t<div id=\"text-2698256786\" class=\"text\">\n\t\t\n<p>La meso intervenci\u00f3n capilar es un proceso de reactivaci\u00f3n del ciclo capilar mediante infiltraciones de compuestos que contribuyen a su desarrollo e inhiben la ca\u00edda del cabello. Es un tratamiento sencillo y r\u00e1pido, que se realiza con anestesia local o t\u00f3pica mediante pomadas o aerosoles, y no requiere de ning\u00fan tipo preparaci\u00f3n previa por parte del paciente, si bien debe estar supervisado en todo momento por un especialista en medicina capilar para obtener los mejores resultados.<\/p>\n<p>Como tal, la infiltraci\u00f3n capilar no tiene ning\u00fan tipo de postoperatorio o tiempo de recuperaci\u00f3n, tras la sesi\u00f3n el paciente podr\u00e1 retomar su actividad habitual con total normalidad<br \/>\n\t\t\n<style>\n#text-2698256786 {\n  font-size: 1.1rem;\n}\n<\/style>\n\t<\/div>\n\t\n<\/div><\/div>\n<div class=\"accordion-item\"><a href=\"#\" class=\"accordion-title plain\"><button class=\"toggle\" aria-label=\"Toggle\"><i class=\"icon-angle-down\"><\/i><\/button><span>\u00bfQu\u00e9 tipo de Alopecia hay?<\/span><\/a><div class=\"accordion-inner\">\n\t<div id=\"text-2268053411\" class=\"text\">\n\t\t\n<p><strong>Efluvio tel\u00f3geno:<\/strong> Es una de las causas m\u00e1s frecuentes de consulta, y viene marcada por un aumento repentino de la ca\u00edda del cabello sin causa aparente. Ocurre tanto en hombres como en mujeres y puede deberse a m\u00faltiples factores como cambios hormonales, el uso de medicamentos, haber pasado por un parto, estr\u00e9s o cambios emocionales repentinos.<\/p>\n<p><strong>Alopecia androg\u00e9nica:<\/strong> La ca\u00edda del cabello es debida a la acci\u00f3n de la hormona testosterona (andr\u00f3genos), y aunque es m\u00e1s frecuente en hombres que en mujeres, puede afectar a ambos sexos. En estos casos se inyectan medicamentos antiandr\u00f3genos que inhiben la acci\u00f3n de la testosterona sobre el fol\u00edculo capilar. El tratamiento puede complementarse por v\u00eda oral con otros medicamentos antiandr\u00f3genos.<\/p>\n<p><strong>Alopecia areata, frontal fibrosante y otras alopecias autoinmunes:<\/strong> Se dan cuando por alg\u00fan motivo es el propio sistema inmunitario del organismo el que ataca al fol\u00edculo piloso. En estos casos suelen inyectarse corticoides que regulan la respuesta inmune de nuestro cuerpo, evitando que \u00abataque\u00bb al fol\u00edculo piloso. En algunos casos como la alopecia areata se puede conseguir no solo inhibir la ca\u00edda de los cabellos, sino recuperar su crecimiento y la densidad capilar.<\/p>\n<p><strong>Efluvio estacional:<\/strong> Es la ca\u00edda del cabello que se produce en determinadas \u00e9pocas del a\u00f1o como primavera u oto\u00f1o. En estos casos disponemos de varias pautas donde utilizamos vitaminas, p\u00e9ptidos y factores de crecimiento para la revitalizaci\u00f3n del fol\u00edculo piloso.<\/p>\n<p>En todos los casos, ser\u00e1 el especialista el profesional indicado para seleccionar tanto la cantidad a inyectar como el compuesto adecuado para el tipo de alopecia que presente el paciente.\u00a0 Pudiendo combinarse varios de ellos en un mismo paciente para obtener los mejores resultados, o complementar a otro tipo de intervenciones como factores de crecimiento o una cirug\u00eda de injerto de pelo.<br \/>\n\t\t\n<style>\n#text-2268053411 {\n  font-size: 1.1rem;\n}\n<\/style>\n\t<\/div>\n\t\n<\/div><\/div>\n<div class=\"accordion-item\"><a href=\"#\" class=\"accordion-title plain\"><button class=\"toggle\" aria-label=\"Toggle\"><i class=\"icon-angle-down\"><\/i><\/button><span>\u00bfHar\u00e1 que me vuelva a salir pelo?<\/span><\/a><div class=\"accordion-inner\">\n\t<div id=\"text-3029964065\" class=\"text\">\n\t\t\n<p>No. Tiene un car\u00e1cter preventivo o corrector, pero para que crezca pelo nuevo debe recurrirse a otras t\u00e9cnicas como el injerto de pelo.<br \/>\n\t\t\n<style>\n#text-3029964065 {\n  font-size: 1.1rem;\n}\n<\/style>\n\t<\/div>\n\t\n<\/div><\/div>\n<div class=\"accordion-item\"><a href=\"#\" class=\"accordion-title plain\"><button class=\"toggle\" aria-label=\"Toggle\"><i class=\"icon-angle-down\"><\/i><\/button><span>\u00bfQu\u00e9 efectos tiene este tratamiento?<\/span><\/a><div class=\"accordion-inner\">\n\t<div id=\"text-1922756877\" class=\"text\">\n\t\t\n<p>Fortalece la textura, densidad, grosor y calidad del pelo, adem\u00e1s de detener su ca\u00edda y favorecer su crecimiento.<br \/>\n\t\t\n<style>\n#text-1922756877 {\n  font-size: 1.1rem;\n}\n<\/style>\n\t<\/div>\n\t\n<\/div><\/div>\n<div class=\"accordion-item\"><a href=\"#\" class=\"accordion-title plain\"><button class=\"toggle\" aria-label=\"Toggle\"><i class=\"icon-angle-down\"><\/i><\/button><span>\u00bfPara qu\u00e9 tipo de personas es \u00fatil?<\/span><\/a><div class=\"accordion-inner\">\n\t<div id=\"text-1839572148\" class=\"text\">\n\t\t\n<p>Para hombres y mujeres con alopecia androg\u00e9nica, que han perdido cabello sin causas aparentes o que han visto acelerado el proceso de ca\u00edda del cabello. Y tambi\u00e9n para muchas personas antes y despu\u00e9s de hacerse un tratamiento de injerto capilar.<br \/>\n\t\t\n<style>\n#text-1839572148 {\n  font-size: 1.1rem;\n}\n<\/style>\n\t<\/div>\n\t\n<\/div><\/div>\n<div class=\"accordion-item\"><a href=\"#\" class=\"accordion-title plain\"><button class=\"toggle\" aria-label=\"Toggle\"><i class=\"icon-angle-down\"><\/i><\/button><span>\u00bfPuede combinarse con otras t\u00e9cnicas?<\/span><\/a><div class=\"accordion-inner\">\n\t<div id=\"text-1138017646\" class=\"text\">\n\t\t\n<p>S\u00ed. De hecho, es muy \u00fatil en pacientes que van a realizarse un injerto o trasplante capilar, pues dotar\u00e1 al nuevo pelo de mayor vigor, favoreciendo su crecimiento.<br \/>\n\t\t\n<style>\n#text-1138017646 {\n  font-size: 1.1rem;\n}\n<\/style>\n\t<\/div>\n\t\n<\/div><\/div>\n<div class=\"accordion-item\"><a href=\"#\" class=\"accordion-title plain\"><button class=\"toggle\" aria-label=\"Toggle\"><i class=\"icon-angle-down\"><\/i><\/button><span>Accordion Panel<\/span><\/a><div class=\"accordion-inner\">\n<\/div><\/div>\n<div class=\"accordion-item\"><a href=\"#\" class=\"accordion-title plain\"><button class=\"toggle\" aria-label=\"Toggle\"><i class=\"icon-angle-down\"><\/i><\/button><span>Candidatos ideales<\/span><\/a><div class=\"accordion-inner\">\n\t<div id=\"text-1180002073\" class=\"text\">\n\t\t\n<ul>\n<li><span style=\"color: #000000;\">Personas que han empezado a perder cantidad o densidad del cabello (pelo m\u00e1s fino y fr\u00e1gil)<\/span><\/li>\n<li><span style=\"color: #000000;\"><i class=\"icon-default-style icon-salient-thin-line accent-color\"><\/i>Personas que quieren retrasar o prevenir el proceso de ca\u00edda del cabello.<\/span><\/li>\n<li><span style=\"color: #000000;\"><i class=\"icon-default-style icon-salient-thin-line accent-color\"><\/i>Personas que quieren revitalizar o mejorar su cuerpo cabelludo<\/span><\/li>\n<li><span style=\"color: #000000;\"><i class=\"icon-default-style icon-salient-thin-line accent-color\"><\/i>Personas que quieren complementar un tratamiento de injerto capilar<\/span><\/li>\n<\/ul>\n\t\t\n<style>\n#text-1180002073 {\n  font-size: 1.1rem;\n  color: rgb(0,0,0);\n}\n#text-1180002073 > * {\n  color: rgb(0,0,0);\n}\n<\/style>\n\t<\/div>\n\t\n<\/div><\/div>\n<\/div>\n\t\t<\/div>\n\t\t\t\t\n<style>\n#col-963928962 > .col-inner {\n  padding: 0px 10px 0px 0px;\n}\n<\/style>\n\t<\/div>\n\n\t\n\n\t<div id=\"col-482928163\" class=\"col medium-5 small-12 large-5\"  >\n\t\t\t\t<div class=\"col-inner\"  >\n\t\t\t\n\t\t\t\n\t<div id=\"text-2723769330\" class=\"text\">\n\t\t\n<h2>Contacta con nosotros<\/h2>\n\t\t\n<style>\n#text-2723769330 {\n  text-align: center;\n  color: rgb(0,0,0);\n}\n#text-2723769330 > * {\n  color: rgb(0,0,0);\n}\n<\/style>\n\t<\/div>\n\t\n\n<div id=\"contactoGeneral\" style=\"padding: 20px;\"><div class=\"wpforms-container wpforms-container-full wpforms-render-modern\" id=\"wpforms-9301\"><form id=\"wpforms-form-9301\" class=\"wpforms-validate wpforms-form wpforms-ajax-form\" data-formid=\"9301\" method=\"post\" enctype=\"multipart\/form-data\" action=\"\/estetica\/wp-json\/wp\/v2\/pages\/5675\" data-token=\"a2b467bb7de1dc31ab8bf8ba1054aeb1\"><noscript class=\"wpforms-error-noscript\">Por favor, activa JavaScript en tu navegador para completar este formulario.<\/noscript><div class=\"wpforms-hidden\" id=\"wpforms-error-noscript\">Por favor, activa JavaScript en tu navegador para completar este formulario.<\/div><div class=\"wpforms-field-container\"><div id=\"wpforms-9301-field_9-container\" class=\"wpforms-field wpforms-field-text\" data-field-id=\"9\"><label class=\"wpforms-field-label\" for=\"wpforms-9301-field_9\">Nombre <span class=\"wpforms-required-label\" aria-hidden=\"true\">*<\/span><\/label><input type=\"text\" id=\"wpforms-9301-field_9\" class=\"wpforms-field-medium wpforms-field-required\" name=\"wpforms[fields][9]\" aria-errormessage=\"wpforms-9301-field_9-error\" required><\/div><div id=\"wpforms-9301-field_8-container\" class=\"wpforms-field wpforms-field-email\" data-field-id=\"8\"><label class=\"wpforms-field-label\" for=\"wpforms-9301-field_8\">Correo <span class=\"wpforms-required-label\" aria-hidden=\"true\">*<\/span><\/label><input type=\"email\" id=\"wpforms-9301-field_8\" class=\"wpforms-field-large wpforms-field-required\" name=\"wpforms[fields][8]\" spellcheck=\"false\" aria-errormessage=\"wpforms-9301-field_8-error\" required><\/div><div id=\"wpforms-9301-field_10-container\" class=\"wpforms-field wpforms-field-number\" data-field-id=\"10\"><label class=\"wpforms-field-label\" for=\"wpforms-9301-field_10\">N\u00ba de tel\u00e9fono <span class=\"wpforms-required-label\" aria-hidden=\"true\">*<\/span><\/label><input type=\"number\" pattern=\"\\d*\" id=\"wpforms-9301-field_10\" class=\"wpforms-field-large wpforms-field-required\" name=\"wpforms[fields][10]\" aria-errormessage=\"wpforms-9301-field_10-error\" required><\/div><div id=\"wpforms-9301-field_11-container\" class=\"wpforms-field wpforms-field-select wpforms-field-select-style-classic\" data-field-id=\"11\"><label class=\"wpforms-field-label\" for=\"wpforms-9301-field_11\">\u00bfEn qu\u00e9 podemos ayudarte? <span class=\"wpforms-required-label\" aria-hidden=\"true\">*<\/span><\/label><select id=\"wpforms-9301-field_11\" class=\"wpforms-field-large wpforms-field-required\" name=\"wpforms[fields][11]\" required=\"required\"><option value=\"Cirug\u00eda pl\u00e1stica\" >Cirug\u00eda pl\u00e1stica<\/option><option value=\"Medicina est\u00e9tica\" >Medicina est\u00e9tica<\/option><option value=\"Unidad de obesidad\" >Unidad de obesidad<\/option><option value=\"Unidad capilar\" >Unidad capilar<\/option><\/select><\/div><div id=\"wpforms-9301-field_12-container\" class=\"wpforms-field wpforms-field-checkbox\" data-field-id=\"12\"><fieldset><legend class=\"wpforms-field-label wpforms-label-hide\" aria-hidden=\"false\">Casillas de verificaci\u00f3n <span class=\"wpforms-required-label\" aria-hidden=\"true\">*<\/span><\/legend><ul id=\"wpforms-9301-field_12\" class=\"wpforms-field-required\"><li class=\"choice-1 depth-1\"><input type=\"checkbox\" id=\"wpforms-9301-field_12_1\" name=\"wpforms[fields][12][]\" value=\"He le\u00eddo y acepto la &lt;a rel=&quot;noopener&quot; target=&quot;_blank&quot; href=&quot;https:\/\/clinicacemeq.es\/estetica\/politica-privacidad\/&quot;&gt;Pol\u00edtica de Privacidad y Protecci\u00f3n de Datos&lt;\/a&gt;.\" aria-errormessage=\"wpforms-9301-field_12_1-error\" aria-describedby=\"wpforms-9301-field_12-description\" required ><label class=\"wpforms-field-label-inline\" for=\"wpforms-9301-field_12_1\">He le\u00eddo y acepto la <a rel=\"noopener\" target=\"_blank\" href=\"https:\/\/clinicacemeq.es\/estetica\/politica-privacidad\/\">Pol\u00edtica de Privacidad y Protecci\u00f3n de Datos<\/a>. <span class=\"wpforms-required-label\">*<\/span><\/label><\/li><\/ul><div id=\"wpforms-9301-field_12-description\" class=\"wpforms-field-description wpforms-disclaimer-description\"><p style=\"font-size: 10px;\">CLINICA CEMEQ SOCIEDAD LIMITADA, en calidad de responsable del tratamiento, tratar\u00e1 los datos recogidos con la finalidad de gestionar su solicitud de descarga del ebook y gestionar el inter\u00e9s mostrado en los productos y servicios de CEMEQ, bas\u00e1ndose en el consentimiento que expresamente manifiesta al remitir el presente formulario. Estos datos no ser\u00e1n comunicados a terceros salvo obligaci\u00f3n legal ni ser\u00e1n objeto de transferencias internacionales de datos. Puede ejercer sus derechos de acceso, rectificaci\u00f3n, supresi\u00f3n, portabilidad, limitaci\u00f3n del tratamiento y oposici\u00f3n en el correo <a href=\"mailto:info@clinicacemeq.es\" rel=\"noopener\">info@clinicacemeq.es<\/a>, tal como se indica en la <a href=\"https:\/\/clinicacemeq.es\/estetica\/politica-privacidad\/\" rel=\"noopener\" target=\"_blank\">Pol\u00edtica de Privacidad<\/a>, donde dispone de m\u00e1s informaci\u00f3n sobre el tratamiento.<\/p><\/div><\/fieldset><\/div><\/div><!-- .wpforms-field-container --><div class=\"wpforms-submit-container\" ><input type=\"hidden\" name=\"wpforms[id]\" value=\"9301\"><input type=\"hidden\" name=\"wpforms[author]\" value=\"6\"><button type=\"submit\" name=\"wpforms[submit]\" id=\"wpforms-submit-9301\" class=\"wpforms-submit\" data-alt-text=\"Enviando reserva...\" data-submit-text=\"Enviar\" aria-live=\"assertive\" value=\"wpforms-submit\">Enviar<\/button><img loading=\"lazy\" decoding=\"async\" src=\"https:\/\/clinicacemeq.es\/estetica\/wp-content\/plugins\/wpforms\/assets\/images\/submit-spin.svg\" class=\"wpforms-submit-spinner\" style=\"display: none;\" width=\"26\" height=\"26\" alt=\"Cargando\"><\/div><\/form><\/div>  <!-- .wpforms-container --><\/div>\n\n\t\t<\/div>\n\t\t\t\t\t<\/div>\n\n\t\n<\/div>\n\t\t<\/div>\n\n\t\t\n<style>\n#section_1724320876 {\n  padding-top: 30px;\n  padding-bottom: 30px;\n  background-color: rgb(247, 247, 247);\n}\n#section_1724320876 .ux-shape-divider--top svg {\n  height: 150px;\n  --divider-top-width: 100%;\n}\n#section_1724320876 .ux-shape-divider--bottom svg {\n  height: 150px;\n  --divider-width: 100%;\n}\n<\/style>\n\t<\/section>\n\t\n","protected":false},"excerpt":{"rendered":"","protected":false},"author":6,"featured_media":0,"parent":0,"menu_order":0,"comment_status":"closed","ping_status":"closed","template":"page-blank.php","meta":{"footnotes":""},"yoast_head":"<!-- This site is optimized with the Yoast SEO Premium plugin v18.3 (Yoast SEO v24.5) - https:\/\/yoast.com\/wordpress\/plugins\/seo\/ -->\n<title>Meso Intervenci\u00f3n Capilar - Cl\u00ednica Est\u00e9tica CEMEQ<\/title>\n<meta name=\"description\" content=\"Si buscas una cl\u00ednica que ofrezca mesoterapia capilar. Nuestro equipo de expertos puede ayudarte a prevenir la ca\u00edda del cabello.\" \/>\n<meta name=\"robots\" content=\"index, follow, max-snippet:-1, max-image-preview:large, max-video-preview:-1\" \/>\n<link rel=\"canonical\" href=\"https:\/\/clinicacemeq.es\/estetica\/meso-intervencion-capilar\/\" \/>\n<meta property=\"og:locale\" content=\"es_ES\" \/>\n<meta property=\"og:type\" content=\"article\" \/>\n<meta property=\"og:title\" content=\"Meso Intervenci\u00f3n Capilar\" \/>\n<meta property=\"og:description\" content=\"Si buscas una cl\u00ednica que ofrezca mesoterapia capilar. Nuestro equipo de expertos puede ayudarte a prevenir la ca\u00edda del cabello.\" \/>\n<meta property=\"og:url\" content=\"https:\/\/clinicacemeq.es\/estetica\/meso-intervencion-capilar\/\" \/>\n<meta property=\"og:site_name\" content=\"Cl\u00ednica Est\u00e9tica CEMEQ\" \/>\n<meta property=\"article:modified_time\" content=\"2026-02-10T10:39:35+00:00\" \/>\n<meta name=\"twitter:card\" content=\"summary_large_image\" \/>\n<meta name=\"twitter:label1\" content=\"Tiempo de lectura\" \/>\n\t<meta name=\"twitter:data1\" content=\"5 minutos\" \/>\n<script type=\"application\/ld+json\" class=\"yoast-schema-graph\">{\"@context\":\"https:\/\/schema.org\",\"@graph\":[{\"@type\":\"WebPage\",\"@id\":\"https:\/\/clinicacemeq.es\/estetica\/meso-intervencion-capilar\/\",\"url\":\"https:\/\/clinicacemeq.es\/estetica\/meso-intervencion-capilar\/\",\"name\":\"Meso Intervenci\u00f3n Capilar - Cl\u00ednica Est\u00e9tica CEMEQ\",\"isPartOf\":{\"@id\":\"https:\/\/clinicacemeq.es\/estetica\/#website\"},\"datePublished\":\"2022-11-09T07:27:55+00:00\",\"dateModified\":\"2026-02-10T10:39:35+00:00\",\"description\":\"Si buscas una cl\u00ednica que ofrezca mesoterapia capilar. Nuestro equipo de expertos puede ayudarte a prevenir la ca\u00edda del cabello.\",\"breadcrumb\":{\"@id\":\"https:\/\/clinicacemeq.es\/estetica\/meso-intervencion-capilar\/#breadcrumb\"},\"inLanguage\":\"es\",\"potentialAction\":[{\"@type\":\"ReadAction\",\"target\":[\"https:\/\/clinicacemeq.es\/estetica\/meso-intervencion-capilar\/\"]}]},{\"@type\":\"BreadcrumbList\",\"@id\":\"https:\/\/clinicacemeq.es\/estetica\/meso-intervencion-capilar\/#breadcrumb\",\"itemListElement\":[{\"@type\":\"ListItem\",\"position\":1,\"name\":\"Portada\",\"item\":\"https:\/\/clinicacemeq.es\/estetica\/\"},{\"@type\":\"ListItem\",\"position\":2,\"name\":\"Meso Intervenci\u00f3n Capilar\"}]},{\"@type\":\"WebSite\",\"@id\":\"https:\/\/clinicacemeq.es\/estetica\/#website\",\"url\":\"https:\/\/clinicacemeq.es\/estetica\/\",\"name\":\"Cl\u00ednica Est\u00e9tica CEMEQ\",\"description\":\"Medicina est\u00e9tica \u0131 Cirug\u00eda Est\u00e9tica \u0131 Cl\u00ednica Dental \u0131 Unidad Capilar \u0131 Unidad de Obesidad\",\"potentialAction\":[{\"@type\":\"SearchAction\",\"target\":{\"@type\":\"EntryPoint\",\"urlTemplate\":\"https:\/\/clinicacemeq.es\/estetica\/?s={search_term_string}\"},\"query-input\":{\"@type\":\"PropertyValueSpecification\",\"valueRequired\":true,\"valueName\":\"search_term_string\"}}],\"inLanguage\":\"es\"}]}<\/script>\n<!-- \/ Yoast SEO Premium plugin. -->","yoast_head_json":{"title":"Meso Intervenci\u00f3n Capilar - Cl\u00ednica Est\u00e9tica CEMEQ","description":"Si buscas una cl\u00ednica que ofrezca mesoterapia capilar. Nuestro equipo de expertos puede ayudarte a prevenir la ca\u00edda del cabello.","robots":{"index":"index","follow":"follow","max-snippet":"max-snippet:-1","max-image-preview":"max-image-preview:large","max-video-preview":"max-video-preview:-1"},"canonical":"https:\/\/clinicacemeq.es\/estetica\/meso-intervencion-capilar\/","og_locale":"es_ES","og_type":"article","og_title":"Meso Intervenci\u00f3n Capilar","og_description":"Si buscas una cl\u00ednica que ofrezca mesoterapia capilar. Nuestro equipo de expertos puede ayudarte a prevenir la ca\u00edda del cabello.","og_url":"https:\/\/clinicacemeq.es\/estetica\/meso-intervencion-capilar\/","og_site_name":"Cl\u00ednica Est\u00e9tica CEMEQ","article_modified_time":"2026-02-10T10:39:35+00:00","twitter_card":"summary_large_image","twitter_misc":{"Tiempo de lectura":"5 minutos"},"schema":{"@context":"https:\/\/schema.org","@graph":[{"@type":"WebPage","@id":"https:\/\/clinicacemeq.es\/estetica\/meso-intervencion-capilar\/","url":"https:\/\/clinicacemeq.es\/estetica\/meso-intervencion-capilar\/","name":"Meso Intervenci\u00f3n Capilar - Cl\u00ednica Est\u00e9tica CEMEQ","isPartOf":{"@id":"https:\/\/clinicacemeq.es\/estetica\/#website"},"datePublished":"2022-11-09T07:27:55+00:00","dateModified":"2026-02-10T10:39:35+00:00","description":"Si buscas una cl\u00ednica que ofrezca mesoterapia capilar. Nuestro equipo de expertos puede ayudarte a prevenir la ca\u00edda del cabello.","breadcrumb":{"@id":"https:\/\/clinicacemeq.es\/estetica\/meso-intervencion-capilar\/#breadcrumb"},"inLanguage":"es","potentialAction":[{"@type":"ReadAction","target":["https:\/\/clinicacemeq.es\/estetica\/meso-intervencion-capilar\/"]}]},{"@type":"BreadcrumbList","@id":"https:\/\/clinicacemeq.es\/estetica\/meso-intervencion-capilar\/#breadcrumb","itemListElement":[{"@type":"ListItem","position":1,"name":"Portada","item":"https:\/\/clinicacemeq.es\/estetica\/"},{"@type":"ListItem","position":2,"name":"Meso Intervenci\u00f3n Capilar"}]},{"@type":"WebSite","@id":"https:\/\/clinicacemeq.es\/estetica\/#website","url":"https:\/\/clinicacemeq.es\/estetica\/","name":"Cl\u00ednica Est\u00e9tica CEMEQ","description":"Medicina est\u00e9tica \u0131 Cirug\u00eda Est\u00e9tica \u0131 Cl\u00ednica Dental \u0131 Unidad Capilar \u0131 Unidad de Obesidad","potentialAction":[{"@type":"SearchAction","target":{"@type":"EntryPoint","urlTemplate":"https:\/\/clinicacemeq.es\/estetica\/?s={search_term_string}"},"query-input":{"@type":"PropertyValueSpecification","valueRequired":true,"valueName":"search_term_string"}}],"inLanguage":"es"}]}},"_links":{"self":[{"href":"https:\/\/clinicacemeq.es\/estetica\/wp-json\/wp\/v2\/pages\/5675"}],"collection":[{"href":"https:\/\/clinicacemeq.es\/estetica\/wp-json\/wp\/v2\/pages"}],"about":[{"href":"https:\/\/clinicacemeq.es\/estetica\/wp-json\/wp\/v2\/types\/page"}],"author":[{"embeddable":true,"href":"https:\/\/clinicacemeq.es\/estetica\/wp-json\/wp\/v2\/users\/6"}],"replies":[{"embeddable":true,"href":"https:\/\/clinicacemeq.es\/estetica\/wp-json\/wp\/v2\/comments?post=5675"}],"version-history":[{"count":10,"href":"https:\/\/clinicacemeq.es\/estetica\/wp-json\/wp\/v2\/pages\/5675\/revisions"}],"predecessor-version":[{"id":9670,"href":"https:\/\/clinicacemeq.es\/estetica\/wp-json\/wp\/v2\/pages\/5675\/revisions\/9670"}],"wp:attachment":[{"href":"https:\/\/clinicacemeq.es\/estetica\/wp-json\/wp\/v2\/media?parent=5675"}],"curies":[{"name":"wp","href":"https:\/\/api.w.org\/{rel}","templated":true}]}}