{"id":5631,"date":"2022-11-09T07:03:35","date_gmt":"2022-11-09T07:03:35","guid":{"rendered":"https:\/\/clinicacemeq.es\/estetica\/?page_id=5631"},"modified":"2024-05-23T14:14:05","modified_gmt":"2024-05-23T14:14:05","slug":"bichectomia","status":"publish","type":"page","link":"https:\/\/clinicacemeq.es\/estetica\/bichectomia\/","title":{"rendered":"Bichectom\u00eda"},"content":{"rendered":"\t<section class=\"section hide-for-small\" id=\"section_759602954\">\n\t\t<div class=\"bg section-bg fill bg-fill  bg-loaded\" >\n\n\t\t\t\n\t\t\t\n\t\t\t\n\n\t\t<\/div>\n\n\t\t\n\n\t\t<div class=\"section-content relative\">\n\t\t\t\n<div class=\"row row-collapse row-full-width\"  id=\"row-1883659820\">\n\n\t<div id=\"col-564415035\" class=\"col small-12 large-12\"  >\n\t\t\t\t<div class=\"col-inner text-left\"  >\n\t\t\t\n\t\t\t\n\n  <div class=\"banner has-hover\" id=\"banner-914045870\">\n          <div class=\"banner-inner fill\">\n        <div class=\"banner-bg fill\" >\n            <div class=\"bg fill bg-fill \"><\/div>\n                                    \n                    <\/div>\n\t\t\n        <div class=\"banner-layers container\">\n            <div class=\"fill banner-link\"><\/div>            \n   <div id=\"text-box-1670386960\" class=\"text-box banner-layer x5 md-x5 lg-x5 y90 md-y50 lg-y50 res-text\">\n                                <div class=\"text-box-content text dark\">\n              \n              <div class=\"text-inner text-left\">\n                  \n\t<div id=\"text-3742663516\" class=\"text\">\n\t\t\n<h1 class=\"alt-font\">Bichectom\u00eda<\/h1>\n\t\t\n<style>\n#text-3742663516 {\n  font-size: 0.75rem;\n  text-align: left;\n  color: rgb(0,0,0);\n}\n#text-3742663516 > * {\n  color: rgb(0,0,0);\n}\n@media (min-width:550px) {\n  #text-3742663516 {\n    font-size: 1rem;\n  }\n}\n@media (min-width:850px) {\n  #text-3742663516 {\n    font-size: 1.2rem;\n  }\n}\n<\/style>\n\t<\/div>\n\t\n\t<div id=\"text-326264207\" class=\"text\">\n\t\t\n<h3>T\u00e9cnica que permite extraer las Bolas de Bichat, ac\u00famulos de grasa en los p\u00f3mulos sin ninguna funci\u00f3n en los adultos, logrando un rostro m\u00e1s estilizado, fino y delgado.<\/h3>\n\t\t\n<style>\n#text-326264207 {\n  font-size: 0.75rem;\n  line-height: 1;\n  color: rgb(0, 0, 0);\n}\n#text-326264207 > * {\n  color: rgb(0, 0, 0);\n}\n@media (min-width:550px) {\n  #text-326264207 {\n    font-size: 1rem;\n  }\n}\n<\/style>\n\t<\/div>\n\t\n<a href=\"#contactoGeneral\" target=\"_self\" class=\"button secondary is-larger box-shadow-1\"  style=\"border-radius:99px;\">\n    <span>Pide tu cita<\/span>\n  <\/a>\n\n              <\/div>\n           <\/div>\n                            \n<style>\n#text-box-1670386960 {\n  width: 54%;\n}\n#text-box-1670386960 .text-box-content {\n  font-size: 100%;\n}\n@media (min-width:550px) {\n  #text-box-1670386960 {\n    width: 48%;\n  }\n}\n@media (min-width:850px) {\n  #text-box-1670386960 {\n    width: 46%;\n  }\n}\n<\/style>\n    <\/div>\n \n        <\/div>\n      <\/div>\n\n            \n<style>\n#banner-914045870 {\n  padding-top: 330px;\n}\n#banner-914045870 .bg.bg-loaded {\n  background-image: url(https:\/\/clinicacemeq.es\/estetica\/wp-content\/uploads\/2021\/08\/slider16.jpg);\n}\n#banner-914045870 .bg {\n  background-position: 42% 57%;\n}\n#banner-914045870 .ux-shape-divider--top svg {\n  height: 150px;\n  --divider-top-width: 100%;\n}\n#banner-914045870 .ux-shape-divider--bottom svg {\n  height: 150px;\n  --divider-width: 100%;\n}\n@media (min-width:550px) {\n  #banner-914045870 {\n    padding-top: 500px;\n  }\n}\n@media (min-width:850px) {\n  #banner-914045870 {\n    padding-top: 550px;\n  }\n}\n<\/style>\n  <\/div>\n\n\n\t\t<\/div>\n\t\t\t\t\t<\/div>\n\n\t\n<\/div>\n\t\t<\/div>\n\n\t\t\n<style>\n#section_759602954 {\n  padding-top: 0px;\n  padding-bottom: 0px;\n}\n#section_759602954 .ux-shape-divider--top svg {\n  height: 150px;\n  --divider-top-width: 100%;\n}\n#section_759602954 .ux-shape-divider--bottom svg {\n  height: 150px;\n  --divider-width: 100%;\n}\n<\/style>\n\t<\/section>\n\t\n\t<section class=\"section show-for-small\" id=\"section_453671767\">\n\t\t<div class=\"bg section-bg fill bg-fill  bg-loaded\" >\n\n\t\t\t\n\t\t\t\n\t\t\t\n\n\t\t<\/div>\n\n\t\t\n\n\t\t<div class=\"section-content relative\">\n\t\t\t\n<div class=\"row row-collapse row-full-width\"  id=\"row-847664596\">\n\n\t<div id=\"col-337982121\" class=\"col small-12 large-12\"  >\n\t\t\t\t<div class=\"col-inner text-left\"  >\n\t\t\t\n\t\t\t\n\n  <div class=\"banner has-hover\" id=\"banner-1159834642\">\n          <div class=\"banner-inner fill\">\n        <div class=\"banner-bg fill\" >\n            <div class=\"bg fill bg-fill \"><\/div>\n                                    \n                    <\/div>\n\t\t\n        <div class=\"banner-layers container\">\n            <div class=\"fill banner-link\"><\/div>            \n   <div id=\"text-box-1020148156\" class=\"text-box banner-layer x5 md-x5 lg-x5 y10 md-y50 lg-y50 res-text\">\n                                <div class=\"text-box-content text dark\">\n              \n              <div class=\"text-inner text-left\">\n                  \n\t<div id=\"text-1966601263\" class=\"text\">\n\t\t\n<h2 class=\"alt-font\"><span style=\"font-size: 65%;\">Bichectom\u00eda<\/span><\/h2>\n\t\t\n<style>\n#text-1966601263 {\n  font-size: 0.75rem;\n  text-align: left;\n  color: rgb(0,0,0);\n}\n#text-1966601263 > * {\n  color: rgb(0,0,0);\n}\n@media (min-width:550px) {\n  #text-1966601263 {\n    font-size: 1.5rem;\n  }\n}\n@media (min-width:850px) {\n  #text-1966601263 {\n    font-size: 1.45rem;\n  }\n}\n<\/style>\n\t<\/div>\n\t\n\t<div id=\"text-2943081215\" class=\"text\">\n\t\t\n<h3><span style=\"font-size: 65%;\">T\u00e9cnica que permite extraer las Bolas de Bichat, ac\u00famulos de grasa en los p\u00f3mulos sin ninguna funci\u00f3n en los adultos, logrando un rostro m\u00e1s estilizado, fino y delgado.<\/span><\/h3>\n\t\t\n<style>\n#text-2943081215 {\n  font-size: 0.75rem;\n  line-height: 1;\n  color: rgb(0,0,0);\n}\n#text-2943081215 > * {\n  color: rgb(0,0,0);\n}\n@media (min-width:550px) {\n  #text-2943081215 {\n    font-size: 0.9rem;\n  }\n}\n<\/style>\n\t<\/div>\n\t\n<a href=\"#\" target=\"_self\" class=\"button secondary is-larger box-shadow-1\"  style=\"border-radius:99px;\">\n    <span>Pide tu cita<\/span>\n  <\/a>\n\n              <\/div>\n           <\/div>\n                            \n<style>\n#text-box-1020148156 {\n  width: 46%;\n}\n#text-box-1020148156 .text-box-content {\n  font-size: 100%;\n}\n@media (min-width:550px) {\n  #text-box-1020148156 {\n    width: 48%;\n  }\n}\n@media (min-width:850px) {\n  #text-box-1020148156 {\n    width: 46%;\n  }\n}\n<\/style>\n    <\/div>\n \n        <\/div>\n      <\/div>\n\n            \n<style>\n#banner-1159834642 {\n  padding-top: 420px;\n}\n#banner-1159834642 .bg.bg-loaded {\n  background-image: url(https:\/\/clinicacemeq.es\/estetica\/wp-content\/uploads\/2021\/08\/slider16.jpg);\n}\n#banner-1159834642 .bg {\n  background-position: 65% 41%;\n}\n#banner-1159834642 .ux-shape-divider--top svg {\n  height: 150px;\n  --divider-top-width: 100%;\n}\n#banner-1159834642 .ux-shape-divider--bottom svg {\n  height: 150px;\n  --divider-width: 100%;\n}\n@media (min-width:550px) {\n  #banner-1159834642 {\n    padding-top: 500px;\n  }\n}\n@media (min-width:850px) {\n  #banner-1159834642 {\n    padding-top: 550px;\n  }\n}\n<\/style>\n  <\/div>\n\n\n\t\t<\/div>\n\t\t\t\t\t<\/div>\n\n\t\n<\/div>\n\t\t<\/div>\n\n\t\t\n<style>\n#section_453671767 {\n  padding-top: 0px;\n  padding-bottom: 0px;\n}\n#section_453671767 .ux-shape-divider--top svg {\n  height: 150px;\n  --divider-top-width: 100%;\n}\n#section_453671767 .ux-shape-divider--bottom svg {\n  height: 150px;\n  --divider-width: 100%;\n}\n<\/style>\n\t<\/section>\n\t\n\t<section class=\"section\" id=\"section_1593056050\">\n\t\t<div class=\"bg section-bg fill bg-fill  bg-loaded\" >\n\n\t\t\t\n\t\t\t\n\t\t\t\n\n\t\t<\/div>\n\n\t\t\n\n\t\t<div class=\"section-content relative\">\n\t\t\t\n<div class=\"row row-small row-full-width align-equal\"  id=\"row-1921389649\">\n\n\t<div id=\"col-787941247\" class=\"col medium-6 small-12 large-6\"  >\n\t\t\t\t<div class=\"col-inner box-shadow-2\"  >\n\t\t\t\n\t\t\t\n\n  <div class=\"banner has-hover\" id=\"banner-1330744270\">\n          <div class=\"banner-inner fill\">\n        <div class=\"banner-bg fill\" >\n            <div class=\"bg fill bg-fill \"><\/div>\n                                    \n                    <\/div>\n\t\t\n        <div class=\"banner-layers container\">\n            <div class=\"fill banner-link\"><\/div>            \n        <\/div>\n      <\/div>\n\n            \n<style>\n#banner-1330744270 {\n  padding-top: 99.99%;\n  background-color: rgb(255, 255, 255);\n}\n#banner-1330744270 .bg.bg-loaded {\n  background-image: url(https:\/\/clinicacemeq.es\/estetica\/wp-content\/uploads\/2021\/07\/Fotos-cemeq-8.jpg);\n}\n#banner-1330744270 .bg {\n  background-position: 31% 46%;\n}\n#banner-1330744270 .ux-shape-divider--top svg {\n  height: 150px;\n  --divider-top-width: 100%;\n}\n#banner-1330744270 .ux-shape-divider--bottom svg {\n  height: 150px;\n  --divider-width: 100%;\n}\n@media (min-width:550px) {\n  #banner-1330744270 {\n    padding-top: 490px;\n  }\n}\n@media (min-width:850px) {\n  #banner-1330744270 {\n    padding-top: 450px;\n  }\n}\n<\/style>\n  <\/div>\n\n\n\t\t<\/div>\n\t\t\t\t\t<\/div>\n\n\t\n\n\t<div id=\"col-886302230\" class=\"col medium-6 small-12 large-6 small-col-first\"  >\n\t\t\t\t<div class=\"col-inner\" style=\"background-color:rgb(229, 227, 227);\" >\n\t\t\t\n\t<div class=\"is-border\"\n\t\tstyle=\"border-color:rgb(194, 194, 194);border-width:2px 2px 2px 2px;\">\n\t<\/div>\n\t\t\t\n\t<div id=\"gap-831266567\" class=\"gap-element clearfix\" style=\"display:block; height:auto;\">\n\t\t\n<style>\n#gap-831266567 {\n  padding-top: 30px;\n}\n<\/style>\n\t<\/div>\n\t\n\t<div id=\"text-3614530125\" class=\"text\">\n\t\t\n<h2>En pocas palabras&#8230;<\/h2>\n<ul>\n<li><strong>Tiempo de intervenci\u00f3n:<\/strong> 30 minutos<\/li>\n<li><strong>Tratamiento ambulatorio:<\/strong> No requiere hospitalizaci\u00f3n<\/li>\n<li><strong>Tiempo de recuperaci\u00f3n:<\/strong> 24 horas<\/li>\n<li><strong>Tipo de anestesia:<\/strong> Local<\/li>\n<li><strong>Tiempo para la obtenci\u00f3n de resultados:<\/strong> 1 semana<\/li>\n<li>T\u00e9cnica con resultados r\u00e1pidos y permanentes<\/li>\n<\/ul>\n\t\t\n<style>\n#text-3614530125 {\n  color: rgb(0,0,0);\n}\n#text-3614530125 > * {\n  color: rgb(0,0,0);\n}\n<\/style>\n\t<\/div>\n\t\n<a href=\"https:\/\/clinicacemeq.es\/estetica\/contacto\/\" target=\"_self\" class=\"button primary is-underline\"  >\n    <span>M\u00e1s informaci\u00f3n<\/span>\n  <i class=\"icon-angle-right\" ><\/i><\/a>\n\n\t\t<\/div>\n\t\t\t\t\n<style>\n#col-886302230 > .col-inner {\n  padding: 15px 15px 15px 15px;\n}\n@media (min-width:550px) {\n  #col-886302230 > .col-inner {\n    padding: 15px 15px 15px 40px;\n  }\n}\n<\/style>\n\t<\/div>\n\n\t\n<\/div>\n\t\t<\/div>\n\n\t\t\n<style>\n#section_1593056050 {\n  padding-top: 30px;\n  padding-bottom: 30px;\n}\n#section_1593056050 .ux-shape-divider--top svg {\n  height: 150px;\n  --divider-top-width: 100%;\n}\n#section_1593056050 .ux-shape-divider--bottom svg {\n  height: 150px;\n  --divider-width: 100%;\n}\n<\/style>\n\t<\/section>\n\t\n\t<section class=\"section\" id=\"section_1756177517\">\n\t\t<div class=\"bg section-bg fill bg-fill  bg-loaded\" >\n\n\t\t\t\n\t\t\t\n\t\t\t\n\n\t\t<\/div>\n\n\t\t\n\n\t\t<div class=\"section-content relative\">\n\t\t\t\n<div class=\"row\" style=\"max-width:92%\" id=\"row-1521870495\">\n\n\t<div id=\"col-1436503460\" class=\"col medium-7 small-12 large-7\"  >\n\t\t\t\t<div class=\"col-inner\"  >\n\t\t\t\n\t\t\t\n\t<div id=\"text-4033117762\" class=\"text\">\n\t\t\n<h2>Beneficios de una bichectom\u00eda<\/h2>\n\t\t\n<style>\n#text-4033117762 {\n  font-size: 1rem;\n  color: rgb(0,0,0);\n}\n#text-4033117762 > * {\n  color: rgb(0,0,0);\n}\n<\/style>\n\t<\/div>\n\t\n\t<div id=\"text-4237378642\" class=\"text\">\n\t\t\n<ul>\n<li>Eliminar el exceso de grasa en las mejillas y la imagen de cara redonda<\/li>\n<li>Estilizar y afinar tu rostro, logrando unos p\u00f3mulos m\u00e1s marcados y un rostro m\u00e1s fino y delgado<\/li>\n<li>Ofrecer la sensaci\u00f3n de haber perdido mucho peso con un simple tratamiento facial<\/li>\n<li>Tener resultados visibles a corto plazo<\/li>\n<li>Disfrutar de un cambio definitivo en tu rostro, sin necesidad de retoques<\/li>\n<li>Obtener un cambio est\u00e9tico natural y visible<\/li>\n<\/ul>\n\t\t\n<style>\n#text-4237378642 {\n  font-size: 1.1rem;\n  color: rgb(0,0,0);\n}\n#text-4237378642 > * {\n  color: rgb(0,0,0);\n}\n<\/style>\n\t<\/div>\n\t\n<h3 class=\"accordion_title\"><\/p>\n<h2>Dudas frecuentes sobre la bichectom\u00eda<\/h2>\n<p><\/h3><div class=\"accordion\" rel=\"\">\n<div class=\"accordion-item\"><a href=\"#\" class=\"accordion-title plain\"><button class=\"toggle\" aria-label=\"Toggle\"><i class=\"icon-angle-down\"><\/i><\/button><span>Bichectom\u00eda \u00bfqu\u00e9 es?<\/span><\/a><div class=\"accordion-inner\">\n\t<div id=\"text-3333783505\" class=\"text\">\n\t\t\n<p>La bichectom\u00eda o cirug\u00eda u operaci\u00f3n de p\u00f3mulos consiste en la extracci\u00f3n de las bolas de Bichat, ac\u00famulos de grasa que se encuentran en las mejillas, debajo de los p\u00f3mulos, y que tienen todas las personas, pero que seg\u00fan su forma pueden ofrecer un aspecto de tener la cara demasiado redonda o rechoncha.<\/p>\n<p>El resultado es un rostro m\u00e1s triangular y estilizado, con los p\u00f3mulos m\u00e1s marcados seg\u00fan los c\u00e1nones de belleza actuales.<br \/>\n\t\t\n<style>\n#text-3333783505 {\n  font-size: 1rem;\n  color: rgb(0,0,0);\n}\n#text-3333783505 > * {\n  color: rgb(0,0,0);\n}\n@media (min-width:550px) {\n  #text-3333783505 {\n    font-size: 1rem;\n  }\n}\n@media (min-width:850px) {\n  #text-3333783505 {\n    font-size: 1.1rem;\n  }\n}\n<\/style>\n\t<\/div>\n\t\n<\/div><\/div>\n<div class=\"accordion-item\"><a href=\"#\" class=\"accordion-title plain\"><button class=\"toggle\" aria-label=\"Toggle\"><i class=\"icon-angle-down\"><\/i><\/button><span>\u00bfC\u00f3mo funciona la bichectom\u00eda?<\/span><\/a><div class=\"accordion-inner\">\n\t<div id=\"text-3130314851\" class=\"text\">\n\t\t\n<p><span style=\"color: #000000;\">En una primera visita, el cirujano ser\u00e1 el encargado de evaluar el exceso de grasa en las mejillas y las expectativas del paciente. Con base en las mismas decidir\u00e1 el mejor tratamiento y la cantidad de grasa a extraer.<\/span><\/p>\n<p><span style=\"color: #000000;\">La intervenci\u00f3n de bichectom\u00eda es muy sencilla, con anestesia local y dura apenas 30 minutos, por lo que no es necesaria hospitalizaci\u00f3n. Adem\u00e1s, al realizarse a trav\u00e9s de una peque\u00f1a incisi\u00f3n de apenas un cent\u00edmetro en el interior de la boca, no deja cicatrices de ning\u00fan tipo.<\/span><\/p>\n<p><span style=\"color: #000000;\">Tras una operaci\u00f3n de p\u00f3mulos o bichectom\u00eda, el postoperatorio es r\u00e1pido y no suele generar molestias. Tan solo bastar\u00e1 con una venda compresora durante un par de horas, aplicaci\u00f3n de fr\u00edo en las mejillas durante los primeros d\u00edas para reducir la inflamaci\u00f3n y tomar antibi\u00f3ticos recetados por el cirujano durante la primera semana. Los puntos de sutura, al estar en el interior de la boca, no ser\u00e1n visibles y con los d\u00edas se caer\u00e1n solos.<\/span><\/p>\n<p><span style=\"color: #000000;\">La reincorporaci\u00f3n a la vida normal es inmediata, debiendo cuidar \u00fanicamente los primeros d\u00edas tanto la higiene bucal como una dieta l\u00edquida y semiblanda recetada por el cirujano para favorecer la recuperaci\u00f3n. Al cabo de dos semanas de la bichectom\u00eda el paciente podr\u00e1 retomar sus h\u00e1bitos habituales en cuanto a alimentaci\u00f3n, e incluso fumar sin riesgo de infecciones.<\/span><br \/>\n\t\t\n<style>\n#text-3130314851 {\n  font-size: 1.1rem;\n  color: rgb(0,0,0);\n}\n#text-3130314851 > * {\n  color: rgb(0,0,0);\n}\n<\/style>\n\t<\/div>\n\t\n<\/div><\/div>\n<div class=\"accordion-item\"><a href=\"#\" class=\"accordion-title plain\"><button class=\"toggle\" aria-label=\"Toggle\"><i class=\"icon-angle-down\"><\/i><\/button><span>Bichetomia precio<\/span><\/a><div class=\"accordion-inner\">\n\t<div id=\"text-718360104\" class=\"text\">\n\t\t\n<p>Cada paciente presenta unas caracter\u00edsticas y necesidades diferentes, por lo tanto, el precio puede variar en funci\u00f3n de cada, es por ello que en CEMEQ consideramos fundamental agendar una primera visita totalmente gratuita y sin compromiso directamente con un especialista que empezar\u00e1 escuchando las necesidades del paciente y acabar\u00e1 realizando una exhaustiva valoraci\u00f3n de la zona para ver c\u00f3mo es mejor actuar.<br \/>\n\t\t\n<style>\n#text-718360104 {\n  font-size: 1.1rem;\n  color: rgb(0,0,0);\n}\n#text-718360104 > * {\n  color: rgb(0,0,0);\n}\n<\/style>\n\t<\/div>\n\t\n<\/div><\/div>\n<div class=\"accordion-item\"><a href=\"#\" class=\"accordion-title plain\"><button class=\"toggle\" aria-label=\"Toggle\"><i class=\"icon-angle-down\"><\/i><\/button><span>\u00bfPuedo eliminar este exceso de grasa con m\u00e9todos alternativos como dieta o ejercicio?<\/span><\/a><div class=\"accordion-inner\">\n\t<div id=\"text-2829334496\" class=\"text\">\n\t\t\n<p>No. La grasa de esta zona no suele experimentar cambios o mejor\u00eda por variar la dieta o practicar ejercicio frecuente.<\/p>\n<p>Tambi\u00e9n para personas que buscan elevar la comisura de los labios, o corregir las arrugas en torno a los mismos.<br \/>\n\t\t\n<style>\n#text-2829334496 {\n  font-size: 1.1rem;\n  color: rgb(0,0,0);\n}\n#text-2829334496 > * {\n  color: rgb(0,0,0);\n}\n<\/style>\n\t<\/div>\n\t\n<\/div><\/div>\n<div class=\"accordion-item\"><a href=\"#\" class=\"accordion-title plain\"><button class=\"toggle\" aria-label=\"Toggle\"><i class=\"icon-angle-down\"><\/i><\/button><span>\u00bfLos resultados de la bichectom\u00eda son para toda la vida?<\/span><\/a><div class=\"accordion-inner\">\n\t<div id=\"text-3804531514\" class=\"text\">\n\t\t\n<p>S\u00ed. Se trata de un tratamiento de resultados permanentes, en tanto que es muy improbable que una vez extirpada la grasa de las Bolas de Bichat vuelva a aparecer.<br \/>\n\t\t\n<style>\n#text-3804531514 {\n  font-size: 1.1rem;\n  color: rgb(0,0,0);\n}\n#text-3804531514 > * {\n  color: rgb(0,0,0);\n}\n<\/style>\n\t<\/div>\n\t\n<\/div><\/div>\n<div class=\"accordion-item\"><a href=\"#\" class=\"accordion-title plain\"><button class=\"toggle\" aria-label=\"Toggle\"><i class=\"icon-angle-down\"><\/i><\/button><span>\u00bfA qu\u00e9 edad me lo puedo hacer?<\/span><\/a><div class=\"accordion-inner\">\n\t<div id=\"text-1515321275\" class=\"text\">\n\t\t\n<h3>Es un tratamiento que recomendamos hacer entre los 16 y los 40 a\u00f1os, es decir, la fase de la vida de una persona en la que su rostro ya est\u00e1 totalmente formado pero a\u00fan no ha iniciado la p\u00e9rdida de grasa cut\u00e1nea, si bien ser\u00e1 el cirujano el profesional mejor capacitado para evaluar la idoneidad de este tratamiento por encima de los 40 a\u00f1os.<\/h3>\n\t\t\n<style>\n#text-1515321275 {\n  font-size: 0.8rem;\n  color: rgb(0,0,0);\n}\n#text-1515321275 > * {\n  color: rgb(0,0,0);\n}\n<\/style>\n\t<\/div>\n\t\n\t<div id=\"text-1335078512\" class=\"text\">\n\t\t\n\t\t\n<style>\n#text-1335078512 {\n  font-size: 0.8rem;\n}\n<\/style>\n\t<\/div>\n\t\n<\/div><\/div>\n<\/div>\n\t\t<\/div>\n\t\t\t\t\n<style>\n#col-1436503460 > .col-inner {\n  padding: 0px 10px 0px 0px;\n}\n<\/style>\n\t<\/div>\n\n\t\n\n\t<div id=\"col-1013630384\" class=\"col medium-5 small-12 large-5\"  >\n\t\t\t\t<div class=\"col-inner\"  >\n\t\t\t\n\t\t\t\n\t<div id=\"text-3415511592\" class=\"text\">\n\t\t\n<h2>Contacta con nosotros<\/h2>\n\t\t\n<style>\n#text-3415511592 {\n  text-align: center;\n  color: rgb(0,0,0);\n}\n#text-3415511592 > * {\n  color: rgb(0,0,0);\n}\n<\/style>\n\t<\/div>\n\t\n\n<div id=\"contactoGeneral\" style=\"padding: 20px;\"><div class=\"wpforms-container wpforms-container-full wpforms-render-modern\" id=\"wpforms-9301\"><form id=\"wpforms-form-9301\" class=\"wpforms-validate wpforms-form wpforms-ajax-form\" data-formid=\"9301\" method=\"post\" enctype=\"multipart\/form-data\" action=\"\/estetica\/wp-json\/wp\/v2\/pages\/5631\" data-token=\"de2cc5b56ffd7a47d5fd412309e3e774\"><noscript class=\"wpforms-error-noscript\">Por favor, activa JavaScript en tu navegador para completar este formulario.<\/noscript><div class=\"wpforms-hidden\" id=\"wpforms-error-noscript\">Por favor, activa JavaScript en tu navegador para completar este formulario.<\/div><div class=\"wpforms-field-container\"><div id=\"wpforms-9301-field_9-container\" class=\"wpforms-field wpforms-field-text\" data-field-id=\"9\"><label class=\"wpforms-field-label\" for=\"wpforms-9301-field_9\">Nombre <span class=\"wpforms-required-label\" aria-hidden=\"true\">*<\/span><\/label><input type=\"text\" id=\"wpforms-9301-field_9\" class=\"wpforms-field-medium wpforms-field-required\" name=\"wpforms[fields][9]\" aria-errormessage=\"wpforms-9301-field_9-error\" required><\/div><div id=\"wpforms-9301-field_8-container\" class=\"wpforms-field wpforms-field-email\" data-field-id=\"8\"><label class=\"wpforms-field-label\" for=\"wpforms-9301-field_8\">Correo <span class=\"wpforms-required-label\" aria-hidden=\"true\">*<\/span><\/label><input type=\"email\" id=\"wpforms-9301-field_8\" class=\"wpforms-field-large wpforms-field-required\" name=\"wpforms[fields][8]\" spellcheck=\"false\" aria-errormessage=\"wpforms-9301-field_8-error\" required><\/div><div id=\"wpforms-9301-field_10-container\" class=\"wpforms-field wpforms-field-number\" data-field-id=\"10\"><label class=\"wpforms-field-label\" for=\"wpforms-9301-field_10\">N\u00ba de tel\u00e9fono <span class=\"wpforms-required-label\" aria-hidden=\"true\">*<\/span><\/label><input type=\"number\" pattern=\"\\d*\" id=\"wpforms-9301-field_10\" class=\"wpforms-field-large wpforms-field-required\" name=\"wpforms[fields][10]\" aria-errormessage=\"wpforms-9301-field_10-error\" required><\/div><div id=\"wpforms-9301-field_11-container\" class=\"wpforms-field wpforms-field-select wpforms-field-select-style-classic\" data-field-id=\"11\"><label class=\"wpforms-field-label\" for=\"wpforms-9301-field_11\">\u00bfEn qu\u00e9 podemos ayudarte? <span class=\"wpforms-required-label\" aria-hidden=\"true\">*<\/span><\/label><select id=\"wpforms-9301-field_11\" class=\"wpforms-field-large wpforms-field-required\" name=\"wpforms[fields][11]\" required=\"required\"><option value=\"Cirug\u00eda pl\u00e1stica\" >Cirug\u00eda pl\u00e1stica<\/option><option value=\"Medicina est\u00e9tica\" >Medicina est\u00e9tica<\/option><option value=\"Unidad de obesidad\" >Unidad de obesidad<\/option><option value=\"Unidad capilar\" >Unidad capilar<\/option><\/select><\/div><div id=\"wpforms-9301-field_12-container\" class=\"wpforms-field wpforms-field-checkbox\" data-field-id=\"12\"><fieldset><legend class=\"wpforms-field-label wpforms-label-hide\" aria-hidden=\"false\">Casillas de verificaci\u00f3n <span class=\"wpforms-required-label\" aria-hidden=\"true\">*<\/span><\/legend><ul id=\"wpforms-9301-field_12\" class=\"wpforms-field-required\"><li class=\"choice-1 depth-1\"><input type=\"checkbox\" id=\"wpforms-9301-field_12_1\" name=\"wpforms[fields][12][]\" value=\"He le\u00eddo y acepto la &lt;a rel=&quot;noopener&quot; target=&quot;_blank&quot; href=&quot;https:\/\/clinicacemeq.es\/estetica\/politica-privacidad\/&quot;&gt;Pol\u00edtica de Privacidad y Protecci\u00f3n de Datos&lt;\/a&gt;.\" aria-errormessage=\"wpforms-9301-field_12_1-error\" aria-describedby=\"wpforms-9301-field_12-description\" required ><label class=\"wpforms-field-label-inline\" for=\"wpforms-9301-field_12_1\">He le\u00eddo y acepto la <a rel=\"noopener\" target=\"_blank\" href=\"https:\/\/clinicacemeq.es\/estetica\/politica-privacidad\/\">Pol\u00edtica de Privacidad y Protecci\u00f3n de Datos<\/a>. <span class=\"wpforms-required-label\">*<\/span><\/label><\/li><\/ul><div id=\"wpforms-9301-field_12-description\" class=\"wpforms-field-description wpforms-disclaimer-description\"><p style=\"font-size: 10px;\">CLINICA CEMEQ SOCIEDAD LIMITADA, en calidad de responsable del tratamiento, tratar\u00e1 los datos recogidos con la finalidad de gestionar su solicitud de descarga del ebook y gestionar el inter\u00e9s mostrado en los productos y servicios de CEMEQ, bas\u00e1ndose en el consentimiento que expresamente manifiesta al remitir el presente formulario. Estos datos no ser\u00e1n comunicados a terceros salvo obligaci\u00f3n legal ni ser\u00e1n objeto de transferencias internacionales de datos. Puede ejercer sus derechos de acceso, rectificaci\u00f3n, supresi\u00f3n, portabilidad, limitaci\u00f3n del tratamiento y oposici\u00f3n en el correo <a href=\"mailto:info@clinicacemeq.es\" rel=\"noopener\">info@clinicacemeq.es<\/a>, tal como se indica en la <a href=\"https:\/\/clinicacemeq.es\/estetica\/politica-privacidad\/\" rel=\"noopener\" target=\"_blank\">Pol\u00edtica de Privacidad<\/a>, donde dispone de m\u00e1s informaci\u00f3n sobre el tratamiento.<\/p><\/div><\/fieldset><\/div><\/div><!-- .wpforms-field-container --><div class=\"wpforms-submit-container\" ><input type=\"hidden\" name=\"wpforms[id]\" value=\"9301\"><input type=\"hidden\" name=\"wpforms[author]\" value=\"6\"><button type=\"submit\" name=\"wpforms[submit]\" id=\"wpforms-submit-9301\" class=\"wpforms-submit\" data-alt-text=\"Enviando reserva...\" data-submit-text=\"Enviar\" aria-live=\"assertive\" value=\"wpforms-submit\">Enviar<\/button><img loading=\"lazy\" decoding=\"async\" src=\"https:\/\/clinicacemeq.es\/estetica\/wp-content\/plugins\/wpforms\/assets\/images\/submit-spin.svg\" class=\"wpforms-submit-spinner\" style=\"display: none;\" width=\"26\" height=\"26\" alt=\"Cargando\"><\/div><\/form><\/div>  <!-- .wpforms-container --><\/div>\n\n\t\t<\/div>\n\t\t\t\t\t<\/div>\n\n\t\n<\/div>\n\t\t<\/div>\n\n\t\t\n<style>\n#section_1756177517 {\n  padding-top: 30px;\n  padding-bottom: 30px;\n  background-color: rgb(247, 247, 247);\n}\n#section_1756177517 .ux-shape-divider--top svg {\n  height: 150px;\n  --divider-top-width: 100%;\n}\n#section_1756177517 .ux-shape-divider--bottom svg {\n  height: 150px;\n  --divider-width: 100%;\n}\n<\/style>\n\t<\/section>\n\t\n","protected":false},"excerpt":{"rendered":"","protected":false},"author":6,"featured_media":0,"parent":0,"menu_order":0,"comment_status":"closed","ping_status":"closed","template":"page-blank.php","meta":{"footnotes":""},"yoast_head":"<!-- This site is optimized with the Yoast SEO Premium plugin v18.3 (Yoast SEO v24.5) - https:\/\/yoast.com\/wordpress\/plugins\/seo\/ -->\n<title>Bichectom\u00eda - Cl\u00ednica Est\u00e9tica CEMEQ<\/title>\n<meta name=\"description\" content=\"Descubre todo sobre la bichectomia. Intervenci\u00f3n quir\u00fargica que consiste en la extracci\u00f3n de las bolas o bolsas de Bichat.\" \/>\n<meta name=\"robots\" content=\"index, follow, max-snippet:-1, max-image-preview:large, max-video-preview:-1\" \/>\n<link rel=\"canonical\" href=\"https:\/\/clinicacemeq.es\/estetica\/bichectomia\/\" \/>\n<meta property=\"og:locale\" content=\"es_ES\" \/>\n<meta property=\"og:type\" content=\"article\" \/>\n<meta property=\"og:title\" content=\"Bichectom\u00eda\" \/>\n<meta property=\"og:description\" content=\"Descubre todo sobre la bichectomia. Intervenci\u00f3n quir\u00fargica que consiste en la extracci\u00f3n de las bolas o bolsas de Bichat.\" \/>\n<meta property=\"og:url\" content=\"https:\/\/clinicacemeq.es\/estetica\/bichectomia\/\" \/>\n<meta property=\"og:site_name\" content=\"Cl\u00ednica Est\u00e9tica CEMEQ\" \/>\n<meta property=\"article:modified_time\" content=\"2024-05-23T14:14:05+00:00\" \/>\n<meta name=\"twitter:card\" content=\"summary_large_image\" \/>\n<meta name=\"twitter:label1\" content=\"Tiempo de lectura\" \/>\n\t<meta name=\"twitter:data1\" content=\"5 minutos\" \/>\n<script type=\"application\/ld+json\" class=\"yoast-schema-graph\">{\"@context\":\"https:\/\/schema.org\",\"@graph\":[{\"@type\":\"WebPage\",\"@id\":\"https:\/\/clinicacemeq.es\/estetica\/bichectomia\/\",\"url\":\"https:\/\/clinicacemeq.es\/estetica\/bichectomia\/\",\"name\":\"Bichectom\u00eda - Cl\u00ednica Est\u00e9tica CEMEQ\",\"isPartOf\":{\"@id\":\"https:\/\/clinicacemeq.es\/estetica\/#website\"},\"datePublished\":\"2022-11-09T07:03:35+00:00\",\"dateModified\":\"2024-05-23T14:14:05+00:00\",\"description\":\"Descubre todo sobre la bichectomia. Intervenci\u00f3n quir\u00fargica que consiste en la extracci\u00f3n de las bolas o bolsas de Bichat.\",\"breadcrumb\":{\"@id\":\"https:\/\/clinicacemeq.es\/estetica\/bichectomia\/#breadcrumb\"},\"inLanguage\":\"es\",\"potentialAction\":[{\"@type\":\"ReadAction\",\"target\":[\"https:\/\/clinicacemeq.es\/estetica\/bichectomia\/\"]}]},{\"@type\":\"BreadcrumbList\",\"@id\":\"https:\/\/clinicacemeq.es\/estetica\/bichectomia\/#breadcrumb\",\"itemListElement\":[{\"@type\":\"ListItem\",\"position\":1,\"name\":\"Portada\",\"item\":\"https:\/\/clinicacemeq.es\/estetica\/\"},{\"@type\":\"ListItem\",\"position\":2,\"name\":\"Bichectom\u00eda\"}]},{\"@type\":\"WebSite\",\"@id\":\"https:\/\/clinicacemeq.es\/estetica\/#website\",\"url\":\"https:\/\/clinicacemeq.es\/estetica\/\",\"name\":\"Cl\u00ednica Est\u00e9tica CEMEQ\",\"description\":\"Medicina est\u00e9tica \u0131 Cirug\u00eda Est\u00e9tica \u0131 Cl\u00ednica Dental \u0131 Unidad Capilar \u0131 Unidad de Obesidad\",\"potentialAction\":[{\"@type\":\"SearchAction\",\"target\":{\"@type\":\"EntryPoint\",\"urlTemplate\":\"https:\/\/clinicacemeq.es\/estetica\/?s={search_term_string}\"},\"query-input\":{\"@type\":\"PropertyValueSpecification\",\"valueRequired\":true,\"valueName\":\"search_term_string\"}}],\"inLanguage\":\"es\"}]}<\/script>\n<!-- \/ Yoast SEO Premium plugin. -->","yoast_head_json":{"title":"Bichectom\u00eda - Cl\u00ednica Est\u00e9tica CEMEQ","description":"Descubre todo sobre la bichectomia. Intervenci\u00f3n quir\u00fargica que consiste en la extracci\u00f3n de las bolas o bolsas de Bichat.","robots":{"index":"index","follow":"follow","max-snippet":"max-snippet:-1","max-image-preview":"max-image-preview:large","max-video-preview":"max-video-preview:-1"},"canonical":"https:\/\/clinicacemeq.es\/estetica\/bichectomia\/","og_locale":"es_ES","og_type":"article","og_title":"Bichectom\u00eda","og_description":"Descubre todo sobre la bichectomia. Intervenci\u00f3n quir\u00fargica que consiste en la extracci\u00f3n de las bolas o bolsas de Bichat.","og_url":"https:\/\/clinicacemeq.es\/estetica\/bichectomia\/","og_site_name":"Cl\u00ednica Est\u00e9tica CEMEQ","article_modified_time":"2024-05-23T14:14:05+00:00","twitter_card":"summary_large_image","twitter_misc":{"Tiempo de lectura":"5 minutos"},"schema":{"@context":"https:\/\/schema.org","@graph":[{"@type":"WebPage","@id":"https:\/\/clinicacemeq.es\/estetica\/bichectomia\/","url":"https:\/\/clinicacemeq.es\/estetica\/bichectomia\/","name":"Bichectom\u00eda - Cl\u00ednica Est\u00e9tica CEMEQ","isPartOf":{"@id":"https:\/\/clinicacemeq.es\/estetica\/#website"},"datePublished":"2022-11-09T07:03:35+00:00","dateModified":"2024-05-23T14:14:05+00:00","description":"Descubre todo sobre la bichectomia. Intervenci\u00f3n quir\u00fargica que consiste en la extracci\u00f3n de las bolas o bolsas de Bichat.","breadcrumb":{"@id":"https:\/\/clinicacemeq.es\/estetica\/bichectomia\/#breadcrumb"},"inLanguage":"es","potentialAction":[{"@type":"ReadAction","target":["https:\/\/clinicacemeq.es\/estetica\/bichectomia\/"]}]},{"@type":"BreadcrumbList","@id":"https:\/\/clinicacemeq.es\/estetica\/bichectomia\/#breadcrumb","itemListElement":[{"@type":"ListItem","position":1,"name":"Portada","item":"https:\/\/clinicacemeq.es\/estetica\/"},{"@type":"ListItem","position":2,"name":"Bichectom\u00eda"}]},{"@type":"WebSite","@id":"https:\/\/clinicacemeq.es\/estetica\/#website","url":"https:\/\/clinicacemeq.es\/estetica\/","name":"Cl\u00ednica Est\u00e9tica CEMEQ","description":"Medicina est\u00e9tica \u0131 Cirug\u00eda Est\u00e9tica \u0131 Cl\u00ednica Dental \u0131 Unidad Capilar \u0131 Unidad de Obesidad","potentialAction":[{"@type":"SearchAction","target":{"@type":"EntryPoint","urlTemplate":"https:\/\/clinicacemeq.es\/estetica\/?s={search_term_string}"},"query-input":{"@type":"PropertyValueSpecification","valueRequired":true,"valueName":"search_term_string"}}],"inLanguage":"es"}]}},"_links":{"self":[{"href":"https:\/\/clinicacemeq.es\/estetica\/wp-json\/wp\/v2\/pages\/5631"}],"collection":[{"href":"https:\/\/clinicacemeq.es\/estetica\/wp-json\/wp\/v2\/pages"}],"about":[{"href":"https:\/\/clinicacemeq.es\/estetica\/wp-json\/wp\/v2\/types\/page"}],"author":[{"embeddable":true,"href":"https:\/\/clinicacemeq.es\/estetica\/wp-json\/wp\/v2\/users\/6"}],"replies":[{"embeddable":true,"href":"https:\/\/clinicacemeq.es\/estetica\/wp-json\/wp\/v2\/comments?post=5631"}],"version-history":[{"count":8,"href":"https:\/\/clinicacemeq.es\/estetica\/wp-json\/wp\/v2\/pages\/5631\/revisions"}],"predecessor-version":[{"id":9326,"href":"https:\/\/clinicacemeq.es\/estetica\/wp-json\/wp\/v2\/pages\/5631\/revisions\/9326"}],"wp:attachment":[{"href":"https:\/\/clinicacemeq.es\/estetica\/wp-json\/wp\/v2\/media?parent=5631"}],"curies":[{"name":"wp","href":"https:\/\/api.w.org\/{rel}","templated":true}]}}