{"id":5621,"date":"2022-11-09T06:56:31","date_gmt":"2022-11-09T06:56:31","guid":{"rendered":"https:\/\/clinicacemeq.es\/estetica\/?page_id=5621"},"modified":"2024-05-23T14:08:41","modified_gmt":"2024-05-23T14:08:41","slug":"relleno-de-labios","status":"publish","type":"page","link":"https:\/\/clinicacemeq.es\/estetica\/relleno-de-labios\/","title":{"rendered":"Relleno de labios"},"content":{"rendered":"\t<section class=\"section hide-for-small\" id=\"section_988558054\">\n\t\t<div class=\"bg section-bg fill bg-fill  bg-loaded\" >\n\n\t\t\t\n\t\t\t\n\t\t\t\n\n\t\t<\/div>\n\n\t\t\n\n\t\t<div class=\"section-content relative\">\n\t\t\t\n<div class=\"row row-collapse row-full-width\"  id=\"row-115842588\">\n\n\t<div id=\"col-1770024601\" class=\"col small-12 large-12\"  >\n\t\t\t\t<div class=\"col-inner text-left\"  >\n\t\t\t\n\t\t\t\n\n  <div class=\"banner has-hover\" id=\"banner-1269710237\">\n          <div class=\"banner-inner fill\">\n        <div class=\"banner-bg fill\" >\n            <div class=\"bg fill bg-fill \"><\/div>\n                                    \n                    <\/div>\n\t\t\n        <div class=\"banner-layers container\">\n            <div class=\"fill banner-link\"><\/div>            \n   <div id=\"text-box-647290968\" class=\"text-box banner-layer x5 md-x5 lg-x5 y90 md-y50 lg-y50 res-text\">\n                                <div class=\"text-box-content text dark\">\n              \n              <div class=\"text-inner text-left\">\n                  \n\t<div id=\"text-3691411858\" class=\"text\">\n\t\t\n<h1 class=\"alt-font\">Relleno de labios<\/h1>\n\t\t\n<style>\n#text-3691411858 {\n  font-size: 0.75rem;\n  text-align: left;\n  color: rgb(0,0,0);\n}\n#text-3691411858 > * {\n  color: rgb(0,0,0);\n}\n@media (min-width:550px) {\n  #text-3691411858 {\n    font-size: 1rem;\n  }\n}\n@media (min-width:850px) {\n  #text-3691411858 {\n    font-size: 0.75rem;\n  }\n}\n<\/style>\n\t<\/div>\n\t\n\t<div id=\"text-1212073442\" class=\"text\">\n\t\t\n<h3>El relleno de labios proporciona volumen, hidrataci\u00f3n, redefine su contorno y elimina las arrugas que se forman en torno a los labios<\/h3>\n\t\t\n<style>\n#text-1212073442 {\n  font-size: 0.75rem;\n  line-height: 1.3;\n  color: rgb(0,0,0);\n}\n#text-1212073442 > * {\n  color: rgb(0,0,0);\n}\n@media (min-width:550px) {\n  #text-1212073442 {\n    font-size: 0.75rem;\n  }\n}\n<\/style>\n\t<\/div>\n\t\n<a href=\"#contactoGeneral\" target=\"_self\" class=\"button secondary is-larger box-shadow-1\"  style=\"border-radius:99px;\">\n    <span>Pide tu cita<\/span>\n  <\/a>\n\n              <\/div>\n           <\/div>\n                            \n<style>\n#text-box-647290968 {\n  width: 54%;\n}\n#text-box-647290968 .text-box-content {\n  font-size: 100%;\n}\n@media (min-width:550px) {\n  #text-box-647290968 {\n    width: 48%;\n  }\n}\n@media (min-width:850px) {\n  #text-box-647290968 {\n    width: 42%;\n  }\n}\n<\/style>\n    <\/div>\n \n        <\/div>\n      <\/div>\n\n            \n<style>\n#banner-1269710237 {\n  padding-top: 330px;\n}\n#banner-1269710237 .bg.bg-loaded {\n  background-image: url(https:\/\/clinicacemeq.es\/estetica\/wp-content\/uploads\/2021\/07\/slider4.jpg);\n}\n#banner-1269710237 .bg {\n  background-position: 42% 57%;\n}\n#banner-1269710237 .ux-shape-divider--top svg {\n  height: 150px;\n  --divider-top-width: 100%;\n}\n#banner-1269710237 .ux-shape-divider--bottom svg {\n  height: 150px;\n  --divider-width: 100%;\n}\n@media (min-width:550px) {\n  #banner-1269710237 {\n    padding-top: 500px;\n  }\n}\n@media (min-width:850px) {\n  #banner-1269710237 {\n    padding-top: 550px;\n  }\n}\n<\/style>\n  <\/div>\n\n\n\t\t<\/div>\n\t\t\t\t\t<\/div>\n\n\t\n<\/div>\n\t\t<\/div>\n\n\t\t\n<style>\n#section_988558054 {\n  padding-top: 0px;\n  padding-bottom: 0px;\n}\n#section_988558054 .ux-shape-divider--top svg {\n  height: 150px;\n  --divider-top-width: 100%;\n}\n#section_988558054 .ux-shape-divider--bottom svg {\n  height: 150px;\n  --divider-width: 100%;\n}\n<\/style>\n\t<\/section>\n\t\n\t<section class=\"section show-for-small\" id=\"section_1888441227\">\n\t\t<div class=\"bg section-bg fill bg-fill  bg-loaded\" >\n\n\t\t\t\n\t\t\t\n\t\t\t\n\n\t\t<\/div>\n\n\t\t\n\n\t\t<div class=\"section-content relative\">\n\t\t\t\n<div class=\"row row-collapse row-full-width\"  id=\"row-170623085\">\n\n\t<div id=\"col-1980984680\" class=\"col small-12 large-12\"  >\n\t\t\t\t<div class=\"col-inner text-left\"  >\n\t\t\t\n\t\t\t\n\n  <div class=\"banner has-hover\" id=\"banner-1857310918\">\n          <div class=\"banner-inner fill\">\n        <div class=\"banner-bg fill\" >\n            <div class=\"bg fill bg-fill \"><\/div>\n                                    \n                    <\/div>\n\t\t\n        <div class=\"banner-layers container\">\n            <div class=\"fill banner-link\"><\/div>            \n   <div id=\"text-box-1251095563\" class=\"text-box banner-layer x5 md-x5 lg-x5 y15 md-y50 lg-y50 res-text\">\n                                <div class=\"text-box-content text dark\">\n              \n              <div class=\"text-inner text-left\">\n                  \n\t<div id=\"text-785923316\" class=\"text\">\n\t\t\n<h2 class=\"alt-font\"><span style=\"font-size: 65%;\">Relleno de labios<\/span><\/h2>\n\t\t\n<style>\n#text-785923316 {\n  font-size: 0.75rem;\n  text-align: left;\n  color: rgb(0,0,0);\n}\n#text-785923316 > * {\n  color: rgb(0,0,0);\n}\n@media (min-width:550px) {\n  #text-785923316 {\n    font-size: 1.5rem;\n  }\n}\n@media (min-width:850px) {\n  #text-785923316 {\n    font-size: 1.45rem;\n  }\n}\n<\/style>\n\t<\/div>\n\t\n\t<div id=\"text-3281379766\" class=\"text\">\n\t\t\n<h3><span style=\"font-size: 65%;\">El aumento de labios proporciona volumen, hidrataci\u00f3n a tus labios y redefine su contorno.<\/span><\/h3>\n\t\t\n<style>\n#text-3281379766 {\n  font-size: 0.75rem;\n  line-height: 1;\n  color: rgb(0,0,0);\n}\n#text-3281379766 > * {\n  color: rgb(0,0,0);\n}\n@media (min-width:550px) {\n  #text-3281379766 {\n    font-size: 0.9rem;\n  }\n}\n<\/style>\n\t<\/div>\n\t\n<a href=\"\/contacto\/\" target=\"_self\" class=\"button secondary is-larger box-shadow-1\"  style=\"border-radius:99px;\">\n    <span>Pide tu cita<\/span>\n  <\/a>\n\n              <\/div>\n           <\/div>\n                            \n<style>\n#text-box-1251095563 {\n  width: 55%;\n}\n#text-box-1251095563 .text-box-content {\n  font-size: 100%;\n}\n@media (min-width:550px) {\n  #text-box-1251095563 {\n    width: 48%;\n  }\n}\n@media (min-width:850px) {\n  #text-box-1251095563 {\n    width: 46%;\n  }\n}\n<\/style>\n    <\/div>\n \n        <\/div>\n      <\/div>\n\n            \n<style>\n#banner-1857310918 {\n  padding-top: 420px;\n}\n#banner-1857310918 .bg.bg-loaded {\n  background-image: url(https:\/\/clinicacemeq.es\/estetica\/wp-content\/uploads\/2021\/07\/slider4.jpg);\n}\n#banner-1857310918 .bg {\n  background-position: 60% 53%;\n}\n#banner-1857310918 .ux-shape-divider--top svg {\n  height: 150px;\n  --divider-top-width: 100%;\n}\n#banner-1857310918 .ux-shape-divider--bottom svg {\n  height: 150px;\n  --divider-width: 100%;\n}\n@media (min-width:550px) {\n  #banner-1857310918 {\n    padding-top: 500px;\n  }\n}\n@media (min-width:850px) {\n  #banner-1857310918 {\n    padding-top: 550px;\n  }\n}\n<\/style>\n  <\/div>\n\n\n\t\t<\/div>\n\t\t\t\t\t<\/div>\n\n\t\n<\/div>\n\t\t<\/div>\n\n\t\t\n<style>\n#section_1888441227 {\n  padding-top: 0px;\n  padding-bottom: 0px;\n}\n#section_1888441227 .ux-shape-divider--top svg {\n  height: 150px;\n  --divider-top-width: 100%;\n}\n#section_1888441227 .ux-shape-divider--bottom svg {\n  height: 150px;\n  --divider-width: 100%;\n}\n<\/style>\n\t<\/section>\n\t\n\t<section class=\"section\" id=\"section_1202686423\">\n\t\t<div class=\"bg section-bg fill bg-fill  bg-loaded\" >\n\n\t\t\t\n\t\t\t\n\t\t\t\n\n\t\t<\/div>\n\n\t\t\n\n\t\t<div class=\"section-content relative\">\n\t\t\t\n<div class=\"row row-small row-full-width align-equal\"  id=\"row-477903766\">\n\n\t<div id=\"col-773784600\" class=\"col medium-6 small-12 large-6\"  >\n\t\t\t\t<div class=\"col-inner\"  >\n\t\t\t\n\t\t\t\n\n  <div class=\"banner has-hover\" id=\"banner-549657463\">\n          <div class=\"banner-inner fill\">\n        <div class=\"banner-bg fill\" >\n            <div class=\"bg fill bg-fill \"><\/div>\n                                    \n                    <\/div>\n\t\t\n        <div class=\"banner-layers container\">\n            <div class=\"fill banner-link\"><\/div>            \n        <\/div>\n      <\/div>\n\n            \n<style>\n#banner-549657463 {\n  padding-top: 99.99%;\n  background-color: rgb(255, 255, 255);\n}\n#banner-549657463 .bg.bg-loaded {\n  background-image: url(https:\/\/clinicacemeq.es\/estetica\/wp-content\/uploads\/2021\/07\/WhatsApp-Image-2022-05-24-at-11.17.27-AM-e1677581026357.png);\n}\n#banner-549657463 .bg {\n  background-position: 31% 46%;\n}\n#banner-549657463 .ux-shape-divider--top svg {\n  height: 150px;\n  --divider-top-width: 100%;\n}\n#banner-549657463 .ux-shape-divider--bottom svg {\n  height: 150px;\n  --divider-width: 100%;\n}\n@media (min-width:550px) {\n  #banner-549657463 {\n    padding-top: 400px;\n  }\n}\n@media (min-width:850px) {\n  #banner-549657463 {\n    padding-top: 450px;\n  }\n}\n<\/style>\n  <\/div>\n\n\n\t\t<\/div>\n\t\t\t\t\t<\/div>\n\n\t\n\n\t<div id=\"col-1144104338\" class=\"col medium-6 small-12 large-6 small-col-first\"  >\n\t\t\t\t<div class=\"col-inner\" style=\"background-color:rgb(229, 227, 227);\" >\n\t\t\t\n\t<div class=\"is-border\"\n\t\tstyle=\"border-color:rgb(194, 194, 194);border-width:2px 2px 2px 2px;\">\n\t<\/div>\n\t\t\t\n\t<div id=\"gap-2013470183\" class=\"gap-element clearfix\" style=\"display:block; height:auto;\">\n\t\t\n<style>\n#gap-2013470183 {\n  padding-top: 40px;\n}\n<\/style>\n\t<\/div>\n\t\n\t<div id=\"text-1151419384\" class=\"text\">\n\t\t\n<h2>En pocas palabras\u2026<\/h2>\n<ul>\n<li><strong>Tiempo de\u00a0intervenci\u00f3n:<\/strong> 1\u202fhora<\/li>\n<li><strong>N\u00famero de\u00a0sesiones:<\/strong> 2 a 4<\/li>\n<li><strong>Tratamiento ambulatorio:<\/strong>\u00a0No se requiere hospitalizaci\u00f3n<\/li>\n<li><strong>Tiempo de\u00a0recuperaci\u00f3n:<\/strong> Inmediata<\/li>\n<li><strong>Tiempo de\u00a0efectos:<\/strong> Inmediatos<\/li>\n<\/ul>\n\t\t\n<style>\n#text-1151419384 {\n  font-size: 1rem;\n  line-height: 1.8;\n  color: rgb(0,0,0);\n}\n#text-1151419384 > * {\n  color: rgb(0,0,0);\n}\n@media (min-width:550px) {\n  #text-1151419384 {\n    font-size: 1rem;\n  }\n}\n<\/style>\n\t<\/div>\n\t\n<a href=\"https:\/\/clinicacemeq.es\/estetica\/contacto\/\" target=\"_self\" class=\"button primary is-underline\"  >\n    <span>M\u00e1s informaci\u00f3n<\/span>\n  <i class=\"icon-angle-right\" ><\/i><\/a>\n\n\t\t<\/div>\n\t\t\t\t\n<style>\n#col-1144104338 > .col-inner {\n  padding: 15px 15px 15px 9%;\n}\n<\/style>\n\t<\/div>\n\n\t\n<\/div>\n\t\t<\/div>\n\n\t\t\n<style>\n#section_1202686423 {\n  padding-top: 30px;\n  padding-bottom: 30px;\n}\n#section_1202686423 .ux-shape-divider--top svg {\n  height: 150px;\n  --divider-top-width: 100%;\n}\n#section_1202686423 .ux-shape-divider--bottom svg {\n  height: 150px;\n  --divider-width: 100%;\n}\n<\/style>\n\t<\/section>\n\t\n\t<section class=\"section\" id=\"section_1800855206\">\n\t\t<div class=\"bg section-bg fill bg-fill  bg-loaded\" >\n\n\t\t\t\n\t\t\t\n\t\t\t\n\n\t\t<\/div>\n\n\t\t\n\n\t\t<div class=\"section-content relative\">\n\t\t\t\n<div class=\"row\" style=\"max-width:92%\" id=\"row-39713209\">\n\n\t<div id=\"col-515658069\" class=\"col medium-7 small-12 large-7\"  >\n\t\t\t\t<div class=\"col-inner\"  >\n\t\t\t\n\t\t\t\n\t<div id=\"text-1339596981\" class=\"text\">\n\t\t\n<h2>Relleno de labios| \u00a021,80\u20ac financiado a 15 meses<\/h2>\n\t\t\n<style>\n#text-1339596981 {\n  font-size: 1.55rem;\n}\n@media (min-width:550px) {\n  #text-1339596981 {\n    font-size: 1.05rem;\n  }\n}\n@media (min-width:850px) {\n  #text-1339596981 {\n    font-size: 1.1rem;\n  }\n}\n<\/style>\n\t<\/div>\n\t\n\t<div id=\"text-3415944455\" class=\"text\">\n\t\t\n<p>El relleno de Labios es una t\u00e9cnica muy demandada entre mujeres que quieren disfrutar de unos labios m\u00e1s sensuales, bien sea por tenerlos muy finos o por haber perdido volumen con el paso de los a\u00f1os, afectando negativamente a su armon\u00eda facial.<br \/>\n\t\t\n<style>\n#text-3415944455 {\n  font-size: 1.1rem;\n  line-height: 1.8;\n  color: rgb(0,0,0);\n}\n#text-3415944455 > * {\n  color: rgb(0,0,0);\n}\n@media (min-width:550px) {\n  #text-3415944455 {\n    font-size: 1rem;\n  }\n}\n@media (min-width:850px) {\n  #text-3415944455 {\n    font-size: 1.1rem;\n  }\n}\n<\/style>\n\t<\/div>\n\t\n\t<div id=\"gap-1577185386\" class=\"gap-element clearfix\" style=\"display:block; height:auto;\">\n\t\t\n<style>\n#gap-1577185386 {\n  padding-top: 15px;\n}\n<\/style>\n\t<\/div>\n\t\n<h2>Dudas frecuentes sobre el aumento de labios<\/h2>\n<div class=\"accordion\" rel=\"\">\n<div class=\"accordion-item\"><a href=\"#\" class=\"accordion-title plain\"><button class=\"toggle\" aria-label=\"Toggle\"><i class=\"icon-angle-down\"><\/i><\/button><span>\u00bfA qui\u00e9n est\u00e1 dirigido el tratamiento de aumento de labios<\/span><\/a><div class=\"accordion-inner\">\n\t<div id=\"text-3810526103\" class=\"text\">\n\t\t\n<p>Para pacientes que busquen una remodelaci\u00f3n labial o aumentar el volumen de sus labios con resultados muy naturales y m\u00e1s prolongados en el tiempo que otras t\u00e9cnicas.<\/p>\n<p>Tambi\u00e9n para personas que buscan elevar la comisura de los labios, o corregir las <span style=\"color: #282828;\">arrugas<\/span> en torno a los mismos.<br \/>\n\t\t\n<style>\n#text-3810526103 {\n  font-size: 1.1rem;\n  color: rgb(0,0,0);\n}\n#text-3810526103 > * {\n  color: rgb(0,0,0);\n}\n<\/style>\n\t<\/div>\n\t\n<\/div><\/div>\n<div class=\"accordion-item\"><a href=\"#\" class=\"accordion-title plain\"><button class=\"toggle\" aria-label=\"Toggle\"><i class=\"icon-angle-down\"><\/i><\/button><span>\u00bfCu\u00e1nto durar\u00e1n los resultados del aumento de labios?<\/span><\/a><div class=\"accordion-inner\">\n\t<div id=\"text-1308572198\" class=\"text\">\n\t\t\n<p>Depender\u00e1 de cada paciente, en funci\u00f3n de su edad, si nivel de hidrataci\u00f3n o incluso la \u00e9poca del a\u00f1o, si bien lo normal es que duren entre 6 y 9 meses, en ocasiones hasta un a\u00f1o. No obstante, para lograr resultados m\u00e1s prolongados es habitual dividir el tratamiento en dos sesiones o fases a lo largo de un a\u00f1o.<br \/>\n\t\t\n<style>\n#text-1308572198 {\n  font-size: 1.1rem;\n  color: rgb(0,0,0);\n}\n#text-1308572198 > * {\n  color: rgb(0,0,0);\n}\n<\/style>\n\t<\/div>\n\t\n<\/div><\/div>\n<div class=\"accordion-item\"><a href=\"#\" class=\"accordion-title plain\"><button class=\"toggle\" aria-label=\"Toggle\"><i class=\"icon-angle-down\"><\/i><\/button><span>\u00bfQu\u00e9 debo esperar de los resultados?<\/span><\/a><div class=\"accordion-inner\">\n\t<div id=\"text-1361296619\" class=\"text\">\n\t\t\n<p>Unos labios m\u00e1s voluminosos, mejor definidos y m\u00e1s hidratados gracias a la capacidad del \u00e1cido hialur\u00f3nico de retener el agua en el organismo y generar col\u00e1geno.<br \/>\n\t\t\n<style>\n#text-1361296619 {\n  font-size: 1.1rem;\n  color: rgb(0, 0, 0);\n}\n#text-1361296619 > * {\n  color: rgb(0, 0, 0);\n}\n<\/style>\n\t<\/div>\n\t\n<\/div><\/div>\n<div class=\"accordion-item\"><a href=\"#\" class=\"accordion-title plain\"><button class=\"toggle\" aria-label=\"Toggle\"><i class=\"icon-angle-down\"><\/i><\/button><span>\u00bfDuelen las inyecciones?<\/span><\/a><div class=\"accordion-inner\">\n\t<div id=\"text-3262469055\" class=\"text\">\n\t\t\n<p>No, es un tratamiento muy suave. Notar\u00e1s pinchazos muy peque\u00f1os gracias a lo fino de la aguja. De hecho, no es necesaria anestesia, si bien por comodidad del paciente se aplica una pomada o fr\u00edo localizado para reducir la sensibilidad.<br \/>\n\t\t\n<style>\n#text-3262469055 {\n  font-size: 1.1rem;\n  color: rgb(0, 0, 0);\n}\n#text-3262469055 > * {\n  color: rgb(0, 0, 0);\n}\n<\/style>\n\t<\/div>\n\t\n<\/div><\/div>\n<div class=\"accordion-item\"><a href=\"#\" class=\"accordion-title plain\"><button class=\"toggle\" aria-label=\"Toggle\"><i class=\"icon-angle-down\"><\/i><\/button><span>\u00bfC\u00f3mo es el procedimiento del relleno de labios?<\/span><\/a><div class=\"accordion-inner\">\n\t<div id=\"text-3492426053\" class=\"text\">\n\t\t\n<p>El aumento de labios consiste en peque\u00f1as infiltraciones de AH los labios, de forma sutil y paulatina, para obtener unos labios m\u00e1s definidos y voluminosos, pero con un aspecto totalmente natural.<\/p>\n<p>Las infiltraciones ser\u00e1n graduales, de modo que pueda valorarse el resultado y, de ser necesario, aplicar m\u00e1s relleno al cabo de unos d\u00edas de la primera sesi\u00f3n. Se realiza con anestesia t\u00f3pica local y no requiere de ingreso hospitalario.<\/p>\n<p>Respecto a la recuperaci\u00f3n, el relleno de labios garantiza una recuperaci\u00f3n inmediata, si bien se recomienda no masajear, presionar o pellizcar la zona y no exponerla al sol sin protecci\u00f3n labial durante unos d\u00edas.<br \/>\n\t\t\n<style>\n#text-3492426053 {\n  font-size: 1.1rem;\n  color: rgb(0,0,0);\n}\n#text-3492426053 > * {\n  color: rgb(0,0,0);\n}\n<\/style>\n\t<\/div>\n\t\n<\/div><\/div>\n<div class=\"accordion-item\"><a href=\"#\" class=\"accordion-title plain\"><button class=\"toggle\" aria-label=\"Toggle\"><i class=\"icon-angle-down\"><\/i><\/button><span>Beneficios de un aumento de labios<\/span><\/a><div class=\"accordion-inner\">\n\t<div id=\"text-1801884136\" class=\"text\">\n\t\t\n<ul>\n<li>Aumentar\u00e1s el volumen de los labios<\/li>\n<li>Mejorar\u00e1s la definici\u00f3n del contorno de tus labios<\/li>\n<li>Tendr\u00e1s unos labios m\u00e1s hidratados y sensuales<\/li>\n<li>Eliminar\u00e1s arrugas que se forman en torno a los labios<\/li>\n<li>Reabsorber\u00e1s el \u00e1cido hialur\u00f3nico de manera natural<\/li>\n<li>Podr\u00e1s eliminarlo r\u00e1pidamente si quieres revertir el tratamiento<\/li>\n<\/ul>\n\t\t\n<style>\n#text-1801884136 {\n  font-size: 1.1rem;\n  color: rgb(0, 0, 0);\n}\n#text-1801884136 > * {\n  color: rgb(0, 0, 0);\n}\n<\/style>\n\t<\/div>\n\t\n<\/div><\/div>\n<div class=\"accordion-item\"><a href=\"#\" class=\"accordion-title plain\"><button class=\"toggle\" aria-label=\"Toggle\"><i class=\"icon-angle-down\"><\/i><\/button><span>Candidatos para un aumento de labios<\/span><\/a><div class=\"accordion-inner\">\n\t<div id=\"text-3497965113\" class=\"text\">\n\t\t\n<ul>\n<li>Personas que quieren remodelar sus labios estrechos y poco definidos<\/li>\n<li>Personas que quieren remodelar sus labios estrechos y poco definidos<\/li>\n<li>Personas que han perdido volumen labial con el paso de los a\u00f1os<\/li>\n<li>Personas que desean elevar las comisuras de los labios o corregir las arrugas en esa zona<\/li>\n<\/ul>\n\t\t\n<style>\n#text-3497965113 {\n  font-size: 1.1rem;\n  color: rgb(0, 0, 0);\n}\n#text-3497965113 > * {\n  color: rgb(0, 0, 0);\n}\n<\/style>\n\t<\/div>\n\t\n<\/div><\/div>\n<\/div>\n\t\t<\/div>\n\t\t\t\t\n<style>\n#col-515658069 > .col-inner {\n  padding: 0px 10px 0px 0px;\n}\n<\/style>\n\t<\/div>\n\n\t\n\n\t<div id=\"col-1330874226\" class=\"col medium-5 small-12 large-5\"  >\n\t\t\t\t<div class=\"col-inner\"  >\n\t\t\t\n\t\t\t\n\t<div id=\"text-1970616965\" class=\"text\">\n\t\t\n<h2>Contacta con nosotros<\/h2>\n\t\t\n<style>\n#text-1970616965 {\n  text-align: center;\n  color: rgb(0,0,0);\n}\n#text-1970616965 > * {\n  color: rgb(0,0,0);\n}\n<\/style>\n\t<\/div>\n\t\n\n<div id=\"contactoGeneral\" style=\"padding: 20px;\"><div class=\"wpforms-container wpforms-container-full wpforms-render-modern\" id=\"wpforms-9301\"><form id=\"wpforms-form-9301\" class=\"wpforms-validate wpforms-form wpforms-ajax-form\" data-formid=\"9301\" method=\"post\" enctype=\"multipart\/form-data\" action=\"\/estetica\/wp-json\/wp\/v2\/pages\/5621\" data-token=\"0d4065923086483dd710d4b631b50749\"><noscript class=\"wpforms-error-noscript\">Por favor, activa JavaScript en tu navegador para completar este formulario.<\/noscript><div class=\"wpforms-hidden\" id=\"wpforms-error-noscript\">Por favor, activa JavaScript en tu navegador para completar este formulario.<\/div><div class=\"wpforms-field-container\"><div id=\"wpforms-9301-field_9-container\" class=\"wpforms-field wpforms-field-text\" data-field-id=\"9\"><label class=\"wpforms-field-label\" for=\"wpforms-9301-field_9\">Nombre <span class=\"wpforms-required-label\" aria-hidden=\"true\">*<\/span><\/label><input type=\"text\" id=\"wpforms-9301-field_9\" class=\"wpforms-field-medium wpforms-field-required\" name=\"wpforms[fields][9]\" aria-errormessage=\"wpforms-9301-field_9-error\" required><\/div><div id=\"wpforms-9301-field_8-container\" class=\"wpforms-field wpforms-field-email\" data-field-id=\"8\"><label class=\"wpforms-field-label\" for=\"wpforms-9301-field_8\">Correo <span class=\"wpforms-required-label\" aria-hidden=\"true\">*<\/span><\/label><input type=\"email\" id=\"wpforms-9301-field_8\" class=\"wpforms-field-large wpforms-field-required\" name=\"wpforms[fields][8]\" spellcheck=\"false\" aria-errormessage=\"wpforms-9301-field_8-error\" required><\/div><div id=\"wpforms-9301-field_10-container\" class=\"wpforms-field wpforms-field-number\" data-field-id=\"10\"><label class=\"wpforms-field-label\" for=\"wpforms-9301-field_10\">N\u00ba de tel\u00e9fono <span class=\"wpforms-required-label\" aria-hidden=\"true\">*<\/span><\/label><input type=\"number\" pattern=\"\\d*\" id=\"wpforms-9301-field_10\" class=\"wpforms-field-large wpforms-field-required\" name=\"wpforms[fields][10]\" aria-errormessage=\"wpforms-9301-field_10-error\" required><\/div><div id=\"wpforms-9301-field_11-container\" class=\"wpforms-field wpforms-field-select wpforms-field-select-style-classic\" data-field-id=\"11\"><label class=\"wpforms-field-label\" for=\"wpforms-9301-field_11\">\u00bfEn qu\u00e9 podemos ayudarte? <span class=\"wpforms-required-label\" aria-hidden=\"true\">*<\/span><\/label><select id=\"wpforms-9301-field_11\" class=\"wpforms-field-large wpforms-field-required\" name=\"wpforms[fields][11]\" required=\"required\"><option value=\"Cirug\u00eda pl\u00e1stica\" >Cirug\u00eda pl\u00e1stica<\/option><option value=\"Medicina est\u00e9tica\" >Medicina est\u00e9tica<\/option><option value=\"Unidad de obesidad\" >Unidad de obesidad<\/option><option value=\"Unidad capilar\" >Unidad capilar<\/option><\/select><\/div><div id=\"wpforms-9301-field_12-container\" class=\"wpforms-field wpforms-field-checkbox\" data-field-id=\"12\"><fieldset><legend class=\"wpforms-field-label wpforms-label-hide\" aria-hidden=\"false\">Casillas de verificaci\u00f3n <span class=\"wpforms-required-label\" aria-hidden=\"true\">*<\/span><\/legend><ul id=\"wpforms-9301-field_12\" class=\"wpforms-field-required\"><li class=\"choice-1 depth-1\"><input type=\"checkbox\" id=\"wpforms-9301-field_12_1\" name=\"wpforms[fields][12][]\" value=\"He le\u00eddo y acepto la &lt;a rel=&quot;noopener&quot; target=&quot;_blank&quot; href=&quot;https:\/\/clinicacemeq.es\/estetica\/politica-privacidad\/&quot;&gt;Pol\u00edtica de Privacidad y Protecci\u00f3n de Datos&lt;\/a&gt;.\" aria-errormessage=\"wpforms-9301-field_12_1-error\" aria-describedby=\"wpforms-9301-field_12-description\" required ><label class=\"wpforms-field-label-inline\" for=\"wpforms-9301-field_12_1\">He le\u00eddo y acepto la <a rel=\"noopener\" target=\"_blank\" href=\"https:\/\/clinicacemeq.es\/estetica\/politica-privacidad\/\">Pol\u00edtica de Privacidad y Protecci\u00f3n de Datos<\/a>. <span class=\"wpforms-required-label\">*<\/span><\/label><\/li><\/ul><div id=\"wpforms-9301-field_12-description\" class=\"wpforms-field-description wpforms-disclaimer-description\"><p style=\"font-size: 10px;\">CLINICA CEMEQ SOCIEDAD LIMITADA, en calidad de responsable del tratamiento, tratar\u00e1 los datos recogidos con la finalidad de gestionar su solicitud de descarga del ebook y gestionar el inter\u00e9s mostrado en los productos y servicios de CEMEQ, bas\u00e1ndose en el consentimiento que expresamente manifiesta al remitir el presente formulario. Estos datos no ser\u00e1n comunicados a terceros salvo obligaci\u00f3n legal ni ser\u00e1n objeto de transferencias internacionales de datos. Puede ejercer sus derechos de acceso, rectificaci\u00f3n, supresi\u00f3n, portabilidad, limitaci\u00f3n del tratamiento y oposici\u00f3n en el correo <a href=\"mailto:info@clinicacemeq.es\" rel=\"noopener\">info@clinicacemeq.es<\/a>, tal como se indica en la <a href=\"https:\/\/clinicacemeq.es\/estetica\/politica-privacidad\/\" rel=\"noopener\" target=\"_blank\">Pol\u00edtica de Privacidad<\/a>, donde dispone de m\u00e1s informaci\u00f3n sobre el tratamiento.<\/p><\/div><\/fieldset><\/div><\/div><!-- .wpforms-field-container --><div class=\"wpforms-submit-container\" ><input type=\"hidden\" name=\"wpforms[id]\" value=\"9301\"><input type=\"hidden\" name=\"wpforms[author]\" value=\"6\"><button type=\"submit\" name=\"wpforms[submit]\" id=\"wpforms-submit-9301\" class=\"wpforms-submit\" data-alt-text=\"Enviando reserva...\" data-submit-text=\"Enviar\" aria-live=\"assertive\" value=\"wpforms-submit\">Enviar<\/button><img loading=\"lazy\" decoding=\"async\" src=\"https:\/\/clinicacemeq.es\/estetica\/wp-content\/plugins\/wpforms\/assets\/images\/submit-spin.svg\" class=\"wpforms-submit-spinner\" style=\"display: none;\" width=\"26\" height=\"26\" alt=\"Cargando\"><\/div><\/form><\/div>  <!-- .wpforms-container --><\/div>\n\n\t\t<\/div>\n\t\t\t\t\t<\/div>\n\n\t\n<\/div>\n\t\t<\/div>\n\n\t\t\n<style>\n#section_1800855206 {\n  padding-top: 30px;\n  padding-bottom: 30px;\n  background-color: rgb(247, 247, 247);\n}\n#section_1800855206 .ux-shape-divider--top svg {\n  height: 150px;\n  --divider-top-width: 100%;\n}\n#section_1800855206 .ux-shape-divider--bottom svg {\n  height: 150px;\n  --divider-width: 100%;\n}\n<\/style>\n\t<\/section>\n\t\n","protected":false},"excerpt":{"rendered":"","protected":false},"author":6,"featured_media":0,"parent":0,"menu_order":0,"comment_status":"closed","ping_status":"closed","template":"page-blank.php","meta":{"footnotes":""},"yoast_head":"<!-- This site is optimized with the Yoast SEO Premium plugin v18.3 (Yoast SEO v24.5) - https:\/\/yoast.com\/wordpress\/plugins\/seo\/ -->\n<title>Relleno de labios - Cl\u00ednica Est\u00e9tica CEMEQ<\/title>\n<meta name=\"description\" content=\"El relleno de labios en Valencia. Cl\u00ednica est\u00e9tica especializada en medicina est\u00e9tica en Valencia. Pide cita ya.\" \/>\n<meta name=\"robots\" content=\"index, follow, max-snippet:-1, max-image-preview:large, max-video-preview:-1\" \/>\n<link rel=\"canonical\" href=\"https:\/\/clinicacemeq.es\/estetica\/relleno-de-labios\/\" \/>\n<meta property=\"og:locale\" content=\"es_ES\" \/>\n<meta property=\"og:type\" content=\"article\" \/>\n<meta property=\"og:title\" content=\"Relleno de labios\" \/>\n<meta property=\"og:description\" content=\"El relleno de labios en Valencia. Cl\u00ednica est\u00e9tica especializada en medicina est\u00e9tica en Valencia. Pide cita ya.\" \/>\n<meta property=\"og:url\" content=\"https:\/\/clinicacemeq.es\/estetica\/relleno-de-labios\/\" \/>\n<meta property=\"og:site_name\" content=\"Cl\u00ednica Est\u00e9tica CEMEQ\" \/>\n<meta property=\"article:modified_time\" content=\"2024-05-23T14:08:41+00:00\" \/>\n<meta name=\"twitter:card\" content=\"summary_large_image\" \/>\n<meta name=\"twitter:label1\" content=\"Tiempo de lectura\" \/>\n\t<meta name=\"twitter:data1\" content=\"5 minutos\" \/>\n<script type=\"application\/ld+json\" class=\"yoast-schema-graph\">{\"@context\":\"https:\/\/schema.org\",\"@graph\":[{\"@type\":\"WebPage\",\"@id\":\"https:\/\/clinicacemeq.es\/estetica\/relleno-de-labios\/\",\"url\":\"https:\/\/clinicacemeq.es\/estetica\/relleno-de-labios\/\",\"name\":\"Relleno de labios - Cl\u00ednica Est\u00e9tica CEMEQ\",\"isPartOf\":{\"@id\":\"https:\/\/clinicacemeq.es\/estetica\/#website\"},\"datePublished\":\"2022-11-09T06:56:31+00:00\",\"dateModified\":\"2024-05-23T14:08:41+00:00\",\"description\":\"El relleno de labios en Valencia. Cl\u00ednica est\u00e9tica especializada en medicina est\u00e9tica en Valencia. Pide cita ya.\",\"breadcrumb\":{\"@id\":\"https:\/\/clinicacemeq.es\/estetica\/relleno-de-labios\/#breadcrumb\"},\"inLanguage\":\"es\",\"potentialAction\":[{\"@type\":\"ReadAction\",\"target\":[\"https:\/\/clinicacemeq.es\/estetica\/relleno-de-labios\/\"]}]},{\"@type\":\"BreadcrumbList\",\"@id\":\"https:\/\/clinicacemeq.es\/estetica\/relleno-de-labios\/#breadcrumb\",\"itemListElement\":[{\"@type\":\"ListItem\",\"position\":1,\"name\":\"Portada\",\"item\":\"https:\/\/clinicacemeq.es\/estetica\/\"},{\"@type\":\"ListItem\",\"position\":2,\"name\":\"Relleno de labios\"}]},{\"@type\":\"WebSite\",\"@id\":\"https:\/\/clinicacemeq.es\/estetica\/#website\",\"url\":\"https:\/\/clinicacemeq.es\/estetica\/\",\"name\":\"Cl\u00ednica Est\u00e9tica CEMEQ\",\"description\":\"Medicina est\u00e9tica \u0131 Cirug\u00eda Est\u00e9tica \u0131 Cl\u00ednica Dental \u0131 Unidad Capilar \u0131 Unidad de Obesidad\",\"potentialAction\":[{\"@type\":\"SearchAction\",\"target\":{\"@type\":\"EntryPoint\",\"urlTemplate\":\"https:\/\/clinicacemeq.es\/estetica\/?s={search_term_string}\"},\"query-input\":{\"@type\":\"PropertyValueSpecification\",\"valueRequired\":true,\"valueName\":\"search_term_string\"}}],\"inLanguage\":\"es\"}]}<\/script>\n<!-- \/ Yoast SEO Premium plugin. -->","yoast_head_json":{"title":"Relleno de labios - Cl\u00ednica Est\u00e9tica CEMEQ","description":"El relleno de labios en Valencia. Cl\u00ednica est\u00e9tica especializada en medicina est\u00e9tica en Valencia. Pide cita ya.","robots":{"index":"index","follow":"follow","max-snippet":"max-snippet:-1","max-image-preview":"max-image-preview:large","max-video-preview":"max-video-preview:-1"},"canonical":"https:\/\/clinicacemeq.es\/estetica\/relleno-de-labios\/","og_locale":"es_ES","og_type":"article","og_title":"Relleno de labios","og_description":"El relleno de labios en Valencia. Cl\u00ednica est\u00e9tica especializada en medicina est\u00e9tica en Valencia. Pide cita ya.","og_url":"https:\/\/clinicacemeq.es\/estetica\/relleno-de-labios\/","og_site_name":"Cl\u00ednica Est\u00e9tica CEMEQ","article_modified_time":"2024-05-23T14:08:41+00:00","twitter_card":"summary_large_image","twitter_misc":{"Tiempo de lectura":"5 minutos"},"schema":{"@context":"https:\/\/schema.org","@graph":[{"@type":"WebPage","@id":"https:\/\/clinicacemeq.es\/estetica\/relleno-de-labios\/","url":"https:\/\/clinicacemeq.es\/estetica\/relleno-de-labios\/","name":"Relleno de labios - Cl\u00ednica Est\u00e9tica CEMEQ","isPartOf":{"@id":"https:\/\/clinicacemeq.es\/estetica\/#website"},"datePublished":"2022-11-09T06:56:31+00:00","dateModified":"2024-05-23T14:08:41+00:00","description":"El relleno de labios en Valencia. Cl\u00ednica est\u00e9tica especializada en medicina est\u00e9tica en Valencia. Pide cita ya.","breadcrumb":{"@id":"https:\/\/clinicacemeq.es\/estetica\/relleno-de-labios\/#breadcrumb"},"inLanguage":"es","potentialAction":[{"@type":"ReadAction","target":["https:\/\/clinicacemeq.es\/estetica\/relleno-de-labios\/"]}]},{"@type":"BreadcrumbList","@id":"https:\/\/clinicacemeq.es\/estetica\/relleno-de-labios\/#breadcrumb","itemListElement":[{"@type":"ListItem","position":1,"name":"Portada","item":"https:\/\/clinicacemeq.es\/estetica\/"},{"@type":"ListItem","position":2,"name":"Relleno de labios"}]},{"@type":"WebSite","@id":"https:\/\/clinicacemeq.es\/estetica\/#website","url":"https:\/\/clinicacemeq.es\/estetica\/","name":"Cl\u00ednica Est\u00e9tica CEMEQ","description":"Medicina est\u00e9tica \u0131 Cirug\u00eda Est\u00e9tica \u0131 Cl\u00ednica Dental \u0131 Unidad Capilar \u0131 Unidad de Obesidad","potentialAction":[{"@type":"SearchAction","target":{"@type":"EntryPoint","urlTemplate":"https:\/\/clinicacemeq.es\/estetica\/?s={search_term_string}"},"query-input":{"@type":"PropertyValueSpecification","valueRequired":true,"valueName":"search_term_string"}}],"inLanguage":"es"}]}},"_links":{"self":[{"href":"https:\/\/clinicacemeq.es\/estetica\/wp-json\/wp\/v2\/pages\/5621"}],"collection":[{"href":"https:\/\/clinicacemeq.es\/estetica\/wp-json\/wp\/v2\/pages"}],"about":[{"href":"https:\/\/clinicacemeq.es\/estetica\/wp-json\/wp\/v2\/types\/page"}],"author":[{"embeddable":true,"href":"https:\/\/clinicacemeq.es\/estetica\/wp-json\/wp\/v2\/users\/6"}],"replies":[{"embeddable":true,"href":"https:\/\/clinicacemeq.es\/estetica\/wp-json\/wp\/v2\/comments?post=5621"}],"version-history":[{"count":16,"href":"https:\/\/clinicacemeq.es\/estetica\/wp-json\/wp\/v2\/pages\/5621\/revisions"}],"predecessor-version":[{"id":9320,"href":"https:\/\/clinicacemeq.es\/estetica\/wp-json\/wp\/v2\/pages\/5621\/revisions\/9320"}],"wp:attachment":[{"href":"https:\/\/clinicacemeq.es\/estetica\/wp-json\/wp\/v2\/media?parent=5621"}],"curies":[{"name":"wp","href":"https:\/\/api.w.org\/{rel}","templated":true}]}}