{"id":3,"date":"2020-03-04T10:22:10","date_gmt":"2020-03-04T10:22:10","guid":{"rendered":"https:\/\/clinicacemeq.es\/estetica\/?page_id=3"},"modified":"2023-02-10T12:26:32","modified_gmt":"2023-02-10T12:26:32","slug":"politica-privacidad","status":"publish","type":"page","link":"https:\/\/clinicacemeq.es\/estetica\/politica-privacidad\/","title":{"rendered":"Pol\u00edtica de privacidad"},"content":{"rendered":"\r\n<h1 class=\"wp-block-heading\" style=\"text-align: center;\">Pol\u00edtica de privacidad<\/h1>\r\n<h3 style=\"text-align: justify;\">1. Datos recogidos<\/h3>\r\n<p style=\"text-align: justify;\"><strong>Mera navegaci\u00f3n.<\/strong> Por el mero hecho de visitar y navegar por este sitio web (la \u201cWeb\u201d) de CL\u00cdNICA CEMEQ SL no quedan registrados de forma autom\u00e1tica datos que permitan identificar nominativamente a los usuarios (\u201cUsuarios\u201d). Sin embargo, existe determinada informaci\u00f3n que se recoge y queda grabada en los sistemas de CLINICA CEMEQ SL (p.ej., tipo de navegador de Internet, sistema operativo, direcci\u00f3n IP desde la que se accede a las p\u00e1ginas de la Web) con el objeto de mejorar la navegaci\u00f3n del Usuario y la gesti\u00f3n de la propia Web. Asimismo, la Web puede utilizar cookies y tecnolog\u00edas similares cuyo uso se sujeta al consentimiento de los Usuarios de conformidad con la Pol\u00edtica de cookies.<\/p>\r\n<p style=\"text-align: justify;\"><strong>Acceso a contenidos o servicios en los que se solicitan datos.<\/strong>\u00a0Sin perjuicio de lo anterior, para acceder a determinada informaci\u00f3n o para la utilizaci\u00f3n de determinados contenidos o servicios de la Web, CL\u00cdNICA CEMEQ SL podr\u00e1 requerir del Usuario ciertos datos de car\u00e1cter personal\u2014que podr\u00e1n incluir, fundamentalmente, nombre, apellidos, correo electr\u00f3nico, empresa, cargo y datos de contacto profesional\u2014. En estos casos, CL\u00cdNICA CEMEQ SL proporcionar\u00e1 al Usuario la informaci\u00f3n necesaria antes de proceder al tratamiento de sus datos.<\/p>\r\n<h3 style=\"text-align: justify;\">2. Responsable<\/h3>\r\n<p style=\"text-align: justify;\">CL\u00cdNICA CEMEQ SL, con direcci\u00f3n en Marqu\u00e9s de Turia, 37, bajo derecha, CP 46005 Valencia es responsable del tratamiento de aquellos datos que se recoja o generen como consecuencia del acceso, uso y navegaci\u00f3n de los Usuarios por la Web y del control de la Web.<\/p>\r\n<h3 style=\"text-align: justify;\">3. Finalidades del tratamiento<\/h3>\r\n<p style=\"text-align: justify;\">Adem\u00e1s de para gestionar las solicitudes de informaci\u00f3n, contenidos o servicios que soliciten expresamente los Usuarios o con su consentimiento, CL\u00cdNICA CEMEQ SL tiene inter\u00e9s leg\u00edtimo para utilizar la informaci\u00f3n recogida o generada para:<\/p>\r\n<ul>\r\n<li style=\"text-align: justify;\">la mejora de la Web, su gesti\u00f3n y su seguridad<\/li>\r\n<li style=\"text-align: justify;\">llevar a cabo estudios para analizar la relevancia y utilizaci\u00f3n de la Web, incluso mediante informaci\u00f3n anonimizada, y<\/li>\r\n<li style=\"text-align: justify;\">cuando as\u00ed lo permita la normativa aplicable, informar a los Usuarios sobre tratamientos de su inter\u00e9s a trav\u00e9s de publicaciones, promociones y otras iniciativas.<\/li>\r\n<\/ul>\r\n<h3 style=\"text-align: justify;\">4. Comunicaciones<\/h3>\r\n<p style=\"text-align: justify;\">Los datos no ser\u00e1n comunicados a terceros salvo, en su caso, a autoridades competentes en el ejercicio de sus funciones. Como excepci\u00f3n, la Web podr\u00e1 utilizar cookies de terceras compa\u00f1\u00edas de conformidad con la Pol\u00edtica de cookies y el consentimiento del Usuario.<\/p>\r\n<h3 style=\"text-align: justify;\">5. Base jur\u00eddica y retenci\u00f3n<\/h3>\r\n<p style=\"text-align: justify;\">La base legal que permite a CL\u00cdNICA CEMEQ SL tratar los datos de los Usuarios es:<\/p>\r\n<ul>\r\n<li>el acceso y navegaci\u00f3n voluntarios de los Usuarios en la Web,<\/li>\r\n<li>la solicitud por los Usuarios de informaci\u00f3n o determinados contenidos o servicios<\/li>\r\n<li>el cumplimiento por CL\u00cdNICA CEMEQ SL de obligaciones legales,<\/li>\r\n<li>el inter\u00e9s leg\u00edtimo en mejorar la Web y su seguridad, as\u00ed como en realizar estudios ya an\u00e1lisis sobre el funcionamiento y utilizaci\u00f3n de la Web, y<\/li>\r\n<li>en caso de que un Usuario consienta o sea de aplicaci\u00f3n el inter\u00e9s leg\u00edtimo de CL\u00cdNICA CEMEQ SL, el env\u00edo de informaci\u00f3n y actualidad jur\u00eddica.<\/li>\r\n<\/ul>\r\n<p style=\"text-align: justify;\">Los datos ser\u00e1n conservados mientras existan obligaciones contractuales derivadas de los servicios o contenidos solicitados por los Usuarios y, posteriormente, hasta la extinci\u00f3n de responsabilidades legales, contractuales o deontol\u00f3gicas que requieran conservarlos (p.ej., hasta la extinci\u00f3n de la responsabilidad derivada de la normativa de protecci\u00f3n de datos o ciberseguridad). En el caso de que se traten datos para el env\u00edo de informaci\u00f3n de actualidad jur\u00eddica, se podr\u00e1n mantener mientras el Usuario no se oponga a recibir informaci\u00f3n por cualquiera de los diversos medios gratuitos y sencillos que se ponen a su disposici\u00f3n.<\/p>\r\n<h3 style=\"text-align: justify;\">6. Derechos de los Usuarios<\/h3>\r\n<p style=\"text-align: justify;\">El Usuario puede ejercitar los derechos de acceso, rectificaci\u00f3n, supresi\u00f3n, oposici\u00f3n, limitaci\u00f3n del tratamiento y portabilidad, cuando correspondan, respecto del tratamiento del que es responsable CL\u00cdNICA CEMEQ SL, mediante escrito dirigido a la direcci\u00f3n de correo\u00a0<strong><a href=\"mailto:info@clinicacemeq.es\">info@clinicacemeq.es<\/a><\/strong> , acreditando su identidad. Puede contactar adem\u00e1s con la Agencia Espa\u00f1ola de Protecci\u00f3n de Datos.<\/p>\r\n<p>, as\u00ed como que la web www.clinicacemeq.com no constituye una fuente de asesoramiento ni un medio para establecer una relaci\u00f3n profesional ni de ning\u00fan otro tipo entre paciente y CL\u00cdNICA CEMEQ SL o su equipo m\u00e9dico.<\/p>\r\n<p>En la utilizaci\u00f3n de la web, el Usuario se compromete a no llevar a cabo ninguna conducta que pudiera da\u00f1ar la imagen, los intereses y los derechos de CL\u00cdNICA CEMEQ SL o de terceros o que pudiera da\u00f1ar, inutilizar, sobrecargar o impedir de cualquier forma la normal utilizaci\u00f3n de la web.<\/p>\r\n<p>CL\u00cdNICA CEMEQ SL adopta medidas de seguridad para detectar la existencia de virus. No obstante, el Usuario debe ser consciente de que las medidas de seguridad de los sistemas inform\u00e1ticos en Internet no son enteramente fiables y que, por tanto, CL\u00cdNICA CEMEQ SL no puede garantizar la inexistencia de virus u otros elementos que puedan producir alteraciones en los sistemas inform\u00e1ticos (software y hardware) del Usuario o en sus documentos electr\u00f3nicos y ficheros contenidos en los mismos.<\/p>\r\n<p>&nbsp;<\/p>\r\n","protected":false},"excerpt":{"rendered":"<p>Pol\u00edtica de privacidad 1. Datos recogidos Mera navegaci\u00f3n. Por el mero hecho de visitar y navegar por este sitio web (la \u201cWeb\u201d) de CL\u00cdNICA CEMEQ SL no quedan registrados de forma autom\u00e1tica datos que permitan identificar nominativamente a los usuarios (\u201cUsuarios\u201d). Sin embargo, existe determinada informaci\u00f3n que se recoge y queda grabada en los sistemas [&#8230;]\n","protected":false},"author":6,"featured_media":0,"parent":0,"menu_order":0,"comment_status":"closed","ping_status":"closed","template":"","meta":{"footnotes":""},"yoast_head":"<!-- This site is optimized with the Yoast SEO Premium plugin v18.3 (Yoast SEO v24.5) - https:\/\/yoast.com\/wordpress\/plugins\/seo\/ -->\n<title>Pol\u00edtica de privacidad - Cl\u00ednica Est\u00e9tica CEMEQ<\/title>\n<meta name=\"description\" content=\"En la Cl\u00ednica Cemeq nos comprometemos a proteger su privacidad. Esta p\u00e1gina explica c\u00f3mo utilizamos la informaci\u00f3n que recopilamos de usted cuando visita nuestro sitio web.\" \/>\n<meta name=\"robots\" content=\"index, follow, max-snippet:-1, max-image-preview:large, max-video-preview:-1\" \/>\n<link rel=\"canonical\" href=\"https:\/\/clinicacemeq.es\/estetica\/politica-privacidad\/\" \/>\n<meta property=\"og:locale\" content=\"es_ES\" \/>\n<meta property=\"og:type\" content=\"article\" \/>\n<meta property=\"og:title\" content=\"Pol\u00edtica de privacidad\" \/>\n<meta property=\"og:description\" content=\"En la Cl\u00ednica Cemeq nos comprometemos a proteger su privacidad. Esta p\u00e1gina explica c\u00f3mo utilizamos la informaci\u00f3n que recopilamos de usted cuando visita nuestro sitio web.\" \/>\n<meta property=\"og:url\" content=\"https:\/\/clinicacemeq.es\/estetica\/politica-privacidad\/\" \/>\n<meta property=\"og:site_name\" content=\"Cl\u00ednica Est\u00e9tica CEMEQ\" \/>\n<meta property=\"article:modified_time\" content=\"2023-02-10T12:26:32+00:00\" \/>\n<meta name=\"twitter:card\" content=\"summary_large_image\" \/>\n<meta name=\"twitter:label1\" content=\"Tiempo de lectura\" \/>\n\t<meta name=\"twitter:data1\" content=\"4 minutos\" \/>\n<script type=\"application\/ld+json\" class=\"yoast-schema-graph\">{\"@context\":\"https:\/\/schema.org\",\"@graph\":[{\"@type\":\"WebPage\",\"@id\":\"https:\/\/clinicacemeq.es\/estetica\/politica-privacidad\/\",\"url\":\"https:\/\/clinicacemeq.es\/estetica\/politica-privacidad\/\",\"name\":\"Pol\u00edtica de privacidad - Cl\u00ednica Est\u00e9tica CEMEQ\",\"isPartOf\":{\"@id\":\"https:\/\/clinicacemeq.es\/estetica\/#website\"},\"datePublished\":\"2020-03-04T10:22:10+00:00\",\"dateModified\":\"2023-02-10T12:26:32+00:00\",\"description\":\"En la Cl\u00ednica Cemeq nos comprometemos a proteger su privacidad. Esta p\u00e1gina explica c\u00f3mo utilizamos la informaci\u00f3n que recopilamos de usted cuando visita nuestro sitio web.\",\"breadcrumb\":{\"@id\":\"https:\/\/clinicacemeq.es\/estetica\/politica-privacidad\/#breadcrumb\"},\"inLanguage\":\"es\",\"potentialAction\":[{\"@type\":\"ReadAction\",\"target\":[\"https:\/\/clinicacemeq.es\/estetica\/politica-privacidad\/\"]}]},{\"@type\":\"BreadcrumbList\",\"@id\":\"https:\/\/clinicacemeq.es\/estetica\/politica-privacidad\/#breadcrumb\",\"itemListElement\":[{\"@type\":\"ListItem\",\"position\":1,\"name\":\"Portada\",\"item\":\"https:\/\/clinicacemeq.es\/estetica\/\"},{\"@type\":\"ListItem\",\"position\":2,\"name\":\"Pol\u00edtica de privacidad\"}]},{\"@type\":\"WebSite\",\"@id\":\"https:\/\/clinicacemeq.es\/estetica\/#website\",\"url\":\"https:\/\/clinicacemeq.es\/estetica\/\",\"name\":\"Cl\u00ednica Est\u00e9tica CEMEQ\",\"description\":\"Medicina est\u00e9tica \u0131 Cirug\u00eda Est\u00e9tica \u0131 Cl\u00ednica Dental \u0131 Unidad Capilar \u0131 Unidad de Obesidad\",\"potentialAction\":[{\"@type\":\"SearchAction\",\"target\":{\"@type\":\"EntryPoint\",\"urlTemplate\":\"https:\/\/clinicacemeq.es\/estetica\/?s={search_term_string}\"},\"query-input\":{\"@type\":\"PropertyValueSpecification\",\"valueRequired\":true,\"valueName\":\"search_term_string\"}}],\"inLanguage\":\"es\"}]}<\/script>\n<!-- \/ Yoast SEO Premium plugin. -->","yoast_head_json":{"title":"Pol\u00edtica de privacidad - Cl\u00ednica Est\u00e9tica CEMEQ","description":"En la Cl\u00ednica Cemeq nos comprometemos a proteger su privacidad. Esta p\u00e1gina explica c\u00f3mo utilizamos la informaci\u00f3n que recopilamos de usted cuando visita nuestro sitio web.","robots":{"index":"index","follow":"follow","max-snippet":"max-snippet:-1","max-image-preview":"max-image-preview:large","max-video-preview":"max-video-preview:-1"},"canonical":"https:\/\/clinicacemeq.es\/estetica\/politica-privacidad\/","og_locale":"es_ES","og_type":"article","og_title":"Pol\u00edtica de privacidad","og_description":"En la Cl\u00ednica Cemeq nos comprometemos a proteger su privacidad. Esta p\u00e1gina explica c\u00f3mo utilizamos la informaci\u00f3n que recopilamos de usted cuando visita nuestro sitio web.","og_url":"https:\/\/clinicacemeq.es\/estetica\/politica-privacidad\/","og_site_name":"Cl\u00ednica Est\u00e9tica CEMEQ","article_modified_time":"2023-02-10T12:26:32+00:00","twitter_card":"summary_large_image","twitter_misc":{"Tiempo de lectura":"4 minutos"},"schema":{"@context":"https:\/\/schema.org","@graph":[{"@type":"WebPage","@id":"https:\/\/clinicacemeq.es\/estetica\/politica-privacidad\/","url":"https:\/\/clinicacemeq.es\/estetica\/politica-privacidad\/","name":"Pol\u00edtica de privacidad - Cl\u00ednica Est\u00e9tica CEMEQ","isPartOf":{"@id":"https:\/\/clinicacemeq.es\/estetica\/#website"},"datePublished":"2020-03-04T10:22:10+00:00","dateModified":"2023-02-10T12:26:32+00:00","description":"En la Cl\u00ednica Cemeq nos comprometemos a proteger su privacidad. Esta p\u00e1gina explica c\u00f3mo utilizamos la informaci\u00f3n que recopilamos de usted cuando visita nuestro sitio web.","breadcrumb":{"@id":"https:\/\/clinicacemeq.es\/estetica\/politica-privacidad\/#breadcrumb"},"inLanguage":"es","potentialAction":[{"@type":"ReadAction","target":["https:\/\/clinicacemeq.es\/estetica\/politica-privacidad\/"]}]},{"@type":"BreadcrumbList","@id":"https:\/\/clinicacemeq.es\/estetica\/politica-privacidad\/#breadcrumb","itemListElement":[{"@type":"ListItem","position":1,"name":"Portada","item":"https:\/\/clinicacemeq.es\/estetica\/"},{"@type":"ListItem","position":2,"name":"Pol\u00edtica de privacidad"}]},{"@type":"WebSite","@id":"https:\/\/clinicacemeq.es\/estetica\/#website","url":"https:\/\/clinicacemeq.es\/estetica\/","name":"Cl\u00ednica Est\u00e9tica CEMEQ","description":"Medicina est\u00e9tica \u0131 Cirug\u00eda Est\u00e9tica \u0131 Cl\u00ednica Dental \u0131 Unidad Capilar \u0131 Unidad de Obesidad","potentialAction":[{"@type":"SearchAction","target":{"@type":"EntryPoint","urlTemplate":"https:\/\/clinicacemeq.es\/estetica\/?s={search_term_string}"},"query-input":{"@type":"PropertyValueSpecification","valueRequired":true,"valueName":"search_term_string"}}],"inLanguage":"es"}]}},"_links":{"self":[{"href":"https:\/\/clinicacemeq.es\/estetica\/wp-json\/wp\/v2\/pages\/3"}],"collection":[{"href":"https:\/\/clinicacemeq.es\/estetica\/wp-json\/wp\/v2\/pages"}],"about":[{"href":"https:\/\/clinicacemeq.es\/estetica\/wp-json\/wp\/v2\/types\/page"}],"author":[{"embeddable":true,"href":"https:\/\/clinicacemeq.es\/estetica\/wp-json\/wp\/v2\/users\/6"}],"replies":[{"embeddable":true,"href":"https:\/\/clinicacemeq.es\/estetica\/wp-json\/wp\/v2\/comments?post=3"}],"version-history":[{"count":3,"href":"https:\/\/clinicacemeq.es\/estetica\/wp-json\/wp\/v2\/pages\/3\/revisions"}],"predecessor-version":[{"id":7982,"href":"https:\/\/clinicacemeq.es\/estetica\/wp-json\/wp\/v2\/pages\/3\/revisions\/7982"}],"wp:attachment":[{"href":"https:\/\/clinicacemeq.es\/estetica\/wp-json\/wp\/v2\/media?parent=3"}],"curies":[{"name":"wp","href":"https:\/\/api.w.org\/{rel}","templated":true}]}}