{"id":9276,"date":"2022-10-18T14:38:08","date_gmt":"2022-10-18T14:38:08","guid":{"rendered":"https:\/\/clinicacemeq.es\/dental.vitaminizado.com\/?page_id=4832"},"modified":"2026-02-10T10:18:24","modified_gmt":"2026-02-10T10:18:24","slug":"elevacion-de-seno-maxilar","status":"publish","type":"page","link":"https:\/\/clinicacemeq.es\/dental\/elevacion-de-seno-maxilar\/","title":{"rendered":"Elevaci\u00f3n de seno maxilar"},"content":{"rendered":"\t<section class=\"section\" id=\"section_2026907369\">\n\t\t<div class=\"bg section-bg fill bg-fill  bg-loaded\" >\n\n\t\t\t\n\t\t\t\n\t\t\t\n\n\t\t<\/div>\n\n\t\t\n\n\t\t<div class=\"section-content relative\">\n\t\t\t\n<div class=\"row row-collapse row-full-width\"  id=\"row-810819645\">\n\n\t<div id=\"col-658650388\" class=\"col small-12 large-12\"  >\n\t\t\t\t<div class=\"col-inner text-left\"  >\n\t\t\t\n\t\t\t\n\n  <div class=\"banner has-hover\" id=\"banner-882651452\">\n          <div class=\"banner-inner fill\">\n        <div class=\"banner-bg fill\" >\n            <div class=\"bg fill bg-fill \"><\/div>\n                                    \n                    <\/div>\n\t\t\n        <div class=\"banner-layers container\">\n            <div class=\"fill banner-link\"><\/div>            \n   <div id=\"text-box-1138331093\" class=\"text-box banner-layer x5 md-x5 lg-x5 y50 md-y50 lg-y50 res-text\">\n                                <div class=\"text-box-content text dark\">\n              \n              <div class=\"text-inner text-left\">\n                  \n\t<div id=\"text-2849755844\" class=\"text\">\n\t\t\n<h1 class=\"alt-font\">Elevaci\u00f3n del seno<\/h1>\n\t\t\n<style>\n#text-2849755844 {\n  font-size: 0.75rem;\n  color: rgb(0, 0, 0);\n}\n#text-2849755844 > * {\n  color: rgb(0, 0, 0);\n}\n@media (min-width:550px) {\n  #text-2849755844 {\n    font-size: 1.2rem;\n  }\n}\n<\/style>\n\t<\/div>\n\t\n\t<div id=\"text-1593510702\" class=\"text\">\n\t\t\n<h3>La t\u00e9cnica m\u00e1s vers\u00e1til y eficaz para recuperar las piezas dentales en la parte posterior del maxilar superior.<\/h3>\n\t\t\n<style>\n#text-1593510702 {\n  font-size: 0.75rem;\n  text-align: left;\n  color: rgb(0,0,0);\n}\n#text-1593510702 > * {\n  color: rgb(0,0,0);\n}\n@media (min-width:550px) {\n  #text-1593510702 {\n    font-size: 1rem;\n  }\n}\n@media (min-width:850px) {\n  #text-1593510702 {\n    font-size: 1rem;\n  }\n}\n<\/style>\n\t<\/div>\n\t\n<a href=\"https:\/\/wa.me\/34621219822?text=Hola%2C%20quiero%20agendar%20una%20valoraci%C3%B3n%20gratuita\" target=\"_self\" class=\"button secondary is-larger box-shadow-1\"  style=\"border-radius:99px;\">\n    <span>Pide tu cita<\/span>\n  <\/a>\n\n              <\/div>\n           <\/div>\n                            \n<style>\n#text-box-1138331093 {\n  width: 67%;\n}\n#text-box-1138331093 .text-box-content {\n  font-size: 100%;\n}\n@media (min-width:550px) {\n  #text-box-1138331093 {\n    width: 54%;\n  }\n}\n@media (min-width:850px) {\n  #text-box-1138331093 {\n    width: 49%;\n  }\n}\n<\/style>\n    <\/div>\n \n        <\/div>\n      <\/div>\n\n            \n<style>\n#banner-882651452 {\n  padding-top: 420px;\n}\n#banner-882651452 .bg.bg-loaded {\n  background-image: url(https:\/\/clinicacemeq.es\/dental\/wp-content\/uploads\/2021\/08\/slider49.jpg);\n}\n#banner-882651452 .bg {\n  background-position: 43% 55%;\n}\n#banner-882651452 .ux-shape-divider--top svg {\n  height: 150px;\n  --divider-top-width: 100%;\n}\n#banner-882651452 .ux-shape-divider--bottom svg {\n  height: 150px;\n  --divider-width: 100%;\n}\n@media (min-width:550px) {\n  #banner-882651452 {\n    padding-top: 500px;\n  }\n}\n@media (min-width:850px) {\n  #banner-882651452 {\n    padding-top: 550px;\n  }\n}\n<\/style>\n  <\/div>\n\n\n\t\t<\/div>\n\t\t\t\t\t<\/div>\n\n\t\n<\/div>\n\t\t<\/div>\n\n\t\t\n<style>\n#section_2026907369 {\n  padding-top: 0px;\n  padding-bottom: 0px;\n}\n#section_2026907369 .ux-shape-divider--top svg {\n  height: 150px;\n  --divider-top-width: 100%;\n}\n#section_2026907369 .ux-shape-divider--bottom svg {\n  height: 150px;\n  --divider-width: 100%;\n}\n<\/style>\n\t<\/section>\n\t\n\t<section class=\"section\" id=\"section_1681613842\">\n\t\t<div class=\"bg section-bg fill bg-fill  bg-loaded\" >\n\n\t\t\t\n\t\t\t\n\t\t\t\n\n\t\t<\/div>\n\n\t\t\n\n\t\t<div class=\"section-content relative\">\n\t\t\t\n<div class=\"row row-small row-full-width align-equal\"  id=\"row-1429523591\">\n\n\t<div id=\"col-1786360908\" class=\"col medium-6 small-12 large-6\"  >\n\t\t\t\t<div class=\"col-inner box-shadow-2\"  >\n\t\t\t\n\t\t\t\n\n  <div class=\"banner has-hover\" id=\"banner-815494457\">\n          <div class=\"banner-inner fill\">\n        <div class=\"banner-bg fill\" >\n            <div class=\"bg fill bg-fill \"><\/div>\n                                    \n                    <\/div>\n\t\t\n        <div class=\"banner-layers container\">\n            <div class=\"fill banner-link\"><\/div>            \n        <\/div>\n      <\/div>\n\n            \n<style>\n#banner-815494457 {\n  padding-top: 99.99%;\n  background-color: rgb(255, 255, 255);\n}\n#banner-815494457 .bg.bg-loaded {\n  background-image: url(https:\/\/clinicacemeq.es\/dental\/wp-content\/uploads\/2021\/07\/Fotos-cemeq-4-3.jpg);\n}\n#banner-815494457 .bg {\n  background-position: 50% 78%;\n}\n#banner-815494457 .ux-shape-divider--top svg {\n  height: 150px;\n  --divider-top-width: 100%;\n}\n#banner-815494457 .ux-shape-divider--bottom svg {\n  height: 150px;\n  --divider-width: 100%;\n}\n@media (min-width:550px) {\n  #banner-815494457 {\n    padding-top: 400px;\n  }\n}\n@media (min-width:850px) {\n  #banner-815494457 {\n    padding-top: 500px;\n  }\n}\n<\/style>\n  <\/div>\n\n\n\t\t<\/div>\n\t\t\t\t\t<\/div>\n\n\t\n\n\t<div id=\"col-217783461\" class=\"col medium-6 small-12 large-6 small-col-first\"  >\n\t\t\t\t<div class=\"col-inner\"  >\n\t\t\t\n\t\t\t\n\t<div id=\"gap-1858232722\" class=\"gap-element clearfix\" style=\"display:block; height:auto;\">\n\t\t\n<style>\n#gap-1858232722 {\n  padding-top: 15px;\n}\n@media (min-width:850px) {\n  #gap-1858232722 {\n    padding-top: 40px;\n  }\n}\n<\/style>\n\t<\/div>\n\t\n\t<div id=\"text-2795983561\" class=\"text\">\n\t\t\n<h2>Elevaci\u00f3n de seno: \u00bfQu\u00e9 es?<\/h2>\n\t\t\n<style>\n#text-2795983561 {\n  font-size: 1.1rem;\n}\n@media (min-width:850px) {\n  #text-2795983561 {\n    font-size: 1.3rem;\n  }\n}\n<\/style>\n\t<\/div>\n\t\n\t<div id=\"text-173446756\" class=\"text\">\n\t\t\n<p>La elevaci\u00f3n de seno es la t\u00e9cnica quir\u00fargica m\u00e1s tradicional para rehabilitar oralmente a pacientes que han sufrido atrofia maxilar en la parte posterior de la mand\u00edbula \u2014en la zona de los molares\u2014, devolvi\u00e9ndoles la cantidad y calidad de hueso necesaria para poder colocarle implantes y devolverles una dentadura fija, funcional y est\u00e9tica.<br \/>\n\t\t\n<style>\n#text-173446756 {\n  font-size: 1.1rem;\n}\n@media (min-width:550px) {\n  #text-173446756 {\n    font-size: 1.1rem;\n  }\n}\n@media (min-width:850px) {\n  #text-173446756 {\n    font-size: 1.1rem;\n  }\n}\n<\/style>\n\t<\/div>\n\t\n<a href=\"https:\/\/clinicacemeq.es\/dental\/contacto\/\" target=\"_self\" class=\"button primary is-underline\"  >\n    <span>M\u00e1s informaci\u00f3n<\/span>\n  <\/a>\n\n\t\t<\/div>\n\t\t\t\t\n<style>\n#col-217783461 > .col-inner {\n  padding: 0px 0px 0px 0;\n}\n@media (min-width:850px) {\n  #col-217783461 > .col-inner {\n    padding: 15px 15px 15px 9%;\n  }\n}\n<\/style>\n\t<\/div>\n\n\t\n<\/div>\n\t\t<\/div>\n\n\t\t\n<style>\n#section_1681613842 {\n  padding-top: 30px;\n  padding-bottom: 30px;\n}\n#section_1681613842 .ux-shape-divider--top svg {\n  height: 150px;\n  --divider-top-width: 100%;\n}\n#section_1681613842 .ux-shape-divider--bottom svg {\n  height: 150px;\n  --divider-width: 100%;\n}\n<\/style>\n\t<\/section>\n\t\n\t<section class=\"section\" id=\"section_580872726\">\n\t\t<div class=\"bg section-bg fill bg-fill  bg-loaded\" >\n\n\t\t\t\n\t\t\t\n\t\t\t\n\n\t\t<\/div>\n\n\t\t\n\n\t\t<div class=\"section-content relative\">\n\t\t\t\n<div class=\"row\" style=\"max-width:92%\" id=\"row-977620648\">\n\n\t<div id=\"col-190140441\" class=\"col medium-7 small-12 large-7\"  >\n\t\t\t\t<div class=\"col-inner\"  >\n\t\t\t\n\t\t\t\n\t<div id=\"text-2717321882\" class=\"text\">\n\t\t\n<h2>Dudas frecuentes sobre la elevaci\u00f3n de seno maxilar<\/h2>\n\t\t\n<style>\n#text-2717321882 {\n  font-size: 1rem;\n}\n<\/style>\n\t<\/div>\n\t\n<div class=\"accordion\" rel=\"\">\n<div class=\"accordion-item\"><a href=\"#\" class=\"accordion-title plain\"><button class=\"toggle\" aria-label=\"Toggle\"><i class=\"icon-angle-down\"><\/i><\/button><span>\u00bfC\u00f3mo funciona?<\/span><\/a><div class=\"accordion-inner\">\n\t<div id=\"text-1640360973\" class=\"text\">\n\t\t\n<p>En una primera visita, el cirujano maxilofacial, con un amplio conocimiento de la anatom\u00eda facial, ser\u00e1 el encargado de recomendarle la t\u00e9cnica m\u00e1s adecuada para su caso concreto y en funci\u00f3n de sus necesidades y su grado de atrofia maxilar, ya sea una elevaci\u00f3n de seno o cualquier otra t\u00e9cnica alternativa (implantes cigom\u00e1ticos, pterigoideos, cortos u All On Four). Para ello ser\u00e1 necesario, adem\u00e1s de un examen m\u00e9dico para detectar cualquier circunstancia que desaconsejara la cirug\u00eda, un correcto diagn\u00f3stico mediante exploraci\u00f3n oral, radiograf\u00edas y un TAC 3D y un estudio de la oclusi\u00f3n del paciente.<\/p>\n<p>Respecto a la intervenci\u00f3n, se realiza con anestesia local y puede ser cerrada o abierta. La elevaci\u00f3n de seno cerrada se efect\u00faa cuando existen al menos 5\u202fmm de hueso remanente y se procede a trav\u00e9s del hueso en el que colocaremos los implantes -por la boca-, obteniendo un espacio extra donde injertar nuevo hueso para mejorar la superficie y densidad y poder anclar los implantes. El material de relleno puede ser hueso del propio paciente, obtenido de la rama mandibular, el ment\u00f3n, o incluso la cresta il\u00edaca o la cadera, materiales biocompatibles, o una mezcla de ambos. En el caso de la elevaci\u00f3n de seno abierta, cuando la superficie \u00f3sea es menor de 5\u202fmm, el abordaje se ejecuta a trav\u00e9s de la pared lateral del seno, levantando la mucosa con cuidado para no da\u00f1arla y obteniendo el espacio para poner el material que una vez osteointegrado ofrecer\u00e1 un hueso de mayor calidad.<\/p>\n<p>Hoy en d\u00eda es habitual que durante la misma intervenci\u00f3n se puedan colocar ya los implantes dentales, si bien esa decisi\u00f3n quedar\u00e1 en manos del cirujano maxilofacial. Tras la cirug\u00eda, el paciente deber\u00e1 esperar entre 4 y 6 meses hasta que se logre una correcta osteointegraci\u00f3n, antes de colocar las coronas o pr\u00f3tesis definitivas que simular\u00e1n perfectamente un diente natural.<\/p>\n<p>Respecto al postoperatorio, el paciente tendr\u00e1 presentar\u00e1 inflamaci\u00f3n y hematoma facial durante unos d\u00edas, as\u00ed como un posible sangrado facial. Nasal, que ir\u00e1n desapareciendo paulatinamente.<br \/>\n\t\t\n<style>\n#text-1640360973 {\n  font-size: 1.1rem;\n}\n<\/style>\n\t<\/div>\n\t\n<\/div><\/div>\n<div class=\"accordion-item\"><a href=\"#\" class=\"accordion-title plain\"><button class=\"toggle\" aria-label=\"Toggle\"><i class=\"icon-angle-down\"><\/i><\/button><span>Beneficios del tratamiento<\/span><\/a><div class=\"accordion-inner\">\n\t<div id=\"text-760124885\" class=\"text\">\n\t\t\n<ul>\n<li>Rehabilitar oralmente a pacientes con poco hueso en la parte posterior de su mand\u00edbula superior<\/li>\n<li>Recuperar las muelas, e incluso la dentadura completa, cuando has sido desestimado para cualquier otra t\u00e9cnica<\/li>\n<li>Cuenta con una elevad\u00edsima tasa de \u00e9xito<\/li>\n<\/ul>\n\t\t\n<style>\n#text-760124885 {\n  font-size: 1.1rem;\n}\n<\/style>\n\t<\/div>\n\t\n<\/div><\/div>\n<div class=\"accordion-item\"><a href=\"#\" class=\"accordion-title plain\"><button class=\"toggle\" aria-label=\"Toggle\"><i class=\"icon-angle-down\"><\/i><\/button><span>Candidatos ideales para una elevaci\u00f3n de seno<\/span><\/a><div class=\"accordion-inner\">\n\t<div id=\"text-1304482427\" class=\"text\">\n\t\t\n<p>Pacientes que desean recuperar muelas fijas en la parte posterior del maxilar superior, y tienen un grado de atrofia o reabsorci\u00f3n \u00f3sea que desaconseja el uso de la implantolog\u00eda tradicional<br \/>\nPacientes que, por su grado de atrofia maxilar, no pueden acceder a otros tratamientos de implantolog\u00eda avanzada con poco hueso, como implantes cigom\u00e1ticos, pterigoideos o cortos<br \/>\n\t\t\n<style>\n#text-1304482427 {\n  font-size: 1.1rem;\n}\n<\/style>\n\t<\/div>\n\t\n<\/div><\/div>\n<div class=\"accordion-item\"><a href=\"#\" class=\"accordion-title plain\"><button class=\"toggle\" aria-label=\"Toggle\"><i class=\"icon-angle-down\"><\/i><\/button><span>\u00bfPuedo hacerme una elevaci\u00f3n de seno si me han dicho en otra cl\u00ednica que no tengo hueso suficiente?<\/span><\/a><div class=\"accordion-inner\">\n<p>S\u00ed. De hecho, la elevaci\u00f3n de seno tiene como precisamente como objetivo devolver al paciente la cantidad de hueso necesario para poder anclar los implantes en la zona posterior del maxilar superior.<\/p>\n<\/div><\/div>\n<div class=\"accordion-item\"><a href=\"#\" class=\"accordion-title plain\"><button class=\"toggle\" aria-label=\"Toggle\"><i class=\"icon-angle-down\"><\/i><\/button><span>\u00bfTendr\u00e9 alg\u00fan tipo de rechazo?<\/span><\/a><div class=\"accordion-inner\">\n<p>No. El material de relleno para generar un hueso de mejor calidad es material aut\u00f3logo (hueso del propio paciente), biocompatible o una mezcla de ambos, por lo que no genera ning\u00fan tipo de rechazo.<\/p>\n<\/div><\/div>\n<div class=\"accordion-item\"><a href=\"#\" class=\"accordion-title plain\"><button class=\"toggle\" aria-label=\"Toggle\"><i class=\"icon-angle-down\"><\/i><\/button><span>\u00bfCu\u00e1ntas intervenciones son necesarias?<\/span><\/a><div class=\"accordion-inner\">\n<p>Actualmente se trata de que esta t\u00e9cnica se realice en una \u00fanica intervenci\u00f3n, mediante el uso de materiales aut\u00f3logos -hueso- obtenidos del paciente durante la misma cirug\u00eda o de materiales biocompatibles, evitando tener que recurrir a una cirug\u00eda previa para obtener el hueso a injertar de otras partes del cuerpo. Adem\u00e1s, es habitual que durante la misma cirug\u00eda se realice ya la colocaci\u00f3n de los implantes, siempre que sea posible. En este caso, \u00fanicamente ser\u00eda necesario regresar a la cl\u00ednica pasados 4-6 meses para la coloraci\u00f3n de la pr\u00f3tesis definitiva, un proceso sencillo, r\u00e1pido y que no es quir\u00fargico<\/p>\n<\/div><\/div>\n<div class=\"accordion-item\"><a href=\"#\" class=\"accordion-title plain\"><button class=\"toggle\" aria-label=\"Toggle\"><i class=\"icon-angle-down\"><\/i><\/button><span>\u00bfExisten otras t\u00e9cnicas m\u00e1s sencillas o c\u00f3modas para recuperar mis dientes?<\/span><\/a><div class=\"accordion-inner\">\n<p>S\u00ed,\u00a0 nuestros cirujanos maxilofaciales la desarrollan todas. Implantes cigom\u00e1ticos, pterigoideos o cortos son soluciones encaminadas a evitar el injerto \u00f3seo de una elevaci\u00f3n de seno, ofreciendo al paciente una mayor comodidad. No obstante ser\u00e1 el cirujano el encargado de recomendarle la mejor opci\u00f3n para su caso en base a su anatom\u00eda facial y el grado de reabsorci\u00f3n \u00f3sea o de neumatizaci\u00f3n del seno.<\/p>\n<\/div><\/div>\n<\/div>\n\t\t<\/div>\n\t\t\t\t\n<style>\n#col-190140441 > .col-inner {\n  padding: 0px 10px 0px 0px;\n}\n<\/style>\n\t<\/div>\n\n\t\n\n\t<div id=\"col-37176763\" class=\"col medium-5 small-12 large-5\"  >\n\t\t\t\t<div class=\"col-inner\"  >\n\t\t\t\n\t\t\t\n\t<div id=\"text-831890623\" class=\"text\">\n\t\t\n<h2>Contacta con nosotros<\/h2>\n\t\t\n<style>\n#text-831890623 {\n  text-align: center;\n  color: rgb(0,0,0);\n}\n#text-831890623 > * {\n  color: rgb(0,0,0);\n}\n<\/style>\n\t<\/div>\n\t\n\n<div id=\"cita\" style=\"padding: 20px;\">\n<div class=\"wpforms-container wpforms-container-full wpforms-render-modern\" id=\"wpforms-11631\"><form id=\"wpforms-form-11631\" class=\"wpforms-validate wpforms-form wpforms-ajax-form\" data-formid=\"11631\" method=\"post\" enctype=\"multipart\/form-data\" action=\"\/dental\/wp-json\/wp\/v2\/pages\/9276\" data-token=\"c1ea502e9d3b3799efb197d0668d5b9a\" data-token-time=\"1777803536\"><noscript class=\"wpforms-error-noscript\">Por favor, activa JavaScript en tu navegador para completar este formulario.<\/noscript><div class=\"wpforms-hidden\" id=\"wpforms-error-noscript\">Por favor, activa JavaScript en tu navegador para completar este formulario.<\/div><div class=\"wpforms-field-container\"><div id=\"wpforms-11631-field_2-container\" class=\"wpforms-field wpforms-field-text\" data-field-id=\"2\"><label class=\"wpforms-field-label\" for=\"wpforms-11631-field_2\">Nombre <span class=\"wpforms-required-label\" aria-hidden=\"true\">*<\/span><\/label><input type=\"text\" id=\"wpforms-11631-field_2\" class=\"wpforms-field-large wpforms-field-required\" name=\"wpforms[fields][2]\" aria-errormessage=\"wpforms-11631-field_2-error\" required><\/div><div id=\"wpforms-11631-field_3-container\" class=\"wpforms-field wpforms-field-email\" data-field-id=\"3\"><label class=\"wpforms-field-label\" for=\"wpforms-11631-field_3\">Correo <span class=\"wpforms-required-label\" aria-hidden=\"true\">*<\/span><\/label><input type=\"email\" id=\"wpforms-11631-field_3\" class=\"wpforms-field-large wpforms-field-required\" name=\"wpforms[fields][3]\" spellcheck=\"false\" aria-errormessage=\"wpforms-11631-field_3-error\" required><\/div><div id=\"wpforms-11631-field_4-container\" class=\"wpforms-field wpforms-field-number\" data-field-id=\"4\"><label class=\"wpforms-field-label\" for=\"wpforms-11631-field_4\">N\u00ba de tel\u00e9fono <span class=\"wpforms-required-label\" aria-hidden=\"true\">*<\/span><\/label><input type=\"number\" id=\"wpforms-11631-field_4\" class=\"wpforms-field-large wpforms-field-required\" name=\"wpforms[fields][4]\" aria-errormessage=\"wpforms-11631-field_4-error\" required><\/div><div id=\"wpforms-11631-field_5-container\" class=\"wpforms-field wpforms-field-select wpforms-field-select-style-classic\" data-field-id=\"5\"><label class=\"wpforms-field-label\" for=\"wpforms-11631-field_5\">\u00bfEn qu\u00e9 podemos ayudarte? <span class=\"wpforms-required-label\" aria-hidden=\"true\">*<\/span><\/label><select id=\"wpforms-11631-field_5\" class=\"wpforms-field-large wpforms-field-required\" name=\"wpforms[fields][5]\" required=\"required\"><option value=\"IMPLANTOLOG\u00cdA\" >IMPLANTOLOG\u00cdA<\/option><option value=\"ORTODONCIA\" >ORTODONCIA<\/option><option value=\"EST\u00c9TICA DENTAL\" >EST\u00c9TICA DENTAL<\/option><option value=\"CIRUG\u00cdA MAXILOFACIAL\" >CIRUG\u00cdA MAXILOFACIAL<\/option><option value=\"REVISI\u00d3N\" >REVISI\u00d3N<\/option><\/select><\/div><div id=\"wpforms-11631-field_6-container\" class=\"wpforms-field wpforms-field-checkbox\" data-field-id=\"6\"><fieldset><legend class=\"wpforms-field-label wpforms-label-hide\" aria-hidden=\"false\">Casillas de verificaci\u00f3n <span class=\"wpforms-required-label\" aria-hidden=\"true\">*<\/span><\/legend><ul id=\"wpforms-11631-field_6\" class=\"wpforms-field-required\"><li class=\"choice-1 depth-1\"><input type=\"checkbox\" id=\"wpforms-11631-field_6_1\" name=\"wpforms[fields][6][]\" value=\"He le\u00eddo y acepto la &lt;a href=&quot;https:\/\/clinicacemeq.es\/dental\/politica-privacidad\/&quot; target=&quot;_blank&quot; rel=&quot;noopener&quot;&gt;Pol\u00edtica de Privacidad y Protecci\u00f3n de Datos&lt;\/a&gt;.\" aria-errormessage=\"wpforms-11631-field_6_1-error\" aria-describedby=\"wpforms-11631-field_6-description\" required ><label class=\"wpforms-field-label-inline\" for=\"wpforms-11631-field_6_1\">He le\u00eddo y acepto la <a href=\"https:\/\/clinicacemeq.es\/dental\/politica-privacidad\/\" target=\"_blank\" rel=\"noopener\">Pol\u00edtica de Privacidad y Protecci\u00f3n de Datos<\/a>. <span class=\"wpforms-required-label\">*<\/span><\/label><\/li><\/ul><div id=\"wpforms-11631-field_6-description\" class=\"wpforms-field-description wpforms-disclaimer-description\"><p style=\"font-size: 10px;\">CLINICA CEMEQ SOCIEDAD LIMITADA, en calidad de responsable del tratamiento, tratar\u00e1 los datos recogidos con la finalidad de gestionar su solicitud de descarga del ebook y gestionar el inter\u00e9s mostrado en los productos y servicios de CEMEQ, bas\u00e1ndose en el consentimiento que expresamente manifiesta al remitir el presente formulario. Estos datos no ser\u00e1n comunicados a terceros salvo obligaci\u00f3n legal ni ser\u00e1n objeto de transferencias internacionales de datos. Puede ejercer sus derechos de acceso, rectificaci\u00f3n, supresi\u00f3n, portabilidad, limitaci\u00f3n del tratamiento y oposici\u00f3n en el correo <a href=\"mailto:info@clinicacemeq.es\" rel=\"noopener\">info@clinicacemeq.es<\/a>, tal como se indica en la <a href=\"https:\/\/clinicacemeq.es\/dental\/politica-privacidad\/\" rel=\"noopener\" target=\"_blank\">Pol\u00edtica de Privacidad<\/a>, donde dispone de m\u00e1s informaci\u00f3n sobre el tratamiento.<\/p><\/div><\/fieldset><\/div><\/div><!-- .wpforms-field-container --><div class=\"wpforms-submit-container\" ><input type=\"hidden\" name=\"wpforms[id]\" value=\"11631\"><input type=\"hidden\" name=\"page_title\" value=\"\"><input type=\"hidden\" name=\"page_url\" value=\"https:\/\/clinicacemeq.es\/dental\/wp-json\/wp\/v2\/pages\/9276\"><button type=\"submit\" name=\"wpforms[submit]\" id=\"wpforms-submit-11631\" class=\"wpforms-submit\" data-alt-text=\"Enviando reserva...\" data-submit-text=\"Enviar\" aria-live=\"assertive\" value=\"wpforms-submit\">Enviar<\/button><img loading=\"lazy\" decoding=\"async\" src=\"https:\/\/clinicacemeq.es\/dental\/wp-content\/plugins\/wpforms-lite\/assets\/images\/submit-spin.svg\" class=\"wpforms-submit-spinner\" style=\"display: none;\" width=\"26\" height=\"26\" alt=\"Cargando\"><\/div><\/form><\/div>  <!-- .wpforms-container -->\n<\/div>\n\n\t\t<\/div>\n\t\t\t\t\t<\/div>\n\n\t\n<\/div>\n\t\t<\/div>\n\n\t\t\n<style>\n#section_580872726 {\n  padding-top: 30px;\n  padding-bottom: 30px;\n  background-color: rgb(247, 247, 247);\n}\n#section_580872726 .ux-shape-divider--top svg {\n  height: 150px;\n  --divider-top-width: 100%;\n}\n#section_580872726 .ux-shape-divider--bottom svg {\n  height: 150px;\n  --divider-width: 100%;\n}\n<\/style>\n\t<\/section>\n\t\n","protected":false},"excerpt":{"rendered":"","protected":false},"author":5,"featured_media":0,"parent":0,"menu_order":0,"comment_status":"closed","ping_status":"closed","template":"page-blank.php","meta":{"footnotes":""},"yoast_head":"<!-- This site is optimized with the Yoast SEO Premium plugin v18.3 (Yoast SEO v22.7) - https:\/\/yoast.com\/wordpress\/plugins\/seo\/ -->\n<title>Elevaci\u00f3n de seno maxilar &#8902; Cl\u00ednica Dental CEMEQ<\/title>\n<meta name=\"description\" content=\"La elevaci\u00f3n de seno maxilar permite a nuestros especialistas en implantolog\u00eda colocar implantes en el \u00e1ngulo y posici\u00f3n correcta.\" \/>\n<meta name=\"robots\" content=\"index, follow, max-snippet:-1, max-image-preview:large, max-video-preview:-1\" \/>\n<link rel=\"canonical\" href=\"https:\/\/clinicacemeq.es\/dental\/elevacion-de-seno-maxilar\/\" \/>\n<meta property=\"og:locale\" content=\"es_ES\" \/>\n<meta property=\"og:type\" content=\"article\" \/>\n<meta property=\"og:title\" content=\"Elevaci\u00f3n de seno maxilar\" \/>\n<meta property=\"og:description\" content=\"La elevaci\u00f3n de seno maxilar permite a nuestros especialistas en implantolog\u00eda colocar implantes en el \u00e1ngulo y posici\u00f3n correcta.\" \/>\n<meta property=\"og:url\" content=\"https:\/\/clinicacemeq.es\/dental\/elevacion-de-seno-maxilar\/\" \/>\n<meta property=\"og:site_name\" content=\"Cl\u00ednica Dental CEMEQ\" \/>\n<meta property=\"article:modified_time\" content=\"2026-02-10T10:18:24+00:00\" \/>\n<meta name=\"twitter:card\" content=\"summary_large_image\" \/>\n<meta name=\"twitter:label1\" content=\"Tiempo de lectura\" \/>\n\t<meta name=\"twitter:data1\" content=\"5 minutos\" \/>\n<script type=\"application\/ld+json\" class=\"yoast-schema-graph\">{\"@context\":\"https:\/\/schema.org\",\"@graph\":[{\"@type\":\"WebPage\",\"@id\":\"https:\/\/clinicacemeq.es\/dental\/elevacion-de-seno-maxilar\/\",\"url\":\"https:\/\/clinicacemeq.es\/dental\/elevacion-de-seno-maxilar\/\",\"name\":\"Elevaci\u00f3n de seno maxilar &#8902; Cl\u00ednica Dental CEMEQ\",\"isPartOf\":{\"@id\":\"https:\/\/clinicacemeq.es\/dental\/#website\"},\"datePublished\":\"2022-10-18T14:38:08+00:00\",\"dateModified\":\"2026-02-10T10:18:24+00:00\",\"description\":\"La elevaci\u00f3n de seno maxilar permite a nuestros especialistas en implantolog\u00eda colocar implantes en el \u00e1ngulo y posici\u00f3n correcta.\",\"breadcrumb\":{\"@id\":\"https:\/\/clinicacemeq.es\/dental\/elevacion-de-seno-maxilar\/#breadcrumb\"},\"inLanguage\":\"es\",\"potentialAction\":[{\"@type\":\"ReadAction\",\"target\":[\"https:\/\/clinicacemeq.es\/dental\/elevacion-de-seno-maxilar\/\"]}]},{\"@type\":\"BreadcrumbList\",\"@id\":\"https:\/\/clinicacemeq.es\/dental\/elevacion-de-seno-maxilar\/#breadcrumb\",\"itemListElement\":[{\"@type\":\"ListItem\",\"position\":1,\"name\":\"Portada\",\"item\":\"https:\/\/clinicacemeq.es\/dental\/\"},{\"@type\":\"ListItem\",\"position\":2,\"name\":\"Elevaci\u00f3n de seno maxilar\"}]},{\"@type\":\"WebSite\",\"@id\":\"https:\/\/clinicacemeq.es\/dental\/#website\",\"url\":\"https:\/\/clinicacemeq.es\/dental\/\",\"name\":\"Cl\u00ednica Dental CEMEQ\",\"description\":\"Cl\u00ednica Dental Valencia | Dentista Valencia\",\"publisher\":{\"@id\":\"https:\/\/clinicacemeq.es\/dental\/#organization\"},\"potentialAction\":[{\"@type\":\"SearchAction\",\"target\":{\"@type\":\"EntryPoint\",\"urlTemplate\":\"https:\/\/clinicacemeq.es\/dental\/?s={search_term_string}\"},\"query-input\":\"required name=search_term_string\"}],\"inLanguage\":\"es\"},{\"@type\":\"Organization\",\"@id\":\"https:\/\/clinicacemeq.es\/dental\/#organization\",\"name\":\"CEMEQ\",\"url\":\"https:\/\/clinicacemeq.es\/dental\/\",\"logo\":{\"@type\":\"ImageObject\",\"inLanguage\":\"es\",\"@id\":\"https:\/\/clinicacemeq.es\/dental\/#\/schema\/logo\/image\/\",\"url\":\"https:\/\/clinicacemeq.es\/dental\/wp-content\/uploads\/2021\/07\/LOGO-WEB-1024x631-1.jpeg\",\"contentUrl\":\"https:\/\/clinicacemeq.es\/dental\/wp-content\/uploads\/2021\/07\/LOGO-WEB-1024x631-1.jpeg\",\"width\":1024,\"height\":631,\"caption\":\"CEMEQ\"},\"image\":{\"@id\":\"https:\/\/clinicacemeq.es\/dental\/#\/schema\/logo\/image\/\"}}]}<\/script>\n<!-- \/ Yoast SEO Premium plugin. -->","yoast_head_json":{"title":"Elevaci\u00f3n de seno maxilar &#8902; Cl\u00ednica Dental CEMEQ","description":"La elevaci\u00f3n de seno maxilar permite a nuestros especialistas en implantolog\u00eda colocar implantes en el \u00e1ngulo y posici\u00f3n correcta.","robots":{"index":"index","follow":"follow","max-snippet":"max-snippet:-1","max-image-preview":"max-image-preview:large","max-video-preview":"max-video-preview:-1"},"canonical":"https:\/\/clinicacemeq.es\/dental\/elevacion-de-seno-maxilar\/","og_locale":"es_ES","og_type":"article","og_title":"Elevaci\u00f3n de seno maxilar","og_description":"La elevaci\u00f3n de seno maxilar permite a nuestros especialistas en implantolog\u00eda colocar implantes en el \u00e1ngulo y posici\u00f3n correcta.","og_url":"https:\/\/clinicacemeq.es\/dental\/elevacion-de-seno-maxilar\/","og_site_name":"Cl\u00ednica Dental CEMEQ","article_modified_time":"2026-02-10T10:18:24+00:00","twitter_card":"summary_large_image","twitter_misc":{"Tiempo de lectura":"5 minutos"},"schema":{"@context":"https:\/\/schema.org","@graph":[{"@type":"WebPage","@id":"https:\/\/clinicacemeq.es\/dental\/elevacion-de-seno-maxilar\/","url":"https:\/\/clinicacemeq.es\/dental\/elevacion-de-seno-maxilar\/","name":"Elevaci\u00f3n de seno maxilar &#8902; Cl\u00ednica Dental CEMEQ","isPartOf":{"@id":"https:\/\/clinicacemeq.es\/dental\/#website"},"datePublished":"2022-10-18T14:38:08+00:00","dateModified":"2026-02-10T10:18:24+00:00","description":"La elevaci\u00f3n de seno maxilar permite a nuestros especialistas en implantolog\u00eda colocar implantes en el \u00e1ngulo y posici\u00f3n correcta.","breadcrumb":{"@id":"https:\/\/clinicacemeq.es\/dental\/elevacion-de-seno-maxilar\/#breadcrumb"},"inLanguage":"es","potentialAction":[{"@type":"ReadAction","target":["https:\/\/clinicacemeq.es\/dental\/elevacion-de-seno-maxilar\/"]}]},{"@type":"BreadcrumbList","@id":"https:\/\/clinicacemeq.es\/dental\/elevacion-de-seno-maxilar\/#breadcrumb","itemListElement":[{"@type":"ListItem","position":1,"name":"Portada","item":"https:\/\/clinicacemeq.es\/dental\/"},{"@type":"ListItem","position":2,"name":"Elevaci\u00f3n de seno maxilar"}]},{"@type":"WebSite","@id":"https:\/\/clinicacemeq.es\/dental\/#website","url":"https:\/\/clinicacemeq.es\/dental\/","name":"Cl\u00ednica Dental CEMEQ","description":"Cl\u00ednica Dental Valencia | Dentista Valencia","publisher":{"@id":"https:\/\/clinicacemeq.es\/dental\/#organization"},"potentialAction":[{"@type":"SearchAction","target":{"@type":"EntryPoint","urlTemplate":"https:\/\/clinicacemeq.es\/dental\/?s={search_term_string}"},"query-input":"required name=search_term_string"}],"inLanguage":"es"},{"@type":"Organization","@id":"https:\/\/clinicacemeq.es\/dental\/#organization","name":"CEMEQ","url":"https:\/\/clinicacemeq.es\/dental\/","logo":{"@type":"ImageObject","inLanguage":"es","@id":"https:\/\/clinicacemeq.es\/dental\/#\/schema\/logo\/image\/","url":"https:\/\/clinicacemeq.es\/dental\/wp-content\/uploads\/2021\/07\/LOGO-WEB-1024x631-1.jpeg","contentUrl":"https:\/\/clinicacemeq.es\/dental\/wp-content\/uploads\/2021\/07\/LOGO-WEB-1024x631-1.jpeg","width":1024,"height":631,"caption":"CEMEQ"},"image":{"@id":"https:\/\/clinicacemeq.es\/dental\/#\/schema\/logo\/image\/"}}]}},"_links":{"self":[{"href":"https:\/\/clinicacemeq.es\/dental\/wp-json\/wp\/v2\/pages\/9276"}],"collection":[{"href":"https:\/\/clinicacemeq.es\/dental\/wp-json\/wp\/v2\/pages"}],"about":[{"href":"https:\/\/clinicacemeq.es\/dental\/wp-json\/wp\/v2\/types\/page"}],"author":[{"embeddable":true,"href":"https:\/\/clinicacemeq.es\/dental\/wp-json\/wp\/v2\/users\/5"}],"replies":[{"embeddable":true,"href":"https:\/\/clinicacemeq.es\/dental\/wp-json\/wp\/v2\/comments?post=9276"}],"version-history":[{"count":10,"href":"https:\/\/clinicacemeq.es\/dental\/wp-json\/wp\/v2\/pages\/9276\/revisions"}],"predecessor-version":[{"id":12077,"href":"https:\/\/clinicacemeq.es\/dental\/wp-json\/wp\/v2\/pages\/9276\/revisions\/12077"}],"wp:attachment":[{"href":"https:\/\/clinicacemeq.es\/dental\/wp-json\/wp\/v2\/media?parent=9276"}],"curies":[{"name":"wp","href":"https:\/\/api.w.org\/{rel}","templated":true}]}}