{"id":5127,"date":"2022-11-04T19:30:40","date_gmt":"2022-11-04T19:30:40","guid":{"rendered":"https:\/\/clinicacemeq.es\/dental.vitaminizado.com\/?page_id=5127"},"modified":"2024-06-03T11:36:49","modified_gmt":"2024-06-03T11:36:49","slug":"alargamiento-coronario","status":"publish","type":"page","link":"https:\/\/clinicacemeq.es\/dental\/alargamiento-coronario\/","title":{"rendered":"Alargamiento Coronario"},"content":{"rendered":"\t<section class=\"section\" id=\"section_1630465438\">\n\t\t<div class=\"bg section-bg fill bg-fill  bg-loaded\" >\n\n\t\t\t\n\t\t\t\n\t\t\t\n\n\t\t<\/div>\n\n\t\t\n\n\t\t<div class=\"section-content relative\">\n\t\t\t\n<div class=\"row row-collapse row-full-width\"  id=\"row-670245913\">\n\n\t<div id=\"col-882446516\" class=\"col small-12 large-12\"  >\n\t\t\t\t<div class=\"col-inner text-left\"  >\n\t\t\t\n\t\t\t\n\n  <div class=\"banner has-hover\" id=\"banner-1827865900\">\n          <div class=\"banner-inner fill\">\n        <div class=\"banner-bg fill\" >\n            <div class=\"bg fill bg-fill \"><\/div>\n                        <div class=\"overlay\"><\/div>            \n                    <\/div>\n\t\t\n        <div class=\"banner-layers container\">\n            <div class=\"fill banner-link\"><\/div>            \n   <div id=\"text-box-609116308\" class=\"text-box banner-layer x5 md-x5 lg-x5 y10 md-y50 lg-y50 res-text\">\n                                <div class=\"text-box-content text dark\">\n              \n              <div class=\"text-inner text-left\">\n                  \n\t<div id=\"text-1582402686\" class=\"text\">\n\t\t\n<h1 class=\"alt-font\">Alargamiento de corona<\/h1>\n\t\t\n<style>\n#text-1582402686 {\n  font-size: 0.75rem;\n  line-height: 1.65;\n  text-align: left;\n  color: rgb(0,0,0);\n}\n#text-1582402686 > * {\n  color: rgb(0,0,0);\n}\n@media (min-width:550px) {\n  #text-1582402686 {\n    font-size: 1.5rem;\n  }\n}\n@media (min-width:850px) {\n  #text-1582402686 {\n    font-size: 1.5rem;\n  }\n}\n<\/style>\n\t<\/div>\n\t\n\t<div id=\"text-2766133712\" class=\"text\">\n\t\t\n<h3>Trata y salva tus dientes naturales con caries o fracturas en la ra\u00edz.<\/h3>\n\t\t\n<style>\n#text-2766133712 {\n  font-size: 0.75rem;\n  color: rgb(0, 0, 0);\n}\n#text-2766133712 > * {\n  color: rgb(0, 0, 0);\n}\n@media (min-width:550px) {\n  #text-2766133712 {\n    font-size: 1rem;\n  }\n}\n<\/style>\n\t<\/div>\n\t\n<a href=\"#cita\" target=\"_self\" class=\"button secondary is-larger box-shadow-1\"  style=\"border-radius:99px;\">\n    <span>Pide tu cita<\/span>\n  <i class=\"icon-angle-right\" ><\/i><\/a>\n\n              <\/div>\n           <\/div>\n                            \n<style>\n#text-box-609116308 {\n  width: 62%;\n}\n#text-box-609116308 .text-box-content {\n  font-size: 100%;\n}\n@media (min-width:550px) {\n  #text-box-609116308 {\n    width: 54%;\n  }\n}\n@media (min-width:850px) {\n  #text-box-609116308 {\n    width: 55%;\n  }\n}\n<\/style>\n    <\/div>\n \n        <\/div>\n      <\/div>\n\n            \n<style>\n#banner-1827865900 {\n  padding-top: 330px;\n}\n#banner-1827865900 .bg.bg-loaded {\n  background-image: url(https:\/\/clinicacemeq.es\/dental\/wp-content\/uploads\/2021\/08\/slider48.jpg);\n}\n#banner-1827865900 .overlay {\n  background-color: rgba(255, 255, 255, 0.099);\n}\n#banner-1827865900 .bg {\n  background-position: 44% 43%;\n}\n#banner-1827865900 .ux-shape-divider--top svg {\n  height: 150px;\n  --divider-top-width: 100%;\n}\n#banner-1827865900 .ux-shape-divider--bottom svg {\n  height: 150px;\n  --divider-width: 100%;\n}\n@media (min-width:550px) {\n  #banner-1827865900 {\n    padding-top: 500px;\n  }\n}\n@media (min-width:850px) {\n  #banner-1827865900 {\n    padding-top: 550px;\n  }\n}\n<\/style>\n  <\/div>\n\n\n\t\t<\/div>\n\t\t\t\t\t<\/div>\n\n\t\n<\/div>\n\t\t<\/div>\n\n\t\t\n<style>\n#section_1630465438 {\n  padding-top: 0px;\n  padding-bottom: 0px;\n}\n#section_1630465438 .ux-shape-divider--top svg {\n  height: 150px;\n  --divider-top-width: 100%;\n}\n#section_1630465438 .ux-shape-divider--bottom svg {\n  height: 150px;\n  --divider-width: 100%;\n}\n<\/style>\n\t<\/section>\n\t\n\t<section class=\"section\" id=\"section_1572232023\">\n\t\t<div class=\"bg section-bg fill bg-fill  bg-loaded\" >\n\n\t\t\t\n\t\t\t\n\t\t\t\n\n\t\t<\/div>\n\n\t\t\n\n\t\t<div class=\"section-content relative\">\n\t\t\t\n<div class=\"row row-small align-equal\" style=\"max-width:96%\" id=\"row-1629977952\">\n\n\t<div id=\"col-220000579\" class=\"col medium-6 small-12 large-6\"  >\n\t\t\t\t<div class=\"col-inner\"  >\n\t\t\t\n\t\t\t\n\n  <div class=\"banner has-hover\" id=\"banner-1479292906\">\n          <div class=\"banner-inner fill\">\n        <div class=\"banner-bg fill\" >\n            <div class=\"bg fill bg-fill \"><\/div>\n                                    \n                    <\/div>\n\t\t\n        <div class=\"banner-layers container\">\n            <div class=\"fill banner-link\"><\/div>            \n        <\/div>\n      <\/div>\n\n            \n<style>\n#banner-1479292906 {\n  padding-top: 99.99%;\n  background-color: rgb(255, 255, 255);\n}\n#banner-1479292906 .bg.bg-loaded {\n  background-image: url(https:\/\/clinicacemeq.es\/dental\/wp-content\/uploads\/2022\/11\/alargamiento-de-corona.jpeg);\n}\n#banner-1479292906 .bg {\n  background-position: 50% 78%;\n}\n#banner-1479292906 .ux-shape-divider--top svg {\n  height: 150px;\n  --divider-top-width: 100%;\n}\n#banner-1479292906 .ux-shape-divider--bottom svg {\n  height: 150px;\n  --divider-width: 100%;\n}\n@media (min-width:550px) {\n  #banner-1479292906 {\n    padding-top: 400px;\n  }\n}\n@media (min-width:850px) {\n  #banner-1479292906 {\n    padding-top: 390px;\n  }\n}\n<\/style>\n  <\/div>\n\n\n\t\t<\/div>\n\t\t\t\t\t<\/div>\n\n\t\n\n\t<div id=\"col-1398107531\" class=\"col medium-6 small-12 large-6 small-col-first\"  >\n\t\t\t\t<div class=\"col-inner\" style=\"background-color:rgb(243, 243, 243);\" >\n\t\t\t\n\t<div class=\"is-border\"\n\t\tstyle=\"border-color:rgb(180, 180, 180);border-width:2px 2px 2px 2;\">\n\t<\/div>\n\t\t\t\n\t<div id=\"gap-727912994\" class=\"gap-element clearfix\" style=\"display:block; height:auto;\">\n\t\t\n<style>\n#gap-727912994 {\n  padding-top: 15px;\n}\n@media (min-width:850px) {\n  #gap-727912994 {\n    padding-top: 30px;\n  }\n}\n<\/style>\n\t<\/div>\n\t\n\t<div id=\"text-512277782\" class=\"text\">\n\t\t\n<h2>En pocas palabras&#8230;<\/h2>\n<ul>\n<li><strong>Tipo de tratamiento:<\/strong> Odontolog\u00eda conservadora<\/li>\n<li><strong>Tiempo de tratamiento:<\/strong> 20-25 minutos<\/li>\n<li><strong>Tiempo de hospitalizaci\u00f3n:<\/strong> No se requiere<\/li>\n<li><strong>Tipo de anestesia:<\/strong> Local<\/li>\n<li><strong>Tiempo de efecto:<\/strong> Inmediato<\/li>\n<li><strong>Tiempo de recuperaci\u00f3n:<\/strong> Inmediata<\/li>\n<li><strong>Tiempo de resultados:<\/strong> Duraderos<\/li>\n<\/ul>\n\t\t\n<style>\n#text-512277782 {\n  font-size: 1rem;\n}\n<\/style>\n\t<\/div>\n\t\n<a href=\"\/contacto\/\" target=\"_self\" class=\"button primary is-link lowercase\"  >\n    <span>M\u00e1s informaci\u00f3n<\/span>\n  <i class=\"icon-angle-right\" ><\/i><\/a>\n\n\t\t<\/div>\n\t\t\t\t\n<style>\n#col-1398107531 > .col-inner {\n  padding: 10px 15px 10px 15px;\n}\n@media (min-width:550px) {\n  #col-1398107531 > .col-inner {\n    padding: 0px 15px 0px 15px;\n  }\n}\n@media (min-width:850px) {\n  #col-1398107531 > .col-inner {\n    padding: 0px 0px 0px 8%;\n  }\n}\n<\/style>\n\t<\/div>\n\n\t\n<\/div>\n\t\t<\/div>\n\n\t\t\n<style>\n#section_1572232023 {\n  padding-top: 30px;\n  padding-bottom: 30px;\n}\n#section_1572232023 .ux-shape-divider--top svg {\n  height: 150px;\n  --divider-top-width: 100%;\n}\n#section_1572232023 .ux-shape-divider--bottom svg {\n  height: 150px;\n  --divider-width: 100%;\n}\n<\/style>\n\t<\/section>\n\t\n\t<section class=\"section\" id=\"section_950777262\">\n\t\t<div class=\"bg section-bg fill bg-fill  bg-loaded\" >\n\n\t\t\t\n\t\t\t\n\t\t\t\n\n\t\t<\/div>\n\n\t\t\n\n\t\t<div class=\"section-content relative\">\n\t\t\t\n<div class=\"row\" style=\"max-width:92%\" id=\"row-1914471040\">\n\n\t<div id=\"col-437107036\" class=\"col medium-7 small-12 large-7 col-divided\"  >\n\t\t\t\t<div class=\"col-inner\"  >\n\t\t\t\n\t\t\t\n<h3 class=\"accordion_title\">Dudas frecuentes sobre Alargamiento de corona<\/h3><div class=\"accordion\" rel=\"\">\n<div class=\"accordion-item\"><a href=\"#\" class=\"accordion-title plain\"><button class=\"toggle\" aria-label=\"Toggle\"><i class=\"icon-angle-down\"><\/i><\/button><span>\u00bfQu\u00e9 es?<\/span><\/a><div class=\"accordion-inner\">\n\t<div id=\"text-932340198\" class=\"text\">\n\t\t\n<p>El alargamiento de corona o alargamiento coronario tiene como objetivo exponer la parte de un diente que ha resultado da\u00f1ada por debajo del nivel de la enc\u00eda para poder tratarla. Generalmente, se realiza para reconstruir un diente que presenta caries profunda, una fractura a la altura de la ra\u00edz o cuando es necesario colocar una corona sobre un punto que queda por debajo de la enc\u00eda.<\/p>\n<p>Se trata de un procedimiento quir\u00fargico consistente en rebajar la l\u00ednea de la enc\u00eda, e incluso del hueso, para poder tratar y salvar un diente. Es, por tanto, un tratamiento restaurador o conservador, por lo que no debe confundirse con una gingivectom\u00eda que tiene un objetivo est\u00e9tico. De hecho el alargamiento coronario se suele realizar en molares y dientes posteriores, no visibles a simple vista.<br \/>\n\t\t\n<style>\n#text-932340198 {\n  font-size: 1.1rem;\n}\n<\/style>\n\t<\/div>\n\t\n<\/div><\/div>\n<div class=\"accordion-item\"><a href=\"#\" class=\"accordion-title plain\"><button class=\"toggle\" aria-label=\"Toggle\"><i class=\"icon-angle-down\"><\/i><\/button><span>\u00bfC\u00f3mo funciona?<\/span><\/a><div class=\"accordion-inner\">\n\t<div id=\"text-1753378793\" class=\"text\">\n\t\t\n<p>El alargamiento de corona es un procedimiento quir\u00fargico menor, que se realiza en la propia cl\u00ednica con anestesia local, y dura menos de media hora.<\/p>\n<p>Consiste en realizar varias incisiones para despegar la enc\u00eda del diente, rebajando la enc\u00eda, para poder acceder a la ra\u00edz del diente. En ocasiones puede ser necesario rebajar tambi\u00e9n ligeramente el hueso. El objetivo es dejar expuesto al menos 1 mil\u00edmetro de diente sano para poder tratar la patolog\u00eda o colocar una corona. Por \u00faltimo, el odont\u00f3logo procede a limpiar la zona y suturar la enc\u00eda.<\/p>\n<p>El postoperatorio no es demasiado molesto, si bien es posible que la enc\u00eda se presente inflamada y deban tratarse las molestias con analg\u00e9sicos o antiinflamatorios. Adem\u00e1s, el paciente deber\u00e1 seguir una escrupulosa higiene bucodental durante el postoperatorio, pautada por el odont\u00f3logo, para evitar cualquier tipo de infecci\u00f3n.<br \/>\n\t\t\n<style>\n#text-1753378793 {\n  font-size: 1.1rem;\n}\n<\/style>\n\t<\/div>\n\t\n<\/div><\/div>\n<div class=\"accordion-item\"><a href=\"#\" class=\"accordion-title plain\"><button class=\"toggle\" aria-label=\"Toggle\"><i class=\"icon-angle-down\"><\/i><\/button><span>Beneficios de un tratamiento<\/span><\/a><div class=\"accordion-inner\">\n\t<div id=\"text-3367931653\" class=\"text\">\n\t\t\n<ul>\n<li>Salvar un diente con una caries profunda<\/li>\n<li>Reconstruir un diente fracturado a la altura de la ra\u00edz<\/li>\n<\/ul>\n\t\t\n<style>\n#text-3367931653 {\n  font-size: 1.1rem;\n}\n<\/style>\n\t<\/div>\n\t\n<\/div><\/div>\n<div class=\"accordion-item\"><a href=\"#\" class=\"accordion-title plain\"><button class=\"toggle\" aria-label=\"Toggle\"><i class=\"icon-angle-down\"><\/i><\/button><span>\u00bfEs un tratamiento est\u00e9tico?<\/span><\/a><div class=\"accordion-inner\">\n\t<div id=\"text-684785077\" class=\"text\">\n\t\t\n<p>S\u00ed. De hecho, la elevaci\u00f3n de seno tiene como precisamente como objetivo devolver al paciente la cantidad de hueso necesario para poder anclar los implantes en la zona posterior del maxilar superior.<br \/>\n\t\t\n<style>\n#text-684785077 {\n  font-size: 1.1rem;\n}\n<\/style>\n\t<\/div>\n\t\n<\/div><\/div>\n<div class=\"accordion-item\"><a href=\"#\" class=\"accordion-title plain\"><button class=\"toggle\" aria-label=\"Toggle\"><i class=\"icon-angle-down\"><\/i><\/button><span>\u00bfEs necesario reconstruir el diente con una corona?<\/span><\/a><div class=\"accordion-inner\">\n\t<div id=\"text-1105497251\" class=\"text\">\n\t\t\n<p>S\u00ed, si el estado del diente ha quedado muy deteriorado como para ser reconstruido con composites y otros materiales<br \/>\n\t\t\n<style>\n#text-1105497251 {\n  font-size: 1.1rem;\n}\n<\/style>\n\t<\/div>\n\t\n<\/div><\/div>\n<div class=\"accordion-item\"><a href=\"#\" class=\"accordion-title plain\"><button class=\"toggle\" aria-label=\"Toggle\"><i class=\"icon-angle-down\"><\/i><\/button><span>\u00bfEs un tratamiento molesto?<\/span><\/a><div class=\"accordion-inner\">\n\t<div id=\"text-510223388\" class=\"text\">\n\t\t\n<p>Las molestias derivadas de un tratamiento de alargamiento de corona pueden ser tratadas con analg\u00e9sicos y antiinflamatorios comunes, que deber\u00e1 recetarle el odont\u00f3logo.<br \/>\n\t\t\n<style>\n#text-510223388 {\n  font-size: 1.1rem;\n}\n<\/style>\n\t<\/div>\n\t\n<\/div><\/div>\n<\/div>\n\t\t<\/div>\n\t\t\t\t\t<\/div>\n\n\t\n\n\t<div id=\"col-693170193\" class=\"col medium-5 small-12 large-5\"  >\n\t\t\t\t<div class=\"col-inner\"  >\n\t\t\t\n\t\t\t\n\t<div id=\"text-645937749\" class=\"text\">\n\t\t\n<h2>Contacta con nosotros<\/h2>\n\t\t\n<style>\n#text-645937749 {\n  text-align: center;\n}\n<\/style>\n\t<\/div>\n\t\n\n<div id=\"cita\" style=\"padding: 20px;\">\n<div class=\"wpforms-container wpforms-container-full wpforms-render-modern\" id=\"wpforms-11631\"><form id=\"wpforms-form-11631\" class=\"wpforms-validate wpforms-form wpforms-ajax-form\" data-formid=\"11631\" method=\"post\" enctype=\"multipart\/form-data\" action=\"\/dental\/wp-json\/wp\/v2\/pages\/5127\" data-token=\"4af9242ae90b6d8991664ee96d99a929\" data-token-time=\"1777605947\"><noscript class=\"wpforms-error-noscript\">Por favor, activa JavaScript en tu navegador para completar este formulario.<\/noscript><div class=\"wpforms-hidden\" id=\"wpforms-error-noscript\">Por favor, activa JavaScript en tu navegador para completar este formulario.<\/div><div class=\"wpforms-field-container\"><div id=\"wpforms-11631-field_2-container\" class=\"wpforms-field wpforms-field-text\" data-field-id=\"2\"><label class=\"wpforms-field-label\" for=\"wpforms-11631-field_2\">Nombre <span class=\"wpforms-required-label\" aria-hidden=\"true\">*<\/span><\/label><input type=\"text\" id=\"wpforms-11631-field_2\" class=\"wpforms-field-large wpforms-field-required\" name=\"wpforms[fields][2]\" aria-errormessage=\"wpforms-11631-field_2-error\" required><\/div><div id=\"wpforms-11631-field_3-container\" class=\"wpforms-field wpforms-field-email\" data-field-id=\"3\"><label class=\"wpforms-field-label\" for=\"wpforms-11631-field_3\">Correo <span class=\"wpforms-required-label\" aria-hidden=\"true\">*<\/span><\/label><input type=\"email\" id=\"wpforms-11631-field_3\" class=\"wpforms-field-large wpforms-field-required\" name=\"wpforms[fields][3]\" spellcheck=\"false\" aria-errormessage=\"wpforms-11631-field_3-error\" required><\/div><div id=\"wpforms-11631-field_4-container\" class=\"wpforms-field wpforms-field-number\" data-field-id=\"4\"><label class=\"wpforms-field-label\" for=\"wpforms-11631-field_4\">N\u00ba de tel\u00e9fono <span class=\"wpforms-required-label\" aria-hidden=\"true\">*<\/span><\/label><input type=\"number\" id=\"wpforms-11631-field_4\" class=\"wpforms-field-large wpforms-field-required\" name=\"wpforms[fields][4]\" aria-errormessage=\"wpforms-11631-field_4-error\" required><\/div><div id=\"wpforms-11631-field_5-container\" class=\"wpforms-field wpforms-field-select wpforms-field-select-style-classic\" data-field-id=\"5\"><label class=\"wpforms-field-label\" for=\"wpforms-11631-field_5\">\u00bfEn qu\u00e9 podemos ayudarte? <span class=\"wpforms-required-label\" aria-hidden=\"true\">*<\/span><\/label><select id=\"wpforms-11631-field_5\" class=\"wpforms-field-large wpforms-field-required\" name=\"wpforms[fields][5]\" required=\"required\"><option value=\"IMPLANTOLOG\u00cdA\" >IMPLANTOLOG\u00cdA<\/option><option value=\"ORTODONCIA\" >ORTODONCIA<\/option><option value=\"EST\u00c9TICA DENTAL\" >EST\u00c9TICA DENTAL<\/option><option value=\"CIRUG\u00cdA MAXILOFACIAL\" >CIRUG\u00cdA MAXILOFACIAL<\/option><option value=\"REVISI\u00d3N\" >REVISI\u00d3N<\/option><\/select><\/div><div id=\"wpforms-11631-field_6-container\" class=\"wpforms-field wpforms-field-checkbox\" data-field-id=\"6\"><fieldset><legend class=\"wpforms-field-label wpforms-label-hide\" aria-hidden=\"false\">Casillas de verificaci\u00f3n <span class=\"wpforms-required-label\" aria-hidden=\"true\">*<\/span><\/legend><ul id=\"wpforms-11631-field_6\" class=\"wpforms-field-required\"><li class=\"choice-1 depth-1\"><input type=\"checkbox\" id=\"wpforms-11631-field_6_1\" name=\"wpforms[fields][6][]\" value=\"He le\u00eddo y acepto la &lt;a href=&quot;https:\/\/clinicacemeq.es\/dental\/politica-privacidad\/&quot; target=&quot;_blank&quot; rel=&quot;noopener&quot;&gt;Pol\u00edtica de Privacidad y Protecci\u00f3n de Datos&lt;\/a&gt;.\" aria-errormessage=\"wpforms-11631-field_6_1-error\" aria-describedby=\"wpforms-11631-field_6-description\" required ><label class=\"wpforms-field-label-inline\" for=\"wpforms-11631-field_6_1\">He le\u00eddo y acepto la <a href=\"https:\/\/clinicacemeq.es\/dental\/politica-privacidad\/\" target=\"_blank\" rel=\"noopener\">Pol\u00edtica de Privacidad y Protecci\u00f3n de Datos<\/a>. <span class=\"wpforms-required-label\">*<\/span><\/label><\/li><\/ul><div id=\"wpforms-11631-field_6-description\" class=\"wpforms-field-description wpforms-disclaimer-description\"><p style=\"font-size: 10px;\">CLINICA CEMEQ SOCIEDAD LIMITADA, en calidad de responsable del tratamiento, tratar\u00e1 los datos recogidos con la finalidad de gestionar su solicitud de descarga del ebook y gestionar el inter\u00e9s mostrado en los productos y servicios de CEMEQ, bas\u00e1ndose en el consentimiento que expresamente manifiesta al remitir el presente formulario. Estos datos no ser\u00e1n comunicados a terceros salvo obligaci\u00f3n legal ni ser\u00e1n objeto de transferencias internacionales de datos. Puede ejercer sus derechos de acceso, rectificaci\u00f3n, supresi\u00f3n, portabilidad, limitaci\u00f3n del tratamiento y oposici\u00f3n en el correo <a href=\"mailto:info@clinicacemeq.es\" rel=\"noopener\">info@clinicacemeq.es<\/a>, tal como se indica en la <a href=\"https:\/\/clinicacemeq.es\/dental\/politica-privacidad\/\" rel=\"noopener\" target=\"_blank\">Pol\u00edtica de Privacidad<\/a>, donde dispone de m\u00e1s informaci\u00f3n sobre el tratamiento.<\/p><\/div><\/fieldset><\/div><\/div><!-- .wpforms-field-container --><div class=\"wpforms-submit-container\" ><input type=\"hidden\" name=\"wpforms[id]\" value=\"11631\"><input type=\"hidden\" name=\"page_title\" value=\"\"><input type=\"hidden\" name=\"page_url\" value=\"https:\/\/clinicacemeq.es\/dental\/wp-json\/wp\/v2\/pages\/5127\"><button type=\"submit\" name=\"wpforms[submit]\" id=\"wpforms-submit-11631\" class=\"wpforms-submit\" data-alt-text=\"Enviando reserva...\" data-submit-text=\"Enviar\" aria-live=\"assertive\" value=\"wpforms-submit\">Enviar<\/button><img loading=\"lazy\" decoding=\"async\" src=\"https:\/\/clinicacemeq.es\/dental\/wp-content\/plugins\/wpforms-lite\/assets\/images\/submit-spin.svg\" class=\"wpforms-submit-spinner\" style=\"display: none;\" width=\"26\" height=\"26\" alt=\"Cargando\"><\/div><\/form><\/div>  <!-- .wpforms-container -->\n<\/div>\n\n\t\t<\/div>\n\t\t\t\t\t<\/div>\n\n\t\n<\/div>\n\t\t<\/div>\n\n\t\t\n<style>\n#section_950777262 {\n  padding-top: 30px;\n  padding-bottom: 30px;\n  background-color: rgb(247, 247, 247);\n}\n#section_950777262 .ux-shape-divider--top svg {\n  height: 150px;\n  --divider-top-width: 100%;\n}\n#section_950777262 .ux-shape-divider--bottom svg {\n  height: 150px;\n  --divider-width: 100%;\n}\n<\/style>\n\t<\/section>\n\t\n","protected":false},"excerpt":{"rendered":"","protected":false},"author":5,"featured_media":0,"parent":0,"menu_order":0,"comment_status":"closed","ping_status":"closed","template":"page-blank.php","meta":{"footnotes":""},"yoast_head":"<!-- This site is optimized with the Yoast SEO Premium plugin v18.3 (Yoast SEO v22.7) - https:\/\/yoast.com\/wordpress\/plugins\/seo\/ -->\n<title>Alargamiento Coronario &#8902; Cl\u00ednica Dental CEMEQ<\/title>\n<meta name=\"description\" content=\"En Cl\u00ednica Cemeq nos especializamos en tratar y salvar tus dientes naturales con caries o fracturas radiculares. Nuestro procedimiento de alargamiento coronario es m\u00ednimamente invasivo y puede ayudarle a conservar su sonrisa natural durante muchos a\u00f1os\" \/>\n<meta name=\"robots\" content=\"index, follow, max-snippet:-1, max-image-preview:large, max-video-preview:-1\" \/>\n<link rel=\"canonical\" href=\"https:\/\/clinicacemeq.es\/dental\/alargamiento-coronario\/\" \/>\n<meta property=\"og:locale\" content=\"es_ES\" \/>\n<meta property=\"og:type\" content=\"article\" \/>\n<meta property=\"og:title\" content=\"Alargamiento Coronario\" \/>\n<meta property=\"og:description\" content=\"En Cl\u00ednica Cemeq nos especializamos en tratar y salvar tus dientes naturales con caries o fracturas radiculares. Nuestro procedimiento de alargamiento coronario es m\u00ednimamente invasivo y puede ayudarle a conservar su sonrisa natural durante muchos a\u00f1os\" \/>\n<meta property=\"og:url\" content=\"https:\/\/clinicacemeq.es\/dental\/alargamiento-coronario\/\" \/>\n<meta property=\"og:site_name\" content=\"Cl\u00ednica Dental CEMEQ\" \/>\n<meta property=\"article:modified_time\" content=\"2024-06-03T11:36:49+00:00\" \/>\n<meta name=\"twitter:card\" content=\"summary_large_image\" \/>\n<meta name=\"twitter:label1\" content=\"Tiempo de lectura\" \/>\n\t<meta name=\"twitter:data1\" content=\"3 minutos\" \/>\n<script type=\"application\/ld+json\" class=\"yoast-schema-graph\">{\"@context\":\"https:\/\/schema.org\",\"@graph\":[{\"@type\":\"WebPage\",\"@id\":\"https:\/\/clinicacemeq.es\/dental\/alargamiento-coronario\/\",\"url\":\"https:\/\/clinicacemeq.es\/dental\/alargamiento-coronario\/\",\"name\":\"Alargamiento Coronario &#8902; Cl\u00ednica Dental CEMEQ\",\"isPartOf\":{\"@id\":\"https:\/\/clinicacemeq.es\/dental\/#website\"},\"datePublished\":\"2022-11-04T19:30:40+00:00\",\"dateModified\":\"2024-06-03T11:36:49+00:00\",\"description\":\"En Cl\u00ednica Cemeq nos especializamos en tratar y salvar tus dientes naturales con caries o fracturas radiculares. Nuestro procedimiento de alargamiento coronario es m\u00ednimamente invasivo y puede ayudarle a conservar su sonrisa natural durante muchos a\u00f1os\",\"breadcrumb\":{\"@id\":\"https:\/\/clinicacemeq.es\/dental\/alargamiento-coronario\/#breadcrumb\"},\"inLanguage\":\"es\",\"potentialAction\":[{\"@type\":\"ReadAction\",\"target\":[\"https:\/\/clinicacemeq.es\/dental\/alargamiento-coronario\/\"]}]},{\"@type\":\"BreadcrumbList\",\"@id\":\"https:\/\/clinicacemeq.es\/dental\/alargamiento-coronario\/#breadcrumb\",\"itemListElement\":[{\"@type\":\"ListItem\",\"position\":1,\"name\":\"Portada\",\"item\":\"https:\/\/clinicacemeq.es\/dental\/\"},{\"@type\":\"ListItem\",\"position\":2,\"name\":\"Alargamiento Coronario\"}]},{\"@type\":\"WebSite\",\"@id\":\"https:\/\/clinicacemeq.es\/dental\/#website\",\"url\":\"https:\/\/clinicacemeq.es\/dental\/\",\"name\":\"Cl\u00ednica Dental CEMEQ\",\"description\":\"Cl\u00ednica Dental Valencia | Dentista Valencia\",\"publisher\":{\"@id\":\"https:\/\/clinicacemeq.es\/dental\/#organization\"},\"potentialAction\":[{\"@type\":\"SearchAction\",\"target\":{\"@type\":\"EntryPoint\",\"urlTemplate\":\"https:\/\/clinicacemeq.es\/dental\/?s={search_term_string}\"},\"query-input\":\"required name=search_term_string\"}],\"inLanguage\":\"es\"},{\"@type\":\"Organization\",\"@id\":\"https:\/\/clinicacemeq.es\/dental\/#organization\",\"name\":\"CEMEQ\",\"url\":\"https:\/\/clinicacemeq.es\/dental\/\",\"logo\":{\"@type\":\"ImageObject\",\"inLanguage\":\"es\",\"@id\":\"https:\/\/clinicacemeq.es\/dental\/#\/schema\/logo\/image\/\",\"url\":\"https:\/\/clinicacemeq.es\/dental\/wp-content\/uploads\/2021\/07\/LOGO-WEB-1024x631-1.jpeg\",\"contentUrl\":\"https:\/\/clinicacemeq.es\/dental\/wp-content\/uploads\/2021\/07\/LOGO-WEB-1024x631-1.jpeg\",\"width\":1024,\"height\":631,\"caption\":\"CEMEQ\"},\"image\":{\"@id\":\"https:\/\/clinicacemeq.es\/dental\/#\/schema\/logo\/image\/\"}}]}<\/script>\n<!-- \/ Yoast SEO Premium plugin. -->","yoast_head_json":{"title":"Alargamiento Coronario &#8902; Cl\u00ednica Dental CEMEQ","description":"En Cl\u00ednica Cemeq nos especializamos en tratar y salvar tus dientes naturales con caries o fracturas radiculares. Nuestro procedimiento de alargamiento coronario es m\u00ednimamente invasivo y puede ayudarle a conservar su sonrisa natural durante muchos a\u00f1os","robots":{"index":"index","follow":"follow","max-snippet":"max-snippet:-1","max-image-preview":"max-image-preview:large","max-video-preview":"max-video-preview:-1"},"canonical":"https:\/\/clinicacemeq.es\/dental\/alargamiento-coronario\/","og_locale":"es_ES","og_type":"article","og_title":"Alargamiento Coronario","og_description":"En Cl\u00ednica Cemeq nos especializamos en tratar y salvar tus dientes naturales con caries o fracturas radiculares. Nuestro procedimiento de alargamiento coronario es m\u00ednimamente invasivo y puede ayudarle a conservar su sonrisa natural durante muchos a\u00f1os","og_url":"https:\/\/clinicacemeq.es\/dental\/alargamiento-coronario\/","og_site_name":"Cl\u00ednica Dental CEMEQ","article_modified_time":"2024-06-03T11:36:49+00:00","twitter_card":"summary_large_image","twitter_misc":{"Tiempo de lectura":"3 minutos"},"schema":{"@context":"https:\/\/schema.org","@graph":[{"@type":"WebPage","@id":"https:\/\/clinicacemeq.es\/dental\/alargamiento-coronario\/","url":"https:\/\/clinicacemeq.es\/dental\/alargamiento-coronario\/","name":"Alargamiento Coronario &#8902; Cl\u00ednica Dental CEMEQ","isPartOf":{"@id":"https:\/\/clinicacemeq.es\/dental\/#website"},"datePublished":"2022-11-04T19:30:40+00:00","dateModified":"2024-06-03T11:36:49+00:00","description":"En Cl\u00ednica Cemeq nos especializamos en tratar y salvar tus dientes naturales con caries o fracturas radiculares. Nuestro procedimiento de alargamiento coronario es m\u00ednimamente invasivo y puede ayudarle a conservar su sonrisa natural durante muchos a\u00f1os","breadcrumb":{"@id":"https:\/\/clinicacemeq.es\/dental\/alargamiento-coronario\/#breadcrumb"},"inLanguage":"es","potentialAction":[{"@type":"ReadAction","target":["https:\/\/clinicacemeq.es\/dental\/alargamiento-coronario\/"]}]},{"@type":"BreadcrumbList","@id":"https:\/\/clinicacemeq.es\/dental\/alargamiento-coronario\/#breadcrumb","itemListElement":[{"@type":"ListItem","position":1,"name":"Portada","item":"https:\/\/clinicacemeq.es\/dental\/"},{"@type":"ListItem","position":2,"name":"Alargamiento Coronario"}]},{"@type":"WebSite","@id":"https:\/\/clinicacemeq.es\/dental\/#website","url":"https:\/\/clinicacemeq.es\/dental\/","name":"Cl\u00ednica Dental CEMEQ","description":"Cl\u00ednica Dental Valencia | Dentista Valencia","publisher":{"@id":"https:\/\/clinicacemeq.es\/dental\/#organization"},"potentialAction":[{"@type":"SearchAction","target":{"@type":"EntryPoint","urlTemplate":"https:\/\/clinicacemeq.es\/dental\/?s={search_term_string}"},"query-input":"required name=search_term_string"}],"inLanguage":"es"},{"@type":"Organization","@id":"https:\/\/clinicacemeq.es\/dental\/#organization","name":"CEMEQ","url":"https:\/\/clinicacemeq.es\/dental\/","logo":{"@type":"ImageObject","inLanguage":"es","@id":"https:\/\/clinicacemeq.es\/dental\/#\/schema\/logo\/image\/","url":"https:\/\/clinicacemeq.es\/dental\/wp-content\/uploads\/2021\/07\/LOGO-WEB-1024x631-1.jpeg","contentUrl":"https:\/\/clinicacemeq.es\/dental\/wp-content\/uploads\/2021\/07\/LOGO-WEB-1024x631-1.jpeg","width":1024,"height":631,"caption":"CEMEQ"},"image":{"@id":"https:\/\/clinicacemeq.es\/dental\/#\/schema\/logo\/image\/"}}]}},"_links":{"self":[{"href":"https:\/\/clinicacemeq.es\/dental\/wp-json\/wp\/v2\/pages\/5127"}],"collection":[{"href":"https:\/\/clinicacemeq.es\/dental\/wp-json\/wp\/v2\/pages"}],"about":[{"href":"https:\/\/clinicacemeq.es\/dental\/wp-json\/wp\/v2\/types\/page"}],"author":[{"embeddable":true,"href":"https:\/\/clinicacemeq.es\/dental\/wp-json\/wp\/v2\/users\/5"}],"replies":[{"embeddable":true,"href":"https:\/\/clinicacemeq.es\/dental\/wp-json\/wp\/v2\/comments?post=5127"}],"version-history":[{"count":4,"href":"https:\/\/clinicacemeq.es\/dental\/wp-json\/wp\/v2\/pages\/5127\/revisions"}],"predecessor-version":[{"id":11737,"href":"https:\/\/clinicacemeq.es\/dental\/wp-json\/wp\/v2\/pages\/5127\/revisions\/11737"}],"wp:attachment":[{"href":"https:\/\/clinicacemeq.es\/dental\/wp-json\/wp\/v2\/media?parent=5127"}],"curies":[{"name":"wp","href":"https:\/\/api.w.org\/{rel}","templated":true}]}}